{"id":2400,"date":"2025-08-28T10:52:38","date_gmt":"2025-08-28T08:52:38","guid":{"rendered":"https:\/\/centrereliance.fr\/association\/?page_id=2400"},"modified":"2025-09-17T08:36:23","modified_gmt":"2025-09-17T06:36:23","slug":"espere-sinvite-chez-vous","status":"publish","type":"page","link":"https:\/\/centrereliance.fr\/association\/espere-sinvite-chez-vous\/","title":{"rendered":"ESPERE \u00ae s\u2019invite chez vous"},"content":{"rendered":"<p>[et_pb_section fb_built=\u00a0\u00bb1&Prime; next_background_color=\u00a0\u00bb#a04000&Prime; admin_label=\u00a0\u00bbsection\u00a0\u00bb _builder_version=\u00a0\u00bb4.22.1&Prime; custom_padding=\u00a0\u00bb||150px||false|false\u00a0\u00bb bottom_divider_style=\u00a0\u00bbwave\u00a0\u00bb global_colors_info=\u00a0\u00bb{}\u00a0\u00bb][et_pb_row admin_label=\u00a0\u00bbrow\u00a0\u00bb _builder_version=\u00a0\u00bb4.22.1&Prime; background_size=\u00a0\u00bbinitial\u00a0\u00bb background_position=\u00a0\u00bbtop_left\u00a0\u00bb background_repeat=\u00a0\u00bbrepeat\u00a0\u00bb width=\u00a0\u00bb90%\u00a0\u00bb locked=\u00a0\u00bboff\u00a0\u00bb global_colors_info=\u00a0\u00bb{}\u00a0\u00bb][et_pb_column type=\u00a0\u00bb4_4&Prime; _builder_version=\u00a0\u00bb4.16&Prime; custom_padding=\u00a0\u00bb|||\u00a0\u00bb global_colors_info=\u00a0\u00bb{}\u00a0\u00bb custom_padding__hover=\u00a0\u00bb|||\u00a0\u00bb][et_pb_image src=\u00a0\u00bbhttps:\/\/centrereliance.fr\/association\/wp-content\/uploads\/sites\/2\/2025\/08\/Espere-s-invite-chez-vous.jpg\u00a0\u00bb title_text=\u00a0\u00bbESPERE \u00ae s&rsquo;invite chez vous\u00a0\u00bb align=\u00a0\u00bbcenter\u00a0\u00bb _builder_version=\u00a0\u00bb4.27.4&Prime; _module_preset=\u00a0\u00bbdefault\u00a0\u00bb max_height=\u00a0\u00bb70vh\u00a0\u00bb hover_enabled=\u00a0\u00bb0&Prime; border_radii=\u00a0\u00bbon|25px|25px|25px|25px\u00a0\u00bb locked=\u00a0\u00bboff\u00a0\u00bb global_colors_info=\u00a0\u00bb{}\u00a0\u00bb sticky_enabled=\u00a0\u00bb0&Prime;][\/et_pb_image][et_pb_post_title meta=\u00a0\u00bboff\u00a0\u00bb _builder_version=\u00a0\u00bb4.27.4&Prime; _module_preset=\u00a0\u00bbdefault\u00a0\u00bb title_font=\u00a0\u00bb|||on|||||\u00a0\u00bb title_text_align=\u00a0\u00bbcenter\u00a0\u00bb title_text_color=\u00a0\u00bb#F08A2E\u00a0\u00bb locked=\u00a0\u00bboff\u00a0\u00bb global_colors_info=\u00a0\u00bb{}\u00a0\u00bb][\/et_pb_post_title][\/et_pb_column][\/et_pb_row][et_pb_row admin_label=\u00a0\u00bbrow\u00a0\u00bb _builder_version=\u00a0\u00bb4.25.1&Prime; background_size=\u00a0\u00bbinitial\u00a0\u00bb background_position=\u00a0\u00bbtop_left\u00a0\u00bb background_repeat=\u00a0\u00bbrepeat\u00a0\u00bb width=\u00a0\u00bb90%\u00a0\u00bb custom_margin=\u00a0\u00bb||50px||false|false\u00a0\u00bb custom_padding=\u00a0\u00bb10px|10px|10px|10px|true|true\u00a0\u00bb border_radii=\u00a0\u00bbon|20px|20px|20px|20px\u00a0\u00bb border_width_all=\u00a0\u00bb1px\u00a0\u00bb border_color_all=\u00a0\u00bb#F08A2E\u00a0\u00bb global_colors_info=\u00a0\u00bb{}\u00a0\u00bb][et_pb_column type=\u00a0\u00bb4_4&Prime; _builder_version=\u00a0\u00bb4.16&Prime; custom_padding=\u00a0\u00bb|||\u00a0\u00bb global_colors_info=\u00a0\u00bb{}\u00a0\u00bb custom_padding__hover=\u00a0\u00bb|||\u00a0\u00bb][et_pb_image src=\u00a0\u00bbhttps:\/\/centrereliance.fr\/association\/wp-content\/uploads\/sites\/2\/2025\/08\/modalites-formation.png\u00a0\u00bb title_text=\u00a0\u00bbmodalites-formation\u00a0\u00bb _builder_version=\u00a0\u00bb4.25.1&Prime; _module_preset=\u00a0\u00bbdefault\u00a0\u00bb max_width=\u00a0\u00bb80px\u00a0\u00bb module_alignment=\u00a0\u00bbcenter\u00a0\u00bb custom_margin=\u00a0\u00bb||20px||false|false\u00a0\u00bb locked=\u00a0\u00bboff\u00a0\u00bb global_colors_info=\u00a0\u00bb{}\u00a0\u00bb][\/et_pb_image][et_pb_text _builder_version=\u00a0\u00bb4.25.1&Prime; _module_preset=\u00a0\u00bbdefault\u00a0\u00bb text_text_color=\u00a0\u00bb#F08A2E\u00a0\u00bb header_text_align=\u00a0\u00bbcenter\u00a0\u00bb header_text_color=\u00a0\u00bb#F08A2E\u00a0\u00bb header_2_text_align=\u00a0\u00bbcenter\u00a0\u00bb header_2_text_color=\u00a0\u00bb#F08A2E\u00a0\u00bb header_3_text_color=\u00a0\u00bb#9A486F\u00a0\u00bb locked=\u00a0\u00bboff\u00a0\u00bb global_colors_info=\u00a0\u00bb{}\u00a0\u00bb]<\/p>\n<h2>Quelles sont les modalit\u00e9s de ce type d&rsquo;accompagnement ?<\/h2>\n<p>[\/et_pb_text][et_pb_text admin_label=\u00a0\u00bbText\u00a0\u00bb module_class=\u00a0\u00bbtick-bullets\u00a0\u00bb _builder_version=\u00a0\u00bb4.27.4&Prime; background_size=\u00a0\u00bbinitial\u00a0\u00bb background_position=\u00a0\u00bbtop_left\u00a0\u00bb background_repeat=\u00a0\u00bbrepeat\u00a0\u00bb text_orientation=\u00a0\u00bbjustified\u00a0\u00bb global_colors_info=\u00a0\u00bb{}\u00a0\u00bb]<\/p>\n<h3>Comment \u00e7a se passe ?<\/h3>\n<p><strong>Vous avez envie de passer une soir\u00e9e conviviale avec vos amis <\/strong>et d\u2019\u00e9changer sur les questions essentielles de la vie\u00a0: les relations avec les vos enfants, conjoint, ex-conjoint, les parents, beaux-parents\u2026 la travers\u00e9e de p\u00e9riodes de vie d\u00e9licates\u2026 ?<\/p>\n<p>Rien de plus simple\u00a0: vous invitez vos amis et l\u2019\u00e9change se d\u00e9roule autour d\u2019un repas partag\u00e9, en pr\u00e9sence d\u2019un.e praticien.ne de la Communication Relationnelle. Il.elle facilite l\u2019expression et l\u2019\u00e9coute de chacun.e et apporte tout au long de la soir\u00e9e quelques points de rep\u00e8re relationnels sur les situations \u00e9voqu\u00e9es par les participants afin d\u2019ouvrir quelques pistes de r\u00e9solution. Il.elle utilise pour cela une p\u00e9dagogie visuelle et dynamique tr\u00e8s vivante.<\/p>\n<p>Cet \u00e9change, \u00e0 la fois dans la convivialit\u00e9 et dans l\u2019\u00e9coute attentive de chacun.e, est un v\u00e9ritable temps fort \u00e0 partager avec vos proches\u00a0!<\/p>\n<p>Les participant.es pourront \u00e9voquer les situations qui les interrogent et pour lesquelles ils\/elles souhaiteraient un \u00e9clairage.<\/p>\n<p>Ce temps est adapt\u00e9 \u00e0 vos demandes et attentes.<\/p>\n<p>&nbsp;<\/p>\n<h3>Modalit\u00e9s pratiques\u00a0pour r\u00e9server ce temps de partage<\/h3>\n<ul>\n<li>Faire votre demande par mail : <a href=\"mailto:contact@centrereliance.fr\">contact@centrereliance.fr<\/a> ou par t\u00e9l\u00e9phone au 04 76 85 12 12 en indiquant la date choisie ainsi que le lieu pr\u00e9vu<\/li>\n<li>Vous recevez en retour le nom du formateur qui viendra l\u2019animer ainsi qu\u2019un mod\u00e8le de fiche de pr\u00e9sentation de la rencontre \u00e0 envoyer \u00e0 vos invit\u00e9s apr\u00e8s l\u2019avoir personnalis\u00e9e \u00e0 votre convenance<\/li>\n<li>Vous invitez vos amis\u00a0; la rencontre peut r\u00e9unir 6 \u00e0 12 personnes. Libre \u00e0 vous de choisir le mode d\u2019invitation\u00a0: repas partag\u00e9 apport\u00e9 par chacun.e, r\u00e9alis\u00e9 par vous, etc.<\/li>\n<li>Le repas est offert au formateur et une participation de 10 \u20ac par personne est demand\u00e9e pour son animation.<\/li>\n<li>Dur\u00e9e : entre 2h et 2h30 (\u00e0 convenir avec le formateur)<\/li>\n<\/ul>\n<ul><\/ul>\n<p><!-- \/divi:freeform --><\/p>\n<p>[\/et_pb_text][\/et_pb_column][\/et_pb_row][et_pb_row _builder_version=\u00a0\u00bb4.25.1&Prime; _module_preset=\u00a0\u00bbdefault\u00a0\u00bb width=\u00a0\u00bb90%\u00a0\u00bb custom_margin=\u00a0\u00bb||50px||false|false\u00a0\u00bb custom_padding=\u00a0\u00bb20px|10px|0px|10px|false|true\u00a0\u00bb border_radii=\u00a0\u00bbon|15px|15px|15px|15px\u00a0\u00bb border_width_all=\u00a0\u00bb1px\u00a0\u00bb border_color_all=\u00a0\u00bb#F08A2E\u00a0\u00bb locked=\u00a0\u00bboff\u00a0\u00bb global_colors_info=\u00a0\u00bb{}\u00a0\u00bb][et_pb_column type=\u00a0\u00bb4_4&Prime; _builder_version=\u00a0\u00bb4.22.1&Prime; _module_preset=\u00a0\u00bbdefault\u00a0\u00bb global_colors_info=\u00a0\u00bb{}\u00a0\u00bb][et_pb_image src=\u00a0\u00bbhttps:\/\/centrereliance.fr\/association\/wp-content\/uploads\/sites\/2\/2025\/08\/avis-formation.png\u00a0\u00bb title_text=\u00a0\u00bbavis-formation\u00a0\u00bb _builder_version=\u00a0\u00bb4.25.1&Prime; _module_preset=\u00a0\u00bbdefault\u00a0\u00bb max_width=\u00a0\u00bb80px\u00a0\u00bb module_alignment=\u00a0\u00bbcenter\u00a0\u00bb custom_margin=\u00a0\u00bb||20px||false|false\u00a0\u00bb locked=\u00a0\u00bboff\u00a0\u00bb global_colors_info=\u00a0\u00bb{}\u00a0\u00bb][\/et_pb_image][et_pb_text _builder_version=\u00a0\u00bb4.25.1&Prime; _module_preset=\u00a0\u00bbdefault\u00a0\u00bb text_text_color=\u00a0\u00bb#F08A2E\u00a0\u00bb header_text_align=\u00a0\u00bbcenter\u00a0\u00bb header_text_color=\u00a0\u00bb#F08A2E\u00a0\u00bb header_2_text_align=\u00a0\u00bbcenter\u00a0\u00bb header_2_text_color=\u00a0\u00bb#F08A2E\u00a0\u00bb header_3_text_color=\u00a0\u00bb#9A486F\u00a0\u00bb locked=\u00a0\u00bboff\u00a0\u00bb global_colors_info=\u00a0\u00bb{}\u00a0\u00bb]<\/p>\n<h2>Qu\u2019en ont dit les participant\u00b7es ?<\/h2>\n<p>[\/et_pb_text][et_pb_comments show_count=\u00a0\u00bboff\u00a0\u00bb _builder_version=\u00a0\u00bb4.22.1&Prime; _module_preset=\u00a0\u00bbdefault\u00a0\u00bb border_radii_fields=\u00a0\u00bbon|15px|15px|15px|15px\u00a0\u00bb locked=\u00a0\u00bboff\u00a0\u00bb global_colors_info=\u00a0\u00bb{}\u00a0\u00bb][\/et_pb_comments][\/et_pb_column][\/et_pb_row][\/et_pb_section]<\/p>\n","protected":false},"excerpt":{"rendered":"<p>Quelles sont les modalit\u00e9s de ce type d&rsquo;accompagnement ?Comment \u00e7a se passe ? Vous avez envie de passer une soir\u00e9e conviviale avec vos amis et d\u2019\u00e9changer sur les questions essentielles de la vie\u00a0: les relations avec les vos enfants, conjoint, ex-conjoint, les parents, beaux-parents\u2026 la travers\u00e9e de p\u00e9riodes de vie d\u00e9licates\u2026 ? Rien de plus [&hellip;]<\/p>\n","protected":false},"author":1,"featured_media":0,"parent":0,"menu_order":0,"comment_status":"open","ping_status":"closed","template":"","meta":{"_et_pb_use_builder":"on","_et_pb_old_content":"<!-- wp:paragraph -->\n<p><strong>Vous avez envie de passer une soir\u00e9e conviviale avec vos amis <\/strong>et d'\u00e9changer sur les questions essentielles de la vie&nbsp;: les relations avec les enfants, le conjoint, l'ex-conjoint, les parents, beaux-parents... la travers\u00e9e de p\u00e9riodes de vie d\u00e9licates\u2026 ? <\/p>\n<!-- \/wp:paragraph -->\n\n<!-- wp:paragraph -->\n<p>Rien de plus simple&nbsp;: vous invitez vos amis et l\u2019\u00e9change se lance autour du repas, en pr\u00e9sence d\u2019un.e praticien.ne de la Communication Relationnelle. <\/p>\n<!-- \/wp:paragraph -->\n\n<!-- wp:paragraph -->\n<p>Il.elle facilite l\u2019expression et l\u2019\u00e9coute de chacun.e et apporte quelques points de rep\u00e8re relationnels sur les situations \u00e9voqu\u00e9es par les participants afin d\u2019ouvrir quelques pistes de r\u00e9solution. Il.elle utilise pour cela une p\u00e9dagogie visuelle et dynamique tr\u00e8s vivante. Cet \u00e9change, \u00e0 la fois dans la convivialit\u00e9 et dans l\u2019\u00e9coute attentive de chacun.e, est un v\u00e9ritable temps fort \u00e0 partager avec vos proches&nbsp;!<\/p>\n<!-- \/wp:paragraph -->\n\n<!-- wp:paragraph -->\n<p><span style=\"color:#0459b5\" class=\"has-inline-color\">Modalit\u00e9s pratiques\u00a0<\/span><\/p>\n<!-- \/wp:paragraph -->\n\n<!-- wp:list -->\n<ul><li>Faire votre demande par mail :<span style=\"color:#0071a1\" class=\"has-inline-color\">  <\/span><span style=\"color:#0459b5\" class=\"has-inline-color\"><a href=\"mailto:contact@centrereliance.fr\">contact@centrereliance.fr<\/a> <\/span>ou par t\u00e9l\u00e9phone au 04 76 85 12 12 en indiquant la date choisie ainsi que le lieu pr\u00e9vu<\/li><li>Vous recevez en retour le nom du formateur qui viendra l\u2019animer ainsi qu\u2019un mod\u00e8le de fiche de pr\u00e9sentation de la rencontre \u00e0 envoyer \u00e0 vos invit\u00e9s apr\u00e8s l\u2019avoir personnalis\u00e9e \u00e0 votre convenance<\/li><li>Vous invitez vos amis\u00a0; la rencontre peut r\u00e9unir 6 \u00e0 12 personnes. Libre \u00e0 vous de choisir le mode d\u2019invitation\u00a0: repas partag\u00e9 apport\u00e9 par chacun.e, r\u00e9alis\u00e9 par vous, etc.<\/li><li>Le repas est offert au formateur et une participation de 10 \u20ac par personne est demand\u00e9e pour son animation.<\/li><li>Dur\u00e9e : entre 2h et 2h30 (\u00e0 convenir avec le formateur)<\/li><\/ul>\n<!-- \/wp:list -->","_et_gb_content_width":"","footnotes":""},"class_list":["post-2400","page","type-page","status-publish","hentry"],"yoast_head":"<!-- This site is optimized with the Yoast SEO plugin v25.8 - https:\/\/yoast.com\/wordpress\/plugins\/seo\/ -->\n<title>ESPERE \u00ae s\u2019invite chez vous - Am\u00e9liorer ses relations et cheminer vers le meilleur de soi<\/title>\n<meta name=\"description\" content=\"ESPERE \u00ae s&#039;invite chez vous pour vous faire passer une soir\u00e9e conviviale avec vos amis en \u00e9changeant sur les questions essentielles de la vie.\" \/>\n<meta name=\"robots\" content=\"index, follow, max-snippet:-1, max-image-preview:large, max-video-preview:-1\" \/>\n<link rel=\"canonical\" href=\"https:\/\/centrereliance.fr\/association\/espere-sinvite-chez-vous\/\" \/>\n<meta property=\"og:locale\" content=\"fr_FR\" \/>\n<meta property=\"og:type\" content=\"article\" \/>\n<meta property=\"og:title\" content=\"ESPERE \u00ae s\u2019invite chez vous - Am\u00e9liorer ses relations et cheminer vers le meilleur de soi\" \/>\n<meta property=\"og:description\" content=\"ESPERE \u00ae s&#039;invite chez vous pour vous faire passer une soir\u00e9e conviviale avec vos amis en \u00e9changeant sur les questions essentielles de la vie.\" \/>\n<meta property=\"og:url\" content=\"https:\/\/centrereliance.fr\/association\/espere-sinvite-chez-vous\/\" \/>\n<meta property=\"og:site_name\" content=\"Am\u00e9liorer ses relations et cheminer vers le meilleur de soi\" \/>\n<meta property=\"article:publisher\" content=\"https:\/\/www.facebook.com\/Reliance-Association-318815031580269\/\" \/>\n<meta property=\"article:modified_time\" content=\"2025-09-17T06:36:23+00:00\" \/>\n<meta name=\"twitter:card\" content=\"summary_large_image\" \/>\n<meta name=\"twitter:label1\" content=\"Dur\u00e9e de lecture estim\u00e9e\" \/>\n\t<meta name=\"twitter:data1\" content=\"3 minutes\" \/>\n<script type=\"application\/ld+json\" class=\"yoast-schema-graph\">{\"@context\":\"https:\/\/schema.org\",\"@graph\":[{\"@type\":\"WebPage\",\"@id\":\"https:\/\/centrereliance.fr\/association\/espere-sinvite-chez-vous\/\",\"url\":\"https:\/\/centrereliance.fr\/association\/espere-sinvite-chez-vous\/\",\"name\":\"ESPERE \u00ae s\u2019invite chez vous - Am\u00e9liorer ses relations et cheminer vers le meilleur de soi\",\"isPartOf\":{\"@id\":\"https:\/\/centrereliance.fr\/association\/#website\"},\"datePublished\":\"2025-08-28T08:52:38+00:00\",\"dateModified\":\"2025-09-17T06:36:23+00:00\",\"description\":\"ESPERE \u00ae s'invite chez vous pour vous faire passer une soir\u00e9e conviviale avec vos amis en \u00e9changeant sur les questions essentielles de la vie.\",\"breadcrumb\":{\"@id\":\"https:\/\/centrereliance.fr\/association\/espere-sinvite-chez-vous\/#breadcrumb\"},\"inLanguage\":\"fr-FR\",\"potentialAction\":[{\"@type\":\"ReadAction\",\"target\":[\"https:\/\/centrereliance.fr\/association\/espere-sinvite-chez-vous\/\"]}]},{\"@type\":\"BreadcrumbList\",\"@id\":\"https:\/\/centrereliance.fr\/association\/espere-sinvite-chez-vous\/#breadcrumb\",\"itemListElement\":[{\"@type\":\"ListItem\",\"position\":1,\"name\":\"Accueil\",\"item\":\"https:\/\/centrereliance.fr\/association\/\"},{\"@type\":\"ListItem\",\"position\":2,\"name\":\"ESPERE \u00ae s\u2019invite chez vous\"}]},{\"@type\":\"WebSite\",\"@id\":\"https:\/\/centrereliance.fr\/association\/#website\",\"url\":\"https:\/\/centrereliance.fr\/association\/\",\"name\":\"Am\u00e9liorer ses relations et cheminer vers le meilleur de soi\",\"description\":\"Nos actions \u00e0 destination des particuliers\",\"publisher\":{\"@id\":\"https:\/\/centrereliance.fr\/association\/#organization\"},\"potentialAction\":[{\"@type\":\"SearchAction\",\"target\":{\"@type\":\"EntryPoint\",\"urlTemplate\":\"https:\/\/centrereliance.fr\/association\/?s={search_term_string}\"},\"query-input\":{\"@type\":\"PropertyValueSpecification\",\"valueRequired\":true,\"valueName\":\"search_term_string\"}}],\"inLanguage\":\"fr-FR\"},{\"@type\":\"Organization\",\"@id\":\"https:\/\/centrereliance.fr\/association\/#organization\",\"name\":\"Reliance ASSOCIATION\",\"url\":\"https:\/\/centrereliance.fr\/association\/\",\"logo\":{\"@type\":\"ImageObject\",\"inLanguage\":\"fr-FR\",\"@id\":\"https:\/\/centrereliance.fr\/association\/#\/schema\/logo\/image\/\",\"url\":\"https:\/\/centrereliance.fr\/association\/wp-content\/uploads\/sites\/2\/2016\/10\/Logo-SARL-e1476290643249.jpg\",\"contentUrl\":\"https:\/\/centrereliance.fr\/association\/wp-content\/uploads\/sites\/2\/2016\/10\/Logo-SARL-e1476290643249.jpg\",\"width\":101,\"height\":110,\"caption\":\"Reliance ASSOCIATION\"},\"image\":{\"@id\":\"https:\/\/centrereliance.fr\/association\/#\/schema\/logo\/image\/\"},\"sameAs\":[\"https:\/\/www.facebook.com\/Reliance-Association-318815031580269\/\",\"https:\/\/www.linkedin.com\/company-beta\/16261855\"]}]}<\/script>\n<!-- \/ Yoast SEO plugin. -->","yoast_head_json":{"title":"ESPERE \u00ae s\u2019invite chez vous - Am\u00e9liorer ses relations et cheminer vers le meilleur de soi","description":"ESPERE \u00ae s'invite chez vous pour vous faire passer une soir\u00e9e conviviale avec vos amis en \u00e9changeant sur les questions essentielles de la vie.","robots":{"index":"index","follow":"follow","max-snippet":"max-snippet:-1","max-image-preview":"max-image-preview:large","max-video-preview":"max-video-preview:-1"},"canonical":"https:\/\/centrereliance.fr\/association\/espere-sinvite-chez-vous\/","og_locale":"fr_FR","og_type":"article","og_title":"ESPERE \u00ae s\u2019invite chez vous - Am\u00e9liorer ses relations et cheminer vers le meilleur de soi","og_description":"ESPERE \u00ae s'invite chez vous pour vous faire passer une soir\u00e9e conviviale avec vos amis en \u00e9changeant sur les questions essentielles de la vie.","og_url":"https:\/\/centrereliance.fr\/association\/espere-sinvite-chez-vous\/","og_site_name":"Am\u00e9liorer ses relations et cheminer vers le meilleur de soi","article_publisher":"https:\/\/www.facebook.com\/Reliance-Association-318815031580269\/","article_modified_time":"2025-09-17T06:36:23+00:00","twitter_card":"summary_large_image","twitter_misc":{"Dur\u00e9e de lecture estim\u00e9e":"3 minutes"},"schema":{"@context":"https:\/\/schema.org","@graph":[{"@type":"WebPage","@id":"https:\/\/centrereliance.fr\/association\/espere-sinvite-chez-vous\/","url":"https:\/\/centrereliance.fr\/association\/espere-sinvite-chez-vous\/","name":"ESPERE \u00ae s\u2019invite chez vous - Am\u00e9liorer ses relations et cheminer vers le meilleur de soi","isPartOf":{"@id":"https:\/\/centrereliance.fr\/association\/#website"},"datePublished":"2025-08-28T08:52:38+00:00","dateModified":"2025-09-17T06:36:23+00:00","description":"ESPERE \u00ae s'invite chez vous pour vous faire passer une soir\u00e9e conviviale avec vos amis en \u00e9changeant sur les questions essentielles de la vie.","breadcrumb":{"@id":"https:\/\/centrereliance.fr\/association\/espere-sinvite-chez-vous\/#breadcrumb"},"inLanguage":"fr-FR","potentialAction":[{"@type":"ReadAction","target":["https:\/\/centrereliance.fr\/association\/espere-sinvite-chez-vous\/"]}]},{"@type":"BreadcrumbList","@id":"https:\/\/centrereliance.fr\/association\/espere-sinvite-chez-vous\/#breadcrumb","itemListElement":[{"@type":"ListItem","position":1,"name":"Accueil","item":"https:\/\/centrereliance.fr\/association\/"},{"@type":"ListItem","position":2,"name":"ESPERE \u00ae s\u2019invite chez vous"}]},{"@type":"WebSite","@id":"https:\/\/centrereliance.fr\/association\/#website","url":"https:\/\/centrereliance.fr\/association\/","name":"Am\u00e9liorer ses relations et cheminer vers le meilleur de soi","description":"Nos actions \u00e0 destination des particuliers","publisher":{"@id":"https:\/\/centrereliance.fr\/association\/#organization"},"potentialAction":[{"@type":"SearchAction","target":{"@type":"EntryPoint","urlTemplate":"https:\/\/centrereliance.fr\/association\/?s={search_term_string}"},"query-input":{"@type":"PropertyValueSpecification","valueRequired":true,"valueName":"search_term_string"}}],"inLanguage":"fr-FR"},{"@type":"Organization","@id":"https:\/\/centrereliance.fr\/association\/#organization","name":"Reliance ASSOCIATION","url":"https:\/\/centrereliance.fr\/association\/","logo":{"@type":"ImageObject","inLanguage":"fr-FR","@id":"https:\/\/centrereliance.fr\/association\/#\/schema\/logo\/image\/","url":"https:\/\/centrereliance.fr\/association\/wp-content\/uploads\/sites\/2\/2016\/10\/Logo-SARL-e1476290643249.jpg","contentUrl":"https:\/\/centrereliance.fr\/association\/wp-content\/uploads\/sites\/2\/2016\/10\/Logo-SARL-e1476290643249.jpg","width":101,"height":110,"caption":"Reliance ASSOCIATION"},"image":{"@id":"https:\/\/centrereliance.fr\/association\/#\/schema\/logo\/image\/"},"sameAs":["https:\/\/www.facebook.com\/Reliance-Association-318815031580269\/","https:\/\/www.linkedin.com\/company-beta\/16261855"]}]}},"_links":{"self":[{"href":"https:\/\/centrereliance.fr\/association\/wp-json\/wp\/v2\/pages\/2400","targetHints":{"allow":["GET"]}}],"collection":[{"href":"https:\/\/centrereliance.fr\/association\/wp-json\/wp\/v2\/pages"}],"about":[{"href":"https:\/\/centrereliance.fr\/association\/wp-json\/wp\/v2\/types\/page"}],"author":[{"embeddable":true,"href":"https:\/\/centrereliance.fr\/association\/wp-json\/wp\/v2\/users\/1"}],"replies":[{"embeddable":true,"href":"https:\/\/centrereliance.fr\/association\/wp-json\/wp\/v2\/comments?post=2400"}],"version-history":[{"count":16,"href":"https:\/\/centrereliance.fr\/association\/wp-json\/wp\/v2\/pages\/2400\/revisions"}],"predecessor-version":[{"id":5766,"href":"https:\/\/centrereliance.fr\/association\/wp-json\/wp\/v2\/pages\/2400\/revisions\/5766"}],"wp:attachment":[{"href":"https:\/\/centrereliance.fr\/association\/wp-json\/wp\/v2\/media?parent=2400"}],"curies":[{"name":"wp","href":"https:\/\/api.w.org\/{rel}","templated":true}]}}