{"id":268,"date":"2025-08-28T18:04:34","date_gmt":"2025-08-28T16:04:34","guid":{"rendered":"https:\/\/centrereliance.fr\/association\/?page_id=268"},"modified":"2025-12-15T14:05:24","modified_gmt":"2025-12-15T13:05:24","slug":"communication-relationnelle-matinees-initiation","status":"publish","type":"page","link":"https:\/\/centrereliance.fr\/association\/communication-relationnelle-matinees-initiation\/","title":{"rendered":"Communication relationnelle : matin\u00e9es initiation"},"content":{"rendered":"<p>[et_pb_section fb_built=\u00a0\u00bb1&Prime; next_background_color=\u00a0\u00bb#a04000&Prime; admin_label=\u00a0\u00bbsection\u00a0\u00bb _builder_version=\u00a0\u00bb4.22.1&Prime; bottom_divider_style=\u00a0\u00bbcurve2&Prime; bottom_divider_height=\u00a0\u00bb62px\u00a0\u00bb bottom_divider_flip=\u00a0\u00bbvertical\u00a0\u00bb global_colors_info=\u00a0\u00bb{}\u00a0\u00bb][et_pb_row _builder_version=\u00a0\u00bb4.22.1&Prime; _module_preset=\u00a0\u00bbdefault\u00a0\u00bb width=\u00a0\u00bb90%\u00a0\u00bb global_colors_info=\u00a0\u00bb{}\u00a0\u00bb][et_pb_column type=\u00a0\u00bb4_4&Prime; _builder_version=\u00a0\u00bb4.22.1&Prime; _module_preset=\u00a0\u00bbdefault\u00a0\u00bb global_colors_info=\u00a0\u00bb{}\u00a0\u00bb][et_pb_image src=\u00a0\u00bbhttps:\/\/centrereliance.fr\/association\/wp-content\/uploads\/sites\/2\/2025\/08\/matinee-initiation-methode-espere_.jpeg\u00a0\u00bb alt=\u00a0\u00bbCommunication relationnelle : des matin\u00e9es d&rsquo;initiation \u00e0 la m\u00e9thode Espere\u00a0\u00bb title_text=\u00a0\u00bbMatin\u00e9e d&rsquo;initation \u00e0 la communication relationnelle\u00a0\u00bb align=\u00a0\u00bbcenter\u00a0\u00bb _builder_version=\u00a0\u00bb4.25.1&Prime; _module_preset=\u00a0\u00bbdefault\u00a0\u00bb max_height=\u00a0\u00bb70vh\u00a0\u00bb border_radii=\u00a0\u00bbon|25px|25px|25px|25px\u00a0\u00bb locked=\u00a0\u00bboff\u00a0\u00bb global_colors_info=\u00a0\u00bb{}\u00a0\u00bb][\/et_pb_image][et_pb_post_title meta=\u00a0\u00bboff\u00a0\u00bb _builder_version=\u00a0\u00bb4.22.1&Prime; _module_preset=\u00a0\u00bbdefault\u00a0\u00bb title_font=\u00a0\u00bb|||on|||||\u00a0\u00bb title_text_align=\u00a0\u00bbcenter\u00a0\u00bb title_text_color=\u00a0\u00bb#F08A2E\u00a0\u00bb locked=\u00a0\u00bboff\u00a0\u00bb global_colors_info=\u00a0\u00bb{}\u00a0\u00bb][\/et_pb_post_title][\/et_pb_column][\/et_pb_row][et_pb_row admin_label=\u00a0\u00bbrow\u00a0\u00bb _builder_version=\u00a0\u00bb4.25.1&Prime; background_size=\u00a0\u00bbinitial\u00a0\u00bb background_position=\u00a0\u00bbtop_left\u00a0\u00bb background_repeat=\u00a0\u00bbrepeat\u00a0\u00bb width=\u00a0\u00bb90%\u00a0\u00bb custom_margin=\u00a0\u00bb||50px||false|false\u00a0\u00bb custom_padding=\u00a0\u00bb10px|10px|10px|10px|true|true\u00a0\u00bb border_radii=\u00a0\u00bbon|15px|15px|15px|15px\u00a0\u00bb border_width_all=\u00a0\u00bb1px\u00a0\u00bb border_color_all=\u00a0\u00bb#F08A2E\u00a0\u00bb global_colors_info=\u00a0\u00bb{}\u00a0\u00bb][et_pb_column type=\u00a0\u00bb4_4&Prime; _builder_version=\u00a0\u00bb4.16&Prime; custom_padding=\u00a0\u00bb|||\u00a0\u00bb global_colors_info=\u00a0\u00bb{}\u00a0\u00bb custom_padding__hover=\u00a0\u00bb|||\u00a0\u00bb][et_pb_image src=\u00a0\u00bbhttps:\/\/centrereliance.fr\/association\/wp-content\/uploads\/sites\/2\/2025\/08\/modalites-formation.png\u00a0\u00bb title_text=\u00a0\u00bbmodalites-formation\u00a0\u00bb _builder_version=\u00a0\u00bb4.25.1&Prime; _module_preset=\u00a0\u00bbdefault\u00a0\u00bb max_width=\u00a0\u00bb80px\u00a0\u00bb module_alignment=\u00a0\u00bbcenter\u00a0\u00bb custom_margin=\u00a0\u00bb||20px||false|false\u00a0\u00bb locked=\u00a0\u00bboff\u00a0\u00bb global_colors_info=\u00a0\u00bb{}\u00a0\u00bb][\/et_pb_image][et_pb_text _builder_version=\u00a0\u00bb4.25.1&Prime; _module_preset=\u00a0\u00bbdefault\u00a0\u00bb text_text_color=\u00a0\u00bb#F08A2E\u00a0\u00bb header_text_align=\u00a0\u00bbcenter\u00a0\u00bb header_text_color=\u00a0\u00bb#F08A2E\u00a0\u00bb header_2_text_align=\u00a0\u00bbcenter\u00a0\u00bb header_2_text_color=\u00a0\u00bb#F08A2E\u00a0\u00bb header_3_text_color=\u00a0\u00bb#9A486F\u00a0\u00bb locked=\u00a0\u00bboff\u00a0\u00bb global_colors_info=\u00a0\u00bb{}\u00a0\u00bb]<\/p>\n<h2>Quelles sont les modalit\u00e9s des matin\u00e9es d&rsquo;initiation ?<\/h2>\n<p>[\/et_pb_text][et_pb_text admin_label=\u00a0\u00bbText\u00a0\u00bb module_class=\u00a0\u00bbtick-bullets\u00a0\u00bb _builder_version=\u00a0\u00bb4.25.1&Prime; background_size=\u00a0\u00bbinitial\u00a0\u00bb background_position=\u00a0\u00bbtop_left\u00a0\u00bb background_repeat=\u00a0\u00bbrepeat\u00a0\u00bb custom_padding=\u00a0\u00bb0px|0px|0px|0px|false|false\u00a0\u00bb border_color_all=\u00a0\u00bb#F08A2E\u00a0\u00bb global_colors_info=\u00a0\u00bb{}\u00a0\u00bb]<\/p>\n<p>Reliance propose une initiation \u00e0 la communication relationnelle \u00e0 tous ceux et celles qui s\u2019int\u00e9ressent \u00e0 la M\u00e9thode ESPERE\u00ae.<\/p>\n<h3 style=\"text-align: justify;\">La communication relationnelle, \u00e7a s\u2019apprend !<\/h3>\n<p style=\"text-align: justify;\">Les apports de la communication relationnelle et de la M\u00e9thode ESPERE\u00ae vous int\u00e9ressent ?<br \/>Vous avez peut-\u00eatre d\u00e9j\u00e0 assist\u00e9 \u00e0 l\u2019une des conf\u00e9rences de Reliance ?<br \/>Et vous souhaitez commencer \u00e0 cheminer, \u00e0 pratiquer les outils que nous proposons ?<br \/>Alors il est possible participer \u00e0 l\u2019une de nos matin\u00e9es initiation !<\/p>\n<p style=\"text-align: justify;\">\n<h3 style=\"text-align: justify;\">Le principe d\u2019une matin\u00e9e initiation<\/h3>\n<p>Au cours de cette matin\u00e9e, nous vous proposons de :<\/p>\n<ul>\n<li>D\u00e9couvrir les fondamentaux de la M\u00e9thode ESPERE\u00ae pour une communication vivante, authentique et respectueuse ;<\/li>\n<li>Pratiquer \u00e9galement les outils propos\u00e9s en devenant auteur de vos relations ;<\/li>\n<li>Et aussi explorer quelques pistes pour amorcer un cheminement vis-\u00e0-vis de votre propre histoire. Il s\u2019agit ainsi de travailler explicitement sur une situation pr\u00e9sente ou pass\u00e9e.<\/li>\n<li>Ou bien encore de prendre conscience des r\u00e9sonances qui se produisent en observant les personnes qui travaillent.<\/li>\n<\/ul>\n<p>&nbsp;<\/p>\n<h3 style=\"text-align: justify;\">D\u00e9roulement d\u2019une matin\u00e9e sur la communication relationnelle<\/h3>\n<p style=\"text-align: justify;\">Les matin\u00e9es que nous organisons se d\u00e9roulent au Centre Reliance d\u2019Echirolles. Elles sont anim\u00e9es par l\u2019un de nos formateurs, pour une dur\u00e9e de 3 heures, en g\u00e9n\u00e9ral de 9h00 \u00e0 12h00.<br \/>Apr\u00e8s un expos\u00e9 pr\u00e9liminaire sur la M\u00e9thode ESPERE\u00ae, la matin\u00e9e s&rsquo;organise autour de l&rsquo;analyse de cas concrets, propos\u00e9s par l&rsquo;animateur ou par les participants.<br \/>Le nombre de participants n\u2019exc\u00e8de pas une douzaine. D\u2019une part, la taille r\u00e9duite de l\u2019auditoire, d\u2019\u2019autre part, la bienveillance de l\u2019animateur, permettent \u00e0 chacun de se sentir en confiance.<\/p>\n<p style=\"text-align: justify;\"><strong><span style=\"color: #f08a2e;\">Bon plan<\/span><\/strong> : vous pouvez inviter une personne \u00e0 venir avec vous gratuitement \u00e0 la matin\u00e9e initiation \u00e0 laquelle vous vous inscrivez en ligne !<\/p>\n<p>[\/et_pb_text][\/et_pb_column][\/et_pb_row][et_pb_row admin_label=\u00a0\u00bbrow\u00a0\u00bb _builder_version=\u00a0\u00bb4.25.1&Prime; background_size=\u00a0\u00bbinitial\u00a0\u00bb background_position=\u00a0\u00bbtop_left\u00a0\u00bb background_repeat=\u00a0\u00bbrepeat\u00a0\u00bb width=\u00a0\u00bb90%\u00a0\u00bb custom_margin=\u00a0\u00bb||50px||false|false\u00a0\u00bb custom_padding=\u00a0\u00bb10px|10px|10px|10px|true|true\u00a0\u00bb border_radii=\u00a0\u00bbon|15px|15px|15px|15px\u00a0\u00bb border_width_all=\u00a0\u00bb1px\u00a0\u00bb border_color_all=\u00a0\u00bb#F08A2E\u00a0\u00bb global_colors_info=\u00a0\u00bb{}\u00a0\u00bb][et_pb_column type=\u00a0\u00bb4_4&Prime; _builder_version=\u00a0\u00bb4.16&Prime; custom_padding=\u00a0\u00bb|||\u00a0\u00bb global_colors_info=\u00a0\u00bb{}\u00a0\u00bb custom_padding__hover=\u00a0\u00bb|||\u00a0\u00bb][et_pb_image src=\u00a0\u00bbhttps:\/\/centrereliance.fr\/association\/wp-content\/uploads\/sites\/2\/2025\/08\/calendrier.png\u00a0\u00bb title_text=\u00a0\u00bbcalendrier\u00a0\u00bb _builder_version=\u00a0\u00bb4.27.4&Prime; _module_preset=\u00a0\u00bbdefault\u00a0\u00bb max_width=\u00a0\u00bb80px\u00a0\u00bb module_alignment=\u00a0\u00bbcenter\u00a0\u00bb custom_margin=\u00a0\u00bb||20px||false|false\u00a0\u00bb hover_enabled=\u00a0\u00bb0&Prime; locked=\u00a0\u00bboff\u00a0\u00bb global_colors_info=\u00a0\u00bb{}\u00a0\u00bb module_id=\u00a0\u00bbactions-programmees\u00a0\u00bb sticky_enabled=\u00a0\u00bb0&Prime;][\/et_pb_image][et_pb_text _builder_version=\u00a0\u00bb4.25.1&Prime; _module_preset=\u00a0\u00bbdefault\u00a0\u00bb text_text_color=\u00a0\u00bb#F08A2E\u00a0\u00bb header_text_align=\u00a0\u00bbcenter\u00a0\u00bb header_text_color=\u00a0\u00bb#F08A2E\u00a0\u00bb header_2_text_align=\u00a0\u00bbcenter\u00a0\u00bb header_2_text_color=\u00a0\u00bb#F08A2E\u00a0\u00bb header_3_text_color=\u00a0\u00bb#9A486F\u00a0\u00bb locked=\u00a0\u00bboff\u00a0\u00bb global_colors_info=\u00a0\u00bb{}\u00a0\u00bb]<\/p>\n<h2>Quand a lieu la prochaine matin\u00e9e d&rsquo;initiation ?<\/h2>\n<p>[\/et_pb_text][et_pb_shop type=\u00a0\u00bbproduct_category\u00a0\u00bb include_categories=\u00a0\u00bb25,151&Prime; columns_number=\u00a0\u00bb1&Prime; orderby=\u00a0\u00bbmenu_order\u00a0\u00bb _builder_version=\u00a0\u00bb4.27.4&Prime; _module_preset=\u00a0\u00bbdefault\u00a0\u00bb global_colors_info=\u00a0\u00bb{}\u00a0\u00bb][\/et_pb_shop][\/et_pb_column][\/et_pb_row][et_pb_row admin_label=\u00a0\u00bbrow\u00a0\u00bb _builder_version=\u00a0\u00bb4.27.4&Prime; _dynamic_attributes=\u00a0\u00bblink_option_url\u00a0\u00bb background_size=\u00a0\u00bbinitial\u00a0\u00bb background_position=\u00a0\u00bbtop_left\u00a0\u00bb background_repeat=\u00a0\u00bbrepeat\u00a0\u00bb width=\u00a0\u00bb90%\u00a0\u00bb custom_margin=\u00a0\u00bb||50px||false|false\u00a0\u00bb custom_padding=\u00a0\u00bb10px|10px|10px|10px|true|true\u00a0\u00bb link_option_url=\u00a0\u00bb@ET-DC@eyJkeW5hbWljIjp0cnVlLCJjb250ZW50IjoicG9zdF9saW5rX3VybF9wYWdlIiwic2V0dGluZ3MiOnsicG9zdF9pZCI6IjU5MTgifX0=@\u00a0\u00bb border_radii=\u00a0\u00bbon|15px|15px|15px|15px\u00a0\u00bb border_width_all=\u00a0\u00bb1px\u00a0\u00bb border_color_all=\u00a0\u00bb#F08A2E\u00a0\u00bb locked=\u00a0\u00bboff\u00a0\u00bb global_colors_info=\u00a0\u00bb{}\u00a0\u00bb][et_pb_column type=\u00a0\u00bb4_4&Prime; _builder_version=\u00a0\u00bb4.16&Prime; custom_padding=\u00a0\u00bb|||\u00a0\u00bb global_colors_info=\u00a0\u00bb{}\u00a0\u00bb custom_padding__hover=\u00a0\u00bb|||\u00a0\u00bb][et_pb_image src=\u00a0\u00bbhttps:\/\/centrereliance.fr\/association\/wp-content\/uploads\/sites\/2\/2025\/08\/accessibilite-formation.png\u00a0\u00bb title_text=\u00a0\u00bbaccessibilite-formation\u00a0\u00bb _builder_version=\u00a0\u00bb4.25.1&Prime; _module_preset=\u00a0\u00bbdefault\u00a0\u00bb max_width=\u00a0\u00bb80px\u00a0\u00bb module_alignment=\u00a0\u00bbcenter\u00a0\u00bb custom_margin=\u00a0\u00bb||20px||false|false\u00a0\u00bb global_colors_info=\u00a0\u00bb{}\u00a0\u00bb][\/et_pb_image][et_pb_text admin_label=\u00a0\u00bbText\u00a0\u00bb module_class=\u00a0\u00bbtick-bullets\u00a0\u00bb _builder_version=\u00a0\u00bb4.25.1&Prime; header_2_text_align=\u00a0\u00bbcenter\u00a0\u00bb background_size=\u00a0\u00bbinitial\u00a0\u00bb background_position=\u00a0\u00bbtop_left\u00a0\u00bb background_repeat=\u00a0\u00bbrepeat\u00a0\u00bb text_orientation=\u00a0\u00bbjustified\u00a0\u00bb custom_padding=\u00a0\u00bb||18px|||\u00a0\u00bb global_colors_info=\u00a0\u00bb{}\u00a0\u00bb]<\/p>\n<h2>Accessibilit\u00e9<\/h2>\n<p>La soci\u00e9t\u00e9 Reliance se montre attentive aux sp\u00e9cificit\u00e9s des b\u00e9n\u00e9ficiaires afin d\u2019adapter supports, locaux et animation pour garantir l\u2019accessibilit\u00e9 des prestations en prenant en compte tout handicap. Si des b\u00e9n\u00e9ficiaires de cette action sont en situation de handicap, il y aura lieu de se rapprocher de l\u2019intervenant\u00b7e ou de la r\u00e9f\u00e9rente handicap pour conna\u00eetre les modes d\u2019accessibilit\u00e9 de l\u2019action. Dans le cas o\u00f9 une solution d\u2019adaptation ne pourrait pas \u00eatre possible au sein de Reliance, une r\u00e9orientation sera propos\u00e9e ou l\u2019intervention d\u2019un\u00b7e prestataire externe sera alors sollicit\u00e9e.<\/p>\n<p>[\/et_pb_text][\/et_pb_column][\/et_pb_row][et_pb_row _builder_version=\u00a0\u00bb4.25.1&Prime; _module_preset=\u00a0\u00bbdefault\u00a0\u00bb width=\u00a0\u00bb90%\u00a0\u00bb custom_margin=\u00a0\u00bb||50px||false|false\u00a0\u00bb custom_padding=\u00a0\u00bb20px|10px|0px|10px|false|true\u00a0\u00bb border_radii=\u00a0\u00bbon|15px|15px|15px|15px\u00a0\u00bb border_width_all=\u00a0\u00bb1px\u00a0\u00bb border_color_all=\u00a0\u00bb#F08A2E\u00a0\u00bb locked=\u00a0\u00bboff\u00a0\u00bb global_colors_info=\u00a0\u00bb{}\u00a0\u00bb][et_pb_column type=\u00a0\u00bb4_4&Prime; _builder_version=\u00a0\u00bb4.22.1&Prime; _module_preset=\u00a0\u00bbdefault\u00a0\u00bb global_colors_info=\u00a0\u00bb{}\u00a0\u00bb][et_pb_image src=\u00a0\u00bbhttps:\/\/centrereliance.fr\/association\/wp-content\/uploads\/sites\/2\/2025\/08\/avis-formation.png\u00a0\u00bb title_text=\u00a0\u00bbavis-formation\u00a0\u00bb _builder_version=\u00a0\u00bb4.25.1&Prime; _module_preset=\u00a0\u00bbdefault\u00a0\u00bb max_width=\u00a0\u00bb80px\u00a0\u00bb module_alignment=\u00a0\u00bbcenter\u00a0\u00bb custom_margin=\u00a0\u00bb||20px||false|false\u00a0\u00bb locked=\u00a0\u00bboff\u00a0\u00bb global_colors_info=\u00a0\u00bb{}\u00a0\u00bb][\/et_pb_image][et_pb_text _builder_version=\u00a0\u00bb4.25.1&Prime; _module_preset=\u00a0\u00bbdefault\u00a0\u00bb text_text_color=\u00a0\u00bb#F08A2E\u00a0\u00bb header_text_align=\u00a0\u00bbcenter\u00a0\u00bb header_text_color=\u00a0\u00bb#F08A2E\u00a0\u00bb header_2_text_align=\u00a0\u00bbcenter\u00a0\u00bb header_2_text_color=\u00a0\u00bb#F08A2E\u00a0\u00bb header_3_text_color=\u00a0\u00bb#9A486F\u00a0\u00bb locked=\u00a0\u00bboff\u00a0\u00bb global_colors_info=\u00a0\u00bb{}\u00a0\u00bb]<\/p>\n<h2>Qu\u2019en ont dit les participant\u00b7es ?<\/h2>\n<p>[\/et_pb_text][et_pb_comments show_count=\u00a0\u00bboff\u00a0\u00bb _builder_version=\u00a0\u00bb4.27.4&Prime; _module_preset=\u00a0\u00bbdefault\u00a0\u00bb text_orientation=\u00a0\u00bbjustified\u00a0\u00bb border_radii_fields=\u00a0\u00bbon|15px|15px|15px|15px\u00a0\u00bb locked=\u00a0\u00bboff\u00a0\u00bb global_colors_info=\u00a0\u00bb{}\u00a0\u00bb][\/et_pb_comments][\/et_pb_column][\/et_pb_row][\/et_pb_section]<\/p>\n","protected":false},"excerpt":{"rendered":"<p>Quelles sont les modalit\u00e9s des matin\u00e9es d&rsquo;initiation ?Reliance propose une initiation \u00e0 la communication relationnelle \u00e0 tous ceux et celles qui s\u2019int\u00e9ressent \u00e0 la M\u00e9thode ESPERE\u00ae. La communication relationnelle, \u00e7a s\u2019apprend ! Les apports de la communication relationnelle et de la M\u00e9thode ESPERE\u00ae vous int\u00e9ressent ?Vous avez peut-\u00eatre d\u00e9j\u00e0 assist\u00e9 \u00e0 l\u2019une des conf\u00e9rences de [&hellip;]<\/p>\n","protected":false},"author":1,"featured_media":0,"parent":0,"menu_order":0,"comment_status":"open","ping_status":"closed","template":"","meta":{"_et_pb_use_builder":"on","_et_pb_old_content":"<div class=\"encart-comment\">\n<div class=\"title\">Commentaires des participants<\/div>\n<div class=\"encart-comment-btn\"><a class=\"btn btn-success btn-comment\" href=\"#c1\">\u00e0 lire<\/a><a class=\"btn btn-primary  btn-comment\" href=\"#commentform\">\u00e0 \u00e9crire<\/a><\/div>\n<\/div>\n<div><span style=\"color: #ff6600\">LA SAISON 2025\/2026 SERA BIENTOT EN LIGNE !<\/span><\/div>\n<div><\/div>\n<div class=\"kvgmc6g5 cxmmr5t8 oygrvhab hcukyx3x c1et5uql\">Au cours de la matin\u00e9e, nous vous proposons de :<\/div>\n<div><\/div>\n<div class=\"kvgmc6g5 cxmmr5t8 oygrvhab hcukyx3x c1et5uql\">- d\u00e9couvrir les fondamentaux de la M\u00e9thode ESPERE\u00ae pour une communication vivante, authentique et respectueuse<\/div>\n<div><\/div>\n<div class=\"kvgmc6g5 cxmmr5t8 oygrvhab hcukyx3x c1et5uql\">- explorer quelques pistes pour amorcer un cheminement vis-\u00e0-vis de votre propre histoire, soit en travaillant explicitement sur une situation pr\u00e9sente ou pass\u00e9e, soit gr\u00e2ce aux r\u00e9sonances qui se produisent en observant les personnes qui travaillent<\/div>\n<div><\/div>\n<p style=\"text-align: center\"><strong><span style=\"color: #0269b8\">Bon plan : vous pouvez inviter une personne \u00e0 venir avec vous gratuitement \u00e0 la matin\u00e9e initiation \u00e0 laquelle vous vous inscrivez en ligne !<\/span><\/strong><\/p>\n<p style=\"text-align: center\">Dans ce <strong>cas<\/strong>,<strong> merci de l'indiquer<\/strong> dans la zone \"Informations compl\u00e9mentaires, notes de commandes\", sur la page de commande.<\/p>\nA NOTER : L\u2019adh\u00e9sion \u00e0 l\u2019association n\u2019\u00e9tant pas obligatoire pour les matin\u00e9es initiation, vous pouvez la supprimer de votre panier en cliquant sur la croix rouge.\n\n[product_category category=\"matinees-decouvertes\" columns=\"1\"]\n<h6 id=\"c1\" class=\"anchor\"><span style=\"color: #ff6600\">Formulaire disponible en bas de page pour ajouter votre commentaire<\/span><\/h6>","_et_gb_content_width":"","footnotes":""},"class_list":["post-268","page","type-page","status-publish","hentry"],"yoast_head":"<!-- This site is optimized with the Yoast SEO plugin v25.8 - https:\/\/yoast.com\/wordpress\/plugins\/seo\/ -->\n<title>Communication relationnelle : matin\u00e9es initiation - Am\u00e9liorer ses relations et cheminer vers le meilleur de soi<\/title>\n<meta name=\"description\" content=\"Le Centre Reliance anime des matin\u00e9es d&#039;initiation \u00e0 la communication relationnelle en s&#039;appuyant sur la m\u00e9thode Espere\u00ae .\" \/>\n<meta name=\"robots\" content=\"index, follow, max-snippet:-1, max-image-preview:large, max-video-preview:-1\" \/>\n<link rel=\"canonical\" href=\"https:\/\/centrereliance.fr\/association\/communication-relationnelle-matinees-initiation\/\" \/>\n<meta property=\"og:locale\" content=\"fr_FR\" \/>\n<meta property=\"og:type\" content=\"article\" \/>\n<meta property=\"og:title\" content=\"Communication relationnelle : matin\u00e9es initiation - Am\u00e9liorer ses relations et cheminer vers le meilleur de soi\" \/>\n<meta property=\"og:description\" content=\"Le Centre Reliance anime des matin\u00e9es d&#039;initiation \u00e0 la communication relationnelle en s&#039;appuyant sur la m\u00e9thode Espere\u00ae .\" \/>\n<meta property=\"og:url\" content=\"https:\/\/centrereliance.fr\/association\/communication-relationnelle-matinees-initiation\/\" \/>\n<meta property=\"og:site_name\" content=\"Am\u00e9liorer ses relations et cheminer vers le meilleur de soi\" \/>\n<meta property=\"article:publisher\" content=\"https:\/\/www.facebook.com\/Reliance-Association-318815031580269\/\" \/>\n<meta property=\"article:modified_time\" content=\"2025-12-15T13:05:24+00:00\" \/>\n<meta name=\"twitter:card\" content=\"summary_large_image\" \/>\n<meta name=\"twitter:label1\" content=\"Dur\u00e9e de lecture estim\u00e9e\" \/>\n\t<meta name=\"twitter:data1\" content=\"3 minutes\" \/>\n<script type=\"application\/ld+json\" class=\"yoast-schema-graph\">{\"@context\":\"https:\/\/schema.org\",\"@graph\":[{\"@type\":\"WebPage\",\"@id\":\"https:\/\/centrereliance.fr\/association\/communication-relationnelle-matinees-initiation\/\",\"url\":\"https:\/\/centrereliance.fr\/association\/communication-relationnelle-matinees-initiation\/\",\"name\":\"Communication relationnelle : matin\u00e9es initiation - Am\u00e9liorer ses relations et cheminer vers le meilleur de soi\",\"isPartOf\":{\"@id\":\"https:\/\/centrereliance.fr\/association\/#website\"},\"datePublished\":\"2025-08-28T16:04:34+00:00\",\"dateModified\":\"2025-12-15T13:05:24+00:00\",\"description\":\"Le Centre Reliance anime des matin\u00e9es d'initiation \u00e0 la communication relationnelle en s'appuyant sur la m\u00e9thode Espere\u00ae .\",\"breadcrumb\":{\"@id\":\"https:\/\/centrereliance.fr\/association\/communication-relationnelle-matinees-initiation\/#breadcrumb\"},\"inLanguage\":\"fr-FR\",\"potentialAction\":[{\"@type\":\"ReadAction\",\"target\":[\"https:\/\/centrereliance.fr\/association\/communication-relationnelle-matinees-initiation\/\"]}]},{\"@type\":\"BreadcrumbList\",\"@id\":\"https:\/\/centrereliance.fr\/association\/communication-relationnelle-matinees-initiation\/#breadcrumb\",\"itemListElement\":[{\"@type\":\"ListItem\",\"position\":1,\"name\":\"Accueil\",\"item\":\"https:\/\/centrereliance.fr\/association\/\"},{\"@type\":\"ListItem\",\"position\":2,\"name\":\"Communication relationnelle : matin\u00e9es initiation\"}]},{\"@type\":\"WebSite\",\"@id\":\"https:\/\/centrereliance.fr\/association\/#website\",\"url\":\"https:\/\/centrereliance.fr\/association\/\",\"name\":\"Am\u00e9liorer ses relations et cheminer vers le meilleur de soi\",\"description\":\"Nos actions \u00e0 destination des particuliers\",\"publisher\":{\"@id\":\"https:\/\/centrereliance.fr\/association\/#organization\"},\"potentialAction\":[{\"@type\":\"SearchAction\",\"target\":{\"@type\":\"EntryPoint\",\"urlTemplate\":\"https:\/\/centrereliance.fr\/association\/?s={search_term_string}\"},\"query-input\":{\"@type\":\"PropertyValueSpecification\",\"valueRequired\":true,\"valueName\":\"search_term_string\"}}],\"inLanguage\":\"fr-FR\"},{\"@type\":\"Organization\",\"@id\":\"https:\/\/centrereliance.fr\/association\/#organization\",\"name\":\"Reliance ASSOCIATION\",\"url\":\"https:\/\/centrereliance.fr\/association\/\",\"logo\":{\"@type\":\"ImageObject\",\"inLanguage\":\"fr-FR\",\"@id\":\"https:\/\/centrereliance.fr\/association\/#\/schema\/logo\/image\/\",\"url\":\"https:\/\/centrereliance.fr\/association\/wp-content\/uploads\/sites\/2\/2016\/10\/Logo-SARL-e1476290643249.jpg\",\"contentUrl\":\"https:\/\/centrereliance.fr\/association\/wp-content\/uploads\/sites\/2\/2016\/10\/Logo-SARL-e1476290643249.jpg\",\"width\":101,\"height\":110,\"caption\":\"Reliance ASSOCIATION\"},\"image\":{\"@id\":\"https:\/\/centrereliance.fr\/association\/#\/schema\/logo\/image\/\"},\"sameAs\":[\"https:\/\/www.facebook.com\/Reliance-Association-318815031580269\/\",\"https:\/\/www.linkedin.com\/company-beta\/16261855\"]}]}<\/script>\n<!-- \/ Yoast SEO plugin. -->","yoast_head_json":{"title":"Communication relationnelle : matin\u00e9es initiation - Am\u00e9liorer ses relations et cheminer vers le meilleur de soi","description":"Le Centre Reliance anime des matin\u00e9es d'initiation \u00e0 la communication relationnelle en s'appuyant sur la m\u00e9thode Espere\u00ae .","robots":{"index":"index","follow":"follow","max-snippet":"max-snippet:-1","max-image-preview":"max-image-preview:large","max-video-preview":"max-video-preview:-1"},"canonical":"https:\/\/centrereliance.fr\/association\/communication-relationnelle-matinees-initiation\/","og_locale":"fr_FR","og_type":"article","og_title":"Communication relationnelle : matin\u00e9es initiation - Am\u00e9liorer ses relations et cheminer vers le meilleur de soi","og_description":"Le Centre Reliance anime des matin\u00e9es d'initiation \u00e0 la communication relationnelle en s'appuyant sur la m\u00e9thode Espere\u00ae .","og_url":"https:\/\/centrereliance.fr\/association\/communication-relationnelle-matinees-initiation\/","og_site_name":"Am\u00e9liorer ses relations et cheminer vers le meilleur de soi","article_publisher":"https:\/\/www.facebook.com\/Reliance-Association-318815031580269\/","article_modified_time":"2025-12-15T13:05:24+00:00","twitter_card":"summary_large_image","twitter_misc":{"Dur\u00e9e de lecture estim\u00e9e":"3 minutes"},"schema":{"@context":"https:\/\/schema.org","@graph":[{"@type":"WebPage","@id":"https:\/\/centrereliance.fr\/association\/communication-relationnelle-matinees-initiation\/","url":"https:\/\/centrereliance.fr\/association\/communication-relationnelle-matinees-initiation\/","name":"Communication relationnelle : matin\u00e9es initiation - Am\u00e9liorer ses relations et cheminer vers le meilleur de soi","isPartOf":{"@id":"https:\/\/centrereliance.fr\/association\/#website"},"datePublished":"2025-08-28T16:04:34+00:00","dateModified":"2025-12-15T13:05:24+00:00","description":"Le Centre Reliance anime des matin\u00e9es d'initiation \u00e0 la communication relationnelle en s'appuyant sur la m\u00e9thode Espere\u00ae .","breadcrumb":{"@id":"https:\/\/centrereliance.fr\/association\/communication-relationnelle-matinees-initiation\/#breadcrumb"},"inLanguage":"fr-FR","potentialAction":[{"@type":"ReadAction","target":["https:\/\/centrereliance.fr\/association\/communication-relationnelle-matinees-initiation\/"]}]},{"@type":"BreadcrumbList","@id":"https:\/\/centrereliance.fr\/association\/communication-relationnelle-matinees-initiation\/#breadcrumb","itemListElement":[{"@type":"ListItem","position":1,"name":"Accueil","item":"https:\/\/centrereliance.fr\/association\/"},{"@type":"ListItem","position":2,"name":"Communication relationnelle : matin\u00e9es initiation"}]},{"@type":"WebSite","@id":"https:\/\/centrereliance.fr\/association\/#website","url":"https:\/\/centrereliance.fr\/association\/","name":"Am\u00e9liorer ses relations et cheminer vers le meilleur de soi","description":"Nos actions \u00e0 destination des particuliers","publisher":{"@id":"https:\/\/centrereliance.fr\/association\/#organization"},"potentialAction":[{"@type":"SearchAction","target":{"@type":"EntryPoint","urlTemplate":"https:\/\/centrereliance.fr\/association\/?s={search_term_string}"},"query-input":{"@type":"PropertyValueSpecification","valueRequired":true,"valueName":"search_term_string"}}],"inLanguage":"fr-FR"},{"@type":"Organization","@id":"https:\/\/centrereliance.fr\/association\/#organization","name":"Reliance ASSOCIATION","url":"https:\/\/centrereliance.fr\/association\/","logo":{"@type":"ImageObject","inLanguage":"fr-FR","@id":"https:\/\/centrereliance.fr\/association\/#\/schema\/logo\/image\/","url":"https:\/\/centrereliance.fr\/association\/wp-content\/uploads\/sites\/2\/2016\/10\/Logo-SARL-e1476290643249.jpg","contentUrl":"https:\/\/centrereliance.fr\/association\/wp-content\/uploads\/sites\/2\/2016\/10\/Logo-SARL-e1476290643249.jpg","width":101,"height":110,"caption":"Reliance ASSOCIATION"},"image":{"@id":"https:\/\/centrereliance.fr\/association\/#\/schema\/logo\/image\/"},"sameAs":["https:\/\/www.facebook.com\/Reliance-Association-318815031580269\/","https:\/\/www.linkedin.com\/company-beta\/16261855"]}]}},"_links":{"self":[{"href":"https:\/\/centrereliance.fr\/association\/wp-json\/wp\/v2\/pages\/268","targetHints":{"allow":["GET"]}}],"collection":[{"href":"https:\/\/centrereliance.fr\/association\/wp-json\/wp\/v2\/pages"}],"about":[{"href":"https:\/\/centrereliance.fr\/association\/wp-json\/wp\/v2\/types\/page"}],"author":[{"embeddable":true,"href":"https:\/\/centrereliance.fr\/association\/wp-json\/wp\/v2\/users\/1"}],"replies":[{"embeddable":true,"href":"https:\/\/centrereliance.fr\/association\/wp-json\/wp\/v2\/comments?post=268"}],"version-history":[{"count":56,"href":"https:\/\/centrereliance.fr\/association\/wp-json\/wp\/v2\/pages\/268\/revisions"}],"predecessor-version":[{"id":60810,"href":"https:\/\/centrereliance.fr\/association\/wp-json\/wp\/v2\/pages\/268\/revisions\/60810"}],"wp:attachment":[{"href":"https:\/\/centrereliance.fr\/association\/wp-json\/wp\/v2\/media?parent=268"}],"curies":[{"name":"wp","href":"https:\/\/api.w.org\/{rel}","templated":true}]}}