{"id":272,"date":"2025-08-28T18:04:52","date_gmt":"2025-08-28T16:04:52","guid":{"rendered":"https:\/\/centrereliance.fr\/association\/?page_id=272"},"modified":"2026-07-27T20:12:08","modified_gmt":"2026-07-27T18:12:08","slug":"stage-relations-interpersonnelles","status":"publish","type":"page","link":"https:\/\/centrereliance.fr\/association\/stage-relations-interpersonnelles\/","title":{"rendered":"Stages relations interpersonnelles"},"content":{"rendered":"<div class=\"et_pb_section_0 et_pb_section et_section_regular et_block_section\">\n<div class=\"et_pb_row_0 et_pb_row et_block_row\">\n<div class=\"et_pb_column_0 et_pb_column et_pb_column_4_4 et-last-child et_block_column et_pb_css_mix_blend_mode_passthrough\">\n<div class=\"et_pb_image_0 et_pb_image et_pb_module et_block_module\"><span class=\"et_pb_image_wrap\"><img decoding=\"async\" data-src=\"https:\/\/centrereliance.fr\/association\/wp-content\/uploads\/sites\/2\/2025\/08\/stages-approfondissement-espere_.jpeg\" width=\"1400\" height=\"787\" data-srcset=\"https:\/\/centrereliance.fr\/association\/wp-content\/uploads\/sites\/2\/2025\/08\/stages-approfondissement-espere_.jpeg 1400w, https:\/\/centrereliance.fr\/association\/wp-content\/uploads\/sites\/2\/2025\/08\/stages-approfondissement-espere_-1280x720.jpeg 1280w, https:\/\/centrereliance.fr\/association\/wp-content\/uploads\/sites\/2\/2025\/08\/stages-approfondissement-espere_-980x551.jpeg 980w, https:\/\/centrereliance.fr\/association\/wp-content\/uploads\/sites\/2\/2025\/08\/stages-approfondissement-espere_-480x270.jpeg 480w\" data-sizes=\"(min-width: 0px) and (max-width: 480px) 480px, (min-width: 481px) and (max-width: 980px) 980px, (min-width: 981px) and (max-width: 1280px) 1280px, (min-width: 1281px) 1400px, 100vw\" class=\"wp-image-5836 lazyload\" alt=\"Stages relations interpersonnelles\" src=\"data:image\/svg+xml;base64,PHN2ZyB3aWR0aD0iMSIgaGVpZ2h0PSIxIiB4bWxucz0iaHR0cDovL3d3dy53My5vcmcvMjAwMC9zdmciPjwvc3ZnPg==\" style=\"--smush-placeholder-width: 1400px; --smush-placeholder-aspect-ratio: 1400\/787;\" \/><\/span><\/div>\n\n<div class=\"et_pb_post_title_0 et_pb_post_title et_pb_bg_layout_light et_pb_module et_block_module\"><div class=\"et_pb_title_container\"><h1 class=\"entry-title\">Stages relations interpersonnelles<\/h1><\/div><\/div>\n<\/div>\n<\/div>\n\n<div class=\"et_pb_row_1 et_pb_row et_block_row\">\n<div class=\"et_pb_column_1 et_pb_column et_pb_column_4_4 et-last-child et_block_column et_pb_css_mix_blend_mode_passthrough\">\n<div class=\"et_pb_image_1 et_pb_image et_pb_module et_block_module\"><span class=\"et_pb_image_wrap\"><img decoding=\"async\" data-src=\"https:\/\/centrereliance.fr\/association\/wp-content\/uploads\/sites\/2\/2025\/08\/modalites-formation.png\" width=\"1129\" height=\"1129\" data-srcset=\"https:\/\/centrereliance.fr\/association\/wp-content\/uploads\/sites\/2\/2025\/08\/modalites-formation.png 1129w, https:\/\/centrereliance.fr\/association\/wp-content\/uploads\/sites\/2\/2025\/08\/modalites-formation-980x980.png 980w, https:\/\/centrereliance.fr\/association\/wp-content\/uploads\/sites\/2\/2025\/08\/modalites-formation-480x480.png 480w\" data-sizes=\"(min-width: 0px) and (max-width: 480px) 480px, (min-width: 481px) and (max-width: 980px) 980px, (min-width: 981px) 1129px, 100vw\" class=\"wp-image-5670 lazyload\" title=\"modalites-formation\" src=\"data:image\/svg+xml;base64,PHN2ZyB3aWR0aD0iMSIgaGVpZ2h0PSIxIiB4bWxucz0iaHR0cDovL3d3dy53My5vcmcvMjAwMC9zdmciPjwvc3ZnPg==\" style=\"--smush-placeholder-width: 1129px; --smush-placeholder-aspect-ratio: 1129\/1129;\" \/><\/span><\/div>\n\n<div class=\"et_pb_text_0 et_pb_text et_pb_bg_layout_light et_pb_module et_block_module\"><div class=\"et_pb_text_inner\"><h2>Quelles sont les modalit\u00e9s des stages ?<\/h2>\n<\/div><\/div>\n\n<div class=\"et_pb_text_1 et_pb_text et_pb_bg_layout_light et_pb_module et_block_module tick-bullets\"><div class=\"et_pb_text_inner\"><p>Il est possible de mieux comprendre et donc d\u2019am\u00e9liorer ses relations interpersonnelles tout comme la relation \u00e0 soi.<\/p>\n<p>&nbsp;<\/p>\n<h3>Oser \u00eatre soi dans la relation aux autres<\/h3>\n<p>Un stage de deux jours pour transformer vos relations, en profondeur et en douceur<\/p>\n<p>Vous sentez que certaines de vos relations vous p\u00e8sent, vous limitent, ou ne vous ressemblent plus ? Ou vous avez le d\u00e9sir de vous repositionner, d\u2019\u00eatre plus en accord avec vous-m\u00eame tout en construisant des liens plus sains avec les autres ?<br \/>Ce stage est justement une invitation \u00e0 faire un pas de c\u00f4t\u00e9, pour mieux comprendre vos fonctionnements relationnels et retrouver par cons\u00e9quent une libert\u00e9 d\u2019\u00eatre dans la relation.<\/p>\n<p>&nbsp;<\/p>\n<h3>Objectifs du stage<\/h3>\n<ul>\n<li>Prendre du recul sur votre mode relationnel avec votre conjoint, vos enfants, vos parents, vos amis ou vos coll\u00e8gues de travail, et trouver ainsi des positionnements relationnels plus en accord avec ce que vous souhaitez \u00eatre;<\/li>\n<li>Mettre de l\u2019ordre dans les situations relationnelles, r\u00e9centes ou anciennes, rest\u00e9es inachev\u00e9es et qui, encore aujourd\u2019hui, interf\u00e8rent dans votre quotidien en influen\u00e7ant vos ressentis et comportements;<\/li>\n<li>D\u00e9velopper plus d\u2019estime de soi et de confiance en soi, avoir confiance en vos capacit\u00e9s et vos ressources pour aborder toutes les situations de la vie;<\/li>\n<li>D\u00e9velopper une qualit\u00e9 d\u2019\u00eatre et d\u2019\u00e9coute, permettant alors, dans votre r\u00e9seau familial et social, d\u2019\u00eatre un \u00e9l\u00e9ment apaisant et dynamisant pour des relations plus harmonieuses.<\/li>\n<\/ul>\n<p>&nbsp;<\/p>\n<h3>Une exploration personnelle, dans un cadre collectif bienveillant<\/h3>\n<p>Durant ces deux jours, vous travaillez sur vos propres situations \u2013 qu\u2019elles soient actuelles ou anciennes \u2013 celles pour lesquelles vous sentez qu\u2019un changement est n\u00e9cessaire.<br \/>Le partage des exp\u00e9riences, l\u2019\u00e9coute des autres, les exercices v\u00e9cus en groupe offrent des \u00e9clairages pr\u00e9cieux et viennent par cons\u00e9quent enrichir votre propre cheminement.<\/p>\n<p>&nbsp;<\/p>\n<h3>Une m\u00e9thode pour \u00e9clairer vos relations interpersonnelles<\/h3>\n<p>Nous nous appuyons sur la M\u00e9thode ESPERE\u00ae, une approche claire, concr\u00e8te et profond\u00e9ment respectueuse de soi et des autres. Elle propose en effet des rep\u00e8res simples pour mieux communiquer, se positionner sans s\u2019imposer, sortir des malentendus et cr\u00e9er des relations vivantes, \u00e9quilibr\u00e9es et nourrissantes.<\/p>\n<p>&nbsp;<\/p>\n<h3>(Re)trouver l\u2019amour de soi, pour mieux aimer l\u2019autre<\/h3>\n<p>Ce stage est aussi un chemin vers soi. Car s\u2019aimer soi-m\u00eame, se faire confiance, conna\u00eetre sa propre valeur sont des conditions fondamentales pour aimer l\u2019autre et construire des relations interpersonnelles \u00e9panouissantes.<br \/>Nous explorons ensemble des outils, des prises de conscience et parfois des d\u00e9marches symboliques, pour mettre des mots (ou des gestes) l\u00e0 o\u00f9 les blessures, les non-dits ou les silences ont laiss\u00e9 une empreinte.<\/p>\n<p>Nous pr\u00eatons \u00e9galement attention au langage du corps, \u00e0 ses tensions, \u00e0 ses maux, qui nous parlent souvent de notre histoire relationnelle.<\/p>\n<p>&nbsp;<\/p>\n<h3>Des cl\u00e9s concr\u00e8tes pour aujourd\u2019hui<\/h3>\n<p>\u00c0 l\u2019issue du stage, vous repartez avec des rep\u00e8res clairs, des outils pratiques ainsi que des ressources int\u00e9rieures renforc\u00e9es pour :<\/p>\n<ul>\n<li>mieux vous positionner dans vos relations;<\/li>\n<li>r\u00e9soudre des situations d\u00e9licates ou inachev\u00e9es;<\/li>\n<li>nourrir des liens vivants et authentiques;<\/li>\n<li>vous sentir plus libre d\u2019\u00eatre pleinement vous-m\u00eame.<\/li>\n<\/ul>\n<p>&nbsp;<\/p>\n<p>Alors, offrez-vous ce temps de recentrage, de transformation et d\u2019ouverture \u00e0 soi et aux autres. Un cadeau pour vous\u2026 mais aussi pour toutes vos relations.<\/p>\n<p><span>D\u2019autres activit\u00e9s viennent compl\u00e9ter l\u2019offre de Reliance Association, telles que des <a href=\"https:\/\/centrereliance.fr\/association\/conference-sur-le-bien-etre\/\">conf\u00e9rences<\/a> <\/span><span>ou des\u00a0<\/span><a href=\"https:\/\/centrereliance.fr\/association\/ateliers-communication\/\">ateliers<\/a><span>.<\/span><\/p>\n<p><span><\/span><\/p>\n<\/div><\/div>\n<\/div>\n<\/div>\n\n<div class=\"et_pb_row_2 et_pb_row et_block_row\">\n<div class=\"et_pb_column_2 et_pb_column et_pb_column_4_4 et-last-child et_block_column et_pb_css_mix_blend_mode_passthrough\">\n<div class=\"et_pb_image_2 et_pb_image et_pb_module et_block_module\" id=\"actions-programmees\"><span class=\"et_pb_image_wrap\"><img decoding=\"async\" data-src=\"https:\/\/centrereliance.fr\/association\/wp-content\/uploads\/sites\/2\/2025\/08\/calendrier.png\" width=\"1129\" height=\"1129\" data-srcset=\"https:\/\/centrereliance.fr\/association\/wp-content\/uploads\/sites\/2\/2025\/08\/calendrier.png 1129w, https:\/\/centrereliance.fr\/association\/wp-content\/uploads\/sites\/2\/2025\/08\/calendrier-980x980.png 980w, https:\/\/centrereliance.fr\/association\/wp-content\/uploads\/sites\/2\/2025\/08\/calendrier-480x480.png 480w\" data-sizes=\"(min-width: 0px) and (max-width: 480px) 480px, (min-width: 481px) and (max-width: 980px) 980px, (min-width: 981px) 1129px, 100vw\" class=\"wp-image-5671 lazyload\" title=\"calendrier\" src=\"data:image\/svg+xml;base64,PHN2ZyB3aWR0aD0iMSIgaGVpZ2h0PSIxIiB4bWxucz0iaHR0cDovL3d3dy53My5vcmcvMjAwMC9zdmciPjwvc3ZnPg==\" style=\"--smush-placeholder-width: 1129px; --smush-placeholder-aspect-ratio: 1129\/1129;\" \/><\/span><\/div>\n\n<div class=\"et_pb_text_2 et_pb_text et_pb_bg_layout_light et_pb_module et_block_module\"><div class=\"et_pb_text_inner\"><h2>Quand a lieu le prochain stage ?<\/h2>\n<\/div><\/div>\n\n<div class=\"et_pb_shop_0 et_pb_shop et_pb_shop_no_image et_pb_module\" data-shortcode_index=\"0\"><div class=\"woocommerce\"><div class=\"woocommerce-info\">Pas d\u2019action programm\u00e9e pour le moment.<\/div><\/div><\/div>\n<\/div>\n<\/div>\n\n<div class=\"et_pb_row_3 et_pb_row et_block_row\">\n<div class=\"et_pb_column_3 et_pb_column et_pb_column_4_4 et-last-child et_block_column et_pb_css_mix_blend_mode_passthrough\">\n<div class=\"et_pb_text_3 et_pb_text et_pb_bg_layout_light et_pb_module et_block_module\"><div class=\"et_pb_text_inner\"><h2>COMMENTAIRES<\/h2>\n<\/div><\/div>\n\n<div class=\"et_pb_comments_0 et_pb_comments_module et_pb_no_comments_count et_pb_bg_layout_light et_pb_text_align_justified et_pb_module et_block_module\" data-icon=\"\" data-icon-tablet=\"\" data-icon-phone=\"\"><\/div>\n<\/div>\n<\/div>\n<\/div>","protected":false},"excerpt":{"rendered":"","protected":false},"author":1,"featured_media":0,"parent":0,"menu_order":0,"comment_status":"open","ping_status":"closed","template":"","meta":{"footnotes":""},"class_list":["post-272","page","type-page","status-publish","hentry"],"yoast_head":"<!-- This site is optimized with the Yoast SEO plugin v28.1 - https:\/\/yoast.com\/product\/yoast-seo-wordpress\/ -->\n<title>Stages relations interpersonnelles - Am\u00e9liorer ses relations et cheminer vers le meilleur de soi<\/title>\n<meta name=\"description\" content=\"L\u2019association Reliance \u00e0 Echirolles propose des stages pour les particuliers qui souhaitent transformer leurs relations interpersonnelles.\" \/>\n<meta name=\"robots\" content=\"index, follow, max-snippet:-1, max-image-preview:large, max-video-preview:-1\" \/>\n<link rel=\"canonical\" href=\"https:\/\/centrereliance.fr\/association\/stage-relations-interpersonnelles\/\" \/>\n<meta property=\"og:locale\" content=\"fr_FR\" \/>\n<meta property=\"og:type\" content=\"article\" \/>\n<meta property=\"og:title\" content=\"Stages relations interpersonnelles - Am\u00e9liorer ses relations et cheminer vers le meilleur de soi\" \/>\n<meta property=\"og:description\" content=\"L\u2019association Reliance \u00e0 Echirolles propose des stages pour les particuliers qui souhaitent transformer leurs relations interpersonnelles.\" \/>\n<meta property=\"og:url\" content=\"https:\/\/centrereliance.fr\/association\/stage-relations-interpersonnelles\/\" \/>\n<meta property=\"og:site_name\" content=\"Am\u00e9liorer ses relations et cheminer vers le meilleur de soi\" \/>\n<meta property=\"article:publisher\" content=\"https:\/\/www.facebook.com\/Reliance-Association-318815031580269\/\" \/>\n<meta property=\"article:modified_time\" content=\"2026-07-27T18:12:08+00:00\" \/>\n<meta name=\"twitter:card\" content=\"summary_large_image\" \/>\n<meta name=\"twitter:label1\" content=\"Dur\u00e9e de lecture estim\u00e9e\" \/>\n\t<meta name=\"twitter:data1\" content=\"7 minutes\" \/>\n<script type=\"application\/ld+json\" class=\"yoast-schema-graph\">{\"@context\":\"https:\\\/\\\/schema.org\",\"@graph\":[{\"@type\":\"WebPage\",\"@id\":\"https:\\\/\\\/centrereliance.fr\\\/association\\\/stage-relations-interpersonnelles\\\/\",\"url\":\"https:\\\/\\\/centrereliance.fr\\\/association\\\/stage-relations-interpersonnelles\\\/\",\"name\":\"Stages relations interpersonnelles - Am\u00e9liorer ses relations et cheminer vers le meilleur de soi\",\"isPartOf\":{\"@id\":\"https:\\\/\\\/centrereliance.fr\\\/association\\\/#website\"},\"datePublished\":\"2025-08-28T16:04:52+00:00\",\"dateModified\":\"2026-07-27T18:12:08+00:00\",\"description\":\"L\u2019association Reliance \u00e0 Echirolles propose des stages pour les particuliers qui souhaitent transformer leurs relations interpersonnelles.\",\"breadcrumb\":{\"@id\":\"https:\\\/\\\/centrereliance.fr\\\/association\\\/stage-relations-interpersonnelles\\\/#breadcrumb\"},\"inLanguage\":\"fr-FR\",\"potentialAction\":[{\"@type\":\"ReadAction\",\"target\":[\"https:\\\/\\\/centrereliance.fr\\\/association\\\/stage-relations-interpersonnelles\\\/\"]}]},{\"@type\":\"BreadcrumbList\",\"@id\":\"https:\\\/\\\/centrereliance.fr\\\/association\\\/stage-relations-interpersonnelles\\\/#breadcrumb\",\"itemListElement\":[{\"@type\":\"ListItem\",\"position\":1,\"name\":\"Accueil\",\"item\":\"https:\\\/\\\/centrereliance.fr\\\/association\\\/\"},{\"@type\":\"ListItem\",\"position\":2,\"name\":\"Stages relations interpersonnelles\"}]},{\"@type\":\"WebSite\",\"@id\":\"https:\\\/\\\/centrereliance.fr\\\/association\\\/#website\",\"url\":\"https:\\\/\\\/centrereliance.fr\\\/association\\\/\",\"name\":\"Am\u00e9liorer ses relations et cheminer vers le meilleur de soi\",\"description\":\"Nos actions \u00e0 destination des particuliers\",\"publisher\":{\"@id\":\"https:\\\/\\\/centrereliance.fr\\\/association\\\/#organization\"},\"potentialAction\":[{\"@type\":\"SearchAction\",\"target\":{\"@type\":\"EntryPoint\",\"urlTemplate\":\"https:\\\/\\\/centrereliance.fr\\\/association\\\/?s={search_term_string}\"},\"query-input\":{\"@type\":\"PropertyValueSpecification\",\"valueRequired\":true,\"valueName\":\"search_term_string\"}}],\"inLanguage\":\"fr-FR\"},{\"@type\":\"Organization\",\"@id\":\"https:\\\/\\\/centrereliance.fr\\\/association\\\/#organization\",\"name\":\"Reliance ASSOCIATION\",\"url\":\"https:\\\/\\\/centrereliance.fr\\\/association\\\/\",\"logo\":{\"@type\":\"ImageObject\",\"inLanguage\":\"fr-FR\",\"@id\":\"https:\\\/\\\/centrereliance.fr\\\/association\\\/#\\\/schema\\\/logo\\\/image\\\/\",\"url\":\"https:\\\/\\\/centrereliance.fr\\\/association\\\/wp-content\\\/uploads\\\/sites\\\/2\\\/2016\\\/10\\\/Logo-SARL-e1476290643249.jpg\",\"contentUrl\":\"https:\\\/\\\/centrereliance.fr\\\/association\\\/wp-content\\\/uploads\\\/sites\\\/2\\\/2016\\\/10\\\/Logo-SARL-e1476290643249.jpg\",\"width\":101,\"height\":110,\"caption\":\"Reliance ASSOCIATION\"},\"image\":{\"@id\":\"https:\\\/\\\/centrereliance.fr\\\/association\\\/#\\\/schema\\\/logo\\\/image\\\/\"},\"sameAs\":[\"https:\\\/\\\/www.facebook.com\\\/Reliance-Association-318815031580269\\\/\",\"https:\\\/\\\/www.linkedin.com\\\/company-beta\\\/16261855\"]}]}<\/script>\n<!-- \/ Yoast SEO plugin. -->","yoast_head_json":{"title":"Stages relations interpersonnelles - Am\u00e9liorer ses relations et cheminer vers le meilleur de soi","description":"L\u2019association Reliance \u00e0 Echirolles propose des stages pour les particuliers qui souhaitent transformer leurs relations interpersonnelles.","robots":{"index":"index","follow":"follow","max-snippet":"max-snippet:-1","max-image-preview":"max-image-preview:large","max-video-preview":"max-video-preview:-1"},"canonical":"https:\/\/centrereliance.fr\/association\/stage-relations-interpersonnelles\/","og_locale":"fr_FR","og_type":"article","og_title":"Stages relations interpersonnelles - Am\u00e9liorer ses relations et cheminer vers le meilleur de soi","og_description":"L\u2019association Reliance \u00e0 Echirolles propose des stages pour les particuliers qui souhaitent transformer leurs relations interpersonnelles.","og_url":"https:\/\/centrereliance.fr\/association\/stage-relations-interpersonnelles\/","og_site_name":"Am\u00e9liorer ses relations et cheminer vers le meilleur de soi","article_publisher":"https:\/\/www.facebook.com\/Reliance-Association-318815031580269\/","article_modified_time":"2026-07-27T18:12:08+00:00","twitter_card":"summary_large_image","twitter_misc":{"Dur\u00e9e de lecture estim\u00e9e":"7 minutes"},"schema":{"@context":"https:\/\/schema.org","@graph":[{"@type":"WebPage","@id":"https:\/\/centrereliance.fr\/association\/stage-relations-interpersonnelles\/","url":"https:\/\/centrereliance.fr\/association\/stage-relations-interpersonnelles\/","name":"Stages relations interpersonnelles - Am\u00e9liorer ses relations et cheminer vers le meilleur de soi","isPartOf":{"@id":"https:\/\/centrereliance.fr\/association\/#website"},"datePublished":"2025-08-28T16:04:52+00:00","dateModified":"2026-07-27T18:12:08+00:00","description":"L\u2019association Reliance \u00e0 Echirolles propose des stages pour les particuliers qui souhaitent transformer leurs relations interpersonnelles.","breadcrumb":{"@id":"https:\/\/centrereliance.fr\/association\/stage-relations-interpersonnelles\/#breadcrumb"},"inLanguage":"fr-FR","potentialAction":[{"@type":"ReadAction","target":["https:\/\/centrereliance.fr\/association\/stage-relations-interpersonnelles\/"]}]},{"@type":"BreadcrumbList","@id":"https:\/\/centrereliance.fr\/association\/stage-relations-interpersonnelles\/#breadcrumb","itemListElement":[{"@type":"ListItem","position":1,"name":"Accueil","item":"https:\/\/centrereliance.fr\/association\/"},{"@type":"ListItem","position":2,"name":"Stages relations interpersonnelles"}]},{"@type":"WebSite","@id":"https:\/\/centrereliance.fr\/association\/#website","url":"https:\/\/centrereliance.fr\/association\/","name":"Am\u00e9liorer ses relations et cheminer vers le meilleur de soi","description":"Nos actions \u00e0 destination des particuliers","publisher":{"@id":"https:\/\/centrereliance.fr\/association\/#organization"},"potentialAction":[{"@type":"SearchAction","target":{"@type":"EntryPoint","urlTemplate":"https:\/\/centrereliance.fr\/association\/?s={search_term_string}"},"query-input":{"@type":"PropertyValueSpecification","valueRequired":true,"valueName":"search_term_string"}}],"inLanguage":"fr-FR"},{"@type":"Organization","@id":"https:\/\/centrereliance.fr\/association\/#organization","name":"Reliance ASSOCIATION","url":"https:\/\/centrereliance.fr\/association\/","logo":{"@type":"ImageObject","inLanguage":"fr-FR","@id":"https:\/\/centrereliance.fr\/association\/#\/schema\/logo\/image\/","url":"https:\/\/centrereliance.fr\/association\/wp-content\/uploads\/sites\/2\/2016\/10\/Logo-SARL-e1476290643249.jpg","contentUrl":"https:\/\/centrereliance.fr\/association\/wp-content\/uploads\/sites\/2\/2016\/10\/Logo-SARL-e1476290643249.jpg","width":101,"height":110,"caption":"Reliance ASSOCIATION"},"image":{"@id":"https:\/\/centrereliance.fr\/association\/#\/schema\/logo\/image\/"},"sameAs":["https:\/\/www.facebook.com\/Reliance-Association-318815031580269\/","https:\/\/www.linkedin.com\/company-beta\/16261855"]}]}},"_links":{"self":[{"href":"https:\/\/centrereliance.fr\/association\/wp-json\/wp\/v2\/pages\/272","targetHints":{"allow":["GET"]}}],"collection":[{"href":"https:\/\/centrereliance.fr\/association\/wp-json\/wp\/v2\/pages"}],"about":[{"href":"https:\/\/centrereliance.fr\/association\/wp-json\/wp\/v2\/types\/page"}],"author":[{"embeddable":true,"href":"https:\/\/centrereliance.fr\/association\/wp-json\/wp\/v2\/users\/1"}],"replies":[{"embeddable":true,"href":"https:\/\/centrereliance.fr\/association\/wp-json\/wp\/v2\/comments?post=272"}],"version-history":[{"count":124,"href":"https:\/\/centrereliance.fr\/association\/wp-json\/wp\/v2\/pages\/272\/revisions"}],"predecessor-version":[{"id":61063,"href":"https:\/\/centrereliance.fr\/association\/wp-json\/wp\/v2\/pages\/272\/revisions\/61063"}],"wp:attachment":[{"href":"https:\/\/centrereliance.fr\/association\/wp-json\/wp\/v2\/media?parent=272"}],"curies":[{"name":"wp","href":"https:\/\/api.w.org\/{rel}","templated":true}]}}