{"id":278,"date":"2025-08-28T18:07:18","date_gmt":"2025-08-28T16:07:18","guid":{"rendered":"https:\/\/centrereliance.fr\/association\/?page_id=278"},"modified":"2025-12-15T14:06:30","modified_gmt":"2025-12-15T13:06:30","slug":"ateliers-communication","status":"publish","type":"page","link":"https:\/\/centrereliance.fr\/association\/ateliers-communication\/","title":{"rendered":"Ateliers communication th\u00e9matiques"},"content":{"rendered":"<p>[et_pb_section fb_built=\u00a0\u00bb1&Prime; next_background_color=\u00a0\u00bb#a04000&Prime; admin_label=\u00a0\u00bbsection\u00a0\u00bb _builder_version=\u00a0\u00bb4.22.1&Prime; bottom_divider_style=\u00a0\u00bbramp2&Prime; bottom_divider_flip=\u00a0\u00bbvertical\u00a0\u00bb global_colors_info=\u00a0\u00bb{}\u00a0\u00bb][et_pb_row _builder_version=\u00a0\u00bb4.22.1&Prime; _module_preset=\u00a0\u00bbdefault\u00a0\u00bb width=\u00a0\u00bb90%\u00a0\u00bb global_colors_info=\u00a0\u00bb{}\u00a0\u00bb][et_pb_column type=\u00a0\u00bb4_4&Prime; _builder_version=\u00a0\u00bb4.22.1&Prime; _module_preset=\u00a0\u00bbdefault\u00a0\u00bb global_colors_info=\u00a0\u00bb{}\u00a0\u00bb][et_pb_image src=\u00a0\u00bbhttps:\/\/centrereliance.fr\/association\/wp-content\/uploads\/sites\/2\/2025\/08\/ateliers-thematiques_.jpeg\u00a0\u00bb title_text=\u00a0\u00bbYoung woman sharing her story with other women in therapy session or support group meeting\u00a0\u00bb align=\u00a0\u00bbcenter\u00a0\u00bb _builder_version=\u00a0\u00bb4.25.1&Prime; _module_preset=\u00a0\u00bbdefault\u00a0\u00bb max_height=\u00a0\u00bb70vh\u00a0\u00bb border_radii=\u00a0\u00bbon|25px|25px|25px|25px\u00a0\u00bb locked=\u00a0\u00bboff\u00a0\u00bb global_colors_info=\u00a0\u00bb{}\u00a0\u00bb][\/et_pb_image][et_pb_post_title meta=\u00a0\u00bboff\u00a0\u00bb _builder_version=\u00a0\u00bb4.23&Prime; _module_preset=\u00a0\u00bbdefault\u00a0\u00bb title_font=\u00a0\u00bb|||on|||||\u00a0\u00bb title_text_align=\u00a0\u00bbcenter\u00a0\u00bb title_text_color=\u00a0\u00bb#F08A2E\u00a0\u00bb locked=\u00a0\u00bboff\u00a0\u00bb global_colors_info=\u00a0\u00bb{}\u00a0\u00bb][\/et_pb_post_title][\/et_pb_column][\/et_pb_row][et_pb_row admin_label=\u00a0\u00bbrow\u00a0\u00bb _builder_version=\u00a0\u00bb4.22.1&Prime; background_size=\u00a0\u00bbinitial\u00a0\u00bb background_position=\u00a0\u00bbtop_left\u00a0\u00bb background_repeat=\u00a0\u00bbrepeat\u00a0\u00bb width=\u00a0\u00bb90%\u00a0\u00bb custom_margin=\u00a0\u00bb||50px||false|false\u00a0\u00bb custom_padding=\u00a0\u00bb15px|15px|15px|15px|true|true\u00a0\u00bb border_radii=\u00a0\u00bbon|25px|25px|25px|25px\u00a0\u00bb border_width_all=\u00a0\u00bb1px\u00a0\u00bb border_color_all=\u00a0\u00bb#F08A2E\u00a0\u00bb global_colors_info=\u00a0\u00bb{}\u00a0\u00bb][et_pb_column type=\u00a0\u00bb4_4&Prime; _builder_version=\u00a0\u00bb4.16&Prime; custom_padding=\u00a0\u00bb|||\u00a0\u00bb global_colors_info=\u00a0\u00bb{}\u00a0\u00bb custom_padding__hover=\u00a0\u00bb|||\u00a0\u00bb][et_pb_text _builder_version=\u00a0\u00bb4.25.1&Prime; _module_preset=\u00a0\u00bbdefault\u00a0\u00bb global_colors_info=\u00a0\u00bb{}\u00a0\u00bb]<\/p>\n<p>Reliance Association organise plusieurs ateliers communication qui \u00a0abordent diverses th\u00e9matiques.<\/p>\n<p>[\/et_pb_text][et_pb_image src=\u00a0\u00bbhttps:\/\/centrereliance.fr\/association\/wp-content\/uploads\/sites\/2\/2025\/08\/modalites-formation.png\u00a0\u00bb title_text=\u00a0\u00bbmodalites-formation\u00a0\u00bb _builder_version=\u00a0\u00bb4.25.1&Prime; _module_preset=\u00a0\u00bbdefault\u00a0\u00bb max_width=\u00a0\u00bb80px\u00a0\u00bb module_alignment=\u00a0\u00bbcenter\u00a0\u00bb custom_margin=\u00a0\u00bb||20px|644px|false|false\u00a0\u00bb locked=\u00a0\u00bboff\u00a0\u00bb global_colors_info=\u00a0\u00bb{}\u00a0\u00bb][\/et_pb_image][et_pb_text _builder_version=\u00a0\u00bb4.25.1&Prime; _module_preset=\u00a0\u00bbdefault\u00a0\u00bb text_text_color=\u00a0\u00bb#F08A2E\u00a0\u00bb header_text_align=\u00a0\u00bbcenter\u00a0\u00bb header_text_color=\u00a0\u00bb#F08A2E\u00a0\u00bb header_2_text_align=\u00a0\u00bbcenter\u00a0\u00bb header_2_text_color=\u00a0\u00bb#F08A2E\u00a0\u00bb header_3_text_color=\u00a0\u00bb#9A486F\u00a0\u00bb locked=\u00a0\u00bboff\u00a0\u00bb global_colors_info=\u00a0\u00bb{}\u00a0\u00bb]<\/p>\n<h2>Quelles sont les modalit\u00e9s des aTeliers th\u00e9matiques ?<\/h2>\n<p>[\/et_pb_text][et_pb_text admin_label=\u00a0\u00bbText\u00a0\u00bb module_class=\u00a0\u00bbtick-bullets\u00a0\u00bb _builder_version=\u00a0\u00bb4.25.1&Prime; background_size=\u00a0\u00bbinitial\u00a0\u00bb background_position=\u00a0\u00bbtop_left\u00a0\u00bb background_repeat=\u00a0\u00bbrepeat\u00a0\u00bb global_colors_info=\u00a0\u00bb{}\u00a0\u00bb]<\/p>\n<p>Reliance Association vous propose chaque ann\u00e9e plusieurs ateliers communication th\u00e9matiques pour vous aider \u00e0 am\u00e9liorer vos relations personnelles gr\u00e2ce \u00e0 la M\u00e9thode ESPERE\u00ae. Ces temps de pause et de r\u00e9flexion sont une v\u00e9ritable opportunit\u00e9 d&rsquo;\u00e9volution personnelle et de transformation int\u00e9rieure.<\/p>\n<blockquote>\n<p>\u00ab Quelle que soit la chose que tu puisses faire ou que tu r\u00eaves de faire, fais-la. L\u2019audace a du g\u00e9nie, de la puissance et de la magie. Commence d\u00e8s maintenant. \u00bb <em>Goethe<\/em><\/p>\n<\/blockquote>\n<h3>Des ateliers pour mieux communiquer et \u00e9voluer<\/h3>\n<p>Reliance Association vous invite r\u00e9guli\u00e8rement \u00e0 participer \u00e0 des ateliers th\u00e9matiques consacr\u00e9s aux dimensions essentielles de la vie relationnelle :<\/p>\n<ul>\n<li>La relation de couple<\/li>\n<li>La relation parents-enfants<\/li>\n<li>Le deuil, s\u00e9paration \u2026continuer le chemin sans l\u2019autre<\/li>\n<li>La relation \u00e0 soi m\u00eame<\/li>\n<\/ul>\n<p>&nbsp;<\/p>\n<h3 style=\"font-weight: 400\">Un format accessible et bienveillant<\/h3>\n<p style=\"font-weight: 400\">Chaque atelier se d\u00e9roule<span>\u00a0<\/span><strong>sur une demi-journ\u00e9e ou une journ\u00e9e compl\u00e8te<\/strong>, en petit groupe, dans un cadre de<span>\u00a0<\/span><strong>non-jugement, d\u2019\u00e9coute et de confidentialit\u00e9<\/strong>, anim\u00e9 par un\u00b7e<span>\u00a0<\/span><strong>formateur\u00b7rice accr\u00e9dit\u00e9\u00b7e en M\u00e9thode ESPERE\u00ae<\/strong>.<\/p>\n<p style=\"font-weight: 400\">\n<h3>Concr\u00e8tement, ces ateliers communication vous permettent de<\/h3>\n<ul>\n<li>Prendre un temps pour <strong>vous recentrer sur vous-m\u00eame<\/strong> ;<\/li>\n<li>Clarifier des situations personnelles concr\u00e8tes dans un <strong>espace d\u2019\u00e9change s\u00e9curis\u00e9<\/strong> ;<\/li>\n<li>Explorer des <strong>pistes d\u2019\u00e9volution<\/strong> et de transformation personnelle ;<\/li>\n<li>Int\u00e9grer des <strong>outils relationnels concrets<\/strong> issus de la M\u00e9thode ESPERE\u00ae ;<\/li>\n<li>Identifier vos <strong>besoins, limites, d\u00e9sirs et priorit\u00e9s<\/strong> dans vos relations ;<\/li>\n<li>Am\u00e9liorer la communication avec vous-m\u00eame et les autres ;<\/li>\n<li><strong>Repartir ressourc\u00e9\u00b7e<\/strong>, avec des actions simples et efficaces \u00e0 mettre en \u0153uvre au quotidien.<\/li>\n<\/ul>\n<p>&nbsp;<\/p>\n<h3>Pourquoi participer \u00e0 un atelier Reliance ?<\/h3>\n<p>Ces ateliers communication sont con\u00e7us pour toute personne souhaitant :<\/p>\n<ul>\n<li>Mieux vivre ses relations affectives et familiales,<\/li>\n<li>Se remettre d\u2019un deuil ou d\u2019une s\u00e9paration,<\/li>\n<li>Retrouver de la clart\u00e9 int\u00e9rieure,<\/li>\n<li>D\u00e9velopper une <strong>communication plus vivante, respectueuse et authentique<\/strong>.<\/li>\n<\/ul>\n<p>&nbsp;<\/p>\n<p><!-- \/divi:paragraph -->[\/et_pb_text][\/et_pb_column][\/et_pb_row][et_pb_row disabled_on=\u00a0\u00bbon|on|on\u00a0\u00bb _builder_version=\u00a0\u00bb4.25.1&Prime; _module_preset=\u00a0\u00bbdefault\u00a0\u00bb width=\u00a0\u00bb90%\u00a0\u00bb custom_margin=\u00a0\u00bb||50px||false|false\u00a0\u00bb custom_padding=\u00a0\u00bb15px|15px|15px|15px|false|false\u00a0\u00bb border_radii=\u00a0\u00bbon|25px|25px|25px|25px\u00a0\u00bb border_width_all=\u00a0\u00bb1px\u00a0\u00bb border_color_all=\u00a0\u00bb#F08A2E\u00a0\u00bb disabled=\u00a0\u00bbon\u00a0\u00bb global_colors_info=\u00a0\u00bb{}\u00a0\u00bb][et_pb_column type=\u00a0\u00bb4_4&Prime; _builder_version=\u00a0\u00bb4.22.1&Prime; _module_preset=\u00a0\u00bbdefault\u00a0\u00bb global_colors_info=\u00a0\u00bb{}\u00a0\u00bb][et_pb_text admin_label=\u00a0\u00bbText\u00a0\u00bb _builder_version=\u00a0\u00bb4.25.1&Prime; background_size=\u00a0\u00bbinitial\u00a0\u00bb background_position=\u00a0\u00bbtop_left\u00a0\u00bb background_repeat=\u00a0\u00bbrepeat\u00a0\u00bb text_orientation=\u00a0\u00bbcenter\u00a0\u00bb locked=\u00a0\u00bboff\u00a0\u00bb global_colors_info=\u00a0\u00bb{}\u00a0\u00bb]<\/p>\n<h2>Le temps d&rsquo;une matin\u00e9e ou d&rsquo;une soir\u00e9e<\/h2>\n<p>[\/et_pb_text][et_pb_text admin_label=\u00a0\u00bbText\u00a0\u00bb _builder_version=\u00a0\u00bb4.25.1&Prime; background_size=\u00a0\u00bbinitial\u00a0\u00bb background_position=\u00a0\u00bbtop_left\u00a0\u00bb background_repeat=\u00a0\u00bbrepeat\u00a0\u00bb custom_margin=\u00a0\u00bb||50px||false|false\u00a0\u00bb global_colors_info=\u00a0\u00bb{}\u00a0\u00bb]<\/p>\n<h5><span style=\"color: #0554b5\">Atelier parents et enfants pour <\/span><span style=\"color: #0554b5\">apprendre \u00e0 mieux communiquer en famille !<\/span><\/h5>\n<p><img decoding=\"async\" class=\"wp-image-4400 alignleft lazyload\" data-src=\"https:\/\/centrereliance.fr\/association\/wp-content\/uploads\/sites\/2\/2025\/08\/Visuel_Atelier_parents_enfants-300x300-1.jpeg\" alt=\"\" width=\"366\" height=\"366\" src=\"data:image\/svg+xml;base64,PHN2ZyB3aWR0aD0iMSIgaGVpZ2h0PSIxIiB4bWxucz0iaHR0cDovL3d3dy53My5vcmcvMjAwMC9zdmciPjwvc3ZnPg==\" style=\"--smush-placeholder-width: 366px; --smush-placeholder-aspect-ratio: 366\/366;\" \/><\/p>\n<p style=\"padding-left: 240px\">Avec vos enfants, vous venez partager un <span style=\"color: #0554b5\">temps chaleureux<\/span> de d\u00e9couverte, d&rsquo;\u00e9changes et d&rsquo;<span style=\"color: #0554b5\">accompagnement sur la qualit\u00e9 vos relations<\/span>.<\/p>\n<p>Ensemble, vous apprenez les<span style=\"color: #0554b5\"> r\u00e8gles et rep\u00e8res de la communication relationnelle<\/span> qui permettent d&rsquo;exprimer librement difficult\u00e9s, ressentis, \u00e9motions, besoins, demandes, et de vivre ainsi un climat familial plus <span style=\"color: #0554b5\">serein<\/span>.<\/p>\n<p>Avec le support d&rsquo;une <span style=\"color: #0554b5\">mallette \u00e0 outils relationnels <\/span>que vous pourrez facilement vous approprier et utiliser \u00e0 la maison, vous \u00eates accompagn\u00e9\u00b7es sur les situations du quotidien sources de tensions, d&rsquo;\u00e9nervements, de fatigue, de tristesse et de mal-\u00eatre.<\/p>\n<p>Vous d\u00e9veloppez vos <span style=\"color: #0554b5\">comp\u00e9tences relationnelles de parent<\/span> et vos enfants apprennent \u00e0 <span style=\"color: #0554b5\">communiquer autrement<\/span>.<\/p>\n<p>Pour favoriser <span style=\"color: #0554b5\">l&rsquo;int\u00e9gration<\/span> et la <span style=\"color: #0554b5\">mise en pratique<\/span> de ce <span style=\"color: #0554b5\">nouveau mode relationnel<\/span>, chacun\u00b7e repart avec un <span style=\"color: #0554b5\">livret r\u00e9capitulatif<\/span>.<\/p>\n<p>Atelier personnalis\u00e9 pour 1 famille : parent\u00b7s et enfant\u00b7s \u00e0 partir de 6 ans (avec des enfants plus jeunes, l&rsquo;accompagnement des parents seuls est pr\u00e9conis\u00e9)<\/p>\n<p><span style=\"color: #0554b5\">Animation : Sophie Baron (maman et m\u00e8re exp\u00e9riment\u00e9e de 4 enfants !) &#8211; <\/span><span style=\"color: #0554b5\">Contact : 06 28 60 09 88 \u2013 <a style=\"color: #0554b5\" href=\"mailto:sophiebaron.espere@gmail.com\">sophiebaron.espere@gmail.com<\/a><\/span><\/p>\n<p><span style=\"font-family: Calibri, sans-serif;color: #808080\">Si vous \u00eates int\u00e9ress\u00e9\u00b7e par un autre th\u00e8me en particulier et pouvez constituer un groupe d&rsquo;au moins 4 personnes, nous pouvons \u00e9galement animer \u00e0 Reliance un atelier \u00ab\u00a0\u00e0 la carte\u00a0\u00bb.<\/span><\/p>\n<p><span style=\"color: #808080\"><span style=\"font-family: Calibri, sans-serif\">Nous vous invitons \u00e0 nous contacter au <\/span><span style=\"font-family: Calibri, sans-serif\">04 76 85 12 12 pour un \u00e9change sur vos attentes et les modalit\u00e9s pratiques.<\/span><\/span><\/p>\n<h5 id=\"c1\" class=\"anchor\"><span style=\"color: #ff6600\">Un formulaire est disponible en bas de page pour ajouter votre commentaire<\/span><\/h5>\n<p><!-- divi:paragraph --><\/p>\n<p><!-- \/divi:paragraph --><\/p>\n<p>[\/et_pb_text][\/et_pb_column][\/et_pb_row][et_pb_row admin_label=\u00a0\u00bbrow\u00a0\u00bb _builder_version=\u00a0\u00bb4.22.1&Prime; background_size=\u00a0\u00bbinitial\u00a0\u00bb background_position=\u00a0\u00bbtop_left\u00a0\u00bb background_repeat=\u00a0\u00bbrepeat\u00a0\u00bb width=\u00a0\u00bb90%\u00a0\u00bb custom_margin=\u00a0\u00bb||50px||false|false\u00a0\u00bb custom_padding=\u00a0\u00bb15px|15px|15px|15px|true|true\u00a0\u00bb border_radii=\u00a0\u00bbon|25px|25px|25px|25px\u00a0\u00bb border_width_all=\u00a0\u00bb1px\u00a0\u00bb border_color_all=\u00a0\u00bb#F08A2E\u00a0\u00bb global_colors_info=\u00a0\u00bb{}\u00a0\u00bb][et_pb_column type=\u00a0\u00bb4_4&Prime; _builder_version=\u00a0\u00bb4.16&Prime; custom_padding=\u00a0\u00bb|||\u00a0\u00bb global_colors_info=\u00a0\u00bb{}\u00a0\u00bb custom_padding__hover=\u00a0\u00bb|||\u00a0\u00bb][et_pb_image src=\u00a0\u00bbhttps:\/\/centrereliance.fr\/association\/wp-content\/uploads\/sites\/2\/2025\/08\/calendrier.png\u00a0\u00bb title_text=\u00a0\u00bbcalendrier\u00a0\u00bb _builder_version=\u00a0\u00bb4.27.4&Prime; _module_preset=\u00a0\u00bbdefault\u00a0\u00bb max_width=\u00a0\u00bb80px\u00a0\u00bb module_alignment=\u00a0\u00bbcenter\u00a0\u00bb custom_margin=\u00a0\u00bb||20px||false|false\u00a0\u00bb hover_enabled=\u00a0\u00bb0&Prime; locked=\u00a0\u00bboff\u00a0\u00bb global_colors_info=\u00a0\u00bb{}\u00a0\u00bb module_id=\u00a0\u00bbactions-programmees\u00a0\u00bb sticky_enabled=\u00a0\u00bb0&Prime;][\/et_pb_image][et_pb_text _builder_version=\u00a0\u00bb4.25.1&Prime; _module_preset=\u00a0\u00bbdefault\u00a0\u00bb text_text_color=\u00a0\u00bb#F08A2E\u00a0\u00bb header_text_align=\u00a0\u00bbcenter\u00a0\u00bb header_text_color=\u00a0\u00bb#F08A2E\u00a0\u00bb header_2_text_align=\u00a0\u00bbcenter\u00a0\u00bb header_2_text_color=\u00a0\u00bb#F08A2E\u00a0\u00bb header_3_text_color=\u00a0\u00bb#9A486F\u00a0\u00bb locked=\u00a0\u00bboff\u00a0\u00bb global_colors_info=\u00a0\u00bb{}\u00a0\u00bb]<\/p>\n<h2>Quand a lieu le prochain atelier ?<\/h2>\n<p>[\/et_pb_text][et_pb_shop type=\u00a0\u00bbproduct_category\u00a0\u00bb include_categories=\u00a0\u00bb136,152,22&Prime; columns_number=\u00a0\u00bb1&Prime; orderby=\u00a0\u00bbmenu_order\u00a0\u00bb _builder_version=\u00a0\u00bb4.27.4&Prime; _module_preset=\u00a0\u00bbdefault\u00a0\u00bb global_colors_info=\u00a0\u00bb{}\u00a0\u00bb][\/et_pb_shop][\/et_pb_column][\/et_pb_row][et_pb_row _builder_version=\u00a0\u00bb4.25.1&Prime; _module_preset=\u00a0\u00bbdefault\u00a0\u00bb width=\u00a0\u00bb90%\u00a0\u00bb custom_margin=\u00a0\u00bb||50px||false|false\u00a0\u00bb custom_padding=\u00a0\u00bb20px|10px|0px|10px|false|true\u00a0\u00bb border_radii=\u00a0\u00bbon|15px|15px|15px|15px\u00a0\u00bb border_width_all=\u00a0\u00bb1px\u00a0\u00bb border_color_all=\u00a0\u00bb#F08A2E\u00a0\u00bb locked=\u00a0\u00bboff\u00a0\u00bb global_colors_info=\u00a0\u00bb{}\u00a0\u00bb][et_pb_column type=\u00a0\u00bb4_4&Prime; _builder_version=\u00a0\u00bb4.22.1&Prime; _module_preset=\u00a0\u00bbdefault\u00a0\u00bb global_colors_info=\u00a0\u00bb{}\u00a0\u00bb][et_pb_image src=\u00a0\u00bbhttps:\/\/centrereliance.fr\/association\/wp-content\/uploads\/sites\/2\/2025\/08\/avis-formation.png\u00a0\u00bb title_text=\u00a0\u00bbavis-formation\u00a0\u00bb _builder_version=\u00a0\u00bb4.25.1&Prime; _module_preset=\u00a0\u00bbdefault\u00a0\u00bb max_width=\u00a0\u00bb80px\u00a0\u00bb module_alignment=\u00a0\u00bbcenter\u00a0\u00bb custom_margin=\u00a0\u00bb||20px||false|false\u00a0\u00bb locked=\u00a0\u00bboff\u00a0\u00bb global_colors_info=\u00a0\u00bb{}\u00a0\u00bb][\/et_pb_image][et_pb_text _builder_version=\u00a0\u00bb4.25.1&Prime; _module_preset=\u00a0\u00bbdefault\u00a0\u00bb text_text_color=\u00a0\u00bb#F08A2E\u00a0\u00bb header_text_align=\u00a0\u00bbcenter\u00a0\u00bb header_text_color=\u00a0\u00bb#F08A2E\u00a0\u00bb header_2_text_align=\u00a0\u00bbcenter\u00a0\u00bb header_2_text_color=\u00a0\u00bb#F08A2E\u00a0\u00bb header_3_text_color=\u00a0\u00bb#9A486F\u00a0\u00bb locked=\u00a0\u00bboff\u00a0\u00bb global_colors_info=\u00a0\u00bb{}\u00a0\u00bb]<\/p>\n<h2>Qu\u2019en ont dit les participant\u00b7es ?<\/h2>\n<p>[\/et_pb_text][et_pb_comments show_count=\u00a0\u00bboff\u00a0\u00bb _builder_version=\u00a0\u00bb4.27.4&Prime; _module_preset=\u00a0\u00bbdefault\u00a0\u00bb text_orientation=\u00a0\u00bbjustified\u00a0\u00bb border_radii_fields=\u00a0\u00bbon|15px|15px|15px|15px\u00a0\u00bb locked=\u00a0\u00bboff\u00a0\u00bb global_colors_info=\u00a0\u00bb{}\u00a0\u00bb][\/et_pb_comments][\/et_pb_column][\/et_pb_row][\/et_pb_section]<\/p>\n","protected":false},"excerpt":{"rendered":"<p>Reliance Association organise plusieurs ateliers communication qui \u00a0abordent diverses th\u00e9matiques.Quelles sont les modalit\u00e9s des aTeliers th\u00e9matiques ?Reliance Association vous propose chaque ann\u00e9e plusieurs ateliers communication th\u00e9matiques pour vous aider \u00e0 am\u00e9liorer vos relations personnelles gr\u00e2ce \u00e0 la M\u00e9thode ESPERE\u00ae. Ces temps de pause et de r\u00e9flexion sont une v\u00e9ritable opportunit\u00e9 d&rsquo;\u00e9volution personnelle et de transformation [&hellip;]<\/p>\n","protected":false},"author":1,"featured_media":0,"parent":0,"menu_order":0,"comment_status":"open","ping_status":"closed","template":"","meta":{"_et_pb_use_builder":"on","_et_pb_old_content":"<div class=\"encart-comment\">\n<div class=\"title\">Commentaires des participants<\/div>\n<div class=\"encart-comment-btn\"><a class=\"btn btn-success btn-comment\" href=\"#c1\">\u00e0 lire<\/a><a class=\"btn btn-primary  btn-comment\" href=\"#commentform\">\u00e0 \u00e9crire<\/a><\/div>\n<\/div>\n<p><span style=\"color: #0554b5;\">Ces ateliers pratiques d'accompagnement permettent de trouver un \u00e9clairage et des pistes d'\u00e9volution sur les situations concr\u00e8tes que vous apportez.<\/span><\/p>\n<h1>Le temps d'une journ\u00e9e<\/h1>\n<p>[product_category category=\"ateliers\" columns=\"1\"]<\/p>\n<h1>Le temps d'une matin\u00e9e<\/h1>\n<p>[product_category category=\"atelier-matinees\" columns=\"1\"]<\/p>\n<h5><span style=\"color: #0554b5;\">Atelier \"sur-mesure\" pour <\/span><span style=\"color: #0554b5;\">apprendre \u00e0 mieux communiquer en famille !<\/span><\/h5>\n<p><img class=\"wp-image-4400 alignleft\" src=\"https:\/\/centrereliance.fr\/association\/wp-content\/uploads\/sites\/2\/2023\/01\/Visuel_Atelier_parents_enfants-300x300.jpeg\" alt=\"\" width=\"366\" height=\"366\" \/><\/p>\n<p style=\"padding-left: 240px;\">Avec vos enfants, vous venez partager un <span style=\"color: #0554b5;\">temps chaleureux<\/span> de d\u00e9couverte, d'\u00e9changes et d'<span style=\"color: #0554b5;\">accompagnement sur la qualit\u00e9 vos relations<\/span>.<\/p>\n<p>Ensemble, vous apprenez les<span style=\"color: #0554b5;\"> r\u00e8gles et rep\u00e8res de la communication relationnelle<\/span> qui permettent d'exprimer librement difficult\u00e9s, ressentis, \u00e9motions, besoins, demandes, et de vivre ainsi un climat familial plus <span style=\"color: #0554b5;\">serein<\/span>.<\/p>\n<p>Avec le support d'une <span style=\"color: #0554b5;\">mallette \u00e0 outils relationnels <\/span>que vous pourrez facilement vous approprier et utiliser \u00e0 la maison, vous \u00eates accompagn\u00e9\u00b7es sur les situations du quotidien sources de tensions, d'\u00e9nervements, de fatigue, de tristesse et de mal-\u00eatre.<\/p>\n<p>Vous d\u00e9veloppez vos <span style=\"color: #0554b5;\">comp\u00e9tences relationnelles de parent<\/span> et vos enfants apprennent \u00e0 <span style=\"color: #0554b5;\">communiquer autrement<\/span>.<\/p>\n<p>Pour favoriser <span style=\"color: #0554b5;\">l'int\u00e9gration<\/span> et la <span style=\"color: #0554b5;\">mise en pratique<\/span> de ce <span style=\"color: #0554b5;\">nouveau mode relationnel<\/span>, chacun\u00b7e repart avec un <span style=\"color: #0554b5;\">livret r\u00e9capitulatif<\/span>.<\/p>\n<p>Atelier personnalis\u00e9 pour 1 famille : parent\u00b7s et enfant\u00b7s \u00e0 partir de 6 ans (avec des enfants plus jeunes, l'accompagnement des parents seuls est pr\u00e9conis\u00e9)<\/p>\n<p><span style=\"color: #ff6600;\">Le samedi, \u00e0 la date qui vous convient : 10h\/12h ou 14h\/16h (avec une petite pause !)<\/span><\/p>\n<p><span style=\"color: #0554b5;\">Animation : Sophie Baron (maman et m\u00e8re exp\u00e9riment\u00e9e de 4 enfants !) - <\/span><span style=\"color: #0554b5;\">Contact : 06 28 60 09 88 \u2013 <a style=\"color: #0554b5;\" href=\"mailto:sophiebaron.espere@gmail.com\">sophiebaron.espere@gmail.com<\/a><\/span><\/p>\n<p><span style=\"font-family: Calibri, sans-serif; color: #808080;\">Si vous \u00eates int\u00e9ress\u00e9\u00b7e par un autre th\u00e8me en particulier et pouvez constituer un groupe d'au moins 4 personnes, nous pouvons \u00e9galement animer \u00e0 Reliance un atelier \"\u00e0 la carte\".<\/span><\/p>\n<p><span style=\"color: #808080;\"><span style=\"font-family: Calibri, sans-serif;\">Nous vous invitons \u00e0 nous contacter au <\/span><span style=\"font-family: Calibri, sans-serif;\">04 76 85 12 12 pour un \u00e9change sur vos attentes et les modalit\u00e9s pratiques.<\/span><\/span><\/p>\n<h5 id=\"c1\" class=\"anchor\"><span style=\"color: #ff6600;\">Un formulaire est disponible en bas de page pour ajouter votre commentaire<\/span><\/h5>\n\n<!-- wp:paragraph -->\n<p><\/p>\n<!-- \/wp:paragraph -->","_et_gb_content_width":"","footnotes":""},"class_list":["post-278","page","type-page","status-publish","hentry"],"yoast_head":"<!-- This site is optimized with the Yoast SEO plugin v25.8 - https:\/\/yoast.com\/wordpress\/plugins\/seo\/ -->\n<title>Ateliers communication th\u00e9matiques - Am\u00e9liorer ses relations et cheminer vers le meilleur de soi<\/title>\n<meta name=\"description\" content=\"Reliance Association propose des ateliers communication autour de divers th\u00e8mes au cours de l&#039;ann\u00e9e. Inscrivez vous !\" \/>\n<meta name=\"robots\" content=\"index, follow, max-snippet:-1, max-image-preview:large, max-video-preview:-1\" \/>\n<link rel=\"canonical\" href=\"https:\/\/centrereliance.fr\/association\/ateliers-communication\/\" \/>\n<meta property=\"og:locale\" content=\"fr_FR\" \/>\n<meta property=\"og:type\" content=\"article\" \/>\n<meta property=\"og:title\" content=\"Ateliers communication th\u00e9matiques - Am\u00e9liorer ses relations et cheminer vers le meilleur de soi\" \/>\n<meta property=\"og:description\" content=\"Reliance Association propose des ateliers communication autour de divers th\u00e8mes au cours de l&#039;ann\u00e9e. Inscrivez vous !\" \/>\n<meta property=\"og:url\" content=\"https:\/\/centrereliance.fr\/association\/ateliers-communication\/\" \/>\n<meta property=\"og:site_name\" content=\"Am\u00e9liorer ses relations et cheminer vers le meilleur de soi\" \/>\n<meta property=\"article:publisher\" content=\"https:\/\/www.facebook.com\/Reliance-Association-318815031580269\/\" \/>\n<meta property=\"article:modified_time\" content=\"2025-12-15T13:06:30+00:00\" \/>\n<meta property=\"og:image\" content=\"https:\/\/centrereliance.fr\/association\/wp-content\/uploads\/sites\/2\/2025\/08\/Visuel_Atelier_parents_enfants-300x300-1.jpeg\" \/>\n<meta name=\"twitter:card\" content=\"summary_large_image\" \/>\n<meta name=\"twitter:label1\" content=\"Dur\u00e9e de lecture estim\u00e9e\" \/>\n\t<meta name=\"twitter:data1\" content=\"3 minutes\" \/>\n<script type=\"application\/ld+json\" class=\"yoast-schema-graph\">{\"@context\":\"https:\/\/schema.org\",\"@graph\":[{\"@type\":\"WebPage\",\"@id\":\"https:\/\/centrereliance.fr\/association\/ateliers-communication\/\",\"url\":\"https:\/\/centrereliance.fr\/association\/ateliers-communication\/\",\"name\":\"Ateliers communication th\u00e9matiques - Am\u00e9liorer ses relations et cheminer vers le meilleur de soi\",\"isPartOf\":{\"@id\":\"https:\/\/centrereliance.fr\/association\/#website\"},\"primaryImageOfPage\":{\"@id\":\"https:\/\/centrereliance.fr\/association\/ateliers-communication\/#primaryimage\"},\"image\":{\"@id\":\"https:\/\/centrereliance.fr\/association\/ateliers-communication\/#primaryimage\"},\"thumbnailUrl\":\"https:\/\/centrereliance.fr\/association\/wp-content\/uploads\/sites\/2\/2025\/08\/Visuel_Atelier_parents_enfants-300x300-1.jpeg\",\"datePublished\":\"2025-08-28T16:07:18+00:00\",\"dateModified\":\"2025-12-15T13:06:30+00:00\",\"description\":\"Reliance Association propose des ateliers communication autour de divers th\u00e8mes au cours de l'ann\u00e9e. Inscrivez vous !\",\"breadcrumb\":{\"@id\":\"https:\/\/centrereliance.fr\/association\/ateliers-communication\/#breadcrumb\"},\"inLanguage\":\"fr-FR\",\"potentialAction\":[{\"@type\":\"ReadAction\",\"target\":[\"https:\/\/centrereliance.fr\/association\/ateliers-communication\/\"]}]},{\"@type\":\"ImageObject\",\"inLanguage\":\"fr-FR\",\"@id\":\"https:\/\/centrereliance.fr\/association\/ateliers-communication\/#primaryimage\",\"url\":\"https:\/\/centrereliance.fr\/association\/wp-content\/uploads\/sites\/2\/2025\/08\/Visuel_Atelier_parents_enfants-300x300-1.jpeg\",\"contentUrl\":\"https:\/\/centrereliance.fr\/association\/wp-content\/uploads\/sites\/2\/2025\/08\/Visuel_Atelier_parents_enfants-300x300-1.jpeg\",\"width\":1080,\"height\":1080},{\"@type\":\"BreadcrumbList\",\"@id\":\"https:\/\/centrereliance.fr\/association\/ateliers-communication\/#breadcrumb\",\"itemListElement\":[{\"@type\":\"ListItem\",\"position\":1,\"name\":\"Accueil\",\"item\":\"https:\/\/centrereliance.fr\/association\/\"},{\"@type\":\"ListItem\",\"position\":2,\"name\":\"Ateliers communication th\u00e9matiques\"}]},{\"@type\":\"WebSite\",\"@id\":\"https:\/\/centrereliance.fr\/association\/#website\",\"url\":\"https:\/\/centrereliance.fr\/association\/\",\"name\":\"Am\u00e9liorer ses relations et cheminer vers le meilleur de soi\",\"description\":\"Nos actions \u00e0 destination des particuliers\",\"publisher\":{\"@id\":\"https:\/\/centrereliance.fr\/association\/#organization\"},\"potentialAction\":[{\"@type\":\"SearchAction\",\"target\":{\"@type\":\"EntryPoint\",\"urlTemplate\":\"https:\/\/centrereliance.fr\/association\/?s={search_term_string}\"},\"query-input\":{\"@type\":\"PropertyValueSpecification\",\"valueRequired\":true,\"valueName\":\"search_term_string\"}}],\"inLanguage\":\"fr-FR\"},{\"@type\":\"Organization\",\"@id\":\"https:\/\/centrereliance.fr\/association\/#organization\",\"name\":\"Reliance ASSOCIATION\",\"url\":\"https:\/\/centrereliance.fr\/association\/\",\"logo\":{\"@type\":\"ImageObject\",\"inLanguage\":\"fr-FR\",\"@id\":\"https:\/\/centrereliance.fr\/association\/#\/schema\/logo\/image\/\",\"url\":\"https:\/\/centrereliance.fr\/association\/wp-content\/uploads\/sites\/2\/2016\/10\/Logo-SARL-e1476290643249.jpg\",\"contentUrl\":\"https:\/\/centrereliance.fr\/association\/wp-content\/uploads\/sites\/2\/2016\/10\/Logo-SARL-e1476290643249.jpg\",\"width\":101,\"height\":110,\"caption\":\"Reliance ASSOCIATION\"},\"image\":{\"@id\":\"https:\/\/centrereliance.fr\/association\/#\/schema\/logo\/image\/\"},\"sameAs\":[\"https:\/\/www.facebook.com\/Reliance-Association-318815031580269\/\",\"https:\/\/www.linkedin.com\/company-beta\/16261855\"]}]}<\/script>\n<!-- \/ Yoast SEO plugin. -->","yoast_head_json":{"title":"Ateliers communication th\u00e9matiques - Am\u00e9liorer ses relations et cheminer vers le meilleur de soi","description":"Reliance Association propose des ateliers communication autour de divers th\u00e8mes au cours de l'ann\u00e9e. Inscrivez vous !","robots":{"index":"index","follow":"follow","max-snippet":"max-snippet:-1","max-image-preview":"max-image-preview:large","max-video-preview":"max-video-preview:-1"},"canonical":"https:\/\/centrereliance.fr\/association\/ateliers-communication\/","og_locale":"fr_FR","og_type":"article","og_title":"Ateliers communication th\u00e9matiques - Am\u00e9liorer ses relations et cheminer vers le meilleur de soi","og_description":"Reliance Association propose des ateliers communication autour de divers th\u00e8mes au cours de l'ann\u00e9e. Inscrivez vous !","og_url":"https:\/\/centrereliance.fr\/association\/ateliers-communication\/","og_site_name":"Am\u00e9liorer ses relations et cheminer vers le meilleur de soi","article_publisher":"https:\/\/www.facebook.com\/Reliance-Association-318815031580269\/","article_modified_time":"2025-12-15T13:06:30+00:00","og_image":[{"url":"https:\/\/centrereliance.fr\/association\/wp-content\/uploads\/sites\/2\/2025\/08\/Visuel_Atelier_parents_enfants-300x300-1.jpeg","type":"","width":"","height":""}],"twitter_card":"summary_large_image","twitter_misc":{"Dur\u00e9e de lecture estim\u00e9e":"3 minutes"},"schema":{"@context":"https:\/\/schema.org","@graph":[{"@type":"WebPage","@id":"https:\/\/centrereliance.fr\/association\/ateliers-communication\/","url":"https:\/\/centrereliance.fr\/association\/ateliers-communication\/","name":"Ateliers communication th\u00e9matiques - Am\u00e9liorer ses relations et cheminer vers le meilleur de soi","isPartOf":{"@id":"https:\/\/centrereliance.fr\/association\/#website"},"primaryImageOfPage":{"@id":"https:\/\/centrereliance.fr\/association\/ateliers-communication\/#primaryimage"},"image":{"@id":"https:\/\/centrereliance.fr\/association\/ateliers-communication\/#primaryimage"},"thumbnailUrl":"https:\/\/centrereliance.fr\/association\/wp-content\/uploads\/sites\/2\/2025\/08\/Visuel_Atelier_parents_enfants-300x300-1.jpeg","datePublished":"2025-08-28T16:07:18+00:00","dateModified":"2025-12-15T13:06:30+00:00","description":"Reliance Association propose des ateliers communication autour de divers th\u00e8mes au cours de l'ann\u00e9e. Inscrivez vous !","breadcrumb":{"@id":"https:\/\/centrereliance.fr\/association\/ateliers-communication\/#breadcrumb"},"inLanguage":"fr-FR","potentialAction":[{"@type":"ReadAction","target":["https:\/\/centrereliance.fr\/association\/ateliers-communication\/"]}]},{"@type":"ImageObject","inLanguage":"fr-FR","@id":"https:\/\/centrereliance.fr\/association\/ateliers-communication\/#primaryimage","url":"https:\/\/centrereliance.fr\/association\/wp-content\/uploads\/sites\/2\/2025\/08\/Visuel_Atelier_parents_enfants-300x300-1.jpeg","contentUrl":"https:\/\/centrereliance.fr\/association\/wp-content\/uploads\/sites\/2\/2025\/08\/Visuel_Atelier_parents_enfants-300x300-1.jpeg","width":1080,"height":1080},{"@type":"BreadcrumbList","@id":"https:\/\/centrereliance.fr\/association\/ateliers-communication\/#breadcrumb","itemListElement":[{"@type":"ListItem","position":1,"name":"Accueil","item":"https:\/\/centrereliance.fr\/association\/"},{"@type":"ListItem","position":2,"name":"Ateliers communication th\u00e9matiques"}]},{"@type":"WebSite","@id":"https:\/\/centrereliance.fr\/association\/#website","url":"https:\/\/centrereliance.fr\/association\/","name":"Am\u00e9liorer ses relations et cheminer vers le meilleur de soi","description":"Nos actions \u00e0 destination des particuliers","publisher":{"@id":"https:\/\/centrereliance.fr\/association\/#organization"},"potentialAction":[{"@type":"SearchAction","target":{"@type":"EntryPoint","urlTemplate":"https:\/\/centrereliance.fr\/association\/?s={search_term_string}"},"query-input":{"@type":"PropertyValueSpecification","valueRequired":true,"valueName":"search_term_string"}}],"inLanguage":"fr-FR"},{"@type":"Organization","@id":"https:\/\/centrereliance.fr\/association\/#organization","name":"Reliance ASSOCIATION","url":"https:\/\/centrereliance.fr\/association\/","logo":{"@type":"ImageObject","inLanguage":"fr-FR","@id":"https:\/\/centrereliance.fr\/association\/#\/schema\/logo\/image\/","url":"https:\/\/centrereliance.fr\/association\/wp-content\/uploads\/sites\/2\/2016\/10\/Logo-SARL-e1476290643249.jpg","contentUrl":"https:\/\/centrereliance.fr\/association\/wp-content\/uploads\/sites\/2\/2016\/10\/Logo-SARL-e1476290643249.jpg","width":101,"height":110,"caption":"Reliance ASSOCIATION"},"image":{"@id":"https:\/\/centrereliance.fr\/association\/#\/schema\/logo\/image\/"},"sameAs":["https:\/\/www.facebook.com\/Reliance-Association-318815031580269\/","https:\/\/www.linkedin.com\/company-beta\/16261855"]}]}},"_links":{"self":[{"href":"https:\/\/centrereliance.fr\/association\/wp-json\/wp\/v2\/pages\/278","targetHints":{"allow":["GET"]}}],"collection":[{"href":"https:\/\/centrereliance.fr\/association\/wp-json\/wp\/v2\/pages"}],"about":[{"href":"https:\/\/centrereliance.fr\/association\/wp-json\/wp\/v2\/types\/page"}],"author":[{"embeddable":true,"href":"https:\/\/centrereliance.fr\/association\/wp-json\/wp\/v2\/users\/1"}],"replies":[{"embeddable":true,"href":"https:\/\/centrereliance.fr\/association\/wp-json\/wp\/v2\/comments?post=278"}],"version-history":[{"count":95,"href":"https:\/\/centrereliance.fr\/association\/wp-json\/wp\/v2\/pages\/278\/revisions"}],"predecessor-version":[{"id":60811,"href":"https:\/\/centrereliance.fr\/association\/wp-json\/wp\/v2\/pages\/278\/revisions\/60811"}],"wp:attachment":[{"href":"https:\/\/centrereliance.fr\/association\/wp-json\/wp\/v2\/media?parent=278"}],"curies":[{"name":"wp","href":"https:\/\/api.w.org\/{rel}","templated":true}]}}