{"id":2784,"date":"2020-02-19T09:01:32","date_gmt":"2020-02-19T08:01:32","guid":{"rendered":"https:\/\/centrereliance.fr\/association\/?page_id=2784"},"modified":"2025-08-31T15:25:13","modified_gmt":"2025-08-31T13:25:13","slug":"conditions-generales-de-vente","status":"publish","type":"page","link":"https:\/\/centrereliance.fr\/association\/conditions-generales-de-vente\/","title":{"rendered":"Conditions g\u00e9n\u00e9rales de vente"},"content":{"rendered":"[et_pb_section fb_built=\u00a0\u00bb1&Prime; admin_label=\u00a0\u00bbsection\u00a0\u00bb _builder_version=\u00a0\u00bb4.16&Prime; global_colors_info=\u00a0\u00bb{}\u00a0\u00bb][et_pb_row admin_label=\u00a0\u00bbrow\u00a0\u00bb _builder_version=\u00a0\u00bb4.27.4&Prime; background_size=\u00a0\u00bbinitial\u00a0\u00bb background_position=\u00a0\u00bbtop_left\u00a0\u00bb background_repeat=\u00a0\u00bbrepeat\u00a0\u00bb hover_enabled=\u00a0\u00bb0&Prime; global_colors_info=\u00a0\u00bb{}\u00a0\u00bb width=\u00a0\u00bb90%\u00a0\u00bb sticky_enabled=\u00a0\u00bb0&Prime;][et_pb_column type=\u00a0\u00bb4_4&Prime; _builder_version=\u00a0\u00bb4.16&Prime; custom_padding=\u00a0\u00bb|||\u00a0\u00bb global_colors_info=\u00a0\u00bb{}\u00a0\u00bb custom_padding__hover=\u00a0\u00bb|||\u00a0\u00bb][et_pb_post_title _builder_version=\u00a0\u00bb4.27.4&Prime; _module_preset=\u00a0\u00bbdefault\u00a0\u00bb hover_enabled=\u00a0\u00bb0&Prime; sticky_enabled=\u00a0\u00bb0&Prime; meta=\u00a0\u00bboff\u00a0\u00bb featured_image=\u00a0\u00bboff\u00a0\u00bb title_text_align=\u00a0\u00bbcenter\u00a0\u00bb][\/et_pb_post_title][et_pb_text _builder_version=\u00a0\u00bb4.27.4&Prime; _module_preset=\u00a0\u00bbdefault\u00a0\u00bb text_orientation=\u00a0\u00bbcenter\u00a0\u00bb text_text_color=\u00a0\u00bb#F08A2E\u00a0\u00bb text_font_size=\u00a0\u00bb30px\u00a0\u00bb text_font=\u00a0\u00bb&#8211;et_global_heading_font|||on|||||\u00a0\u00bb hover_enabled=\u00a0\u00bb0&Prime; sticky_enabled=\u00a0\u00bb0&Prime;]<p>Reliance Association<\/p>[\/et_pb_text][et_pb_text admin_label=\u00a0\u00bbText\u00a0\u00bb _builder_version=\u00a0\u00bb4.27.4&Prime; global_colors_info=\u00a0\u00bb{}\u00a0\u00bb sticky_enabled=\u00a0\u00bb0&Prime; border_radii=\u00a0\u00bbon|15px|15px|15px|15px\u00a0\u00bb border_width_all=\u00a0\u00bb1px\u00a0\u00bb border_color_all=\u00a0\u00bb#F08A2E\u00a0\u00bb custom_padding=\u00a0\u00bb15px|15px|15px|15px|true|true\u00a0\u00bb width=\u00a0\u00bb90%\u00a0\u00bb module_class=\u00a0\u00bbtick-bullets\u00a0\u00bb background_size=\u00a0\u00bbinitial\u00a0\u00bb background_position=\u00a0\u00bbtop_left\u00a0\u00bb background_repeat=\u00a0\u00bbrepeat\u00a0\u00bb text_orientation=\u00a0\u00bbjustified\u00a0\u00bb]<h2>POUR LES PARTICULIERS<\/h2>\n<p><!-- \/wp:post-content --><\/p>\n<p><!-- wp:paragraph -->A l\u2019exception des conf\u00e9rences, il est demand\u00e9 de s\u2019inscrire aux activit\u00e9s en r\u00e9glant en ligne sur notre site internet www.centrereliance.fr et de b\u00e9n\u00e9ficier ainsi d\u2019un prix pr\u00e9f\u00e9rentiel.<\/p>\n<p><!-- \/wp:paragraph --><\/p>\n<p><!-- wp:paragraph -->Pour une inscription sur place ou par courrier, une majoration de 10% de frais de gestion est appliqu\u00e9e.<\/p>\n<p><!-- \/wp:paragraph --><\/p>\n<p><!-- wp:paragraph -->Les prix indiqu\u00e9s sont applicables pour les formations prises en charge personnellement par le (la) stagiaire et non par son employeur, ni un organisme de prise en charge de formations, ni par une association dont il (elle) serait membre adh\u00e9rent b\u00e9n\u00e9vole. Dans ces situations, nous demander les conditions qui s\u2019appliquent.<\/p>\n<p><!-- \/wp:paragraph --><\/p>\n<p><!-- wp:paragraph --><span style=\"color: #f08a2e;\"><strong>ENREGISTREMENT DE L\u2019INSCRIPTION<\/strong><\/span><\/p>\n<p><!-- \/wp:paragraph --><\/p>\n<p><!-- wp:paragraph -->Nous vous renseignons bien s\u00fbr au t\u00e9l\u00e9phone si vous souhaitez des pr\u00e9cisions, mais ne prenons pas d\u2019inscription t\u00e9l\u00e9phonique. Votre inscription est enregistr\u00e9e en ligne imm\u00e9diatement.<\/p>\n<p><!-- \/wp:paragraph --><\/p>\n<p><!-- wp:paragraph --><span style=\"color: #f08a2e;\"><strong>CONFIRMATION D\u2019INSCRIPTION<\/strong><\/span><\/p>\n<p><!-- \/wp:paragraph --><\/p>\n<p><!-- wp:paragraph -->Une confirmation d\u2019inscription, avec les indications pratiques et les modalit\u00e9s d\u2019acc\u00e8s au lieu du stage, vous est adress\u00e9e par mail d\u00e8s l\u2019enregistrement de votre inscription.<\/p>\n<p><!-- \/wp:paragraph --><\/p>\n<p><!-- wp:paragraph -->Sauf pour les Matin\u00e9es initiation et les Soir\u00e9es ESPERE en 10 le\u00e7ons, un contrat individuel de formation joint \u00e0 ce mail est \u00e0 nous retourner sign\u00e9 dans les meilleurs d\u00e9lais.<\/p>\n<p><!-- \/wp:paragraph --><\/p>\n<p><!-- wp:paragraph --><span style=\"color: #f08a2e;\"><strong>ANNULATION<\/strong><\/span><\/p>\n<p><!-- \/wp:paragraph --><\/p>\n<p><!-- wp:paragraph --><strong>Pour 1 stage ou 1 action<\/strong><\/p>\n<p><!-- \/wp:paragraph -->D\u00e9sistement du participant pour cas de force majeure sur justificatif : un avoir du montant total du stage est \u00e9tabli, \u00e0 valoir sur une action future dans un d\u00e9lai d\u20191 an \u00e0 compter de la date de l\u2019action qui est l\u2019objet du d\u00e9sistement.<\/p>\n<p><!-- wp:paragraph -->D\u00e9sistement du participant pour les autres cas :<\/p>\n<ul>\n<li>Plus de 30 jours avant le d\u00e9but du stage, 20 % du montant sont conserv\u00e9s pour frais de gestion. Le restant lui est rembours\u00e9 dans les 8 jours suivant le d\u00e9sistement<\/li>\n<li>Moins de 30 jours avant le d\u00e9but du stage : le montant total du stage est conserv\u00e9 par Reliance association<\/li>\n<\/ul>\n<p><!-- \/wp:paragraph --><\/p>\n<p><!-- wp:paragraph -->Annulation par Reliance-Association : le montant du stage est int\u00e9gralement rembours\u00e9 dans les 8 jours suivant l\u2019annulation<\/p>\n<p><!-- \/wp:paragraph -->En cas de d\u00e9sistement d\u2019un participant moins de 7 jours avant le d\u00e9but d\u2019un stage r\u00e9sidentiel, le participant r\u00e8glera au lieu du stage 50 % du prix de sa pension compl\u00e8te.<\/p>\n<p>En cas d\u2019annulation d\u2019un stage de la part de Reliance Association, le prix de l\u2019animation est rembours\u00e9 par ch\u00e8que ou virement dans les 8 jours suivant l\u2019annulation.<\/p>\n<p><!-- wp:paragraph --><strong>Pour le cycle de stages<\/strong><\/p>\n<p><!-- \/wp:paragraph --><\/p>\n<p><!-- wp:paragraph -->En cas de d\u00e9sistement du stagiaire plus d\u2019un mois avant le d\u00e9but d\u2019un stage, la somme de 120 \u20ac pour un stage de 2 jours, 180 \u20ac pour 3 jours, lui sera rembours\u00e9 dans les 8 jours suivant le d\u00e9sistement.<\/p>\n<p><!-- \/wp:paragraph --><\/p>\n<p><!-- wp:paragraph -->En cas de d\u00e9sistement ult\u00e9rieur, le montant du stage est conserv\u00e9 par Reliance Association ; en cas de force majeure justifi\u00e9, il peut \u00e9ventuellement faire l\u2019objet d\u2019un avoir \u00e0 valoir sur une action future dans un d\u00e9lai d\u2019un an \u00e0 compter de la date de l\u2019action qui est l\u2019objet du d\u00e9sistement.<\/p>\n<p><!-- \/wp:paragraph --><\/p>\n<p><!-- wp:paragraph -->En cas d\u2019annulation d\u2019un stage de la part de Reliance Association, le prix de l\u2019animation est rembours\u00e9 dans les 8 jours suivant l\u2019annulation, 148 \u20ac pour un stage de 2 jours et 222 \u20ac pour 3 jours.<\/p>\n<p><!-- \/wp:paragraph --><\/p>\n<p><!-- wp:paragraph --><span style=\"color: #f08a2e;\"><strong>ADHESION<\/strong><\/span><\/p>\n<p><!-- \/wp:paragraph --><\/p>\n<p><!-- wp:paragraph -->L\u2019adh\u00e9sion \u00e0 l\u2019association, d\u2019un montant de 5 \u20ac, est obligatoire pour participer aux activit\u00e9s (\u00e0 l\u2019exception des conf\u00e9rences et des Matin\u00e9es initiation).<\/p>\n<p><!-- \/wp:paragraph --><\/p>\n<p><!-- wp:paragraph -->Elle est \u00e0 prendre chaque ann\u00e9e.<\/p>\n<p><!-- \/wp:paragraph --><\/p>\n<p><!-- wp:paragraph -->Elle permet de b\u00e9n\u00e9ficier d\u2019une r\u00e9duction de 3 \u20ac sur l\u2019entr\u00e9e aux conf\u00e9rences.<\/p>\n<p><!-- \/wp:paragraph --><\/p>\n<p><!-- wp:heading {\"level\":4} --><\/p>\n<p><!-- \/wp:heading --><\/p>[\/et_pb_text][et_pb_text admin_label=\u00a0\u00bbText\u00a0\u00bb _builder_version=\u00a0\u00bb4.27.4&Prime; global_colors_info=\u00a0\u00bb{}\u00a0\u00bb sticky_enabled=\u00a0\u00bb0&Prime; background_size=\u00a0\u00bbinitial\u00a0\u00bb background_position=\u00a0\u00bbtop_left\u00a0\u00bb background_repeat=\u00a0\u00bbrepeat\u00a0\u00bb border_radii=\u00a0\u00bbon|15px|15px|15px|15px\u00a0\u00bb border_width_all=\u00a0\u00bb1px\u00a0\u00bb border_color_all=\u00a0\u00bb#F08A2E\u00a0\u00bb custom_padding=\u00a0\u00bb15px|15px|15px|15px|true|true\u00a0\u00bb width=\u00a0\u00bb90%\u00a0\u00bb hover_enabled=\u00a0\u00bb0&Prime; module_class=\u00a0\u00bbtick-bullets\u00a0\u00bb text_orientation=\u00a0\u00bbjustified\u00a0\u00bb]<h2>POUR LES \u00a0ETABLISSEMENTS<\/h2>\n<p><!-- \/wp:heading --><\/p>\n<p><!-- wp:paragraph --><strong>DEFINITIONS<\/strong><\/p>\n<p><!-- \/wp:paragraph --><\/p>\n<p><!-- wp:paragraph --><strong>Client :\u00a0<\/strong>co-contractant de RELIANCE ASSOCIATION<\/p>\n<p><!-- \/wp:paragraph --><\/p>\n<p><!-- wp:paragraph --><strong>Formation inter-entreprises :\u00a0<\/strong>formation sur catalogue r\u00e9alis\u00e9e dans nos locaux ou dans des locaux mis \u00e0 disposition par RELIANCE ASSOCIATION<\/p>\n<p><!-- \/wp:paragraph --><\/p>\n<ul>\n<li>Parcours \u00e0 la carte individuel<\/li>\n<li><span style=\"font-size: 16px;\">Parcours de formation compos\u00e9 de plusieurs stages inter-entreprises issus du catalogue au libre choix du Client<\/span><\/li>\n<\/ul>\n<p><!-- \/wp:paragraph --><\/p>\n<p><!-- wp:paragraph --><strong>Formation intra-entreprise :<\/strong><\/p>\n<p><!-- \/wp:paragraph --><\/p>\n<p><!-- wp:paragraph -->Formation r\u00e9alis\u00e9e sur mesure pour le compte d\u2019un Client, r\u00e9alis\u00e9e dans nos locaux, dans les locaux du Client ou dans des locaux mis \u00e0 la disposition par le Client ou par RELIANCE \u00a0ASSOCIATION<\/p>\n<p><!-- \/wp:paragraph --><\/p>\n<p><!-- wp:paragraph --><strong><span style=\"color: #f08a2e;\">OBJET ET CHAMP D\u2019APPLICATION<\/span>\u00a0<\/strong><\/p>\n<p><!-- \/wp:paragraph --><\/p>\n<p><!-- wp:paragraph -->Toute commande de formation implique l\u2019acceptation sans r\u00e9serve par le Client et son adh\u00e9sion pleine et enti\u00e8re aux pr\u00e9sentes conditions g\u00e9n\u00e9rales de vente qui pr\u00e9valent sur tout autre document<\/p>\n<p><!-- \/wp:paragraph --><\/p>\n<p><!-- wp:paragraph --><strong><span style=\"color: #f08a2e;\">DOCUMENTS CONTRACTUELS<\/span>\u00a0<\/strong><\/p>\n<p><!-- \/wp:paragraph --><\/p>\n<p><!-- wp:paragraph -->Pour les actions entrant dans le cadre de la formation continue, RELIANCE ASSOCIATION fait parvenir au Client une convention de formation professionnelle continue \u00e9tablie selon les articles L6353-1 et L6353-2 du Code du travail. Le Client s\u2019engage \u00e0 retourner dans les plus brefs d\u00e9lais \u00e0 RELIANCE ASSOCIATION un exemplaire sign\u00e9 et portant son cachet commercial.<\/p>\n<p><!-- \/wp:paragraph --><\/p>\n<p><!-- wp:paragraph -->Pour les actions hors formation continue, RELIANCE ASSOCIATION fait parvenir au Client un contrat de prestation. Le Client s\u2019engage \u00e0 retourner dans les plus brefs d\u00e9lais \u00e0 RELIANCE ASSOCIATION un exemplaire sign\u00e9 et portant son cachet commercial.<\/p>\n<p><!-- \/wp:paragraph --><\/p>\n<p><!-- wp:paragraph --><span style=\"color: #f08a2e;\"><strong>CONDITIONS FINANCIERES ET REGLEMENT<\/strong><\/span><\/p>\n<p><!-- \/wp:paragraph --><\/p>\n<p><!-- wp:paragraph -->Tous nos prix sont indiqu\u00e9s en euros. Nos prestations sont r\u00e9alis\u00e9es dans le cadre d\u2019une association sans but lucratif et donc exon\u00e9r\u00e9es de TVA. Toute formation commenc\u00e9e est due en entier.<\/p>\n<p><!-- \/wp:paragraph --><\/p>\n<p><!-- wp:paragraph -->Les factures sont payables en euros, \u00e0 r\u00e9ception de facture, sans escompte, par virement ou ch\u00e8que \u00e0 l\u2019ordre de RELIANCE ASSOCIATION.<\/p>\n<p><!-- \/wp:paragraph --><\/p>\n<p><!-- wp:paragraph -->Toute somme non pay\u00e9e \u00e0 l\u2019\u00e9ch\u00e9ance donnera lieu au paiement par le Client de p\u00e9nalit\u00e9s de retard au taux d\u2019int\u00e9r\u00eat appliqu\u00e9 par la Banque centrale europ\u00e9enne \u00e0 son op\u00e9ration de refinancement la plus r\u00e9cente, major\u00e9 de 10 points de pourcentage.<\/p>\n<p><!-- \/wp:paragraph --><\/p>\n<p><!-- wp:paragraph -->Ces p\u00e9nalit\u00e9s sont exigibles de plein droit, d\u00e8s r\u00e9ception de l\u2019avis informant le Client qu\u2019elles ont \u00e9t\u00e9 port\u00e9es \u00e0 son d\u00e9bit.<\/p>\n<p><!-- \/wp:paragraph --><\/p>\n<p><!-- wp:paragraph -->Outre les p\u00e9nalit\u00e9s constat\u00e9es en cas de retard de paiement, le Client sera redevable d\u2019une indemnit\u00e9 forfaitaire de 40 \u20ac pour frais de recouvrement conform\u00e9ment aux articles L441-6 c. com. et D. 441-5 c. com. RELIANCE ASSOCIATION se r\u00e9serve n\u00e9anmoins le droit de r\u00e9clamer une indemnisation compl\u00e9mentaire, sur justification, lorsque les frais r\u00e9ellement expos\u00e9s sont sup\u00e9rieurs \u00e0 ce montant.<\/p>\n<p><!-- \/wp:paragraph --><\/p>\n<p><!-- wp:paragraph -->En cas de non-paiement int\u00e9gral d\u2019une facture venue \u00e0 \u00e9ch\u00e9ance, apr\u00e8s mise en demeure rest\u00e9e sans effet dans les 5 jours ouvrables, RELIANCE ASSOCIATION se r\u00e9serve la facult\u00e9 de suspendre toute formation en cours et \/ou \u00e0 venir.<\/p>\n<p><!-- \/wp:paragraph --><\/p>\n<p><!-- wp:paragraph --><strong>&#8211; Formation inter-entreprises :<\/strong><\/p>\n<p><!-- \/wp:paragraph --><\/p>\n<p><!-- wp:paragraph -->Le r\u00e8glement du prix de la formation est \u00e0 effectuer \u00e0 l\u2019issue de la formation.<\/p>\n<p><!-- \/wp:paragraph --><\/p>\n<p><!-- wp:paragraph -->En cas de parcours long, des facturations interm\u00e9diaires peuvent \u00eatre engag\u00e9es.<\/p>\n<p><!-- \/wp:paragraph --><\/p>\n<p><!-- wp:paragraph --><strong>&#8211; Formation intra-entreprises :<\/strong><\/p>\n<p><!-- \/wp:paragraph --><\/p>\n<p><!-- wp:paragraph -->Une proposition commerciale et financi\u00e8re sera pr\u00e9alablement \u00e9tablie par RELIANCE ASSOCIATION.<\/p>\n<p><!-- \/wp:paragraph --><\/p>\n<p><!-- wp:paragraph -->Le r\u00e8glement du prix de la formation est \u00e0 effectuer \u00e0 l\u2019issue de la formation.<\/p>\n<p><!-- \/wp:paragraph --><\/p>\n<p><!-- wp:paragraph -->En cas de formation en plusieurs modules, des facturations interm\u00e9diaires peuvent \u00eatre engag\u00e9es.<\/p>\n<p><!-- \/wp:paragraph --><\/p>\n<p><!-- wp:paragraph --><span style=\"color: #f08a2e;\"><strong>REGLEMENT PAR UN OPCO<\/strong><\/span><\/p>\n<p><!-- \/wp:paragraph --><\/p>\n<p><!-- wp:paragraph -->Si le Client souhaite que le r\u00e8glement soit \u00e9mis par l\u2019OPCO dont il d\u00e9pend, il lui appartient :<\/p>\n<p><!-- \/wp:paragraph --><\/p>\n<p><!-- wp:paragraph -->&#8211; de faire une demande de prise en charge avant le d\u00e9but de la formation et de s\u2019assurer de la bonne fin de cette demande ;<\/p>\n<p><!-- \/wp:paragraph --><\/p>\n<p><!-- wp:paragraph -->&#8211; de l\u2019indiquer explicitement sur le formulaire d\u2019inscription ou sur son bon de commande ;<\/p>\n<p><!-- \/wp:paragraph --><\/p>\n<p><!-- wp:paragraph -->&#8211; de s\u2019assurer de la bonne fin du paiement par l\u2019OPCO qu\u2019il aura d\u00e9sign\u00e9.<\/p>\n<p><!-- \/wp:paragraph --><\/p>\n<p><!-- wp:paragraph -->Si l\u2019OPCA ne prend en charge que partiellement le co\u00fbt de la formation, le reliquat sera factur\u00e9 au Client.<\/p>\n<p><!-- \/wp:paragraph --><\/p>\n<p><!-- wp:paragraph -->Si RELIANCE ASSOCIATION n\u2019a pas re\u00e7u la prise en charge de l\u2019OPCO au 1er jour de la formation, le Client sera factur\u00e9 de l\u2019int\u00e9gralit\u00e9 du co\u00fbt du stage.<\/p>\n<p><!-- \/wp:paragraph --><\/p>\n<p><!-- wp:paragraph -->En cas de non-paiement par l\u2019OPCO, pour quelque motif que ce soit, le Client sera redevable de l\u2019int\u00e9gralit\u00e9 du co\u00fbt de la formation et sera factur\u00e9 du montant correspondant.<\/p>\n<p><!-- \/wp:paragraph --><\/p>\n<p><!-- wp:paragraph --><span style=\"color: #f08a2e;\"><strong>OUVERTURE D\u2019UNE SESSION DE FORMATION<\/strong><\/span><\/p>\n<p><!-- \/wp:paragraph --><\/p>\n<p><!-- wp:paragraph --><strong>Formation inter-entreprises :<\/strong><\/p>\n<p><!-- \/wp:paragraph --><\/p>\n<p><!-- wp:paragraph -->RELIANCE ASSOCIATION se r\u00e9serve la possibilit\u00e9 d\u2019ajourner une session de formation et ce sans indemnit\u00e9s, au plus tard une semaine avant la date pr\u00e9vue, pour des raisons p\u00e9dagogiques.<\/p>\n<p><!-- \/wp:paragraph --><\/p>\n<p><!-- wp:paragraph --><span style=\"color: #f08a2e;\"><strong>REMPLACEMENT D\u2019UN PARTICIPANT<\/strong><\/span><\/p>\n<p><!-- \/wp:paragraph --><\/p>\n<p><!-- wp:paragraph -->RELIANCE ASSOCIATION offre au Client la possibilit\u00e9 de remplacer un participant sans facturation suppl\u00e9mentaire jusqu\u2019\u00e0 l\u2019ouverture de la session de formation concern\u00e9e. Toute demande de remplacement devra \u00eatre adress\u00e9e par \u00e9crit.<\/p>\n<p><!-- \/wp:paragraph --><\/p>\n<p><!-- wp:paragraph --><span style=\"color: #f08a2e;\"><strong>CONDITIONS D\u2019ANNULATION DES FORMATIONS PAR LE CLIENT<\/strong><\/span><\/p>\n<p><!-- \/wp:paragraph --><\/p>\n<p><!-- wp:paragraph -->L&rsquo;inscription est d\u00e9finitive \u00e0 r\u00e9ception de la convention sign\u00e9e par le Client.<\/p>\n<p><!-- \/wp:paragraph --><\/p>\n<p><!-- wp:paragraph -->Toute annulation par le Client doit \u00eatre communiqu\u00e9e par \u00e9crit.<\/p>\n<p><!-- \/wp:paragraph --><\/p>\n<p><!-- wp:paragraph --><strong>&#8211; Formation inter-entreprises :\u00a0<\/strong><\/p>\n<p><!-- \/wp:paragraph --><\/p>\n<p><!-- wp:paragraph -->Toute annulation par le client plus de 30 jours avant le d\u00e9but de la formation donnera lieu au paiement de 20% du co\u00fbt total.<\/p>\n<p><!-- \/wp:paragraph --><\/p>\n<p><!-- wp:paragraph -->Pour toute annulation moins de 30 jours ouvrables avant le d\u00e9but de la formation, le montant de la formation restera imm\u00e9diatement exigible \u00e0 titre d\u2019indemnit\u00e9 forfaitaire.<\/p>\n<p><!-- \/wp:paragraph --><\/p>\n<p><!-- wp:paragraph -->Les absences \u00e0 une session ou abandons ne donnent pas lieu \u00e0 une r\u00e9duction des prix, la formation engag\u00e9e \u00e9tant due, conform\u00e9ment aux dispositions de l\u2019article L 920-9 du Code du Travail. Les absences justifi\u00e9es par un arr\u00eat de travail pourront donner lieu, apr\u00e8s concertation avec le client, \u00e0 un avoir.<\/p>\n<p><!-- \/wp:paragraph --><\/p>\n<p><!-- wp:paragraph --><strong>&#8211; Cycle et Parcours inter-entreprises :\u00a0<\/strong><\/p>\n<p><!-- \/wp:paragraph --><\/p>\n<p><!-- wp:paragraph -->Pour toute annulation, moins de 30 jours ouvrables avant le d\u00e9but du cycle ou du 1er stage du parcours, 50% du montant de la formation restera imm\u00e9diatement exigible \u00e0 titre d\u2019indemnit\u00e9 forfaitaire.<\/p>\n<p><!-- \/wp:paragraph --><\/p>\n<p><!-- wp:paragraph --><strong>&#8211; Formation intra-entreprise :\u00a0<\/strong><\/p>\n<p><!-- \/wp:paragraph --><\/p>\n<p><!-- wp:paragraph -->L&rsquo;annulation par le client doit \u00eatre notifi\u00e9e \u00e0 RELIANCE ASSOCIATION par lettre recommand\u00e9e. Toute annulation plus de 30 jours avant le d\u00e9but de la formation donnera lieu au paiement de 20% du co\u00fbt total, repr\u00e9sentant les frais engag\u00e9s pour la mise en place de l&rsquo;action de formation. En cas d&rsquo;annulation moins de 30 jours avant le d\u00e9but de la formation, celle-ci est due en totalit\u00e9.<\/p>\n<p><!-- \/wp:paragraph --><\/p>\n<p><!-- \/wp:paragraph --><\/p>[\/et_pb_text][et_pb_text admin_label=\u00a0\u00bbText\u00a0\u00bb _builder_version=\u00a0\u00bb4.27.4&Prime; global_colors_info=\u00a0\u00bb{}\u00a0\u00bb sticky_enabled=\u00a0\u00bb0&Prime; border_radii=\u00a0\u00bbon|15px|15px|15px|15px\u00a0\u00bb border_width_all=\u00a0\u00bb1px\u00a0\u00bb border_color_all=\u00a0\u00bb#F08A2E\u00a0\u00bb custom_padding=\u00a0\u00bb15px|15px|15px|15px|true|true\u00a0\u00bb width=\u00a0\u00bb90%\u00a0\u00bb background_size=\u00a0\u00bbinitial\u00a0\u00bb background_position=\u00a0\u00bbtop_left\u00a0\u00bb background_repeat=\u00a0\u00bbrepeat\u00a0\u00bb module_class=\u00a0\u00bbtick-bullets\u00a0\u00bb text_orientation=\u00a0\u00bbjustified\u00a0\u00bb]<h2>POUR LES \u00a0ETABLISSEMENTS ET PARTICULIERS<\/h2>\n<p><strong><\/strong><\/p>\n<p><span style=\"color: #f08a2e;\"><strong>REFUS DE COMMANDE\u00a0<\/strong><\/span><\/p>\n<p><!-- \/wp:paragraph --><\/p>\n<p><!-- wp:paragraph -->Dans le cas o\u00f9 un Client passerait une commande \u00e0 RELIANCE ASSOCIATION, sans avoir proc\u00e9d\u00e9 au paiement de la (des) commande(s) pr\u00e9c\u00e9dente(s), RELIANCE ASSOCIATION \u00a0pourra refuser d\u2019honorer la commande et de d\u00e9livrer les formations concern\u00e9es, sans que le Client puisse pr\u00e9tendre \u00e0 une quelconque indemnit\u00e9, pour quelque raison que ce soit.<\/p>\n<p><!-- \/wp:paragraph --><\/p>\n<p><!-- wp:paragraph --><span style=\"color: #f08a2e;\"><strong>INFORMATIQUE ET LIBERTES\u00a0<\/strong><\/span><\/p>\n<p><!-- \/wp:paragraph --><\/p>\n<p><!-- wp:paragraph -->Le Client est inform\u00e9 que les informations \u00e0 caract\u00e8re personnel qui sont communiqu\u00e9es \u00e0 RELIANCE ASSOCIATION en application et dans l\u2019ex\u00e9cution des commandes et\/ou ventes pourront \u00eatre communiqu\u00e9es aux partenaires contractuels de RELIANCE ASSOCIATION pour les besoins des dites commandes.<\/p>\n<p><!-- \/wp:paragraph --><\/p>\n<p><!-- wp:paragraph -->Conform\u00e9ment \u00e0 la loi n\u00b078-17 du 6 janvier 1978, dite Loi Informatique et Libert\u00e9s, mise \u00e0 jour par la loi du 6 ao\u00fbt 2004, le Client dispose d\u2019un droit d\u2019acc\u00e8s, de rectification et d\u2019opposition aux donn\u00e9es personnelles le concernant. Ce droit est exer\u00e7able en faisant une demande par e-mail ou par courrier adress\u00e9 \u00e0 RELIANCE ASSOCIATION.<\/p>\n<p><!-- \/wp:paragraph --><\/p>\n<p><!-- wp:paragraph --><span style=\"color: #f08a2e;\"><strong>PROPRIETE INTELLECTUELLE<\/strong><\/span><\/p>\n<p><!-- \/wp:paragraph --><\/p>\n<p><!-- wp:paragraph -->Les droits de reproduction, d\u2019utilisation, de diffusion, d\u2019adaptation, de modification, d\u2019exploitation des supports de formation \u00a0restent la propri\u00e9t\u00e9 exclusive de RELIANCE ASSOCIATION et ne peuvent donc pas \u00eatre c\u00e9d\u00e9s au Client.<\/p>\n<p><!-- \/wp:paragraph --><\/p>\n<p><!-- wp:paragraph --><span style=\"color: #f08a2e;\"><strong>RESPONSABILITE<\/strong><\/span><\/p>\n<p><!-- \/wp:paragraph --><\/p>\n<p><!-- wp:paragraph -->RELIANCE ASSOCIATION pourra \u00eatre tenu responsable de tout dommage direct subi par le Client et r\u00e9sultant de l\u2019ex\u00e9cution des actions de formation.<\/p>\n<p><!-- \/wp:paragraph --><\/p>\n<p><!-- wp:paragraph -->L\u2019indemnit\u00e9 due au Client, en r\u00e9paration de son pr\u00e9judice, ne pourra d\u00e9passer le montant correspondant aux sommes vers\u00e9es par le Client \u00e0 RELIANCE ASSOCIATION au titre de l\u2019ann\u00e9e civile pendant laquelle le dommage a eu lieu.<\/p>\n<p><!-- \/wp:paragraph --><\/p>\n<p><!-- wp:paragraph --><span style=\"color: #f08a2e;\"><strong>CONFIDENTIALITE<\/strong><\/span><\/p>\n<p><!-- \/wp:paragraph --><\/p>\n<p><!-- wp:paragraph -->Toutes informations (hors celles accessibles au public) dont RELIANCE ASSOCIATION ou le Client aura eu connaissance ou qui auront \u00e9t\u00e9 communiqu\u00e9es par l\u2019autre partie ou par un client un tiers, ant\u00e9rieurement ou durant l\u2019ex\u00e9cution du contrat, sont strictement confidentielles et chacune des parties s\u2019interdit de les divulguer.<\/p>\n<p><!-- \/wp:paragraph --><\/p>\n<p><!-- wp:paragraph -->Pour les besoins de l\u2019ex\u00e9cution des prestations, chacune des parties n\u2019est autoris\u00e9e \u00e0 communiquer les informations susvis\u00e9es qu\u2019\u00e0 ses pr\u00e9pos\u00e9s et\/ou \u00e9ventuels sous-traitants autoris\u00e9s ; chacune des parties se porte fort du respect de cette obligation par ses pr\u00e9pos\u00e9s et\/ou \u00e9ventuels sous-traitants. Chacune des parties s\u2019engage \u00e0 restituer (ou d\u00e9truire, au choix de l\u2019autre partie) lesdites informations ainsi que leur copie, dans les 5 jours ouvr\u00e9s apr\u00e8s le terme ou la r\u00e9siliation du contrat ou du bon de commande, sur simple demande de l\u2019autre partie. La pr\u00e9sente clause autorise RELIANCE ASSOCIATION \u00e0 communiquer les informations au sein du Groupe RELIANCE ASSOCIATION. Les parties seront li\u00e9es par la pr\u00e9sente obligation de confidentialit\u00e9 pendant une dur\u00e9e de deux ans \u00e0 compter de la cessation de leurs relations contractuelles<\/p>\n<p><!-- \/wp:paragraph --><\/p>\n<p><!-- wp:paragraph --><span style=\"color: #f08a2e;\"><strong>COMMUNICATION\u00a0<\/strong><\/span><\/p>\n<p><!-- \/wp:paragraph --><\/p>\n<p><!-- wp:paragraph -->Le Client autorise express\u00e9ment RELIANCE ASSOCIATION \u00e0 mentionner son nom, son logo et \u00e0 faire mention \u00e0 titre de r\u00e9f\u00e9rences de la souscription \u00e0 une commande et de toute op\u00e9ration d\u00e9coulant de son application dans l\u2019ensemble de leurs documents commerciaux.<\/p>\n<p><!-- \/wp:paragraph --><\/p>\n<p><!-- wp:paragraph --><span style=\"color: #f08a2e;\"><strong>RENONCIATION\u00a0<\/strong><\/span><\/p>\n<p><!-- \/wp:paragraph --><\/p>\n<p><!-- wp:paragraph -->Le fait pour RELIANCE ASSOCIATION de ne pas se pr\u00e9valoir \u00e0 un moment donn\u00e9 de l\u2019une quelconque des clauses des pr\u00e9sentes, ne peut valoir renonciation \u00e0 se pr\u00e9valoir ult\u00e9rieurement de ces m\u00eames clauses.<\/p>\n<p><!-- \/wp:paragraph --><\/p>\n<p><!-- wp:paragraph --><span style=\"color: #f08a2e;\"><strong>LOI APPLICABLE\u00a0<\/strong><\/span><\/p>\n<p><!-- \/wp:paragraph --><\/p>\n<p><!-- wp:paragraph -->Les Conditions G\u00e9n\u00e9rales et tous les rapports entre RELIANCE ASSOCIATION et ses Clients rel\u00e8vent de la Loi fran\u00e7aise<span style=\"color: #f08a2e;\">.<\/span><\/p>\n<p><span style=\"color: #f08a2e;\"><!-- \/wp:paragraph --><\/span><\/p>\n<p><span style=\"color: #f08a2e;\"><!-- wp:paragraph --><strong>ATTRIBUTION DE COMPETENCES\u00a0<\/strong><\/span><\/p>\n<p><!-- \/wp:paragraph --><\/p>\n<p><!-- wp:paragraph -->Tous litiges qui ne pourraient \u00eatre r\u00e9gl\u00e9s \u00e0 l\u2019amiable seront de la COMPETENCE EXCLUSIVE DU TRIBUNAL DE COMMERCE DE GRENOBLE \u00a0quel que soit le si\u00e8ge ou la r\u00e9sidence du Client, nonobstant pluralit\u00e9 de d\u00e9fendeurs ou appel en garantie.<\/p>\n<p><!-- \/wp:paragraph --><\/p>\n<p><!-- wp:paragraph -->Cette clause attributive de comp\u00e9tence ne s\u2019appliquera pas au cas de litige avec un Client non professionnel pour lequel les r\u00e8gles l\u00e9gales de comp\u00e9tence mat\u00e9rielle et g\u00e9ographique s\u2019appliqueront. La pr\u00e9sente clause est stipul\u00e9e dans l\u2019int\u00e9r\u00eat de la soci\u00e9t\u00e9 RELIANCE ASSOCIATION qui se r\u00e9serve le droit d\u2019y renoncer si bon lui semble.<\/p>\n<p><!-- \/wp:paragraph --><\/p>\n<p><!-- wp:paragraph --><span style=\"color: #f08a2e;\"><strong>ELECTION DE DOMICILE\u00a0<\/strong><\/span><\/p>\n<p><!-- \/wp:paragraph --><\/p>\n<p><!-- wp:paragraph -->L\u2019\u00e9lection de domicile est faite par RELIANCE ASSOCIATION \u00e0 son si\u00e8ge social au 14 avenue Victor HUGO 38130 ECHIROLLES.<\/p>\n<p><!-- \/wp:paragraph --><\/p>[\/et_pb_text][\/et_pb_column][\/et_pb_row][\/et_pb_section]","protected":false},"excerpt":{"rendered":"<p>Reliance AssociationPOUR LES PARTICULIERS A l\u2019exception des conf\u00e9rences, il est demand\u00e9 de s\u2019inscrire aux activit\u00e9s en r\u00e9glant en ligne sur notre site internet www.centrereliance.fr et de b\u00e9n\u00e9ficier ainsi d\u2019un prix pr\u00e9f\u00e9rentiel. Pour une inscription sur place ou par courrier, une majoration de 10% de frais de gestion est appliqu\u00e9e. Les prix indiqu\u00e9s sont applicables pour [&hellip;]<\/p>\n","protected":false},"author":1,"featured_media":0,"parent":0,"menu_order":0,"comment_status":"closed","ping_status":"closed","template":"","meta":{"_et_pb_use_builder":"on","_et_pb_old_content":"<!-- wp:paragraph -->\n<p><\/p>\n<!-- \/wp:paragraph -->\n\n<!-- wp:heading {\"textAlign\":\"center\"} -->\n<h2 class=\"has-text-align-center\"><strong>RELIANCE ASSOCIATION<\/strong> <br><strong>CONDITIONS GENERALES DE VENTE<\/strong><\/h2>\n<!-- \/wp:heading -->\n\n<!-- wp:paragraph -->\n<p><\/p>\n<!-- \/wp:paragraph -->\n\n<!-- wp:heading {\"level\":4} -->\n<h4><strong>POUR LES PARTICULIERS<\/strong><\/h4>\n<!-- \/wp:heading -->\n\n<!-- wp:paragraph -->\n<p>A l\u2019exception des conf\u00e9rences, il est demand\u00e9 de s\u2019inscrire aux activit\u00e9s en r\u00e9glant en ligne sur notre site internet www.centrereliance.fr et de b\u00e9n\u00e9ficier ainsi d\u2019un prix pr\u00e9f\u00e9rentiel.<\/p>\n<!-- \/wp:paragraph -->\n\n<!-- wp:paragraph -->\n<p>Pour une inscription sur place ou par courrier, une majoration de 10% de frais de gestion est appliqu\u00e9e.<\/p>\n<!-- \/wp:paragraph -->\n\n<!-- wp:paragraph -->\n<p>Les prix indiqu\u00e9s sont applicables pour les formations prises en charge personnellement par le (la) stagiaire et non par son employeur, ni un organisme de prise en charge de formations, ni par une association dont il (elle) serait membre adh\u00e9rent b\u00e9n\u00e9vole. Dans ces situations, nous demander les conditions qui s\u2019appliquent. &nbsp;&nbsp;<\/p>\n<!-- \/wp:paragraph -->\n\n<!-- wp:paragraph -->\n<p><strong>ENREGISTREMENT DE L\u2019INSCRIPTION<\/strong><\/p>\n<!-- \/wp:paragraph -->\n\n<!-- wp:paragraph -->\n<p>Nous vous renseignons bien s\u00fbr au t\u00e9l\u00e9phone si vous souhaitez des pr\u00e9cisions, mais ne prenons pas d\u2019inscription t\u00e9l\u00e9phonique. Votre inscription est enregistr\u00e9e en ligne imm\u00e9diatement.<\/p>\n<!-- \/wp:paragraph -->\n\n<!-- wp:paragraph -->\n<p><strong>CONFIRMATION D\u2019INSCRIPTION<\/strong><\/p>\n<!-- \/wp:paragraph -->\n\n<!-- wp:paragraph -->\n<p>Une confirmation d\u2019inscription, avec les indications pratiques et les modalit\u00e9s d\u2019acc\u00e8s au lieu du stage, vous est adress\u00e9e par mail d\u00e8s l\u2019enregistrement de votre inscription. <\/p>\n<!-- \/wp:paragraph -->\n\n<!-- wp:paragraph -->\n<p>Sauf pour les Matin\u00e9es initiation et les Soir\u00e9es ESPERE en 10 le\u00e7ons, un contrat individuel de formation joint \u00e0 ce mail est \u00e0 nous retourner sign\u00e9 dans les meilleurs d\u00e9lais.<\/p>\n<!-- \/wp:paragraph -->\n\n<!-- wp:paragraph -->\n<p><strong>ANNULATION<\/strong><\/p>\n<!-- \/wp:paragraph -->\n\n<!-- wp:paragraph -->\n<p><strong>Pour 1 stage ou 1 action<\/strong><\/p>\n<!-- \/wp:paragraph -->\n\n<p>D\u00e9sistement du participant pour cas de force majeure sur justificatif : un avoir du montant total du stage est \u00e9tabli, \u00e0 valoir sur une action future dans un d\u00e9lai d\u20191 an \u00e0 compter de la date de l\u2019action qui est l\u2019objet du d\u00e9sistement.<\/p>\n\n<!-- wp:paragraph -->\n<p>D\u00e9sistement du participant pour les autres cas : <br> - Plus de 30 jours avant le d\u00e9but du stage, 20 % du montant sont conserv\u00e9s pour frais de gestion. Le restant lui est rembours\u00e9 dans les 8 jours suivant le d\u00e9sistement <br> - Moins de 30 jours avant le d\u00e9but du stage : le montant total du stage est conserv\u00e9 par Reliance association <\/p>\n<!-- \/wp:paragraph -->\n\n<!-- wp:paragraph -->\n<p>Annulation par Reliance-Association : le montant du stage est int\u00e9gralement rembours\u00e9 dans les 8 jours suivant l\u2019annulation<\/p>\n<!-- \/wp:paragraph -->\n\n<p>En cas de d\u00e9sistement d\u2019un participant moins de 7 jours avant le d\u00e9but d\u2019un stage r\u00e9sidentiel, le participant r\u00e8glera au lieu du stage 50 % du prix de sa pension compl\u00e8te.<\/p>\n<p>En cas d\u2019annulation d\u2019un stage de la part de Reliance Association, le prix de l\u2019animation est rembours\u00e9 par ch\u00e8que ou virement dans les 8 jours suivant l\u2019annulation.<\/p>\n\n<!-- wp:paragraph -->\n<p><strong>Pour le cycle de stages<\/strong><\/p>\n<!-- \/wp:paragraph -->\n\n<!-- wp:paragraph -->\n<p>En cas de d\u00e9sistement du stagiaire plus d\u2019un mois avant le d\u00e9but d\u2019un stage, la somme de 120 \u20ac pour un stage de 2 jours, 180 \u20ac pour 3 jours, lui sera rembours\u00e9 dans les 8 jours suivant le d\u00e9sistement. <\/p>\n<!-- \/wp:paragraph -->\n\n<!-- wp:paragraph -->\n<p>En cas de d\u00e9sistement ult\u00e9rieur, le montant du stage est conserv\u00e9 par Reliance Association ; en cas de force majeure justifi\u00e9, il peut \u00e9ventuellement faire l\u2019objet d\u2019un avoir \u00e0 valoir sur une action future dans un d\u00e9lai d\u2019un an \u00e0 compter de la date de l\u2019action qui est l\u2019objet du d\u00e9sistement.<\/p>\n<!-- \/wp:paragraph -->\n\n<!-- wp:paragraph -->\n<p>En cas d\u2019annulation d\u2019un stage de la part de Reliance Association, le prix de l\u2019animation est rembours\u00e9 dans les 8 jours suivant l\u2019annulation, 148 \u20ac pour un stage de 2 jours et 222 \u20ac pour 3 jours.<\/p>\n<!-- \/wp:paragraph -->\n\n<!-- wp:paragraph -->\n<p><strong>ADHESION<\/strong><\/p>\n<!-- \/wp:paragraph -->\n\n<!-- wp:paragraph -->\n<p>L\u2019adh\u00e9sion \u00e0 l\u2019association, d\u2019un montant de 5 \u20ac, est obligatoire pour participer aux activit\u00e9s (\u00e0 l\u2019exception des conf\u00e9rences et des Matin\u00e9es initiation).<\/p>\n<!-- \/wp:paragraph -->\n\n<!-- wp:paragraph -->\n<p>Elle est \u00e0 prendre chaque ann\u00e9e.<\/p>\n<!-- \/wp:paragraph -->\n\n<!-- wp:paragraph -->\n<p>Elle permet de b\u00e9n\u00e9ficier d\u2019une r\u00e9duction de 3 \u20ac sur l\u2019entr\u00e9e aux conf\u00e9rences.<\/p>\n<!-- \/wp:paragraph -->\n\n<!-- wp:heading {\"level\":4} -->\n<h4><strong>POUR LES &nbsp;ETABLISSEMENTS<\/strong><\/h4>\n<!-- \/wp:heading -->\n\n<!-- wp:paragraph -->\n<p><strong>DEFINITIONS<\/strong><\/p>\n<!-- \/wp:paragraph -->\n\n<!-- wp:paragraph -->\n<p><strong>Client :&nbsp;<\/strong>co-contractant de RELIANCE ASSOCIATION<\/p>\n<!-- \/wp:paragraph -->\n\n<!-- wp:paragraph -->\n<p><strong>Formation inter-entreprises :&nbsp;<\/strong>formation sur catalogue r\u00e9alis\u00e9e dans nos locaux ou dans des locaux mis \u00e0 disposition par RELIANCE ASSOCIATION<\/p>\n<!-- \/wp:paragraph -->\n\n<!-- wp:paragraph -->\n<p>- Parcours \u00e0 la carte individuel<\/p>\n<!-- \/wp:paragraph -->\n\n<!-- wp:paragraph -->\n<p>- Parcours de formation compos\u00e9 de plusieurs stages inter-entreprises issus du catalogue au libre choix du Client<\/p>\n<!-- \/wp:paragraph -->\n\n<!-- wp:paragraph -->\n<p><strong>Formation intra-entreprise :<\/strong><\/p>\n<!-- \/wp:paragraph -->\n\n<!-- wp:paragraph -->\n<p>Formation r\u00e9alis\u00e9e sur mesure pour le compte d\u2019un Client, r\u00e9alis\u00e9e dans nos locaux, dans les locaux du Client ou dans des locaux mis \u00e0 la disposition par le Client ou par RELIANCE &nbsp;ASSOCIATION<\/p>\n<!-- \/wp:paragraph -->\n\n<!-- wp:paragraph -->\n<p><strong>OBJET ET CHAMP D\u2019APPLICATION&nbsp;<\/strong><\/p>\n<!-- \/wp:paragraph -->\n\n<!-- wp:paragraph -->\n<p>Toute commande de formation implique l\u2019acceptation sans r\u00e9serve par le Client et son adh\u00e9sion pleine et enti\u00e8re aux pr\u00e9sentes conditions g\u00e9n\u00e9rales de vente qui pr\u00e9valent sur tout autre document<\/p>\n<!-- \/wp:paragraph -->\n\n<!-- wp:paragraph -->\n<p><strong>DOCUMENTS CONTRACTUELS&nbsp;<\/strong><\/p>\n<!-- \/wp:paragraph -->\n\n<!-- wp:paragraph -->\n<p>Pour les actions entrant dans le cadre de la formation continue, RELIANCE ASSOCIATION fait parvenir au Client une convention de formation professionnelle continue \u00e9tablie selon les articles L6353-1 et L6353-2 du Code du travail. Le Client s\u2019engage \u00e0 retourner dans les plus brefs d\u00e9lais \u00e0 RELIANCE ASSOCIATION un exemplaire sign\u00e9 et portant son cachet commercial.<\/p>\n<!-- \/wp:paragraph -->\n\n<!-- wp:paragraph -->\n<p>Pour les actions hors formation continue, RELIANCE ASSOCIATION fait parvenir au Client un contrat de prestation. Le Client s\u2019engage \u00e0 retourner dans les plus brefs d\u00e9lais \u00e0 RELIANCE ASSOCIATION un exemplaire sign\u00e9 et portant son cachet commercial.<\/p>\n<!-- \/wp:paragraph -->\n\n<!-- wp:paragraph -->\n<p><strong>CONDITIONS FINANCIERES ET REGLEMENT<\/strong><\/p>\n<!-- \/wp:paragraph -->\n\n<!-- wp:paragraph -->\n<p>Tous nos prix sont indiqu\u00e9s en euros. Nos prestations sont r\u00e9alis\u00e9es dans le cadre d\u2019une association sans but lucratif et donc exon\u00e9r\u00e9es de TVA. Toute formation commenc\u00e9e est due en entier.<\/p>\n<!-- \/wp:paragraph -->\n\n<!-- wp:paragraph -->\n<p>Les factures sont payables en euros, \u00e0 r\u00e9ception de facture, sans escompte, par virement ou ch\u00e8que \u00e0 l\u2019ordre de RELIANCE ASSOCIATION.<\/p>\n<!-- \/wp:paragraph -->\n\n<!-- wp:paragraph -->\n<p>Toute somme non pay\u00e9e \u00e0 l\u2019\u00e9ch\u00e9ance donnera lieu au paiement par le Client de p\u00e9nalit\u00e9s de retard au taux d\u2019int\u00e9r\u00eat appliqu\u00e9 par la Banque centrale europ\u00e9enne \u00e0 son op\u00e9ration de refinancement la plus r\u00e9cente, major\u00e9 de 10 points de pourcentage.<\/p>\n<!-- \/wp:paragraph -->\n\n<!-- wp:paragraph -->\n<p>Ces p\u00e9nalit\u00e9s sont exigibles de plein droit, d\u00e8s r\u00e9ception de l\u2019avis informant le Client qu\u2019elles ont \u00e9t\u00e9 port\u00e9es \u00e0 son d\u00e9bit.<\/p>\n<!-- \/wp:paragraph -->\n\n<!-- wp:paragraph -->\n<p>Outre les p\u00e9nalit\u00e9s constat\u00e9es en cas de retard de paiement, le Client sera redevable d\u2019une indemnit\u00e9 forfaitaire de 40 \u20ac pour frais de recouvrement conform\u00e9ment aux articles L441-6 c. com. et D. 441-5 c. com. RELIANCE ASSOCIATION se r\u00e9serve n\u00e9anmoins le droit de r\u00e9clamer une indemnisation compl\u00e9mentaire, sur justification, lorsque les frais r\u00e9ellement expos\u00e9s sont sup\u00e9rieurs \u00e0 ce montant.<\/p>\n<!-- \/wp:paragraph -->\n\n<!-- wp:paragraph -->\n<p>En cas de non-paiement int\u00e9gral d\u2019une facture venue \u00e0 \u00e9ch\u00e9ance, apr\u00e8s mise en demeure rest\u00e9e sans effet dans les 5 jours ouvrables, RELIANCE ASSOCIATION se r\u00e9serve la facult\u00e9 de suspendre toute formation en cours et \/ou \u00e0 venir.<\/p>\n<!-- \/wp:paragraph -->\n\n<!-- wp:paragraph -->\n<p><strong>- Formation inter-entreprises :<\/strong><\/p>\n<!-- \/wp:paragraph -->\n\n<!-- wp:paragraph -->\n<p>Le r\u00e8glement du prix de la formation est \u00e0 effectuer \u00e0 l\u2019issue de la formation.<\/p>\n<!-- \/wp:paragraph -->\n\n<!-- wp:paragraph -->\n<p>En cas de parcours long, des facturations interm\u00e9diaires peuvent \u00eatre engag\u00e9es.<\/p>\n<!-- \/wp:paragraph -->\n\n<!-- wp:paragraph -->\n<p><strong>- Formation intra-entreprises :<\/strong><\/p>\n<!-- \/wp:paragraph -->\n\n<!-- wp:paragraph -->\n<p>Une proposition commerciale et financi\u00e8re sera pr\u00e9alablement \u00e9tablie par RELIANCE ASSOCIATION.<\/p>\n<!-- \/wp:paragraph -->\n\n<!-- wp:paragraph -->\n<p>Le r\u00e8glement du prix de la formation est \u00e0 effectuer \u00e0 l\u2019issue de la formation.<\/p>\n<!-- \/wp:paragraph -->\n\n<!-- wp:paragraph -->\n<p>En cas de formation en plusieurs modules, des facturations interm\u00e9diaires peuvent \u00eatre engag\u00e9es.<\/p>\n<!-- \/wp:paragraph -->\n\n<!-- wp:paragraph -->\n<p><strong>REGLEMENT PAR UN OPCO<\/strong><\/p>\n<!-- \/wp:paragraph -->\n\n<!-- wp:paragraph -->\n<p>Si le Client souhaite que le r\u00e8glement soit \u00e9mis par l\u2019OPCO dont il d\u00e9pend, il lui appartient :<\/p>\n<!-- \/wp:paragraph -->\n\n<!-- wp:paragraph -->\n<p>- de faire une demande de prise en charge avant le d\u00e9but de la formation et de s\u2019assurer de la bonne fin de cette demande ;<\/p>\n<!-- \/wp:paragraph -->\n\n<!-- wp:paragraph -->\n<p>- de l\u2019indiquer explicitement sur le formulaire d\u2019inscription ou sur son bon de commande ;<\/p>\n<!-- \/wp:paragraph -->\n\n<!-- wp:paragraph -->\n<p>- de s\u2019assurer de la bonne fin du paiement par l\u2019OPCO qu\u2019il aura d\u00e9sign\u00e9.<\/p>\n<!-- \/wp:paragraph -->\n\n<!-- wp:paragraph -->\n<p>Si l\u2019OPCA ne prend en charge que partiellement le co\u00fbt de la formation, le reliquat sera factur\u00e9 au Client.<\/p>\n<!-- \/wp:paragraph -->\n\n<!-- wp:paragraph -->\n<p>Si RELIANCE ASSOCIATION n\u2019a pas re\u00e7u la prise en charge de l\u2019OPCO au 1er jour de la formation, le Client sera factur\u00e9 de l\u2019int\u00e9gralit\u00e9 du co\u00fbt du stage.<\/p>\n<!-- \/wp:paragraph -->\n\n<!-- wp:paragraph -->\n<p>En cas de non-paiement par l\u2019OPCO, pour quelque motif que ce soit, le Client sera redevable de l\u2019int\u00e9gralit\u00e9 du co\u00fbt de la formation et sera factur\u00e9 du montant correspondant.<\/p>\n<!-- \/wp:paragraph -->\n\n<!-- wp:paragraph -->\n<p><strong>OUVERTURE D\u2019UNE SESSION DE FORMATION<\/strong><\/p>\n<!-- \/wp:paragraph -->\n\n<!-- wp:paragraph -->\n<p><strong>Formation inter-entreprises :<\/strong><\/p>\n<!-- \/wp:paragraph -->\n\n<!-- wp:paragraph -->\n<p>RELIANCE ASSOCIATION se r\u00e9serve la possibilit\u00e9 d\u2019ajourner une session de formation et ce sans indemnit\u00e9s, au plus tard une semaine avant la date pr\u00e9vue, pour des raisons p\u00e9dagogiques.<\/p>\n<!-- \/wp:paragraph -->\n\n<!-- wp:paragraph -->\n<p><strong>REMPLACEMENT D\u2019UN PARTICIPANT<\/strong><\/p>\n<!-- \/wp:paragraph -->\n\n<!-- wp:paragraph -->\n<p>RELIANCE ASSOCIATION offre au Client la possibilit\u00e9 de remplacer un participant sans facturation suppl\u00e9mentaire jusqu\u2019\u00e0 l\u2019ouverture de la session de formation concern\u00e9e. Toute demande de remplacement devra \u00eatre adress\u00e9e par \u00e9crit.<\/p>\n<!-- \/wp:paragraph -->\n\n<!-- wp:paragraph -->\n<p><strong>CONDITIONS D\u2019ANNULATION DES FORMATIONS PAR LE CLIENT<\/strong><\/p>\n<!-- \/wp:paragraph -->\n\n<!-- wp:paragraph -->\n<p>L'inscription est d\u00e9finitive \u00e0 r\u00e9ception de la convention sign\u00e9e par le Client.<\/p>\n<!-- \/wp:paragraph -->\n\n<!-- wp:paragraph -->\n<p>Toute annulation par le Client doit \u00eatre communiqu\u00e9e par \u00e9crit.<\/p>\n<!-- \/wp:paragraph -->\n\n<!-- wp:paragraph -->\n<p><strong>- Formation inter-entreprises :&nbsp;<\/strong><\/p>\n<!-- \/wp:paragraph -->\n\n<!-- wp:paragraph -->\n<p>Toute annulation par le client plus de 30 jours avant le d\u00e9but de la formation donnera lieu au paiement de 20% du co\u00fbt total.<\/p>\n<!-- \/wp:paragraph -->\n\n<!-- wp:paragraph -->\n<p>Pour toute annulation moins de 30 jours ouvrables avant le d\u00e9but de la formation, le montant de la formation restera imm\u00e9diatement exigible \u00e0 titre d\u2019indemnit\u00e9 forfaitaire.<\/p>\n<!-- \/wp:paragraph -->\n\n<!-- wp:paragraph -->\n<p>Les absences \u00e0 une session ou abandons ne donnent pas lieu \u00e0 une r\u00e9duction des prix, la formation engag\u00e9e \u00e9tant due, conform\u00e9ment aux dispositions de l\u2019article L 920-9 du Code du Travail. Les absences justifi\u00e9es par un arr\u00eat de travail pourront donner lieu, apr\u00e8s concertation avec le client, \u00e0 un avoir.<\/p>\n<!-- \/wp:paragraph -->\n\n<!-- wp:paragraph -->\n<p><strong>- Cycle et Parcours inter-entreprises :&nbsp;<\/strong><\/p>\n<!-- \/wp:paragraph -->\n\n<!-- wp:paragraph -->\n<p>Pour toute annulation, moins de 30 jours ouvrables avant le d\u00e9but du cycle ou du 1er stage du parcours, 50% du montant de la formation restera imm\u00e9diatement exigible \u00e0 titre d\u2019indemnit\u00e9 forfaitaire.<\/p>\n<!-- \/wp:paragraph -->\n\n<!-- wp:paragraph -->\n<p><strong>- Formation intra-entreprise :&nbsp;<\/strong><\/p>\n<!-- \/wp:paragraph -->\n\n<!-- wp:paragraph -->\n<p>L'annulation par le client doit \u00eatre notifi\u00e9e \u00e0 RELIANCE ASSOCIATION par lettre recommand\u00e9e. Toute annulation plus de 30 jours avant le d\u00e9but de la formation donnera lieu au paiement de 20% du co\u00fbt total, repr\u00e9sentant les frais engag\u00e9s pour la mise en place de l'action de formation. En cas d'annulation moins de 30 jours avant le d\u00e9but de la formation, celle-ci est due en totalit\u00e9.<\/p>\n<!-- \/wp:paragraph -->\n\n<!-- wp:paragraph -->\n<p><strong>REFUS DE COMMANDE&nbsp;<\/strong><\/p>\n<!-- \/wp:paragraph -->\n\n<!-- wp:paragraph -->\n<p>Dans le cas o\u00f9 un Client passerait une commande \u00e0 RELIANCE ASSOCIATION, sans avoir proc\u00e9d\u00e9 au paiement de la (des) commande(s) pr\u00e9c\u00e9dente(s), RELIANCE ASSOCIATION &nbsp;pourra refuser d\u2019honorer la commande et de d\u00e9livrer les formations concern\u00e9es, sans que le Client puisse pr\u00e9tendre \u00e0 une quelconque indemnit\u00e9, pour quelque raison que ce soit.<\/p>\n<!-- \/wp:paragraph -->\n\n<!-- wp:paragraph -->\n<p><strong>INFORMATIQUE ET LIBERTES&nbsp;<\/strong><\/p>\n<!-- \/wp:paragraph -->\n\n<!-- wp:paragraph -->\n<p>Le Client est inform\u00e9 que les informations \u00e0 caract\u00e8re personnel qui sont communiqu\u00e9es \u00e0 RELIANCE ASSOCIATION en application et dans l\u2019ex\u00e9cution des commandes et\/ou ventes pourront \u00eatre communiqu\u00e9es aux partenaires contractuels de RELIANCE ASSOCIATION pour les besoins des dites commandes.<\/p>\n<!-- \/wp:paragraph -->\n\n<!-- wp:paragraph -->\n<p>Conform\u00e9ment \u00e0 la loi n\u00b078-17 du 6 janvier 1978, dite Loi Informatique et Libert\u00e9s, mise \u00e0 jour par la loi du 6 ao\u00fbt 2004, le Client dispose d\u2019un droit d\u2019acc\u00e8s, de rectification et d\u2019opposition aux donn\u00e9es personnelles le concernant. Ce droit est exer\u00e7able en faisant une demande par e-mail ou par courrier adress\u00e9 \u00e0 RELIANCE ASSOCIATION.<\/p>\n<!-- \/wp:paragraph -->\n\n<!-- wp:paragraph -->\n<p><strong>PROPRIETE INTELLECTUELLE<\/strong><\/p>\n<!-- \/wp:paragraph -->\n\n<!-- wp:paragraph -->\n<p>Les droits de reproduction, d\u2019utilisation, de diffusion, d\u2019adaptation, de modification, d\u2019exploitation des supports de formation &nbsp;restent la propri\u00e9t\u00e9 exclusive de RELIANCE ASSOCIATION et ne peuvent donc pas \u00eatre c\u00e9d\u00e9s au Client.<\/p>\n<!-- \/wp:paragraph -->\n\n<!-- wp:paragraph -->\n<p><strong>RESPONSABILITE<\/strong><\/p>\n<!-- \/wp:paragraph -->\n\n<!-- wp:paragraph -->\n<p>RELIANCE ASSOCIATION pourra \u00eatre tenu responsable de tout dommage direct subi par le Client et r\u00e9sultant de l\u2019ex\u00e9cution des actions de formation.<\/p>\n<!-- \/wp:paragraph -->\n\n<!-- wp:paragraph -->\n<p>L\u2019indemnit\u00e9 due au Client, en r\u00e9paration de son pr\u00e9judice, ne pourra d\u00e9passer le montant correspondant aux sommes vers\u00e9es par le Client \u00e0 RELIANCE ASSOCIATION au titre de l\u2019ann\u00e9e civile pendant laquelle le dommage a eu lieu.<\/p>\n<!-- \/wp:paragraph -->\n\n<!-- wp:paragraph -->\n<p><strong>CONFIDENTIALITE<\/strong><\/p>\n<!-- \/wp:paragraph -->\n\n<!-- wp:paragraph -->\n<p>Toutes informations (hors celles accessibles au public) dont RELIANCE ASSOCIATION ou le Client aura eu connaissance ou qui auront \u00e9t\u00e9 communiqu\u00e9es par l\u2019autre partie ou par un client un tiers, ant\u00e9rieurement ou durant l\u2019ex\u00e9cution du contrat, sont strictement confidentielles et chacune des parties s\u2019interdit de les divulguer.<\/p>\n<!-- \/wp:paragraph -->\n\n<!-- wp:paragraph -->\n<p>Pour les besoins de l\u2019ex\u00e9cution des prestations, chacune des parties n\u2019est autoris\u00e9e \u00e0 communiquer les informations susvis\u00e9es qu\u2019\u00e0 ses pr\u00e9pos\u00e9s et\/ou \u00e9ventuels sous-traitants autoris\u00e9s ; chacune des parties se porte fort du respect de cette obligation par ses pr\u00e9pos\u00e9s et\/ou \u00e9ventuels sous-traitants. Chacune des parties s\u2019engage \u00e0 restituer (ou d\u00e9truire, au choix de l\u2019autre partie) lesdites informations ainsi que leur copie, dans les 5 jours ouvr\u00e9s apr\u00e8s le terme ou la r\u00e9siliation du contrat ou du bon de commande, sur simple demande de l\u2019autre partie. La pr\u00e9sente clause autorise RELIANCE ASSOCIATION \u00e0 communiquer les informations au sein du Groupe RELIANCE ASSOCIATION. Les parties seront li\u00e9es par la pr\u00e9sente obligation de confidentialit\u00e9 pendant une dur\u00e9e de deux ans \u00e0 compter de la cessation de leurs relations contractuelles<\/p>\n<!-- \/wp:paragraph -->\n\n<!-- wp:paragraph -->\n<p><strong>COMMUNICATION&nbsp;<\/strong><\/p>\n<!-- \/wp:paragraph -->\n\n<!-- wp:paragraph -->\n<p>Le Client autorise express\u00e9ment RELIANCE ASSOCIATION \u00e0 mentionner son nom, son logo et \u00e0 faire mention \u00e0 titre de r\u00e9f\u00e9rences de la souscription \u00e0 une commande et de toute op\u00e9ration d\u00e9coulant de son application dans l\u2019ensemble de leurs documents commerciaux.<\/p>\n<!-- \/wp:paragraph -->\n\n<!-- wp:paragraph -->\n<p><strong>RENONCIATION&nbsp;<\/strong><\/p>\n<!-- \/wp:paragraph -->\n\n<!-- wp:paragraph -->\n<p>Le fait pour RELIANCE ASSOCIATION de ne pas se pr\u00e9valoir \u00e0 un moment donn\u00e9 de l\u2019une quelconque des clauses des pr\u00e9sentes, ne peut valoir renonciation \u00e0 se pr\u00e9valoir ult\u00e9rieurement de ces m\u00eames clauses.<\/p>\n<!-- \/wp:paragraph -->\n\n<!-- wp:paragraph -->\n<p><strong>LOI APPLICABLE&nbsp;<\/strong><\/p>\n<!-- \/wp:paragraph -->\n\n<!-- wp:paragraph -->\n<p>Les Conditions G\u00e9n\u00e9rales et tous les rapports entre RELIANCE ASSOCIATION et ses Clients rel\u00e8vent de la Loi fran\u00e7aise.<\/p>\n<!-- \/wp:paragraph -->\n\n<!-- wp:paragraph -->\n<p><strong>ATTRIBUTION DE COMPETENCES&nbsp;<\/strong><\/p>\n<!-- \/wp:paragraph -->\n\n<!-- wp:paragraph -->\n<p>Tous litiges qui ne pourraient \u00eatre r\u00e9gl\u00e9s \u00e0 l\u2019amiable seront de la COMPETENCE EXCLUSIVE DU TRIBUNAL DE COMMERCE DE GRENOBLE &nbsp;quel que soit le si\u00e8ge ou la r\u00e9sidence du Client, nonobstant pluralit\u00e9 de d\u00e9fendeurs ou appel en garantie.<\/p>\n<!-- \/wp:paragraph -->\n\n<!-- wp:paragraph -->\n<p>Cette clause attributive de comp\u00e9tence ne s\u2019appliquera pas au cas de litige avec un Client non professionnel pour lequel les r\u00e8gles l\u00e9gales de comp\u00e9tence mat\u00e9rielle et g\u00e9ographique s\u2019appliqueront. La pr\u00e9sente clause est stipul\u00e9e dans l\u2019int\u00e9r\u00eat de la soci\u00e9t\u00e9 RELIANCE ASSOCIATION qui se r\u00e9serve le droit d\u2019y renoncer si bon lui semble.<\/p>\n<!-- \/wp:paragraph -->\n\n<!-- wp:paragraph -->\n<p><strong>ELECTION DE DOMICILE&nbsp;<\/strong><\/p>\n<!-- \/wp:paragraph -->\n\n<!-- wp:paragraph -->\n<p>L\u2019\u00e9lection de domicile est faite par RELIANCE ASSOCIATION \u00e0 son si\u00e8ge social au 14 avenue Victor HUGO 38130 ECHIROLLES.<\/p>\n<!-- \/wp:paragraph -->","_et_gb_content_width":"","footnotes":""},"class_list":["post-2784","page","type-page","status-publish","hentry"],"yoast_head":"<!-- This site is optimized with the Yoast SEO plugin v25.8 - https:\/\/yoast.com\/wordpress\/plugins\/seo\/ -->\n<title>Conditions g\u00e9n\u00e9rales de vente - Am\u00e9liorer ses relations et cheminer vers le meilleur de soi<\/title>\n<meta name=\"robots\" content=\"noindex, nofollow\" \/>\n<meta property=\"og:locale\" content=\"fr_FR\" \/>\n<meta property=\"og:type\" content=\"article\" \/>\n<meta property=\"og:title\" content=\"Conditions g\u00e9n\u00e9rales de vente - Am\u00e9liorer ses relations et cheminer vers le meilleur de soi\" \/>\n<meta property=\"og:description\" content=\"Reliance AssociationPOUR LES PARTICULIERS A l\u2019exception des conf\u00e9rences, il est demand\u00e9 de s\u2019inscrire aux activit\u00e9s en r\u00e9glant en ligne sur notre site internet www.centrereliance.fr et de b\u00e9n\u00e9ficier ainsi d\u2019un prix pr\u00e9f\u00e9rentiel. Pour une inscription sur place ou par courrier, une majoration de 10% de frais de gestion est appliqu\u00e9e. Les prix indiqu\u00e9s sont applicables pour [&hellip;]\" \/>\n<meta property=\"og:url\" content=\"https:\/\/centrereliance.fr\/association\/conditions-generales-de-vente\/\" \/>\n<meta property=\"og:site_name\" content=\"Am\u00e9liorer ses relations et cheminer vers le meilleur de soi\" \/>\n<meta property=\"article:publisher\" content=\"https:\/\/www.facebook.com\/Reliance-Association-318815031580269\/\" \/>\n<meta property=\"article:modified_time\" content=\"2025-08-31T13:25:13+00:00\" \/>\n<meta name=\"twitter:card\" content=\"summary_large_image\" \/>\n<meta name=\"twitter:label1\" content=\"Dur\u00e9e de lecture estim\u00e9e\" \/>\n\t<meta name=\"twitter:data1\" content=\"11 minutes\" \/>\n<script type=\"application\/ld+json\" class=\"yoast-schema-graph\">{\"@context\":\"https:\/\/schema.org\",\"@graph\":[{\"@type\":\"WebPage\",\"@id\":\"https:\/\/centrereliance.fr\/association\/conditions-generales-de-vente\/\",\"url\":\"https:\/\/centrereliance.fr\/association\/conditions-generales-de-vente\/\",\"name\":\"Conditions g\u00e9n\u00e9rales de vente - Am\u00e9liorer ses relations et cheminer vers le meilleur de soi\",\"isPartOf\":{\"@id\":\"https:\/\/centrereliance.fr\/association\/#website\"},\"datePublished\":\"2020-02-19T08:01:32+00:00\",\"dateModified\":\"2025-08-31T13:25:13+00:00\",\"breadcrumb\":{\"@id\":\"https:\/\/centrereliance.fr\/association\/conditions-generales-de-vente\/#breadcrumb\"},\"inLanguage\":\"fr-FR\",\"potentialAction\":[{\"@type\":\"ReadAction\",\"target\":[\"https:\/\/centrereliance.fr\/association\/conditions-generales-de-vente\/\"]}]},{\"@type\":\"BreadcrumbList\",\"@id\":\"https:\/\/centrereliance.fr\/association\/conditions-generales-de-vente\/#breadcrumb\",\"itemListElement\":[{\"@type\":\"ListItem\",\"position\":1,\"name\":\"Accueil\",\"item\":\"https:\/\/centrereliance.fr\/association\/\"},{\"@type\":\"ListItem\",\"position\":2,\"name\":\"Conditions g\u00e9n\u00e9rales de vente\"}]},{\"@type\":\"WebSite\",\"@id\":\"https:\/\/centrereliance.fr\/association\/#website\",\"url\":\"https:\/\/centrereliance.fr\/association\/\",\"name\":\"Am\u00e9liorer ses relations et cheminer vers le meilleur de soi\",\"description\":\"Nos actions \u00e0 destination des particuliers\",\"publisher\":{\"@id\":\"https:\/\/centrereliance.fr\/association\/#organization\"},\"potentialAction\":[{\"@type\":\"SearchAction\",\"target\":{\"@type\":\"EntryPoint\",\"urlTemplate\":\"https:\/\/centrereliance.fr\/association\/?s={search_term_string}\"},\"query-input\":{\"@type\":\"PropertyValueSpecification\",\"valueRequired\":true,\"valueName\":\"search_term_string\"}}],\"inLanguage\":\"fr-FR\"},{\"@type\":\"Organization\",\"@id\":\"https:\/\/centrereliance.fr\/association\/#organization\",\"name\":\"Reliance ASSOCIATION\",\"url\":\"https:\/\/centrereliance.fr\/association\/\",\"logo\":{\"@type\":\"ImageObject\",\"inLanguage\":\"fr-FR\",\"@id\":\"https:\/\/centrereliance.fr\/association\/#\/schema\/logo\/image\/\",\"url\":\"https:\/\/centrereliance.fr\/association\/wp-content\/uploads\/sites\/2\/2016\/10\/Logo-SARL-e1476290643249.jpg\",\"contentUrl\":\"https:\/\/centrereliance.fr\/association\/wp-content\/uploads\/sites\/2\/2016\/10\/Logo-SARL-e1476290643249.jpg\",\"width\":101,\"height\":110,\"caption\":\"Reliance ASSOCIATION\"},\"image\":{\"@id\":\"https:\/\/centrereliance.fr\/association\/#\/schema\/logo\/image\/\"},\"sameAs\":[\"https:\/\/www.facebook.com\/Reliance-Association-318815031580269\/\",\"https:\/\/www.linkedin.com\/company-beta\/16261855\"]}]}<\/script>\n<!-- \/ Yoast SEO plugin. -->","yoast_head_json":{"title":"Conditions g\u00e9n\u00e9rales de vente - Am\u00e9liorer ses relations et cheminer vers le meilleur de soi","robots":{"index":"noindex","follow":"nofollow"},"og_locale":"fr_FR","og_type":"article","og_title":"Conditions g\u00e9n\u00e9rales de vente - Am\u00e9liorer ses relations et cheminer vers le meilleur de soi","og_description":"Reliance AssociationPOUR LES PARTICULIERS A l\u2019exception des conf\u00e9rences, il est demand\u00e9 de s\u2019inscrire aux activit\u00e9s en r\u00e9glant en ligne sur notre site internet www.centrereliance.fr et de b\u00e9n\u00e9ficier ainsi d\u2019un prix pr\u00e9f\u00e9rentiel. Pour une inscription sur place ou par courrier, une majoration de 10% de frais de gestion est appliqu\u00e9e. Les prix indiqu\u00e9s sont applicables pour [&hellip;]","og_url":"https:\/\/centrereliance.fr\/association\/conditions-generales-de-vente\/","og_site_name":"Am\u00e9liorer ses relations et cheminer vers le meilleur de soi","article_publisher":"https:\/\/www.facebook.com\/Reliance-Association-318815031580269\/","article_modified_time":"2025-08-31T13:25:13+00:00","twitter_card":"summary_large_image","twitter_misc":{"Dur\u00e9e de lecture estim\u00e9e":"11 minutes"},"schema":{"@context":"https:\/\/schema.org","@graph":[{"@type":"WebPage","@id":"https:\/\/centrereliance.fr\/association\/conditions-generales-de-vente\/","url":"https:\/\/centrereliance.fr\/association\/conditions-generales-de-vente\/","name":"Conditions g\u00e9n\u00e9rales de vente - Am\u00e9liorer ses relations et cheminer vers le meilleur de soi","isPartOf":{"@id":"https:\/\/centrereliance.fr\/association\/#website"},"datePublished":"2020-02-19T08:01:32+00:00","dateModified":"2025-08-31T13:25:13+00:00","breadcrumb":{"@id":"https:\/\/centrereliance.fr\/association\/conditions-generales-de-vente\/#breadcrumb"},"inLanguage":"fr-FR","potentialAction":[{"@type":"ReadAction","target":["https:\/\/centrereliance.fr\/association\/conditions-generales-de-vente\/"]}]},{"@type":"BreadcrumbList","@id":"https:\/\/centrereliance.fr\/association\/conditions-generales-de-vente\/#breadcrumb","itemListElement":[{"@type":"ListItem","position":1,"name":"Accueil","item":"https:\/\/centrereliance.fr\/association\/"},{"@type":"ListItem","position":2,"name":"Conditions g\u00e9n\u00e9rales de vente"}]},{"@type":"WebSite","@id":"https:\/\/centrereliance.fr\/association\/#website","url":"https:\/\/centrereliance.fr\/association\/","name":"Am\u00e9liorer ses relations et cheminer vers le meilleur de soi","description":"Nos actions \u00e0 destination des particuliers","publisher":{"@id":"https:\/\/centrereliance.fr\/association\/#organization"},"potentialAction":[{"@type":"SearchAction","target":{"@type":"EntryPoint","urlTemplate":"https:\/\/centrereliance.fr\/association\/?s={search_term_string}"},"query-input":{"@type":"PropertyValueSpecification","valueRequired":true,"valueName":"search_term_string"}}],"inLanguage":"fr-FR"},{"@type":"Organization","@id":"https:\/\/centrereliance.fr\/association\/#organization","name":"Reliance ASSOCIATION","url":"https:\/\/centrereliance.fr\/association\/","logo":{"@type":"ImageObject","inLanguage":"fr-FR","@id":"https:\/\/centrereliance.fr\/association\/#\/schema\/logo\/image\/","url":"https:\/\/centrereliance.fr\/association\/wp-content\/uploads\/sites\/2\/2016\/10\/Logo-SARL-e1476290643249.jpg","contentUrl":"https:\/\/centrereliance.fr\/association\/wp-content\/uploads\/sites\/2\/2016\/10\/Logo-SARL-e1476290643249.jpg","width":101,"height":110,"caption":"Reliance ASSOCIATION"},"image":{"@id":"https:\/\/centrereliance.fr\/association\/#\/schema\/logo\/image\/"},"sameAs":["https:\/\/www.facebook.com\/Reliance-Association-318815031580269\/","https:\/\/www.linkedin.com\/company-beta\/16261855"]}]}},"_links":{"self":[{"href":"https:\/\/centrereliance.fr\/association\/wp-json\/wp\/v2\/pages\/2784","targetHints":{"allow":["GET"]}}],"collection":[{"href":"https:\/\/centrereliance.fr\/association\/wp-json\/wp\/v2\/pages"}],"about":[{"href":"https:\/\/centrereliance.fr\/association\/wp-json\/wp\/v2\/types\/page"}],"author":[{"embeddable":true,"href":"https:\/\/centrereliance.fr\/association\/wp-json\/wp\/v2\/users\/1"}],"replies":[{"embeddable":true,"href":"https:\/\/centrereliance.fr\/association\/wp-json\/wp\/v2\/comments?post=2784"}],"version-history":[{"count":19,"href":"https:\/\/centrereliance.fr\/association\/wp-json\/wp\/v2\/pages\/2784\/revisions"}],"predecessor-version":[{"id":5942,"href":"https:\/\/centrereliance.fr\/association\/wp-json\/wp\/v2\/pages\/2784\/revisions\/5942"}],"wp:attachment":[{"href":"https:\/\/centrereliance.fr\/association\/wp-json\/wp\/v2\/media?parent=2784"}],"curies":[{"name":"wp","href":"https:\/\/api.w.org\/{rel}","templated":true}]}}