{"id":4070,"date":"2025-08-28T22:51:38","date_gmt":"2025-08-28T20:51:38","guid":{"rendered":"https:\/\/centrereliance.fr\/association\/?page_id=4070"},"modified":"2025-09-17T08:36:41","modified_gmt":"2025-09-17T06:36:41","slug":"lequipe","status":"publish","type":"page","link":"https:\/\/centrereliance.fr\/association\/lequipe\/","title":{"rendered":"L&rsquo;\u00e9quipe"},"content":{"rendered":"<p>[et_pb_section fb_built=\u00a0\u00bb1&Prime; _builder_version=\u00a0\u00bb4.27.4&Prime; _module_preset=\u00a0\u00bbdefault\u00a0\u00bb max_width=\u00a0\u00bb1400px\u00a0\u00bb max_width_tablet=\u00a0\u00bb90%\u00a0\u00bb max_width_phone=\u00a0\u00bb90%\u00a0\u00bb max_width_last_edited=\u00a0\u00bbon|tablet\u00a0\u00bb module_alignment=\u00a0\u00bbcenter\u00a0\u00bb custom_margin=\u00a0\u00bb50px||50px||false|false\u00a0\u00bb custom_padding=\u00a0\u00bb20px||20px||false|false\u00a0\u00bb border_radii=\u00a0\u00bbon|15px|15px|15px|15px\u00a0\u00bb border_width_all=\u00a0\u00bb1px\u00a0\u00bb border_color_all=\u00a0\u00bb#F08A2E\u00a0\u00bb global_colors_info=\u00a0\u00bb{}\u00a0\u00bb][et_pb_row _builder_version=\u00a0\u00bb4.20.0&Prime; _module_preset=\u00a0\u00bbdefault\u00a0\u00bb global_colors_info=\u00a0\u00bb{}\u00a0\u00bb][et_pb_column type=\u00a0\u00bb4_4&Prime; _builder_version=\u00a0\u00bb4.20.0&Prime; _module_preset=\u00a0\u00bbdefault\u00a0\u00bb global_colors_info=\u00a0\u00bb{}\u00a0\u00bb][et_pb_icon font_icon=\u00a0\u00bb&#xf0c0;||fa||900&Prime; icon_width=\u00a0\u00bb50px\u00a0\u00bb _builder_version=\u00a0\u00bb4.25.1&Prime; _module_preset=\u00a0\u00bbdefault\u00a0\u00bb global_colors_info=\u00a0\u00bb{}\u00a0\u00bb][\/et_pb_icon][et_pb_text _builder_version=\u00a0\u00bb4.22.1&Prime; _module_preset=\u00a0\u00bbdefault\u00a0\u00bb header_font=\u00a0\u00bb|||on|||||\u00a0\u00bb header_text_align=\u00a0\u00bbcenter\u00a0\u00bb global_colors_info=\u00a0\u00bb{}\u00a0\u00bb]<\/p>\n<h1>L&rsquo;\u00e9quipe de l&rsquo;association<\/h1>\n<p>[\/et_pb_text][\/et_pb_column][\/et_pb_row][et_pb_row _builder_version=\u00a0\u00bb4.21.0&Prime; _module_preset=\u00a0\u00bbdefault\u00a0\u00bb width=\u00a0\u00bb90%\u00a0\u00bb global_colors_info=\u00a0\u00bb{}\u00a0\u00bb][et_pb_column type=\u00a0\u00bb4_4&Prime; _builder_version=\u00a0\u00bb4.20.0&Prime; _module_preset=\u00a0\u00bbdefault\u00a0\u00bb global_colors_info=\u00a0\u00bb{}\u00a0\u00bb][et_pb_text _builder_version=\u00a0\u00bb4.20.1&Prime; _module_preset=\u00a0\u00bbdefault\u00a0\u00bb text_orientation=\u00a0\u00bbjustified\u00a0\u00bb global_colors_info=\u00a0\u00bb{}\u00a0\u00bb]<\/p>\n<p><span>En tant que membre permanent de l\u2019\u00e9quipe ou intervenant plus occasionnel, nous \u00e9changeons r\u00e9guli\u00e8rement sur nos pratiques, notamment \u00e0 travers la supervision, et sur le d\u00e9veloppement des activit\u00e9s propos\u00e9es par\u00a0<\/span><a href=\"https:\/\/centrereliance.fr\/sarl\/\"><span>Reliance<\/span><\/a><span>. Cela garantit pour nos clients une coh\u00e9rence d\u2019approche et une qualit\u00e9 de prestation. Chacun est form\u00e9 en\u00a0<\/span><a href=\"https:\/\/centrereliance.fr\/methode-espere\/\">M\u00e9thode ESPERE\u00ae<\/a><span>\u00a0et\/ou en\u00a0<\/span><a href=\"https:\/\/centrereliance.fr\/resolution-emotionnelle\/\">R\u00e9solution \u00c9motionnelle<\/a><span>\u00a0et poss\u00e8de en plus ses comp\u00e9tences sp\u00e9cifiques. Cette compl\u00e9mentarit\u00e9 constitue pour notre \u00e9quipe un atout majeur et nous permet de d\u00e9ployer \u00e0 chaque instant d\u2019une action les ressources les plus pertinentes.<\/span><\/p>\n<p>[\/et_pb_text][\/et_pb_column][\/et_pb_row][\/et_pb_section][et_pb_section fb_built=\u00a0\u00bb1&Prime; _builder_version=\u00a0\u00bb4.27.4&Prime; _module_preset=\u00a0\u00bbdefault\u00a0\u00bb background_color=\u00a0\u00bbRGBA(255,255,255,0)\u00a0\u00bb max_width=\u00a0\u00bb1400px\u00a0\u00bb max_width_tablet=\u00a0\u00bb90%\u00a0\u00bb max_width_phone=\u00a0\u00bb90%\u00a0\u00bb max_width_last_edited=\u00a0\u00bbon|phone\u00a0\u00bb module_alignment=\u00a0\u00bbcenter\u00a0\u00bb custom_margin=\u00a0\u00bb20px||20px||true|false\u00a0\u00bb custom_padding=\u00a0\u00bb20px|15px|0px|15px|false|true\u00a0\u00bb border_radii=\u00a0\u00bbon|15px|15px|15px|15px\u00a0\u00bb border_width_all=\u00a0\u00bb1px\u00a0\u00bb border_color_all=\u00a0\u00bb#F08A2E\u00a0\u00bb global_colors_info=\u00a0\u00bb{}\u00a0\u00bb][et_pb_row _builder_version=\u00a0\u00bb4.25.1&Prime; _module_preset=\u00a0\u00bbdefault\u00a0\u00bb global_colors_info=\u00a0\u00bb{}\u00a0\u00bb][et_pb_column type=\u00a0\u00bb4_4&Prime; _builder_version=\u00a0\u00bb4.25.1&Prime; _module_preset=\u00a0\u00bbdefault\u00a0\u00bb global_colors_info=\u00a0\u00bb{}\u00a0\u00bb][et_pb_icon font_icon=\u00a0\u00bb&#xf2bb;||fa||400&Prime; icon_width=\u00a0\u00bb50px\u00a0\u00bb _builder_version=\u00a0\u00bb4.25.1&Prime; _module_preset=\u00a0\u00bbdefault\u00a0\u00bb global_colors_info=\u00a0\u00bb{}\u00a0\u00bb][\/et_pb_icon][et_pb_text _builder_version=\u00a0\u00bb4.25.1&Prime; _module_preset=\u00a0\u00bbdefault\u00a0\u00bb header_font=\u00a0\u00bb|||on|||||\u00a0\u00bb header_text_align=\u00a0\u00bbcenter\u00a0\u00bb global_colors_info=\u00a0\u00bb{}\u00a0\u00bb]<\/p>\n<h1>Les membres du bureau<\/h1>\n<p>[\/et_pb_text][\/et_pb_column][\/et_pb_row][et_pb_row column_structure=\u00a0\u00bb1_3,1_3,1_3&Prime; make_equal=\u00a0\u00bbon\u00a0\u00bb _builder_version=\u00a0\u00bb4.25.1&Prime; _module_preset=\u00a0\u00bbdefault\u00a0\u00bb width=\u00a0\u00bb100%\u00a0\u00bb module_alignment=\u00a0\u00bbcenter\u00a0\u00bb custom_margin=\u00a0\u00bb||0px||false|false\u00a0\u00bb custom_padding=\u00a0\u00bb0px|15px|0px|15px|true|true\u00a0\u00bb border_color_all=\u00a0\u00bb#F08A2E\u00a0\u00bb global_colors_info=\u00a0\u00bb{}\u00a0\u00bb][et_pb_column type=\u00a0\u00bb1_3&Prime; _builder_version=\u00a0\u00bb4.22.1&Prime; _module_preset=\u00a0\u00bbdefault\u00a0\u00bb global_colors_info=\u00a0\u00bb{}\u00a0\u00bb][et_pb_team_member name=\u00a0\u00bbNahani Lacassin\u00a0\u00bb position=\u00a0\u00bbPr\u00e9sidente\u00a0\u00bb image_url=\u00a0\u00bbhttps:\/\/centrereliance.fr\/association\/wp-content\/uploads\/sites\/2\/2025\/08\/Nahani-Lacassin_-.jpg\u00a0\u00bb _builder_version=\u00a0\u00bb4.27.4&Prime; _module_preset=\u00a0\u00bbdefault\u00a0\u00bb header_level=\u00a0\u00bbh2&Prime; header_text_align=\u00a0\u00bbcenter\u00a0\u00bb header_text_color=\u00a0\u00bb#f08a2e\u00a0\u00bb header_font_size=\u00a0\u00bb23px\u00a0\u00bb body_text_align=\u00a0\u00bbjustify\u00a0\u00bb body_font_size=\u00a0\u00bb0px\u00a0\u00bb background_color=\u00a0\u00bbRGBA(255,255,255,0)\u00a0\u00bb text_orientation=\u00a0\u00bbcenter\u00a0\u00bb module_alignment=\u00a0\u00bbcenter\u00a0\u00bb animation_style=\u00a0\u00bbfade\u00a0\u00bb hover_enabled=\u00a0\u00bb0&Prime; custom_css_member_image=\u00a0\u00bbmargin: auto;||margin-bottom: 20px;\u00a0\u00bb border_radii_image=\u00a0\u00bbon|50%|50%|50%|50%\u00a0\u00bb box_shadow_style_image=\u00a0\u00bbpreset1&Prime; global_colors_info=\u00a0\u00bb{}\u00a0\u00bb body_font_size__hover=\u00a0\u00bb16px\u00a0\u00bb body_font_size__hover_enabled=\u00a0\u00bbon|hover\u00a0\u00bb position_text_align=\u00a0\u00bbcenter\u00a0\u00bb sticky_enabled=\u00a0\u00bb0&Prime;]<\/p>\n<p style=\"font-weight: 400;\">Formatrice en relation humaine pour l\u2019Organisme de Formation Reliance et formatrice accr\u00e9dit\u00e9e par l\u2019Institut ESPERE International.<\/p>\n<p style=\"font-weight: 400;\">Elle<strong><span>\u00a0<\/span><\/strong>a \u00e9t\u00e9 form\u00e9e en 2018-20 au Centre Reliance comme formatrice en communication relationnelle avec la M\u00e9thode ESPERE\u00ae.<\/p>\n<p style=\"font-weight: 400;\">Juriste de formation, elle a pratiqu\u00e9 durant plus de 10 ans dans le secteur juridique et social, comme juriste puis directrice de l\u2019Association CLCV 38 pendant plus de 5 ans.<\/p>\n<p style=\"font-weight: 400;\">Elle est formatrice en relations humaines dans le milieu professionnel. Elle accompagne \u00e9galement les personnes \u00e0 travers des entretiens individuels, de couple ou parent\/enfant \u00e0 Reliance Association.<\/p>\n<p>[\/et_pb_team_member][\/et_pb_column][et_pb_column type=\u00a0\u00bb1_3&Prime; _builder_version=\u00a0\u00bb4.20.1&Prime; _module_preset=\u00a0\u00bbdefault\u00a0\u00bb global_colors_info=\u00a0\u00bb{}\u00a0\u00bb][et_pb_team_member name=\u00a0\u00bbVal\u00e9rie Le Quellec\u00a0\u00bb position=\u00a0\u00bbTr\u00e9sori\u00e8re\u00a0\u00bb image_url=\u00a0\u00bbhttps:\/\/centrereliance.fr\/association\/wp-content\/uploads\/sites\/2\/2025\/08\/Valerie-Le-Quellec-e1674810394885-1.jpg\u00a0\u00bb _builder_version=\u00a0\u00bb4.25.1&Prime; _module_preset=\u00a0\u00bbdefault\u00a0\u00bb header_level=\u00a0\u00bbh2&Prime; header_text_align=\u00a0\u00bbcenter\u00a0\u00bb header_text_color=\u00a0\u00bb#f08a2e\u00a0\u00bb header_font_size=\u00a0\u00bb23px\u00a0\u00bb body_font_size=\u00a0\u00bb0px\u00a0\u00bb background_color=\u00a0\u00bbRGBA(255,255,255,0)\u00a0\u00bb text_orientation=\u00a0\u00bbcenter\u00a0\u00bb module_alignment=\u00a0\u00bbcenter\u00a0\u00bb animation_style=\u00a0\u00bbfade\u00a0\u00bb custom_css_member_image=\u00a0\u00bbmargin: auto;||margin-bottom: 20px;\u00a0\u00bb border_radii_image=\u00a0\u00bbon|50%|50%|50%|50%\u00a0\u00bb box_shadow_style_image=\u00a0\u00bbpreset1&Prime; global_colors_info=\u00a0\u00bb{}\u00a0\u00bb body_font_size__hover=\u00a0\u00bb16px\u00a0\u00bb body_font_size__hover_enabled=\u00a0\u00bbon|hover\u00a0\u00bb]<\/p>\n<p style=\"text-align: justify;\">Formatrice et psychopraticienne en M\u00e9thode ESPERE\u00ae accr\u00e9dit\u00e9e par l\u2019Institut ESPERE International, Val\u00e9rie Lequellec se forme \u00e0 partir de 1991 avec Jacques Salom\u00e9 puis au Centre Reliance. Apr\u00e8s une vingtaine d\u2019ann\u00e9es en entreprise, elle s\u2019oriente vers la formation et propose des entretiens individuels et des ateliers \u00e0 Reliance Association dont elle est la pr\u00e9sidente.<br \/>Elle est \u00e9galement praticienne certifi\u00e9e en R\u00e9solution \u00e9motionnelle (EmRes).<\/p>\n<p>[\/et_pb_team_member][\/et_pb_column][et_pb_column type=\u00a0\u00bb1_3&Prime; _builder_version=\u00a0\u00bb4.20.1&Prime; _module_preset=\u00a0\u00bbdefault\u00a0\u00bb global_colors_info=\u00a0\u00bb{}\u00a0\u00bb][et_pb_team_member name=\u00a0\u00bbJacques Mar\u00e9chal\u00a0\u00bb position=\u00a0\u00bbSecr\u00e9taire\u00a0\u00bb image_url=\u00a0\u00bbhttps:\/\/centrereliance.fr\/association\/wp-content\/uploads\/sites\/2\/2025\/08\/Jacques-Marechal-e1674816619145-1.jpg\u00a0\u00bb _builder_version=\u00a0\u00bb4.25.1&Prime; _module_preset=\u00a0\u00bbdefault\u00a0\u00bb header_level=\u00a0\u00bbh2&Prime; header_text_align=\u00a0\u00bbcenter\u00a0\u00bb header_text_color=\u00a0\u00bb#f08a2e\u00a0\u00bb header_font_size=\u00a0\u00bb23px\u00a0\u00bb body_font_size=\u00a0\u00bb0px\u00a0\u00bb background_color=\u00a0\u00bbRGBA(255,255,255,0)\u00a0\u00bb text_orientation=\u00a0\u00bbcenter\u00a0\u00bb module_alignment=\u00a0\u00bbcenter\u00a0\u00bb animation_style=\u00a0\u00bbfade\u00a0\u00bb custom_css_member_image=\u00a0\u00bbmargin: auto;||margin-bottom: 20px;\u00a0\u00bb border_radii_image=\u00a0\u00bbon|50%|50%|50%|50%\u00a0\u00bb box_shadow_style_image=\u00a0\u00bbpreset1&Prime; global_colors_info=\u00a0\u00bb{}\u00a0\u00bb body_font_size__hover=\u00a0\u00bb16px\u00a0\u00bb body_font_size__hover_enabled=\u00a0\u00bbon|hover\u00a0\u00bb]<\/p>\n<p style=\"text-align: justify;\">Formateur et psychopraticien en M\u00e9thode ESPERE\u00ae accr\u00e9dit\u00e9 par l\u2019Institut ESPERE International, form\u00e9 au Centre Reliance, Jacques Mar\u00e9chal a exerc\u00e9 pendant 36 ans en entreprise comme orthop\u00e9diste, d\u2019une part en encadrement d\u2019\u00e9quipe, d\u2019autre part en interaction forte avec les patients, les \u00e9quipes m\u00e9dicales, param\u00e9dicales et sociales ainsi qu\u2019avec les familles. Il intervient dans la Dr\u00f4me et l\u2019Ard\u00e8che.<br \/>Il est \u00e9galement praticien certifi\u00e9 en R\u00e9solution \u00e9motionnelle (EmRes).<\/p>\n<p>[\/et_pb_team_member][\/et_pb_column][\/et_pb_row][et_pb_row column_structure=\u00a0\u00bb1_2,1_2&Prime; make_equal=\u00a0\u00bbon\u00a0\u00bb _builder_version=\u00a0\u00bb4.25.1&Prime; _module_preset=\u00a0\u00bbdefault\u00a0\u00bb width=\u00a0\u00bb100%\u00a0\u00bb module_alignment=\u00a0\u00bbcenter\u00a0\u00bb custom_margin=\u00a0\u00bb||0px||false|false\u00a0\u00bb custom_padding=\u00a0\u00bb0px|15px|0px|15px|true|true\u00a0\u00bb border_color_all=\u00a0\u00bb#F08A2E\u00a0\u00bb global_colors_info=\u00a0\u00bb{}\u00a0\u00bb][et_pb_column type=\u00a0\u00bb1_2&Prime; _builder_version=\u00a0\u00bb4.20.1&Prime; _module_preset=\u00a0\u00bbdefault\u00a0\u00bb global_colors_info=\u00a0\u00bb{}\u00a0\u00bb][et_pb_team_member name=\u00a0\u00bbLaurie Luneau\u00a0\u00bb position=\u00a0\u00bbMembre du CA\u00a0\u00bb image_url=\u00a0\u00bbhttps:\/\/centrereliance.fr\/association\/wp-content\/uploads\/sites\/2\/2025\/08\/Laurie_Lunea-.jpg\u00a0\u00bb _builder_version=\u00a0\u00bb4.25.1&Prime; _module_preset=\u00a0\u00bbdefault\u00a0\u00bb header_level=\u00a0\u00bbh2&Prime; header_text_align=\u00a0\u00bbcenter\u00a0\u00bb header_text_color=\u00a0\u00bb#f08a2e\u00a0\u00bb header_font_size=\u00a0\u00bb23px\u00a0\u00bb body_font_size=\u00a0\u00bb0px\u00a0\u00bb background_color=\u00a0\u00bbRGBA(255,255,255,0)\u00a0\u00bb text_orientation=\u00a0\u00bbcenter\u00a0\u00bb module_alignment=\u00a0\u00bbcenter\u00a0\u00bb animation_style=\u00a0\u00bbfade\u00a0\u00bb custom_css_member_image=\u00a0\u00bbmargin: auto;||margin-bottom: 20px;\u00a0\u00bb border_radii_image=\u00a0\u00bbon|50%|50%|50%|50%\u00a0\u00bb box_shadow_style_image=\u00a0\u00bbpreset1&Prime; global_colors_info=\u00a0\u00bb{}\u00a0\u00bb body_font_size__hover=\u00a0\u00bb16px\u00a0\u00bb body_font_size__hover_enabled=\u00a0\u00bbon|hover\u00a0\u00bb]<\/p>\n<p style=\"text-align: justify;\">Laurie est formatrice et praticienne en communication et relations humaines avec la M\u00e9thode ESPERE\u00ae, en cours d\u2019accr\u00e9ditation par l\u2019institut ESPERE International.<br \/>Elle apporte une exp\u00e9rience de plus de 10 ans dans le domaine socioculturel o\u00f9 elle a exerc\u00e9 des fonctions de charg\u00e9e de projet d\u2019action culturelle et de m\u00e9diation avec les publics ainsi que de coordination d\u2019un tiers-lieu associatif port\u00e9 par un collectif de citoyen.e.s.<\/p>\n<p>[\/et_pb_team_member][\/et_pb_column][et_pb_column type=\u00a0\u00bb1_2&Prime; _builder_version=\u00a0\u00bb4.20.1&Prime; _module_preset=\u00a0\u00bbdefault\u00a0\u00bb global_colors_info=\u00a0\u00bb{}\u00a0\u00bb][et_pb_team_member name=\u00a0\u00bbMarina &#8230;\u00a0\u00bb position=\u00a0\u00bbMembre du CA\u00a0\u00bb image_url=\u00a0\u00bbhttps:\/\/centrereliance.fr\/association\/wp-content\/uploads\/sites\/2\/2025\/08\/avis-formation.png\u00a0\u00bb _builder_version=\u00a0\u00bb4.25.1&Prime; _module_preset=\u00a0\u00bbdefault\u00a0\u00bb header_level=\u00a0\u00bbh2&Prime; header_text_align=\u00a0\u00bbcenter\u00a0\u00bb header_text_color=\u00a0\u00bb#f08a2e\u00a0\u00bb header_font_size=\u00a0\u00bb23px\u00a0\u00bb body_font_size=\u00a0\u00bb0px\u00a0\u00bb background_color=\u00a0\u00bbRGBA(255,255,255,0)\u00a0\u00bb text_orientation=\u00a0\u00bbcenter\u00a0\u00bb module_alignment=\u00a0\u00bbcenter\u00a0\u00bb animation_style=\u00a0\u00bbfade\u00a0\u00bb custom_css_member_image=\u00a0\u00bbmargin: auto;||margin-bottom: 20px;\u00a0\u00bb border_radii_image=\u00a0\u00bbon|50%|50%|50%|50%\u00a0\u00bb box_shadow_style_image=\u00a0\u00bbpreset1&Prime; global_colors_info=\u00a0\u00bb{}\u00a0\u00bb body_font_size__hover=\u00a0\u00bb16px\u00a0\u00bb body_font_size__hover_enabled=\u00a0\u00bbon|hover\u00a0\u00bb]<\/p>\n<p style=\"text-align: justify;\">Accenderat super his incitatum propositum ad nocendum aliqua mulier vilis, quae ad palatium ut poposcerat intromissa insidias ei latenter obtendi prodiderat a militibus obscurissimis. quam Constantina exultans ut in tuto iam locata mariti salute muneratam vehiculoque inpositam per regiae ianuas emisit in publicum, ut his inlecebris alios quoque ad indicanda proliceret paria vel maiora.<\/p>\n<p>[\/et_pb_team_member][\/et_pb_column][\/et_pb_row][\/et_pb_section][et_pb_section fb_built=\u00a0\u00bb1&Prime; next_background_color=\u00a0\u00bb#a04000&Prime; _builder_version=\u00a0\u00bb4.25.1&Prime; _module_preset=\u00a0\u00bbdefault\u00a0\u00bb custom_padding=\u00a0\u00bb0px||||false|false\u00a0\u00bb bottom_divider_style=\u00a0\u00bbslant2&Prime; global_colors_info=\u00a0\u00bb{}\u00a0\u00bb][\/et_pb_section]<\/p>\n","protected":false},"excerpt":{"rendered":"<p>L&rsquo;\u00e9quipe de l&rsquo;associationEn tant que membre permanent de l\u2019\u00e9quipe ou intervenant plus occasionnel, nous \u00e9changeons r\u00e9guli\u00e8rement sur nos pratiques, notamment \u00e0 travers la supervision, et sur le d\u00e9veloppement des activit\u00e9s propos\u00e9es par\u00a0Reliance. Cela garantit pour nos clients une coh\u00e9rence d\u2019approche et une qualit\u00e9 de prestation. Chacun est form\u00e9 en\u00a0M\u00e9thode ESPERE\u00ae\u00a0et\/ou en\u00a0R\u00e9solution \u00c9motionnelle\u00a0et poss\u00e8de en plus [&hellip;]<\/p>\n","protected":false},"author":1,"featured_media":0,"parent":0,"menu_order":0,"comment_status":"closed","ping_status":"closed","template":"","meta":{"_et_pb_use_builder":"on","_et_pb_old_content":"<p>Nous sommes une \u00e9quipe d\u2019hommes et de femmes\u00a0:<\/p>\n<p>- form\u00e9\u00b7es \u00e0 la M\u00e9thode ESPERE\u00ae<\/p>\n<p>- exp\u00e9riment\u00e9\u00b7es dans l\u2019accompagnement individuel et en groupe<\/p>\n<p>- supervis\u00e9\u00b7es dans le cadre de l\u2019Institut ESPERE International<\/p>\n<p>et nous sommes surtout enthousiastes et chaleureux pour vous accueillir et vous accompagner !<\/p>\n<p>\u00a0Chacun\u00b7e est form\u00e9\u00b7e en <a href=\"https:\/\/centrereliance.fr\/methode-espere\/\" target=\"_blank\" rel=\"noopener\">M\u00e9thode ESPERE\u00ae<\/a> et\/ou en <a href=\"https:\/\/centrereliance.fr\/resolution-emotionnelle\/\" target=\"_blank\" rel=\"noopener\">R\u00e9solution \u00c9motionnelle<\/a> et poss\u00e8de en plus ses comp\u00e9tences sp\u00e9cifiques.<\/p>\n<p>Pour faire plus ample connaissance avec les intervenante\u00b7s, nous vous invitons \u00e0 cliquer sur les photos.<\/p>\n<p>[abcf-staff-list id=\"154\"]<\/p>\n\n<!-- wp:paragraph -->\n<p><\/p>\n<!-- \/wp:paragraph -->","_et_gb_content_width":"","footnotes":""},"class_list":["post-4070","page","type-page","status-publish","hentry"],"yoast_head":"<!-- This site is optimized with the Yoast SEO plugin v25.8 - https:\/\/yoast.com\/wordpress\/plugins\/seo\/ -->\n<title>L&#039;\u00e9quipe - Am\u00e9liorer ses relations et cheminer vers le meilleur de soi<\/title>\n<meta name=\"description\" content=\"Les membres de l&#039;\u00e9quipe de Reliance Association garantissent une qualit\u00e9 de prestation gr\u00e2ce \u00e0 la compl\u00e9mentarit\u00e9 de leurs talents.\" \/>\n<meta name=\"robots\" content=\"index, follow, max-snippet:-1, max-image-preview:large, max-video-preview:-1\" \/>\n<link rel=\"canonical\" href=\"https:\/\/centrereliance.fr\/association\/lequipe\/\" \/>\n<meta property=\"og:locale\" content=\"fr_FR\" \/>\n<meta property=\"og:type\" content=\"article\" \/>\n<meta property=\"og:title\" content=\"L&#039;\u00e9quipe - Am\u00e9liorer ses relations et cheminer vers le meilleur de soi\" \/>\n<meta property=\"og:description\" content=\"Les membres de l&#039;\u00e9quipe de Reliance Association garantissent une qualit\u00e9 de prestation gr\u00e2ce \u00e0 la compl\u00e9mentarit\u00e9 de leurs talents.\" \/>\n<meta property=\"og:url\" content=\"https:\/\/centrereliance.fr\/association\/lequipe\/\" \/>\n<meta property=\"og:site_name\" content=\"Am\u00e9liorer ses relations et cheminer vers le meilleur de soi\" \/>\n<meta property=\"article:publisher\" content=\"https:\/\/www.facebook.com\/Reliance-Association-318815031580269\/\" \/>\n<meta property=\"article:modified_time\" content=\"2025-09-17T06:36:41+00:00\" \/>\n<meta name=\"twitter:card\" content=\"summary_large_image\" \/>\n<meta name=\"twitter:label1\" content=\"Dur\u00e9e de lecture estim\u00e9e\" \/>\n\t<meta name=\"twitter:data1\" content=\"1 minute\" \/>\n<script type=\"application\/ld+json\" class=\"yoast-schema-graph\">{\"@context\":\"https:\/\/schema.org\",\"@graph\":[{\"@type\":\"WebPage\",\"@id\":\"https:\/\/centrereliance.fr\/association\/lequipe\/\",\"url\":\"https:\/\/centrereliance.fr\/association\/lequipe\/\",\"name\":\"L'\u00e9quipe - Am\u00e9liorer ses relations et cheminer vers le meilleur de soi\",\"isPartOf\":{\"@id\":\"https:\/\/centrereliance.fr\/association\/#website\"},\"datePublished\":\"2025-08-28T20:51:38+00:00\",\"dateModified\":\"2025-09-17T06:36:41+00:00\",\"description\":\"Les membres de l'\u00e9quipe de Reliance Association garantissent une qualit\u00e9 de prestation gr\u00e2ce \u00e0 la compl\u00e9mentarit\u00e9 de leurs talents.\",\"breadcrumb\":{\"@id\":\"https:\/\/centrereliance.fr\/association\/lequipe\/#breadcrumb\"},\"inLanguage\":\"fr-FR\",\"potentialAction\":[{\"@type\":\"ReadAction\",\"target\":[\"https:\/\/centrereliance.fr\/association\/lequipe\/\"]}]},{\"@type\":\"BreadcrumbList\",\"@id\":\"https:\/\/centrereliance.fr\/association\/lequipe\/#breadcrumb\",\"itemListElement\":[{\"@type\":\"ListItem\",\"position\":1,\"name\":\"Accueil\",\"item\":\"https:\/\/centrereliance.fr\/association\/\"},{\"@type\":\"ListItem\",\"position\":2,\"name\":\"L&rsquo;\u00e9quipe\"}]},{\"@type\":\"WebSite\",\"@id\":\"https:\/\/centrereliance.fr\/association\/#website\",\"url\":\"https:\/\/centrereliance.fr\/association\/\",\"name\":\"Am\u00e9liorer ses relations et cheminer vers le meilleur de soi\",\"description\":\"Nos actions \u00e0 destination des particuliers\",\"publisher\":{\"@id\":\"https:\/\/centrereliance.fr\/association\/#organization\"},\"potentialAction\":[{\"@type\":\"SearchAction\",\"target\":{\"@type\":\"EntryPoint\",\"urlTemplate\":\"https:\/\/centrereliance.fr\/association\/?s={search_term_string}\"},\"query-input\":{\"@type\":\"PropertyValueSpecification\",\"valueRequired\":true,\"valueName\":\"search_term_string\"}}],\"inLanguage\":\"fr-FR\"},{\"@type\":\"Organization\",\"@id\":\"https:\/\/centrereliance.fr\/association\/#organization\",\"name\":\"Reliance ASSOCIATION\",\"url\":\"https:\/\/centrereliance.fr\/association\/\",\"logo\":{\"@type\":\"ImageObject\",\"inLanguage\":\"fr-FR\",\"@id\":\"https:\/\/centrereliance.fr\/association\/#\/schema\/logo\/image\/\",\"url\":\"https:\/\/centrereliance.fr\/association\/wp-content\/uploads\/sites\/2\/2016\/10\/Logo-SARL-e1476290643249.jpg\",\"contentUrl\":\"https:\/\/centrereliance.fr\/association\/wp-content\/uploads\/sites\/2\/2016\/10\/Logo-SARL-e1476290643249.jpg\",\"width\":101,\"height\":110,\"caption\":\"Reliance ASSOCIATION\"},\"image\":{\"@id\":\"https:\/\/centrereliance.fr\/association\/#\/schema\/logo\/image\/\"},\"sameAs\":[\"https:\/\/www.facebook.com\/Reliance-Association-318815031580269\/\",\"https:\/\/www.linkedin.com\/company-beta\/16261855\"]}]}<\/script>\n<!-- \/ Yoast SEO plugin. -->","yoast_head_json":{"title":"L'\u00e9quipe - Am\u00e9liorer ses relations et cheminer vers le meilleur de soi","description":"Les membres de l'\u00e9quipe de Reliance Association garantissent une qualit\u00e9 de prestation gr\u00e2ce \u00e0 la compl\u00e9mentarit\u00e9 de leurs talents.","robots":{"index":"index","follow":"follow","max-snippet":"max-snippet:-1","max-image-preview":"max-image-preview:large","max-video-preview":"max-video-preview:-1"},"canonical":"https:\/\/centrereliance.fr\/association\/lequipe\/","og_locale":"fr_FR","og_type":"article","og_title":"L'\u00e9quipe - Am\u00e9liorer ses relations et cheminer vers le meilleur de soi","og_description":"Les membres de l'\u00e9quipe de Reliance Association garantissent une qualit\u00e9 de prestation gr\u00e2ce \u00e0 la compl\u00e9mentarit\u00e9 de leurs talents.","og_url":"https:\/\/centrereliance.fr\/association\/lequipe\/","og_site_name":"Am\u00e9liorer ses relations et cheminer vers le meilleur de soi","article_publisher":"https:\/\/www.facebook.com\/Reliance-Association-318815031580269\/","article_modified_time":"2025-09-17T06:36:41+00:00","twitter_card":"summary_large_image","twitter_misc":{"Dur\u00e9e de lecture estim\u00e9e":"1 minute"},"schema":{"@context":"https:\/\/schema.org","@graph":[{"@type":"WebPage","@id":"https:\/\/centrereliance.fr\/association\/lequipe\/","url":"https:\/\/centrereliance.fr\/association\/lequipe\/","name":"L'\u00e9quipe - Am\u00e9liorer ses relations et cheminer vers le meilleur de soi","isPartOf":{"@id":"https:\/\/centrereliance.fr\/association\/#website"},"datePublished":"2025-08-28T20:51:38+00:00","dateModified":"2025-09-17T06:36:41+00:00","description":"Les membres de l'\u00e9quipe de Reliance Association garantissent une qualit\u00e9 de prestation gr\u00e2ce \u00e0 la compl\u00e9mentarit\u00e9 de leurs talents.","breadcrumb":{"@id":"https:\/\/centrereliance.fr\/association\/lequipe\/#breadcrumb"},"inLanguage":"fr-FR","potentialAction":[{"@type":"ReadAction","target":["https:\/\/centrereliance.fr\/association\/lequipe\/"]}]},{"@type":"BreadcrumbList","@id":"https:\/\/centrereliance.fr\/association\/lequipe\/#breadcrumb","itemListElement":[{"@type":"ListItem","position":1,"name":"Accueil","item":"https:\/\/centrereliance.fr\/association\/"},{"@type":"ListItem","position":2,"name":"L&rsquo;\u00e9quipe"}]},{"@type":"WebSite","@id":"https:\/\/centrereliance.fr\/association\/#website","url":"https:\/\/centrereliance.fr\/association\/","name":"Am\u00e9liorer ses relations et cheminer vers le meilleur de soi","description":"Nos actions \u00e0 destination des particuliers","publisher":{"@id":"https:\/\/centrereliance.fr\/association\/#organization"},"potentialAction":[{"@type":"SearchAction","target":{"@type":"EntryPoint","urlTemplate":"https:\/\/centrereliance.fr\/association\/?s={search_term_string}"},"query-input":{"@type":"PropertyValueSpecification","valueRequired":true,"valueName":"search_term_string"}}],"inLanguage":"fr-FR"},{"@type":"Organization","@id":"https:\/\/centrereliance.fr\/association\/#organization","name":"Reliance ASSOCIATION","url":"https:\/\/centrereliance.fr\/association\/","logo":{"@type":"ImageObject","inLanguage":"fr-FR","@id":"https:\/\/centrereliance.fr\/association\/#\/schema\/logo\/image\/","url":"https:\/\/centrereliance.fr\/association\/wp-content\/uploads\/sites\/2\/2016\/10\/Logo-SARL-e1476290643249.jpg","contentUrl":"https:\/\/centrereliance.fr\/association\/wp-content\/uploads\/sites\/2\/2016\/10\/Logo-SARL-e1476290643249.jpg","width":101,"height":110,"caption":"Reliance ASSOCIATION"},"image":{"@id":"https:\/\/centrereliance.fr\/association\/#\/schema\/logo\/image\/"},"sameAs":["https:\/\/www.facebook.com\/Reliance-Association-318815031580269\/","https:\/\/www.linkedin.com\/company-beta\/16261855"]}]}},"_links":{"self":[{"href":"https:\/\/centrereliance.fr\/association\/wp-json\/wp\/v2\/pages\/4070","targetHints":{"allow":["GET"]}}],"collection":[{"href":"https:\/\/centrereliance.fr\/association\/wp-json\/wp\/v2\/pages"}],"about":[{"href":"https:\/\/centrereliance.fr\/association\/wp-json\/wp\/v2\/types\/page"}],"author":[{"embeddable":true,"href":"https:\/\/centrereliance.fr\/association\/wp-json\/wp\/v2\/users\/1"}],"replies":[{"embeddable":true,"href":"https:\/\/centrereliance.fr\/association\/wp-json\/wp\/v2\/comments?post=4070"}],"version-history":[{"count":14,"href":"https:\/\/centrereliance.fr\/association\/wp-json\/wp\/v2\/pages\/4070\/revisions"}],"predecessor-version":[{"id":6047,"href":"https:\/\/centrereliance.fr\/association\/wp-json\/wp\/v2\/pages\/4070\/revisions\/6047"}],"wp:attachment":[{"href":"https:\/\/centrereliance.fr\/association\/wp-json\/wp\/v2\/media?parent=4070"}],"curies":[{"name":"wp","href":"https:\/\/api.w.org\/{rel}","templated":true}]}}