{"id":5796,"date":"2025-08-29T14:01:44","date_gmt":"2025-08-29T12:01:44","guid":{"rendered":"https:\/\/centrereliance.fr\/association\/?page_id=5796"},"modified":"2025-12-15T14:00:01","modified_gmt":"2025-12-15T13:00:01","slug":"la-relation-a-la-maladie-et-ses-symptomes","status":"publish","type":"page","link":"https:\/\/centrereliance.fr\/association\/la-relation-a-la-maladie-et-ses-symptomes\/","title":{"rendered":"La relation \u00e0 la maladie et ses sympt\u00f4mes"},"content":{"rendered":"<p>[et_pb_section fb_built=\u00a0\u00bb1&Prime; next_background_color=\u00a0\u00bb#a04000&Prime; admin_label=\u00a0\u00bbsection\u00a0\u00bb _builder_version=\u00a0\u00bb4.22.1&Prime; custom_padding=\u00a0\u00bb||100px||false|false\u00a0\u00bb bottom_divider_style=\u00a0\u00bbcurve2&Prime; locked=\u00a0\u00bboff\u00a0\u00bb global_colors_info=\u00a0\u00bb{}\u00a0\u00bb][et_pb_row _builder_version=\u00a0\u00bb4.22.1&Prime; _module_preset=\u00a0\u00bbdefault\u00a0\u00bb width=\u00a0\u00bb90%\u00a0\u00bb global_colors_info=\u00a0\u00bb{}\u00a0\u00bb][et_pb_column type=\u00a0\u00bb4_4&Prime; _builder_version=\u00a0\u00bb4.22.1&Prime; _module_preset=\u00a0\u00bbdefault\u00a0\u00bb global_colors_info=\u00a0\u00bb{}\u00a0\u00bb][et_pb_image src=\u00a0\u00bbhttps:\/\/centrereliance.fr\/association\/wp-content\/uploads\/sites\/2\/2025\/08\/relation-a-la-maladie_.jpeg\u00a0\u00bb alt=\u00a0\u00bbLa relation \u00e0 la maladie et ses sympt\u00f4mes\u00a0\u00bb align=\u00a0\u00bbcenter\u00a0\u00bb _builder_version=\u00a0\u00bb4.27.4&Prime; _module_preset=\u00a0\u00bbdefault\u00a0\u00bb max_height=\u00a0\u00bb70vh\u00a0\u00bb border_radii=\u00a0\u00bbon|25px|25px|25px|25px\u00a0\u00bb locked=\u00a0\u00bboff\u00a0\u00bb global_colors_info=\u00a0\u00bb{}\u00a0\u00bb][\/et_pb_image][et_pb_post_title meta=\u00a0\u00bboff\u00a0\u00bb _builder_version=\u00a0\u00bb4.22.1&Prime; _module_preset=\u00a0\u00bbdefault\u00a0\u00bb title_font=\u00a0\u00bb|||on|||||\u00a0\u00bb title_text_align=\u00a0\u00bbcenter\u00a0\u00bb title_text_color=\u00a0\u00bb#F08A2E\u00a0\u00bb locked=\u00a0\u00bboff\u00a0\u00bb global_colors_info=\u00a0\u00bb{}\u00a0\u00bb][\/et_pb_post_title][\/et_pb_column][\/et_pb_row][et_pb_row admin_label=\u00a0\u00bbrow\u00a0\u00bb _builder_version=\u00a0\u00bb4.25.1&Prime; background_size=\u00a0\u00bbinitial\u00a0\u00bb background_position=\u00a0\u00bbtop_left\u00a0\u00bb background_repeat=\u00a0\u00bbrepeat\u00a0\u00bb width=\u00a0\u00bb90%\u00a0\u00bb custom_margin=\u00a0\u00bb||50px||false|false\u00a0\u00bb custom_padding=\u00a0\u00bb10px|10px|10px|10px|true|true\u00a0\u00bb border_radii=\u00a0\u00bbon|15px|15px|15px|15px\u00a0\u00bb border_width_all=\u00a0\u00bb1px\u00a0\u00bb border_color_all=\u00a0\u00bb#F08A2E\u00a0\u00bb global_colors_info=\u00a0\u00bb{}\u00a0\u00bb][et_pb_column type=\u00a0\u00bb4_4&Prime; _builder_version=\u00a0\u00bb4.16&Prime; custom_padding=\u00a0\u00bb|||\u00a0\u00bb global_colors_info=\u00a0\u00bb{}\u00a0\u00bb custom_padding__hover=\u00a0\u00bb|||\u00a0\u00bb][et_pb_text _builder_version=\u00a0\u00bb4.25.1&Prime; _module_preset=\u00a0\u00bbdefault\u00a0\u00bb global_colors_info=\u00a0\u00bb{}\u00a0\u00bb]<\/p>\n<p>Des sympt\u00f4mes, une maladie : et si c\u2019\u00e9tait la manifestation physique d\u2019un message profond sur notre histoire personnelle ?<\/p>\n<p>[\/et_pb_text][et_pb_icon font_icon=\u00a0\u00bb&#xe064;||divi||400&Prime; icon_width=\u00a0\u00bb66px\u00a0\u00bb _builder_version=\u00a0\u00bb4.25.1&Prime; _module_preset=\u00a0\u00bbdefault\u00a0\u00bb custom_margin=\u00a0\u00bb30px||||false|false\u00a0\u00bb locked=\u00a0\u00bboff\u00a0\u00bb global_colors_info=\u00a0\u00bb{}\u00a0\u00bb][\/et_pb_icon][et_pb_text admin_label=\u00a0\u00bbText\u00a0\u00bb _builder_version=\u00a0\u00bb4.27.4&Prime; background_size=\u00a0\u00bbinitial\u00a0\u00bb background_position=\u00a0\u00bbtop_left\u00a0\u00bb background_repeat=\u00a0\u00bbrepeat\u00a0\u00bb text_orientation=\u00a0\u00bbjustified\u00a0\u00bb custom_padding=\u00a0\u00bb2px||||false|false\u00a0\u00bb border_color_all=\u00a0\u00bb#F08A2E\u00a0\u00bb global_colors_info=\u00a0\u00bb{}\u00a0\u00bb]<\/p>\n<h2>\u00ab\u00a0Maladie, que viens-tu faire dans ma vie ?\u00a0\u00bb<\/h2>\n<p>Nous avons tous, un jour ou l&rsquo;autre, \u00e9t\u00e9 confront\u00e9s \u00e0 l&rsquo;apparition de sympt\u00f4mes ou d&rsquo;une maladie. Et si, au-del\u00e0 de la souffrance physique, cette irruption \u00e9tait porteuse de sens ? Et si notre corps, \u00e0 travers ses maux, cherchait \u00e0 nous dire quelque chose d&rsquo;important sur notre propre histoire ?<br \/>Avec cette approche, nous explorerons ensemble la maladie et ses sympt\u00f4mes comme un langage du corps, une expression parfois silencieuse mais toujours significative. Nous aborderons l&rsquo;importance d&rsquo;une \u00e9coute attentive de notre corps et de ses signaux, et la mani\u00e8re dont les maux peuvent \u00eatre traduits en mots pour mieux comprendre les messages profonds qu&rsquo;ils v\u00e9hiculent.<\/p>\n<p>&nbsp;<\/p>\n<h2>Les sympt\u00f4mes, comme un langage du corps<\/h2>\n<p>A partir des points de rep\u00e8res de la M\u00e9thode ESPERE\u00ae il sera possible d\u2019envisager des liens intimes entre notre corps et notre histoire personnelle. Ces liens r\u00e9v\u00e8lent en effet\u00a0 comment des \u00e9v\u00e9nements de vie difficiles \u2013 qu&rsquo;il s&rsquo;agisse d&rsquo;un deuil, d\u2019un conflit, d\u2019une relation toxique, d&rsquo;une s\u00e9paration, d&rsquo;un licenciement ou d&rsquo;autres \u00e9preuves \u2013 peuvent r\u00e9sonner en nous et influencer notre \u00e9tat de sant\u00e9. Il sera \u00e9galement possible de tisser d\u2019autres liens ; comme si le corps venait parfois nous inviter \u00e0 explorer notre histoire familiale et particuli\u00e8rement celle de nos ascendants.<br \/>Enfin, nous mettrons en lumi\u00e8re les diff\u00e9rents soins relationnels qui peuvent \u00eatre propos\u00e9s en compl\u00e9ment des approches m\u00e9dicales traditionnelles. Ces pratiques s\u2019appuient sur des d\u00e9marches symboliques concr\u00e8tes ; elles offrent ainsi des chemins pour se relier \u00e0 soi-m\u00eame, pour porter attention aux sympt\u00f4mes et \u00e0 la maladie. Ceci afin de tenter d\u2019entendre le sens et le message \u00e0 partir du langage du corps. Et tisser ainsi un nouveau lien avec les d\u00e9fis de notre existence et retrouver un \u00e9quilibre.<\/p>\n<p>[\/et_pb_text][\/et_pb_column][\/et_pb_row][et_pb_row admin_label=\u00a0\u00bbrow\u00a0\u00bb _builder_version=\u00a0\u00bb4.25.1&Prime; background_size=\u00a0\u00bbinitial\u00a0\u00bb background_position=\u00a0\u00bbtop_left\u00a0\u00bb background_repeat=\u00a0\u00bbrepeat\u00a0\u00bb width=\u00a0\u00bb90%\u00a0\u00bb custom_margin=\u00a0\u00bb||50px||false|false\u00a0\u00bb custom_padding=\u00a0\u00bb10px|10px|10px|10px|true|true\u00a0\u00bb border_radii=\u00a0\u00bbon|15px|15px|15px|15px\u00a0\u00bb border_width_all=\u00a0\u00bb1px\u00a0\u00bb border_color_all=\u00a0\u00bb#F08A2E\u00a0\u00bb global_colors_info=\u00a0\u00bb{}\u00a0\u00bb][et_pb_column type=\u00a0\u00bb4_4&Prime; _builder_version=\u00a0\u00bb4.16&Prime; custom_padding=\u00a0\u00bb|||\u00a0\u00bb global_colors_info=\u00a0\u00bb{}\u00a0\u00bb custom_padding__hover=\u00a0\u00bb|||\u00a0\u00bb][et_pb_icon font_icon=\u00a0\u00bb&#xe08b;||divi||400&Prime; icon_width=\u00a0\u00bb66px\u00a0\u00bb _builder_version=\u00a0\u00bb4.25.1&Prime; _module_preset=\u00a0\u00bbdefault\u00a0\u00bb custom_margin=\u00a0\u00bb30px||||false|false\u00a0\u00bb locked=\u00a0\u00bboff\u00a0\u00bb global_colors_info=\u00a0\u00bb{}\u00a0\u00bb][\/et_pb_icon][et_pb_text admin_label=\u00a0\u00bbText\u00a0\u00bb module_class=\u00a0\u00bbtick-bullets\u00a0\u00bb _builder_version=\u00a0\u00bb4.27.4&Prime; background_size=\u00a0\u00bbinitial\u00a0\u00bb background_position=\u00a0\u00bbtop_left\u00a0\u00bb background_repeat=\u00a0\u00bbrepeat\u00a0\u00bb custom_padding=\u00a0\u00bb||||true|true\u00a0\u00bb border_color_all=\u00a0\u00bb#F08A2E\u00a0\u00bb locked=\u00a0\u00bboff\u00a0\u00bb global_colors_info=\u00a0\u00bb{}\u00a0\u00bb]<\/p>\n<h2>Les accompagnements propos\u00e9s par reliance association sur le th\u00e8me de la relation \u00e0 la maldie et ses sympt\u00f4mes<\/h2>\n<p>Ce th\u00e8me s&rsquo;adresse \u00e0 toute personne d\u00e9sireuse d&rsquo;approfondir sa compr\u00e9hension de la maladie et d&rsquo;explorer des pistes pour un mieux-\u00eatre global.<br \/>Selon les besoins des personnes ce th\u00e8me peut \u00eatre abord\u00e9 pour une premi\u00e8re approche en <a href=\"https:\/\/centrereliance.fr\/association\/conference-sur-le-bien-etre\/\">conf\u00e9rence<\/a>. On peut aussi l\u2019approfondir au cours d\u2019un <a href=\"https:\/\/centrereliance.fr\/association\/ateliers-communication\/\">atelier<\/a>, lors d\u2019un <a href=\"https:\/\/centrereliance.fr\/association\/stage-relations-interpersonnelles\/\">stage<\/a> ou encore en <a href=\"https:\/\/centrereliance.fr\/association\/stage-relations-interpersonnelles\/\">accompagnement individuel<\/a> avec un praticien en M\u00e9thode ESPERE\u00ae.<\/p>\n<p>[\/et_pb_text][\/et_pb_column][\/et_pb_row][et_pb_row admin_label=\u00a0\u00bbrow\u00a0\u00bb _builder_version=\u00a0\u00bb4.22.1&Prime; background_size=\u00a0\u00bbinitial\u00a0\u00bb background_position=\u00a0\u00bbtop_left\u00a0\u00bb background_repeat=\u00a0\u00bbrepeat\u00a0\u00bb width=\u00a0\u00bb90%\u00a0\u00bb custom_padding=\u00a0\u00bb10px|10px|10px|10px|true|true\u00a0\u00bb border_radii=\u00a0\u00bbon|15px|15px|15px|15px\u00a0\u00bb border_width_all=\u00a0\u00bb1px\u00a0\u00bb border_color_all=\u00a0\u00bb#F08A2E\u00a0\u00bb global_colors_info=\u00a0\u00bb{}\u00a0\u00bb][et_pb_column type=\u00a0\u00bb4_4&Prime; _builder_version=\u00a0\u00bb4.16&Prime; custom_padding=\u00a0\u00bb|||\u00a0\u00bb global_colors_info=\u00a0\u00bb{}\u00a0\u00bb custom_padding__hover=\u00a0\u00bb|||\u00a0\u00bb][et_pb_icon font_icon=\u00a0\u00bb&#xf073;||fa||900&Prime; icon_width=\u00a0\u00bb66px\u00a0\u00bb _builder_version=\u00a0\u00bb4.27.4&Prime; _module_preset=\u00a0\u00bbdefault\u00a0\u00bb custom_margin=\u00a0\u00bb30px||||false|false\u00a0\u00bb hover_enabled=\u00a0\u00bb0&Prime; locked=\u00a0\u00bboff\u00a0\u00bb global_colors_info=\u00a0\u00bb{}\u00a0\u00bb module_id=\u00a0\u00bbactions-programmees\u00a0\u00bb sticky_enabled=\u00a0\u00bb0&Prime;][\/et_pb_icon][et_pb_text admin_label=\u00a0\u00bbText\u00a0\u00bb module_class=\u00a0\u00bbtick-bullets\u00a0\u00bb _builder_version=\u00a0\u00bb4.25.1&Prime; background_size=\u00a0\u00bbinitial\u00a0\u00bb background_position=\u00a0\u00bbtop_left\u00a0\u00bb background_repeat=\u00a0\u00bbrepeat\u00a0\u00bb text_orientation=\u00a0\u00bbcenter\u00a0\u00bb custom_padding=\u00a0\u00bb||||true|true\u00a0\u00bb border_color_all=\u00a0\u00bb#F08A2E\u00a0\u00bb locked=\u00a0\u00bboff\u00a0\u00bb global_colors_info=\u00a0\u00bb{}\u00a0\u00bb]<\/p>\n<h2>Quand a lieu la prochaine activit\u00e9 sur le th\u00e8me de la relation \u00e0 la maladie et ses sympt\u00f4mes ?<\/h2>\n<p>[\/et_pb_text][et_pb_shop type=\u00a0\u00bbproduct_category\u00a0\u00bb include_categories=\u00a0\u00bb161&Prime; columns_number=\u00a0\u00bb1&Prime; orderby=\u00a0\u00bbmenu_order\u00a0\u00bb _builder_version=\u00a0\u00bb4.27.4&Prime; _module_preset=\u00a0\u00bbdefault\u00a0\u00bb global_colors_info=\u00a0\u00bb{}\u00a0\u00bb][\/et_pb_shop][\/et_pb_column][\/et_pb_row][\/et_pb_section]<\/p>\n","protected":false},"excerpt":{"rendered":"<p>Des sympt\u00f4mes, une maladie : et si c\u2019\u00e9tait la manifestation physique d\u2019un message profond sur notre histoire personnelle ?\u00a0\u00bbMaladie, que viens-tu faire dans ma vie ?\u00a0\u00bb Nous avons tous, un jour ou l&rsquo;autre, \u00e9t\u00e9 confront\u00e9s \u00e0 l&rsquo;apparition de sympt\u00f4mes ou d&rsquo;une maladie. Et si, au-del\u00e0 de la souffrance physique, cette irruption \u00e9tait porteuse de sens [&hellip;]<\/p>\n","protected":false},"author":28,"featured_media":0,"parent":0,"menu_order":0,"comment_status":"closed","ping_status":"closed","template":"","meta":{"_et_pb_use_builder":"on","_et_pb_old_content":"<!-- wp:divi\/placeholder \/-->","_et_gb_content_width":"","footnotes":""},"class_list":["post-5796","page","type-page","status-publish","hentry"],"yoast_head":"<!-- This site is optimized with the Yoast SEO plugin v25.8 - https:\/\/yoast.com\/wordpress\/plugins\/seo\/ -->\n<title>La relation \u00e0 la maladie et ses sympt\u00f4mes - Am\u00e9liorer ses relations et cheminer vers le meilleur de soi<\/title>\n<meta name=\"description\" content=\"Et si l\u2019apparition de sympt\u00f4mes ou d\u2019une maladie \u00e9tait porteuse de sens ? Apprenez \u00e0 \u00e9couter votre corps et \u00e0 d\u00e9crypter son langage.\" \/>\n<meta name=\"robots\" content=\"index, follow, max-snippet:-1, max-image-preview:large, max-video-preview:-1\" \/>\n<link rel=\"canonical\" href=\"https:\/\/centrereliance.fr\/association\/la-relation-a-la-maladie-et-ses-symptomes\/\" \/>\n<meta property=\"og:locale\" content=\"fr_FR\" \/>\n<meta property=\"og:type\" content=\"article\" \/>\n<meta property=\"og:title\" content=\"La relation \u00e0 la maladie et ses sympt\u00f4mes - Am\u00e9liorer ses relations et cheminer vers le meilleur de soi\" \/>\n<meta property=\"og:description\" content=\"Et si l\u2019apparition de sympt\u00f4mes ou d\u2019une maladie \u00e9tait porteuse de sens ? Apprenez \u00e0 \u00e9couter votre corps et \u00e0 d\u00e9crypter son langage.\" \/>\n<meta property=\"og:url\" content=\"https:\/\/centrereliance.fr\/association\/la-relation-a-la-maladie-et-ses-symptomes\/\" \/>\n<meta property=\"og:site_name\" content=\"Am\u00e9liorer ses relations et cheminer vers le meilleur de soi\" \/>\n<meta property=\"article:publisher\" content=\"https:\/\/www.facebook.com\/Reliance-Association-318815031580269\/\" \/>\n<meta property=\"article:modified_time\" content=\"2025-12-15T13:00:01+00:00\" \/>\n<meta name=\"twitter:card\" content=\"summary_large_image\" \/>\n<script type=\"application\/ld+json\" class=\"yoast-schema-graph\">{\"@context\":\"https:\/\/schema.org\",\"@graph\":[{\"@type\":\"WebPage\",\"@id\":\"https:\/\/centrereliance.fr\/association\/la-relation-a-la-maladie-et-ses-symptomes\/\",\"url\":\"https:\/\/centrereliance.fr\/association\/la-relation-a-la-maladie-et-ses-symptomes\/\",\"name\":\"La relation \u00e0 la maladie et ses sympt\u00f4mes - Am\u00e9liorer ses relations et cheminer vers le meilleur de soi\",\"isPartOf\":{\"@id\":\"https:\/\/centrereliance.fr\/association\/#website\"},\"datePublished\":\"2025-08-29T12:01:44+00:00\",\"dateModified\":\"2025-12-15T13:00:01+00:00\",\"description\":\"Et si l\u2019apparition de sympt\u00f4mes ou d\u2019une maladie \u00e9tait porteuse de sens ? Apprenez \u00e0 \u00e9couter votre corps et \u00e0 d\u00e9crypter son langage.\",\"breadcrumb\":{\"@id\":\"https:\/\/centrereliance.fr\/association\/la-relation-a-la-maladie-et-ses-symptomes\/#breadcrumb\"},\"inLanguage\":\"fr-FR\",\"potentialAction\":[{\"@type\":\"ReadAction\",\"target\":[\"https:\/\/centrereliance.fr\/association\/la-relation-a-la-maladie-et-ses-symptomes\/\"]}]},{\"@type\":\"BreadcrumbList\",\"@id\":\"https:\/\/centrereliance.fr\/association\/la-relation-a-la-maladie-et-ses-symptomes\/#breadcrumb\",\"itemListElement\":[{\"@type\":\"ListItem\",\"position\":1,\"name\":\"Accueil\",\"item\":\"https:\/\/centrereliance.fr\/association\/\"},{\"@type\":\"ListItem\",\"position\":2,\"name\":\"La relation \u00e0 la maladie et ses sympt\u00f4mes\"}]},{\"@type\":\"WebSite\",\"@id\":\"https:\/\/centrereliance.fr\/association\/#website\",\"url\":\"https:\/\/centrereliance.fr\/association\/\",\"name\":\"Am\u00e9liorer ses relations et cheminer vers le meilleur de soi\",\"description\":\"Nos actions \u00e0 destination des particuliers\",\"publisher\":{\"@id\":\"https:\/\/centrereliance.fr\/association\/#organization\"},\"potentialAction\":[{\"@type\":\"SearchAction\",\"target\":{\"@type\":\"EntryPoint\",\"urlTemplate\":\"https:\/\/centrereliance.fr\/association\/?s={search_term_string}\"},\"query-input\":{\"@type\":\"PropertyValueSpecification\",\"valueRequired\":true,\"valueName\":\"search_term_string\"}}],\"inLanguage\":\"fr-FR\"},{\"@type\":\"Organization\",\"@id\":\"https:\/\/centrereliance.fr\/association\/#organization\",\"name\":\"Reliance ASSOCIATION\",\"url\":\"https:\/\/centrereliance.fr\/association\/\",\"logo\":{\"@type\":\"ImageObject\",\"inLanguage\":\"fr-FR\",\"@id\":\"https:\/\/centrereliance.fr\/association\/#\/schema\/logo\/image\/\",\"url\":\"https:\/\/centrereliance.fr\/association\/wp-content\/uploads\/sites\/2\/2016\/10\/Logo-SARL-e1476290643249.jpg\",\"contentUrl\":\"https:\/\/centrereliance.fr\/association\/wp-content\/uploads\/sites\/2\/2016\/10\/Logo-SARL-e1476290643249.jpg\",\"width\":101,\"height\":110,\"caption\":\"Reliance ASSOCIATION\"},\"image\":{\"@id\":\"https:\/\/centrereliance.fr\/association\/#\/schema\/logo\/image\/\"},\"sameAs\":[\"https:\/\/www.facebook.com\/Reliance-Association-318815031580269\/\",\"https:\/\/www.linkedin.com\/company-beta\/16261855\"]}]}<\/script>\n<!-- \/ Yoast SEO plugin. -->","yoast_head_json":{"title":"La relation \u00e0 la maladie et ses sympt\u00f4mes - Am\u00e9liorer ses relations et cheminer vers le meilleur de soi","description":"Et si l\u2019apparition de sympt\u00f4mes ou d\u2019une maladie \u00e9tait porteuse de sens ? Apprenez \u00e0 \u00e9couter votre corps et \u00e0 d\u00e9crypter son langage.","robots":{"index":"index","follow":"follow","max-snippet":"max-snippet:-1","max-image-preview":"max-image-preview:large","max-video-preview":"max-video-preview:-1"},"canonical":"https:\/\/centrereliance.fr\/association\/la-relation-a-la-maladie-et-ses-symptomes\/","og_locale":"fr_FR","og_type":"article","og_title":"La relation \u00e0 la maladie et ses sympt\u00f4mes - Am\u00e9liorer ses relations et cheminer vers le meilleur de soi","og_description":"Et si l\u2019apparition de sympt\u00f4mes ou d\u2019une maladie \u00e9tait porteuse de sens ? Apprenez \u00e0 \u00e9couter votre corps et \u00e0 d\u00e9crypter son langage.","og_url":"https:\/\/centrereliance.fr\/association\/la-relation-a-la-maladie-et-ses-symptomes\/","og_site_name":"Am\u00e9liorer ses relations et cheminer vers le meilleur de soi","article_publisher":"https:\/\/www.facebook.com\/Reliance-Association-318815031580269\/","article_modified_time":"2025-12-15T13:00:01+00:00","twitter_card":"summary_large_image","schema":{"@context":"https:\/\/schema.org","@graph":[{"@type":"WebPage","@id":"https:\/\/centrereliance.fr\/association\/la-relation-a-la-maladie-et-ses-symptomes\/","url":"https:\/\/centrereliance.fr\/association\/la-relation-a-la-maladie-et-ses-symptomes\/","name":"La relation \u00e0 la maladie et ses sympt\u00f4mes - Am\u00e9liorer ses relations et cheminer vers le meilleur de soi","isPartOf":{"@id":"https:\/\/centrereliance.fr\/association\/#website"},"datePublished":"2025-08-29T12:01:44+00:00","dateModified":"2025-12-15T13:00:01+00:00","description":"Et si l\u2019apparition de sympt\u00f4mes ou d\u2019une maladie \u00e9tait porteuse de sens ? Apprenez \u00e0 \u00e9couter votre corps et \u00e0 d\u00e9crypter son langage.","breadcrumb":{"@id":"https:\/\/centrereliance.fr\/association\/la-relation-a-la-maladie-et-ses-symptomes\/#breadcrumb"},"inLanguage":"fr-FR","potentialAction":[{"@type":"ReadAction","target":["https:\/\/centrereliance.fr\/association\/la-relation-a-la-maladie-et-ses-symptomes\/"]}]},{"@type":"BreadcrumbList","@id":"https:\/\/centrereliance.fr\/association\/la-relation-a-la-maladie-et-ses-symptomes\/#breadcrumb","itemListElement":[{"@type":"ListItem","position":1,"name":"Accueil","item":"https:\/\/centrereliance.fr\/association\/"},{"@type":"ListItem","position":2,"name":"La relation \u00e0 la maladie et ses sympt\u00f4mes"}]},{"@type":"WebSite","@id":"https:\/\/centrereliance.fr\/association\/#website","url":"https:\/\/centrereliance.fr\/association\/","name":"Am\u00e9liorer ses relations et cheminer vers le meilleur de soi","description":"Nos actions \u00e0 destination des particuliers","publisher":{"@id":"https:\/\/centrereliance.fr\/association\/#organization"},"potentialAction":[{"@type":"SearchAction","target":{"@type":"EntryPoint","urlTemplate":"https:\/\/centrereliance.fr\/association\/?s={search_term_string}"},"query-input":{"@type":"PropertyValueSpecification","valueRequired":true,"valueName":"search_term_string"}}],"inLanguage":"fr-FR"},{"@type":"Organization","@id":"https:\/\/centrereliance.fr\/association\/#organization","name":"Reliance ASSOCIATION","url":"https:\/\/centrereliance.fr\/association\/","logo":{"@type":"ImageObject","inLanguage":"fr-FR","@id":"https:\/\/centrereliance.fr\/association\/#\/schema\/logo\/image\/","url":"https:\/\/centrereliance.fr\/association\/wp-content\/uploads\/sites\/2\/2016\/10\/Logo-SARL-e1476290643249.jpg","contentUrl":"https:\/\/centrereliance.fr\/association\/wp-content\/uploads\/sites\/2\/2016\/10\/Logo-SARL-e1476290643249.jpg","width":101,"height":110,"caption":"Reliance ASSOCIATION"},"image":{"@id":"https:\/\/centrereliance.fr\/association\/#\/schema\/logo\/image\/"},"sameAs":["https:\/\/www.facebook.com\/Reliance-Association-318815031580269\/","https:\/\/www.linkedin.com\/company-beta\/16261855"]}]}},"_links":{"self":[{"href":"https:\/\/centrereliance.fr\/association\/wp-json\/wp\/v2\/pages\/5796","targetHints":{"allow":["GET"]}}],"collection":[{"href":"https:\/\/centrereliance.fr\/association\/wp-json\/wp\/v2\/pages"}],"about":[{"href":"https:\/\/centrereliance.fr\/association\/wp-json\/wp\/v2\/types\/page"}],"author":[{"embeddable":true,"href":"https:\/\/centrereliance.fr\/association\/wp-json\/wp\/v2\/users\/28"}],"replies":[{"embeddable":true,"href":"https:\/\/centrereliance.fr\/association\/wp-json\/wp\/v2\/comments?post=5796"}],"version-history":[{"count":12,"href":"https:\/\/centrereliance.fr\/association\/wp-json\/wp\/v2\/pages\/5796\/revisions"}],"predecessor-version":[{"id":60806,"href":"https:\/\/centrereliance.fr\/association\/wp-json\/wp\/v2\/pages\/5796\/revisions\/60806"}],"wp:attachment":[{"href":"https:\/\/centrereliance.fr\/association\/wp-json\/wp\/v2\/media?parent=5796"}],"curies":[{"name":"wp","href":"https:\/\/api.w.org\/{rel}","templated":true}]}}