{"id":5810,"date":"2025-08-29T14:17:35","date_gmt":"2025-08-29T12:17:35","guid":{"rendered":"https:\/\/centrereliance.fr\/association\/?page_id=5810"},"modified":"2026-03-22T15:01:56","modified_gmt":"2026-03-22T14:01:56","slug":"relation-familiale","status":"publish","type":"page","link":"https:\/\/centrereliance.fr\/association\/relation-familiale\/","title":{"rendered":"La relation familiale"},"content":{"rendered":"\n[et_pb_section fb_built=\u00a0\u00bb1&Prime; next_background_color=\u00a0\u00bb#a04000&Prime; admin_label=\u00a0\u00bbsection\u00a0\u00bb _builder_version=\u00a0\u00bb4.22.1&Prime; custom_padding=\u00a0\u00bb||150px||false|false\u00a0\u00bb bottom_divider_style=\u00a0\u00bbwaves2&Prime; bottom_divider_height=\u00a0\u00bb39px\u00a0\u00bb bottom_divider_repeat=\u00a0\u00bb1x\u00a0\u00bb bottom_divider_flip=\u00a0\u00bbvertical|horizontal\u00a0\u00bb bottom_divider_arrangement=\u00a0\u00bbabove_content\u00a0\u00bb locked=\u00a0\u00bboff\u00a0\u00bb global_colors_info=\u00a0\u00bb{}\u00a0\u00bb][et_pb_row admin_label=\u00a0\u00bbrow\u00a0\u00bb _builder_version=\u00a0\u00bb4.22.1&Prime; background_size=\u00a0\u00bbinitial\u00a0\u00bb background_position=\u00a0\u00bbtop_left\u00a0\u00bb background_repeat=\u00a0\u00bbrepeat\u00a0\u00bb width=\u00a0\u00bb90%\u00a0\u00bb global_colors_info=\u00a0\u00bb{}\u00a0\u00bb][et_pb_column type=\u00a0\u00bb4_4&Prime; _builder_version=\u00a0\u00bb4.16&Prime; custom_padding=\u00a0\u00bb|||\u00a0\u00bb global_colors_info=\u00a0\u00bb{}\u00a0\u00bb custom_padding__hover=\u00a0\u00bb|||\u00a0\u00bb][et_pb_image src=\u00a0\u00bbhttps:\/\/centrereliance.fr\/association\/wp-content\/uploads\/sites\/2\/2025\/08\/relation-parent-enfant.jpeg\u00a0\u00bb alt=\u00a0\u00bbrelation familiale\u00a0\u00bb title_text=\u00a0\u00bbrelation-parent-enfant\u00a0\u00bb align=\u00a0\u00bbcenter\u00a0\u00bb _builder_version=\u00a0\u00bb4.27.4&Prime; _module_preset=\u00a0\u00bbdefault\u00a0\u00bb max_height=\u00a0\u00bb70vh\u00a0\u00bb border_radii=\u00a0\u00bbon|25px|25px|25px|25px\u00a0\u00bb locked=\u00a0\u00bboff\u00a0\u00bb global_colors_info=\u00a0\u00bb{}\u00a0\u00bb][\/et_pb_image][et_pb_post_title meta=\u00a0\u00bboff\u00a0\u00bb _builder_version=\u00a0\u00bb4.25.1&Prime; _module_preset=\u00a0\u00bbdefault\u00a0\u00bb title_font=\u00a0\u00bb|||on|||||\u00a0\u00bb title_text_align=\u00a0\u00bbcenter\u00a0\u00bb title_text_color=\u00a0\u00bb#F08A2E\u00a0\u00bb locked=\u00a0\u00bboff\u00a0\u00bb global_colors_info=\u00a0\u00bb{}\u00a0\u00bb][\/et_pb_post_title][\/et_pb_column][\/et_pb_row][et_pb_row admin_label=\u00a0\u00bbrow\u00a0\u00bb _builder_version=\u00a0\u00bb4.25.1&Prime; background_size=\u00a0\u00bbinitial\u00a0\u00bb background_position=\u00a0\u00bbtop_left\u00a0\u00bb background_repeat=\u00a0\u00bbrepeat\u00a0\u00bb width=\u00a0\u00bb90%\u00a0\u00bb custom_margin=\u00a0\u00bb||50px||false|false\u00a0\u00bb custom_padding=\u00a0\u00bb10px|10px|10px|10px|true|true\u00a0\u00bb border_radii=\u00a0\u00bbon|15px|15px|15px|15px\u00a0\u00bb border_width_all=\u00a0\u00bb1px\u00a0\u00bb border_color_all=\u00a0\u00bb#F08A2E\u00a0\u00bb locked=\u00a0\u00bboff\u00a0\u00bb global_colors_info=\u00a0\u00bb{}\u00a0\u00bb][et_pb_column type=\u00a0\u00bb4_4&Prime; _builder_version=\u00a0\u00bb4.16&Prime; custom_padding=\u00a0\u00bb|||\u00a0\u00bb global_colors_info=\u00a0\u00bb{}\u00a0\u00bb custom_padding__hover=\u00a0\u00bb|||\u00a0\u00bb][et_pb_icon font_icon=\u00a0\u00bb&#xe064;||divi||400&Prime; icon_width=\u00a0\u00bb66px\u00a0\u00bb _builder_version=\u00a0\u00bb4.25.1&Prime; _module_preset=\u00a0\u00bbdefault\u00a0\u00bb custom_margin=\u00a0\u00bb30px||||false|false\u00a0\u00bb locked=\u00a0\u00bboff\u00a0\u00bb global_colors_info=\u00a0\u00bb{}\u00a0\u00bb][\/et_pb_icon][et_pb_text admin_label=\u00a0\u00bbText\u00a0\u00bb module_class=\u00a0\u00bbtick-bullets\u00a0\u00bb _builder_version=\u00a0\u00bb4.25.1&Prime; background_size=\u00a0\u00bbinitial\u00a0\u00bb background_position=\u00a0\u00bbtop_left\u00a0\u00bb background_repeat=\u00a0\u00bbrepeat\u00a0\u00bb custom_padding=\u00a0\u00bb||||true|true\u00a0\u00bb border_color_all=\u00a0\u00bb#F08A2E\u00a0\u00bb global_colors_info=\u00a0\u00bb{}\u00a0\u00bb]<p style=\"text-align: justify\">Une relation familiale \u00e9panouissante s\u2019appuie sur des rep\u00e8res structurants.<\/p>\n<blockquote>\n<p style=\"text-align: center\">\u201cLe plus beau cadeau que l\u2019on peut faire \u00e0 un enfant n\u2019est pas tant de l\u2019aimer que de lui apprendre \u00e0 s\u2019aimer\u201d.<\/p>\n<p style=\"text-align: center\">Jacques Salom\u00e9<strong>\u00a0<\/strong><\/p>\n<\/blockquote>\n<h2 style=\"text-align: justify\">\u00catre parent, quelle aventure !<\/h2>\n<p style=\"text-align: justify\">Quelle magnifique aventure que d\u2019\u00e9lever ses enfants\u00a0! C\u2019est ainsi que nous nous y lan\u00e7ons avec beaucoup d\u2019amour et le d\u00e9sir de faire pour le mieux.<\/p>\n<p style=\"text-align: justify\">Mais cette aventure n\u2019est pas toujours de tout repos. En effet, en cours de route, il peut arriver qu\u2019elle devienne inconfortable, \u00e9puisante, voire douloureuse. Les relations familiales se compliquent.<\/p>\n<p style=\"text-align: justify\">L\u2019\u00e9nervement, les crises et les cris se r\u00e9p\u00e8tent jour apr\u00e8s jour\u2026Nous ne savons alors plus comment calmer les temp\u00eates, apaiser les tensions afin de vivre davantage de moments chaleureux en famille.<\/p>\n<p style=\"text-align: justify\"><\/p>\n<p style=\"text-align: justify\"><\/p>\n<h2 style=\"text-align: justify\">Des rep\u00e8res et outils concrets pour une relation familaile de qualit\u00e9<\/h2>\n<p style=\"text-align: justify\">Nos enfants apprennent en permanence ; ils explorent, exp\u00e9rimentent et se confrontent, se pr\u00e9parant ainsi \u00e0 devenir des adultes construits et libres.<\/p>\n<p style=\"text-align: justify\">Cependant, nous, parents, sommes garants de la qualit\u00e9 de l\u2019environnement relationnel qui contribuera en profondeur \u00e0 cette \u00e9volution.<\/p>\n<p style=\"text-align: justify\">Il est par cons\u00e9quent essentiel de conna\u00eetre les rep\u00e8res clarifiants et structurants permettant de leur proposer des relations \u00e9panouissantes :<\/p>\n<ul style=\"text-align: justify\">\n<li>Quelles sont les fonctions parentales ?<\/li>\n<li>Quels sont les besoins relationnels de nos enfants et comment les satisfaire ?<\/li>\n<li>Quels sont leurs langages privil\u00e9gi\u00e9s et comment les entendre m\u00eame s\u2019ils nous d\u00e9concertent ?<\/li>\n<li>Quand les comportements ou d\u00e9bordements \u00e9motionnels de nos enfants nous poussent \u00e0 bout, comment \u00e9viter de basculer dans le r\u00e9actionnel et les accompagner avec bienveillance et fermet\u00e9 ?<\/li>\n<li>Dans la relation \u00e0 nos enfants, quelle est la part des conditionnements \u00e9ducatifs issus de notre enfance\u00a0? Comment alors les d\u00e9construire pour choisir en conscience un positionnement appropri\u00e9 ?<\/li>\n<\/ul>\n<p style=\"text-align: justify\">D\u00e9velopper une relation familiale authentique et \u00e9panouissante avec nos enfants devient possible. En int\u00e9grant les rep\u00e8res et outils de la M\u00e9thode ESPERE\u00ae dans la relation \u00e0 nos enfants et en acceptant peut-\u00eatre de revisiter l\u2019histoire de l\u2019ex-enfant que nous sommes. Cela permet aussi de les accompagner \u00e0 grandir en confiance et s\u00e9curit\u00e9 vers leur autonomie&#8230; et leur envol !<\/p>\n<p style=\"text-align: justify\"><span style=\"color: #ff6600\"><strong><span style=\"color: #d87000\">Proposition<\/span>\u00a0<\/strong><\/span>: Utiliser les outils de la M\u00e9thode ESPERE\u00ae et peut-\u00eatre revisiter l\u2019histoire de l\u2019ex-enfant que nous sommes sont donc essentiels pour proposer des relations nourrissantes \u00e0 nos enfants.\u00a0Et c\u2019est gr\u00e2ce \u00e0 ces comp\u00e9tences de parent relationnel, qu\u2019il sera possible de les accompagner \u00e0 grandir, en confiance et s\u00e9curit\u00e9, vers leur autonomie&#8230; et leur envol !<\/p>[\/et_pb_text][\/et_pb_column][\/et_pb_row][et_pb_row admin_label=\u00a0\u00bbrow\u00a0\u00bb _builder_version=\u00a0\u00bb4.25.1&Prime; background_size=\u00a0\u00bbinitial\u00a0\u00bb background_position=\u00a0\u00bbtop_left\u00a0\u00bb background_repeat=\u00a0\u00bbrepeat\u00a0\u00bb width=\u00a0\u00bb90%\u00a0\u00bb custom_margin=\u00a0\u00bb||50px||false|false\u00a0\u00bb custom_padding=\u00a0\u00bb10px|10px|10px|10px|true|true\u00a0\u00bb border_radii=\u00a0\u00bbon|15px|15px|15px|15px\u00a0\u00bb border_width_all=\u00a0\u00bb1px\u00a0\u00bb border_color_all=\u00a0\u00bb#F08A2E\u00a0\u00bb locked=\u00a0\u00bboff\u00a0\u00bb global_colors_info=\u00a0\u00bb{}\u00a0\u00bb][et_pb_column type=\u00a0\u00bb4_4&Prime; _builder_version=\u00a0\u00bb4.16&Prime; custom_padding=\u00a0\u00bb|||\u00a0\u00bb global_colors_info=\u00a0\u00bb{}\u00a0\u00bb custom_padding__hover=\u00a0\u00bb|||\u00a0\u00bb][et_pb_icon font_icon=\u00a0\u00bb&#xe08b;||divi||400&Prime; icon_width=\u00a0\u00bb66px\u00a0\u00bb _builder_version=\u00a0\u00bb4.25.1&Prime; _module_preset=\u00a0\u00bbdefault\u00a0\u00bb custom_margin=\u00a0\u00bb30px||||false|false\u00a0\u00bb locked=\u00a0\u00bboff\u00a0\u00bb global_colors_info=\u00a0\u00bb{}\u00a0\u00bb][\/et_pb_icon][et_pb_text admin_label=\u00a0\u00bbText\u00a0\u00bb module_class=\u00a0\u00bbtick-bullets\u00a0\u00bb _builder_version=\u00a0\u00bb4.27.4&Prime; background_size=\u00a0\u00bbinitial\u00a0\u00bb background_position=\u00a0\u00bbtop_left\u00a0\u00bb background_repeat=\u00a0\u00bbrepeat\u00a0\u00bb custom_padding=\u00a0\u00bb||||true|true\u00a0\u00bb border_color_all=\u00a0\u00bb#F08A2E\u00a0\u00bb locked=\u00a0\u00bboff\u00a0\u00bb global_colors_info=\u00a0\u00bb{}\u00a0\u00bb]<h2>Les accompagnements propos\u00e9s par reliance association sur le th\u00e8me de la relation familiale<\/h2>\n<p>Selon les besoins des personnes, ce th\u00e8me peut \u00eatre abord\u00e9 pour une premi\u00e8re approche en <a href=\"https:\/\/centrereliance.fr\/association\/conference-sur-le-bien-etre\/\">conf\u00e9rence<\/a>. Il est possible aussi de l\u2019approfondir au cours d\u2019un <a href=\"https:\/\/centrereliance.fr\/association\/ateliers-communication\/\">atelier<\/a>, lors d\u2019un <a href=\"https:\/\/centrereliance.fr\/association\/stage-relations-interpersonnelles\/\">stage<\/a> ou encore en <a href=\"https:\/\/centrereliance.fr\/association\/stage-relations-interpersonnelles\/\">accompagnement individuel<\/a> avec un praticien en M\u00e9thode ESPERE\u00ae.<\/p>[\/et_pb_text][\/et_pb_column][\/et_pb_row][et_pb_row admin_label=\u00a0\u00bbrow\u00a0\u00bb _builder_version=\u00a0\u00bb4.22.1&Prime; background_size=\u00a0\u00bbinitial\u00a0\u00bb background_position=\u00a0\u00bbtop_left\u00a0\u00bb background_repeat=\u00a0\u00bbrepeat\u00a0\u00bb width=\u00a0\u00bb90%\u00a0\u00bb custom_padding=\u00a0\u00bb10px|10px|10px|10px|true|true\u00a0\u00bb border_radii=\u00a0\u00bbon|15px|15px|15px|15px\u00a0\u00bb border_width_all=\u00a0\u00bb1px\u00a0\u00bb border_color_all=\u00a0\u00bb#F08A2E\u00a0\u00bb locked=\u00a0\u00bboff\u00a0\u00bb global_colors_info=\u00a0\u00bb{}\u00a0\u00bb][et_pb_column type=\u00a0\u00bb4_4&Prime; _builder_version=\u00a0\u00bb4.16&Prime; custom_padding=\u00a0\u00bb|||\u00a0\u00bb global_colors_info=\u00a0\u00bb{}\u00a0\u00bb custom_padding__hover=\u00a0\u00bb|||\u00a0\u00bb][et_pb_icon font_icon=\u00a0\u00bb&#xf073;||fa||900&Prime; icon_width=\u00a0\u00bb66px\u00a0\u00bb module_id=\u00a0\u00bbactions-programmees\u00a0\u00bb _builder_version=\u00a0\u00bb4.27.4&Prime; _module_preset=\u00a0\u00bbdefault\u00a0\u00bb custom_margin=\u00a0\u00bb30px||||false|false\u00a0\u00bb locked=\u00a0\u00bboff\u00a0\u00bb global_colors_info=\u00a0\u00bb{}\u00a0\u00bb][\/et_pb_icon][et_pb_text admin_label=\u00a0\u00bbText\u00a0\u00bb module_class=\u00a0\u00bbtick-bullets\u00a0\u00bb _builder_version=\u00a0\u00bb4.25.1&Prime; background_size=\u00a0\u00bbinitial\u00a0\u00bb background_position=\u00a0\u00bbtop_left\u00a0\u00bb background_repeat=\u00a0\u00bbrepeat\u00a0\u00bb text_orientation=\u00a0\u00bbcenter\u00a0\u00bb custom_padding=\u00a0\u00bb||||true|true\u00a0\u00bb border_color_all=\u00a0\u00bb#F08A2E\u00a0\u00bb locked=\u00a0\u00bboff\u00a0\u00bb global_colors_info=\u00a0\u00bb{}\u00a0\u00bb]<h2>Quand ont lieu les prochaines activit\u00e9s sur le th\u00e8me de la relation familiale ?<\/h2>[\/et_pb_text][et_pb_shop type=\u00a0\u00bbproduct_category\u00a0\u00bb include_categories=\u00a0\u00bb159&Prime; columns_number=\u00a0\u00bb1&Prime; orderby=\u00a0\u00bbmenu_order\u00a0\u00bb _builder_version=\u00a0\u00bb4.27.4&Prime; _module_preset=\u00a0\u00bbdefault\u00a0\u00bb global_colors_info=\u00a0\u00bb{}\u00a0\u00bb][\/et_pb_shop][\/et_pb_column][\/et_pb_row][\/et_pb_section]\n","protected":false},"excerpt":{"rendered":"<p>Une relation familiale \u00e9panouissante s\u2019appuie sur des rep\u00e8res structurants. \u201cLe plus beau cadeau que l\u2019on peut faire \u00e0 un enfant n\u2019est pas tant de l\u2019aimer que de lui apprendre \u00e0 s\u2019aimer\u201d. Jacques Salom\u00e9\u00a0 \u00catre parent, quelle aventure ! Quelle magnifique aventure que d\u2019\u00e9lever ses enfants\u00a0! C\u2019est ainsi que nous nous y lan\u00e7ons avec beaucoup d\u2019amour [&hellip;]<\/p>\n","protected":false},"author":28,"featured_media":0,"parent":0,"menu_order":0,"comment_status":"closed","ping_status":"closed","template":"","meta":{"_et_pb_use_builder":"on","_et_pb_old_content":"<!-- wp:divi\/placeholder \/-->","_et_gb_content_width":"","footnotes":""},"class_list":["post-5810","page","type-page","status-publish","hentry"],"yoast_head":"<!-- This site is optimized with the Yoast SEO plugin v25.8 - https:\/\/yoast.com\/wordpress\/plugins\/seo\/ -->\n<title>La relation familiale - Am\u00e9liorer ses relations et cheminer vers le meilleur de soi<\/title>\n<meta name=\"description\" content=\"Acqu\u00e9rir les rep\u00e8res pour une relation familiale \u00e9panouissante \u00e0 travers des conf\u00e9rences, ateliers ou accompagnements personnalis\u00e9s.\" \/>\n<meta name=\"robots\" content=\"index, follow, max-snippet:-1, max-image-preview:large, max-video-preview:-1\" \/>\n<link rel=\"canonical\" href=\"https:\/\/centrereliance.fr\/association\/relation-familiale\/\" \/>\n<meta property=\"og:locale\" content=\"fr_FR\" \/>\n<meta property=\"og:type\" content=\"article\" \/>\n<meta property=\"og:title\" content=\"La relation familiale - Am\u00e9liorer ses relations et cheminer vers le meilleur de soi\" \/>\n<meta property=\"og:description\" content=\"Acqu\u00e9rir les rep\u00e8res pour une relation familiale \u00e9panouissante \u00e0 travers des conf\u00e9rences, ateliers ou accompagnements personnalis\u00e9s.\" \/>\n<meta property=\"og:url\" content=\"https:\/\/centrereliance.fr\/association\/relation-familiale\/\" \/>\n<meta property=\"og:site_name\" content=\"Am\u00e9liorer ses relations et cheminer vers le meilleur de soi\" \/>\n<meta property=\"article:publisher\" content=\"https:\/\/www.facebook.com\/Reliance-Association-318815031580269\/\" \/>\n<meta property=\"article:modified_time\" content=\"2026-03-22T14:01:56+00:00\" \/>\n<meta name=\"twitter:card\" content=\"summary_large_image\" \/>\n<meta name=\"twitter:label1\" content=\"Dur\u00e9e de lecture estim\u00e9e\" \/>\n\t<meta name=\"twitter:data1\" content=\"7 minutes\" \/>\n<script type=\"application\/ld+json\" class=\"yoast-schema-graph\">{\"@context\":\"https:\/\/schema.org\",\"@graph\":[{\"@type\":\"WebPage\",\"@id\":\"https:\/\/centrereliance.fr\/association\/relation-familiale\/\",\"url\":\"https:\/\/centrereliance.fr\/association\/relation-familiale\/\",\"name\":\"La relation familiale - Am\u00e9liorer ses relations et cheminer vers le meilleur de soi\",\"isPartOf\":{\"@id\":\"https:\/\/centrereliance.fr\/association\/#website\"},\"datePublished\":\"2025-08-29T12:17:35+00:00\",\"dateModified\":\"2026-03-22T14:01:56+00:00\",\"description\":\"Acqu\u00e9rir les rep\u00e8res pour une relation familiale \u00e9panouissante \u00e0 travers des conf\u00e9rences, ateliers ou accompagnements personnalis\u00e9s.\",\"breadcrumb\":{\"@id\":\"https:\/\/centrereliance.fr\/association\/relation-familiale\/#breadcrumb\"},\"inLanguage\":\"fr-FR\",\"potentialAction\":[{\"@type\":\"ReadAction\",\"target\":[\"https:\/\/centrereliance.fr\/association\/relation-familiale\/\"]}]},{\"@type\":\"BreadcrumbList\",\"@id\":\"https:\/\/centrereliance.fr\/association\/relation-familiale\/#breadcrumb\",\"itemListElement\":[{\"@type\":\"ListItem\",\"position\":1,\"name\":\"Accueil\",\"item\":\"https:\/\/centrereliance.fr\/association\/\"},{\"@type\":\"ListItem\",\"position\":2,\"name\":\"La relation familiale\"}]},{\"@type\":\"WebSite\",\"@id\":\"https:\/\/centrereliance.fr\/association\/#website\",\"url\":\"https:\/\/centrereliance.fr\/association\/\",\"name\":\"Am\u00e9liorer ses relations et cheminer vers le meilleur de soi\",\"description\":\"Nos actions \u00e0 destination des particuliers\",\"publisher\":{\"@id\":\"https:\/\/centrereliance.fr\/association\/#organization\"},\"potentialAction\":[{\"@type\":\"SearchAction\",\"target\":{\"@type\":\"EntryPoint\",\"urlTemplate\":\"https:\/\/centrereliance.fr\/association\/?s={search_term_string}\"},\"query-input\":{\"@type\":\"PropertyValueSpecification\",\"valueRequired\":true,\"valueName\":\"search_term_string\"}}],\"inLanguage\":\"fr-FR\"},{\"@type\":\"Organization\",\"@id\":\"https:\/\/centrereliance.fr\/association\/#organization\",\"name\":\"Reliance ASSOCIATION\",\"url\":\"https:\/\/centrereliance.fr\/association\/\",\"logo\":{\"@type\":\"ImageObject\",\"inLanguage\":\"fr-FR\",\"@id\":\"https:\/\/centrereliance.fr\/association\/#\/schema\/logo\/image\/\",\"url\":\"https:\/\/centrereliance.fr\/association\/wp-content\/uploads\/sites\/2\/2016\/10\/Logo-SARL-e1476290643249.jpg\",\"contentUrl\":\"https:\/\/centrereliance.fr\/association\/wp-content\/uploads\/sites\/2\/2016\/10\/Logo-SARL-e1476290643249.jpg\",\"width\":101,\"height\":110,\"caption\":\"Reliance ASSOCIATION\"},\"image\":{\"@id\":\"https:\/\/centrereliance.fr\/association\/#\/schema\/logo\/image\/\"},\"sameAs\":[\"https:\/\/www.facebook.com\/Reliance-Association-318815031580269\/\",\"https:\/\/www.linkedin.com\/company-beta\/16261855\"]}]}<\/script>\n<!-- \/ Yoast SEO plugin. -->","yoast_head_json":{"title":"La relation familiale - Am\u00e9liorer ses relations et cheminer vers le meilleur de soi","description":"Acqu\u00e9rir les rep\u00e8res pour une relation familiale \u00e9panouissante \u00e0 travers des conf\u00e9rences, ateliers ou accompagnements personnalis\u00e9s.","robots":{"index":"index","follow":"follow","max-snippet":"max-snippet:-1","max-image-preview":"max-image-preview:large","max-video-preview":"max-video-preview:-1"},"canonical":"https:\/\/centrereliance.fr\/association\/relation-familiale\/","og_locale":"fr_FR","og_type":"article","og_title":"La relation familiale - Am\u00e9liorer ses relations et cheminer vers le meilleur de soi","og_description":"Acqu\u00e9rir les rep\u00e8res pour une relation familiale \u00e9panouissante \u00e0 travers des conf\u00e9rences, ateliers ou accompagnements personnalis\u00e9s.","og_url":"https:\/\/centrereliance.fr\/association\/relation-familiale\/","og_site_name":"Am\u00e9liorer ses relations et cheminer vers le meilleur de soi","article_publisher":"https:\/\/www.facebook.com\/Reliance-Association-318815031580269\/","article_modified_time":"2026-03-22T14:01:56+00:00","twitter_card":"summary_large_image","twitter_misc":{"Dur\u00e9e de lecture estim\u00e9e":"7 minutes"},"schema":{"@context":"https:\/\/schema.org","@graph":[{"@type":"WebPage","@id":"https:\/\/centrereliance.fr\/association\/relation-familiale\/","url":"https:\/\/centrereliance.fr\/association\/relation-familiale\/","name":"La relation familiale - Am\u00e9liorer ses relations et cheminer vers le meilleur de soi","isPartOf":{"@id":"https:\/\/centrereliance.fr\/association\/#website"},"datePublished":"2025-08-29T12:17:35+00:00","dateModified":"2026-03-22T14:01:56+00:00","description":"Acqu\u00e9rir les rep\u00e8res pour une relation familiale \u00e9panouissante \u00e0 travers des conf\u00e9rences, ateliers ou accompagnements personnalis\u00e9s.","breadcrumb":{"@id":"https:\/\/centrereliance.fr\/association\/relation-familiale\/#breadcrumb"},"inLanguage":"fr-FR","potentialAction":[{"@type":"ReadAction","target":["https:\/\/centrereliance.fr\/association\/relation-familiale\/"]}]},{"@type":"BreadcrumbList","@id":"https:\/\/centrereliance.fr\/association\/relation-familiale\/#breadcrumb","itemListElement":[{"@type":"ListItem","position":1,"name":"Accueil","item":"https:\/\/centrereliance.fr\/association\/"},{"@type":"ListItem","position":2,"name":"La relation familiale"}]},{"@type":"WebSite","@id":"https:\/\/centrereliance.fr\/association\/#website","url":"https:\/\/centrereliance.fr\/association\/","name":"Am\u00e9liorer ses relations et cheminer vers le meilleur de soi","description":"Nos actions \u00e0 destination des particuliers","publisher":{"@id":"https:\/\/centrereliance.fr\/association\/#organization"},"potentialAction":[{"@type":"SearchAction","target":{"@type":"EntryPoint","urlTemplate":"https:\/\/centrereliance.fr\/association\/?s={search_term_string}"},"query-input":{"@type":"PropertyValueSpecification","valueRequired":true,"valueName":"search_term_string"}}],"inLanguage":"fr-FR"},{"@type":"Organization","@id":"https:\/\/centrereliance.fr\/association\/#organization","name":"Reliance ASSOCIATION","url":"https:\/\/centrereliance.fr\/association\/","logo":{"@type":"ImageObject","inLanguage":"fr-FR","@id":"https:\/\/centrereliance.fr\/association\/#\/schema\/logo\/image\/","url":"https:\/\/centrereliance.fr\/association\/wp-content\/uploads\/sites\/2\/2016\/10\/Logo-SARL-e1476290643249.jpg","contentUrl":"https:\/\/centrereliance.fr\/association\/wp-content\/uploads\/sites\/2\/2016\/10\/Logo-SARL-e1476290643249.jpg","width":101,"height":110,"caption":"Reliance ASSOCIATION"},"image":{"@id":"https:\/\/centrereliance.fr\/association\/#\/schema\/logo\/image\/"},"sameAs":["https:\/\/www.facebook.com\/Reliance-Association-318815031580269\/","https:\/\/www.linkedin.com\/company-beta\/16261855"]}]}},"_links":{"self":[{"href":"https:\/\/centrereliance.fr\/association\/wp-json\/wp\/v2\/pages\/5810","targetHints":{"allow":["GET"]}}],"collection":[{"href":"https:\/\/centrereliance.fr\/association\/wp-json\/wp\/v2\/pages"}],"about":[{"href":"https:\/\/centrereliance.fr\/association\/wp-json\/wp\/v2\/types\/page"}],"author":[{"embeddable":true,"href":"https:\/\/centrereliance.fr\/association\/wp-json\/wp\/v2\/users\/28"}],"replies":[{"embeddable":true,"href":"https:\/\/centrereliance.fr\/association\/wp-json\/wp\/v2\/comments?post=5810"}],"version-history":[{"count":11,"href":"https:\/\/centrereliance.fr\/association\/wp-json\/wp\/v2\/pages\/5810\/revisions"}],"predecessor-version":[{"id":60868,"href":"https:\/\/centrereliance.fr\/association\/wp-json\/wp\/v2\/pages\/5810\/revisions\/60868"}],"wp:attachment":[{"href":"https:\/\/centrereliance.fr\/association\/wp-json\/wp\/v2\/media?parent=5810"}],"curies":[{"name":"wp","href":"https:\/\/api.w.org\/{rel}","templated":true}]}}