{"id":1448,"date":"2017-09-14T01:29:39","date_gmt":"2017-09-13T23:29:39","guid":{"rendered":"https:\/\/centrereliance.fr\/sarl\/?page_id=1448"},"modified":"2026-07-27T20:27:37","modified_gmt":"2026-07-27T18:27:37","slug":"reguler-ses-emotions-formation-emres","status":"publish","type":"page","link":"https:\/\/centrereliance.fr\/sarl\/reguler-ses-emotions-formation-emres\/","title":{"rendered":"Se former comme praticien en r\u00e9solution \u00e9motionnelle (EmRes)"},"content":{"rendered":"<div class=\"et_pb_section_0 et_pb_section et_section_regular et_block_section section_has_divider et_pb_bottom_divider\">\n<div class=\"et_pb_row_0 et_pb_row et_block_row\">\n<div class=\"et_pb_column_0 et_pb_column et_pb_column_4_4 et-last-child et_block_column et_pb_css_mix_blend_mode_passthrough\">\n<div class=\"et_pb_image_0 et_pb_image et_pb_module et_block_module\"><span class=\"et_pb_image_wrap\"><img decoding=\"async\" data-src=\"https:\/\/centrereliance.fr\/sarl\/wp-content\/uploads\/sites\/3\/2025\/08\/methode_emres__.jpg\" width=\"1000\" height=\"550\" data-srcset=\"https:\/\/centrereliance.fr\/sarl\/wp-content\/uploads\/sites\/3\/2025\/08\/methode_emres__.jpg 1000w, https:\/\/centrereliance.fr\/sarl\/wp-content\/uploads\/sites\/3\/2025\/08\/methode_emres__-980x539.jpg 980w, https:\/\/centrereliance.fr\/sarl\/wp-content\/uploads\/sites\/3\/2025\/08\/methode_emres__-480x264.jpg 480w\" data-sizes=\"(min-width: 0px) and (max-width: 480px) 480px, (min-width: 481px) and (max-width: 980px) 980px, (min-width: 981px) 1000px, 100vw\" class=\"wp-image-5014 lazyload\" alt=\"Reguler ses emotions : se former \u00e0 Emres\" src=\"data:image\/svg+xml;base64,PHN2ZyB3aWR0aD0iMSIgaGVpZ2h0PSIxIiB4bWxucz0iaHR0cDovL3d3dy53My5vcmcvMjAwMC9zdmciPjwvc3ZnPg==\" style=\"--smush-placeholder-width: 1000px; --smush-placeholder-aspect-ratio: 1000\/550;\" \/><\/span><\/div>\n\n<div class=\"et_pb_post_title_0 et_pb_post_title et_pb_bg_layout_light et_pb_module et_block_module\"><div class=\"et_pb_title_container\"><h1 class=\"entry-title\">Se former comme praticien en r\u00e9solution \u00e9motionnelle (EmRes)<\/h1><\/div><\/div>\n<\/div>\n<\/div>\n\n<div class=\"et_pb_row_1 et_pb_row et_block_row\">\n<div class=\"et_pb_column_1 et_pb_column et_pb_column_4_4 et-last-child et_block_column et_pb_css_mix_blend_mode_passthrough\">\n<div class=\"et_pb_image_1 et_pb_image et_pb_module et_block_module\"><span class=\"et_pb_image_wrap\"><img decoding=\"async\" data-src=\"https:\/\/centrereliance.fr\/sarl\/wp-content\/uploads\/sites\/3\/2025\/08\/description-formation.jpg\" width=\"500\" height=\"500\" data-srcset=\"https:\/\/centrereliance.fr\/sarl\/wp-content\/uploads\/sites\/3\/2025\/08\/description-formation.jpg 500w, https:\/\/centrereliance.fr\/sarl\/wp-content\/uploads\/sites\/3\/2025\/08\/description-formation-480x480.jpg 480w\" data-sizes=\"(min-width: 0px) and (max-width: 480px) 480px, (min-width: 481px) 500px, 100vw\" class=\"wp-image-4962 lazyload\" title=\"description-formation\" src=\"data:image\/svg+xml;base64,PHN2ZyB3aWR0aD0iMSIgaGVpZ2h0PSIxIiB4bWxucz0iaHR0cDovL3d3dy53My5vcmcvMjAwMC9zdmciPjwvc3ZnPg==\" style=\"--smush-placeholder-width: 500px; --smush-placeholder-aspect-ratio: 500\/500;\" \/><\/span><\/div>\n\n<div class=\"et_pb_text_0 et_pb_text et_pb_bg_layout_light et_pb_module et_block_module tick-bullets\"><div class=\"et_pb_text_inner\"><h2><span data-contrast=\"none\" xml:lang=\"FR-FR\" lang=\"FR-FR\" class=\"TextRun SCXW175499943 BCX0\"><span class=\"NormalTextRun SCXW175499943 BCX0\">Pourquoi se former \u00e0 la<\/span><\/span><span data-contrast=\"none\" xml:lang=\"FR-FR\" lang=\"FR-FR\" class=\"TextRun SCXW175499943 BCX0\"><span class=\"NormalTextRun SCXW175499943 BCX0\">\u00a0m\u00e9thode <\/span><span class=\"NormalTextRun SpellingErrorV2Themed SCXW175499943 BCX0\">EmRes<\/span><span class=\"NormalTextRun SCXW175499943 BCX0\">\u202f<\/span><\/span>?<\/h2>\n<p><span data-contrast=\"auto\">EmRes est une m\u00e9thode <span class=\"NormalTextRun SCXW176946922 BCX0\">pour <\/span><span class=\"NormalTextRun SpellingErrorV2Themed SCXW176946922 BCX0\">r\u00e9guler<\/span><span class=\"NormalTextRun SCXW176946922 BCX0\"> ses \u00e9motions<\/span> qui utilise la voie sensorielle comme moyen d'apaisement \u00e9motionnel. Cette approche sensorimotrice\u202fpermet d'accueillir l'exp\u00e9rience \u00e9motionnelle de mani\u00e8re s\u00e9cure m\u00eame \u202fquand elle est d\u00e9sagr\u00e9able (peurs, col\u00e8res, d\u00e9go\u00fbts, tristesse)<\/span><span data-contrast=\"auto\">. Elle aide en effet<\/span><span data-contrast=\"auto\"> \u00e0 la transformer en exp\u00e9rience apaisante et correctrice.\u00a0<\/span><span data-ccp-props=\"{&quot;335551550&quot;:6,&quot;335551620&quot;:6}\">\u00a0<\/span><\/p>\n<p><span data-contrast=\"auto\">Se former \u00e0<\/span><b><span data-contrast=\"auto\">\u00a0EmRes<\/span><\/b><span data-contrast=\"auto\">, c\u2019est apprendre \u00e0 utiliser des techniques \u00e9prouv\u00e9es pour soi-m\u00eame, pour d\u00e9panner occasionnellement des proches, ou pour accompagner des personnes venant chercher une <\/span><b><span data-contrast=\"auto\">aide professionnelle<\/span><\/b><span data-contrast=\"auto\">.<\/span><span data-ccp-props=\"{&quot;335551550&quot;:6,&quot;335551620&quot;:6}\">\u00a0<\/span><\/p>\n<p><span data-contrast=\"auto\">EmRes s\u2019av\u00e8re utile pour d\u00e9velopper ses comp\u00e9tences \u00e9motionnelles ce qui participe au d\u00e9veloppement du bien-\u00eatre, de la sant\u00e9 physique et mentale et de l\u2019adaptation \u00e0 son milieu. La capacit\u00e9 \u00e0\u00a0<\/span><span data-contrast=\"auto\">r\u00e9guler ses \u00e9motions<\/span><span data-contrast=\"auto\">\u00a0influence directement la qualit\u00e9 de nos relations sociales, professionnelles et personnelles.\u00a0<\/span><span data-ccp-props=\"{&quot;134233117&quot;:false,&quot;134233118&quot;:false,&quot;201341983&quot;:0,&quot;335551550&quot;:6,&quot;335551620&quot;:6,&quot;335559685&quot;:0,&quot;335559737&quot;:0,&quot;335559738&quot;:0,&quot;335559739&quot;:160,&quot;335559740&quot;:278}\">\u00a0<\/span><\/p>\n<p>Pour en savoir plus, <a href=\"https:\/\/centrereliance.fr\/sarl\/wp-content\/uploads\/sites\/3\/2024\/10\/PGM-SVME-241022.pdf\">consulter la pr\u00e9sentation de la m\u00e9thode Emres<\/a>.<span data-ccp-props=\"{&quot;134233117&quot;:false,&quot;134233118&quot;:false,&quot;201341983&quot;:0,&quot;335551550&quot;:6,&quot;335551620&quot;:6,&quot;335559685&quot;:0,&quot;335559737&quot;:0,&quot;335559738&quot;:0,&quot;335559739&quot;:160,&quot;335559740&quot;:278}\"><\/span><\/p>\n<p><span data-ccp-props=\"{&quot;134233117&quot;:false,&quot;134233118&quot;:false,&quot;201341983&quot;:0,&quot;335551550&quot;:6,&quot;335551620&quot;:6,&quot;335559685&quot;:0,&quot;335559737&quot;:0,&quot;335559738&quot;:0,&quot;335559739&quot;:160,&quot;335559740&quot;:278}\"><\/span><\/p>\n<p><span data-ccp-props=\"{&quot;134233117&quot;:false,&quot;134233118&quot;:false,&quot;201341983&quot;:0,&quot;335551550&quot;:6,&quot;335551620&quot;:6,&quot;335559685&quot;:0,&quot;335559737&quot;:0,&quot;335559738&quot;:0,&quot;335559739&quot;:160,&quot;335559740&quot;:278}\"><\/span><\/p>\n<\/div><\/div>\n<\/div>\n<\/div>\n\n<div class=\"et_pb_row_2 et_pb_row et_block_row\">\n<div class=\"et_pb_column_2 et_pb_column et_pb_column_4_4 et-last-child et_block_column et_pb_css_mix_blend_mode_passthrough\">\n<div class=\"et_pb_image_2 et_pb_image et_pb_module et_block_module\"><span class=\"et_pb_image_wrap\"><img decoding=\"async\" data-src=\"https:\/\/centrereliance.fr\/sarl\/wp-content\/uploads\/sites\/3\/2025\/08\/public-formation.jpg\" width=\"500\" height=\"500\" data-srcset=\"https:\/\/centrereliance.fr\/sarl\/wp-content\/uploads\/sites\/3\/2025\/08\/public-formation.jpg 500w, https:\/\/centrereliance.fr\/sarl\/wp-content\/uploads\/sites\/3\/2025\/08\/public-formation-480x480.jpg 480w\" data-sizes=\"(min-width: 0px) and (max-width: 480px) 480px, (min-width: 481px) 500px, 100vw\" class=\"wp-image-4963 lazyload\" title=\"public-formation\" src=\"data:image\/svg+xml;base64,PHN2ZyB3aWR0aD0iMSIgaGVpZ2h0PSIxIiB4bWxucz0iaHR0cDovL3d3dy53My5vcmcvMjAwMC9zdmciPjwvc3ZnPg==\" style=\"--smush-placeholder-width: 500px; --smush-placeholder-aspect-ratio: 500\/500;\" \/><\/span><\/div>\n\n<div class=\"et_pb_text_1 et_pb_text et_pb_bg_layout_light et_pb_module et_block_module tick-bullets\"><div class=\"et_pb_text_inner\"><h2>Pour qui\u202f?<\/h2>\n<p>Vous \u00eates un <strong>particulier<\/strong> et vous souhaitez utiliser cette m\u00e9thode \u00e0 titre personnel (dans un contexte familial, professionnel ou autre) pour apprendre \u00e0 r\u00e9guler ses \u00e9motions et accompagner celles de ses proches au moment de leurs survenues.<\/p>\n<p>Ou bien<\/p>\n<p>Vous avez le projet d\u2019apprendre \u00e0 utiliser les diff\u00e9rentes techniques propos\u00e9es par EmRes pour un usage <strong>professionnel\u202f<\/strong>:<\/p>\n<ul>\n<li>soit pour les int\u00e9grer dans votre pratique professionnelle existante d\u2019aide \u00e0 la personne\u202f(professionnel\u00b7les de la sant\u00e9, coachs, accompagnant\u00b7es \u00e9ducatifs et social);<\/li>\n<li>soit pour devenir praticien\u00b7e en m\u00e9thode EmRes qualifi\u00e9 et accr\u00e9dit\u00e9 par l\u2019<a href=\"https:\/\/www.institut-sante-emotionnelle.fr\/\">Institut International en Sant\u00e9 \u00c9motionnelle<\/a>.<\/li>\n<\/ul>\n<\/div><\/div>\n\n<div class=\"et_pb_blurb_0 et_pb_blurb et_pb_bg_layout_light et_pb_text_align_justified et_pb_blurb_position_left et_clickable et_pb_module et_block_module\"><div class=\"et_pb_blurb_content\"><div class=\"et_pb_main_blurb_image et_animated\"><a href=\"http:\/\/Formulaire\"><span class=\"et_pb_image_wrap\"><span class=\"et-pb-icon\">l<\/span><\/span><\/a><\/div><div class=\"et_pb_blurb_container\"><div class=\"et_pb_blurb_description\"><p>Si cette action vous int\u00e9resse, nous vous invitons \u00e0 effectuer une demande en utilisant ce <span style=\"color: #ffffff;\"><a href=\"https:\/\/centrereliance.fr\/sarl\/formulaire-theme\/?activity=Se former \u00e0 la m\u00e9thode Emres\" style=\"color: #ffffff;\"><u>formulaire<\/u> <\/a><\/span>ou en nous contactant directement par mail <span style=\"color: #ffffff;\"><strong><a href=\"mailto:contact@centrereliance.fr\" style=\"color: #ffffff;\">contact@centrereliance.fr<\/a><\/strong><\/span>. Apr\u00e8s \u00e9changes sur vos besoins et les conditions de financement, nous vous enverrons un programme d\u00e9taill\u00e9 et une proposition financi\u00e8re<strong>.<\/strong><\/p>\n<\/div><\/div><\/div><\/div>\n<\/div>\n<\/div>\n\n<div class=\"et_pb_row_3 et_pb_row et_block_row\">\n<div class=\"et_pb_column_3 et_pb_column et_pb_column_4_4 et-last-child et_block_column et_pb_css_mix_blend_mode_passthrough\">\n<div class=\"et_pb_image_3 et_pb_image et_pb_module et_block_module\"><span class=\"et_pb_image_wrap\"><img decoding=\"async\" data-src=\"https:\/\/centrereliance.fr\/sarl\/wp-content\/uploads\/sites\/3\/2025\/08\/formation-interentreprise.jpg\" width=\"500\" height=\"500\" data-srcset=\"https:\/\/centrereliance.fr\/sarl\/wp-content\/uploads\/sites\/3\/2025\/08\/formation-interentreprise.jpg 500w, https:\/\/centrereliance.fr\/sarl\/wp-content\/uploads\/sites\/3\/2025\/08\/formation-interentreprise-480x480.jpg 480w\" data-sizes=\"(min-width: 0px) and (max-width: 480px) 480px, (min-width: 481px) 500px, 100vw\" class=\"wp-image-5015 lazyload\" title=\"formation-interentreprise\" src=\"data:image\/svg+xml;base64,PHN2ZyB3aWR0aD0iMSIgaGVpZ2h0PSIxIiB4bWxucz0iaHR0cDovL3d3dy53My5vcmcvMjAwMC9zdmciPjwvc3ZnPg==\" style=\"--smush-placeholder-width: 500px; --smush-placeholder-aspect-ratio: 500\/500;\" \/><\/span><\/div>\n\n<div class=\"et_pb_text_2 et_pb_text et_pb_bg_layout_light et_pb_module et_block_module tick-bullets\"><div class=\"et_pb_text_inner\"><h2><span data-contrast=\"none\" xml:lang=\"FR-FR\" lang=\"FR-FR\" class=\"TextRun SCXW153733931 BCX0\"><span class=\"NormalTextRun SCXW153733931 BCX0\">actions propos\u00e9es\u202fen inter<\/span><\/span><\/h2>\n<\/div><\/div>\n\n<div class=\"et_pb_blurb_1 et_pb_blurb et_pb_bg_layout_light et_pb_text_align_justified et_pb_blurb_position_left et_pb_module et_block_module\"><div class=\"et_pb_blurb_content\"><div class=\"et_pb_main_blurb_image et_animated\"><span class=\"et_pb_image_wrap\"><span class=\"et-pb-icon\">\ue007<\/span><\/span><\/div><div class=\"et_pb_blurb_container\"><div class=\"et_pb_blurb_description\"><p><span data-contrast=\"auto\">Nous proposons toutes les formations suivantes dans le cadre de la formation professionnelle. Reliance est un organisme certifi\u00e9 Qualiopi au titre de la cat\u00e9gorie ACTIONS DE FORMATION (<a href=\"https:\/\/centrereliance.fr\/sarl\/wp-content\/uploads\/sites\/3\/2023\/06\/Certificat-QUALIOPI-Reliance-SARL.pdf\" target=\"_blank\" rel=\"noopener\">Voir le certificat<\/a><u>)<\/u>. Si vous vous inscrivez au nom d\u2019une personne morale, l\u2019action que vous avez choisie S\u2019il en accepte la prise en charge, cette action pourrait \u00eatre financ\u00e9e par votre Op\u00e9rateur de Comp\u00e9tence (<a href=\"https:\/\/travail-emploi.gouv.fr\/les-operateurs-de-competences-opco#anchor-navigation-776\" target=\"_blank\" rel=\"noopener\">Voir le r\u00f4le et la liste des OPCO<\/a>). <\/span><span data-ccp-props=\"{}\">\u00a0<\/span><\/p>\n<\/div><\/div><\/div><\/div>\n\n<div class=\"et_pb_text_3 et_pb_text et_pb_bg_layout_light et_pb_module et_block_module tick-bullets\"><div class=\"et_pb_text_inner\"><p style=\"text-align: center;\"><strong><span style=\"text-decoration: underline; color: #82b000;\"><span style=\"color: #82b000;\">____________<\/span><\/span><\/strong><\/p>\n<p style=\"text-align: center;\"><strong><span style=\"text-decoration: underline; color: #82b000;\"><span style=\"color: #82b000;\"><\/span><\/span><\/strong><\/p>\n<p style=\"text-align: center;\"><strong><span style=\"text-decoration: underline; color: #82b000;\"><span style=\"color: #82b000;\"><\/span><\/span><\/strong><\/p>\n<h3 style=\"text-align: center;\"><strong><span style=\"text-decoration: underline; color: #82b000;\">Pour tout public<\/span>\u202f:<\/strong><\/h3>\n<ul>\n<li><strong>EmRes Pro Niveau 1<\/strong> : acqu\u00e9rir les bases pour pratiquer la m\u00e9thode EmRes pour soi ou pour accompagner occasionnellement un proche (3 journ\u00e9es de 7h et 1 session de supervision de 2,5h, soit 23h).<\/li>\n<\/ul>\n<p style=\"text-align: center;\"><span style=\"color: #82b000;\">____________<\/span><\/p>\n<p style=\"text-align: center;\"><span style=\"color: #82b000;\"><\/span><\/p>\n<h3 style=\"text-align: center;\"><span style=\"text-decoration: underline;\"><span style=\"color: #82b000; text-decoration: underline;\"><strong>Pour les professionnel\u00b7es de la relation d\u2019aide ou personnes d\u00e9sireuses de devenir praticien\u00b7ne accr\u00e9dit\u00e9\u00b7e<\/strong>\u202f<\/span><\/span>:<\/h3>\n<ul>\n<li><strong>EmRes Pro Niveau 2<\/strong> : se perfectionner dans cette pratique pour un usage professionnel et \u00e9ventuellement s\u2019engager vers une accr\u00e9ditation pour figurer au registre des praticien\u00b7nes professionnel\u00b7les EmRes de l\u2019<a href=\"https:\/\/www.institut-sante-emotionnelle.fr\/\">Institut International en Sant\u00e9 Emotionnelle<\/a> (2 journ\u00e9es de 7h et 1 session de supervision de 2,5h, soit 16h)<\/li>\n<li><strong>EmRes Pro Module 3 de sp\u00e9cialisation<\/strong> : acqu\u00e9rir des comp\u00e9tences compl\u00e9mentaires pour pratiquer la m\u00e9thode EmRes enrichie d\u2019hypnose conversationnelle (2 journ\u00e9es de 7h et 1 session de supervision de 2,5h, soit 16h)<\/li>\n<li><strong>EmRes int\u00e9gr\u00e9 \u00e0 l\u2019hypnose r\u00e9gression en \u00e2ge<\/strong> : apprendre \u00e0 utiliser diverses techniques de r\u00e9gression en \u00e2ge permettant d\u2019explorer les \u00e9v\u00e9nements du pass\u00e9 pour les personnes d\u00e9sireuses d\u2019apaisement \u00e9motionnel (1 journ\u00e9e de 7h)<\/li>\n<li><strong>Supervision<\/strong> : actualiser et renforcer les comp\u00e9tences acquises lors des formations (1 journ\u00e9e de 7h)<\/li>\n<\/ul>\n<p>&nbsp;<\/p>\n<p>Nous vous invitons \u00e0 consulter la\u202f<strong>fiche programme<\/strong>\u202fde chaque formation pour prendre connaissance des d\u00e9tails de son d\u00e9roulement.<\/p>\n<\/div><\/div>\n<\/div>\n<\/div>\n\n<div class=\"et_pb_row_4 et_pb_row et_block_row\">\n<div class=\"et_pb_column_4 et_pb_column et_pb_column_4_4 et-last-child et_block_column et_pb_css_mix_blend_mode_passthrough\">\n<div class=\"et_pb_image_4 et_pb_image et_pb_module et_block_module\" id=\"actions-programmees\"><span class=\"et_pb_image_wrap\"><img decoding=\"async\" data-src=\"https:\/\/centrereliance.fr\/sarl\/wp-content\/uploads\/sites\/3\/2025\/08\/actions-programmees.jpg\" width=\"500\" height=\"500\" data-srcset=\"https:\/\/centrereliance.fr\/sarl\/wp-content\/uploads\/sites\/3\/2025\/08\/actions-programmees.jpg 500w, https:\/\/centrereliance.fr\/sarl\/wp-content\/uploads\/sites\/3\/2025\/08\/actions-programmees-480x480.jpg 480w\" data-sizes=\"(min-width: 0px) and (max-width: 480px) 480px, (min-width: 481px) 500px, 100vw\" class=\"wp-image-5016 lazyload\" title=\"actions-programmees\" src=\"data:image\/svg+xml;base64,PHN2ZyB3aWR0aD0iMSIgaGVpZ2h0PSIxIiB4bWxucz0iaHR0cDovL3d3dy53My5vcmcvMjAwMC9zdmciPjwvc3ZnPg==\" style=\"--smush-placeholder-width: 500px; --smush-placeholder-aspect-ratio: 500\/500;\" \/><\/span><\/div>\n\n<div class=\"et_pb_text_4 et_pb_text et_pb_bg_layout_light et_pb_module et_block_module tick-bullets\"><div class=\"et_pb_text_inner\"><h2>Actions programm\u00e9es<\/h2>\n<\/div><\/div>\n\n<div class=\"et_pb_shop_0 et_pb_shop et_pb_shop_no_image et_pb_module\" data-shortcode_index=\"0\"><div class=\"woocommerce columns-1 \"><ul class=\"products columns-1\">\n<li class=\"product type-product post-5217 status-publish first instock product_cat-pro-se-former-a-emres has-post-thumbnail sold-individually purchasable product-type-simple\">\n\t<span class=\"et_shop_image\"><img decoding=\"async\" width=\"300\" height=\"300\" data-src=\"https:\/\/centrereliance.fr\/sarl\/wp-content\/uploads\/sites\/3\/2025\/04\/regulation-emotionelle-reliance-1024x678-1-1-1-1-1-1-2-1-1-2-1-1-1-1-1-1-1-1-1-1-1-1-2-300x300.jpg\" class=\"attachment-woocommerce_thumbnail size-woocommerce_thumbnail lazyload\" alt=\"Formation \u00e0 la R\u00e9solution Emotionnelle - EmRes Pro - Niveau 1\" data-srcset=\"https:\/\/centrereliance.fr\/sarl\/wp-content\/uploads\/sites\/3\/2025\/04\/regulation-emotionelle-reliance-1024x678-1-1-1-1-1-1-2-1-1-2-1-1-1-1-1-1-1-1-1-1-1-1-2-300x300.jpg 300w, https:\/\/centrereliance.fr\/sarl\/wp-content\/uploads\/sites\/3\/2025\/04\/regulation-emotionelle-reliance-1024x678-1-1-1-1-1-1-2-1-1-2-1-1-1-1-1-1-1-1-1-1-1-1-2-150x150.jpg 150w, https:\/\/centrereliance.fr\/sarl\/wp-content\/uploads\/sites\/3\/2025\/04\/regulation-emotionelle-reliance-1024x678-1-1-1-1-1-1-2-1-1-2-1-1-1-1-1-1-1-1-1-1-1-1-2-270x270.jpg 270w, https:\/\/centrereliance.fr\/sarl\/wp-content\/uploads\/sites\/3\/2025\/04\/regulation-emotionelle-reliance-1024x678-1-1-1-1-1-1-2-1-1-2-1-1-1-1-1-1-1-1-1-1-1-1-2-230x230.jpg 230w, https:\/\/centrereliance.fr\/sarl\/wp-content\/uploads\/sites\/3\/2025\/04\/regulation-emotionelle-reliance-1024x678-1-1-1-1-1-1-2-1-1-2-1-1-1-1-1-1-1-1-1-1-1-1-2-100x100.jpg 100w\" data-sizes=\"(max-width: 300px) 100vw, 300px\" src=\"data:image\/svg+xml;base64,PHN2ZyB3aWR0aD0iMSIgaGVpZ2h0PSIxIiB4bWxucz0iaHR0cDovL3d3dy53My5vcmcvMjAwMC9zdmciPjwvc3ZnPg==\" style=\"--smush-placeholder-width: 300px; --smush-placeholder-aspect-ratio: 300\/300;\" \/><span class=\"et_overlay\"><\/span><\/span><h2 class=\"woocommerce-loop-product__title\">Formation \u00e0 la R\u00e9solution Emotionnelle &#8211; EmRes Pro &#8211; Niveau 1<\/h2>\n\t<span class=\"price\"><span class=\"woocommerce-Price-amount amount\"><bdi>450,00<span class=\"woocommerce-Price-currencySymbol\" translate=\"no\">&euro;<\/span><\/bdi><\/span><\/span>\n<div class=\"div_prix\"><span class=\"lib_prix\">Prix : <\/span><span class=\"val_prix_normal\">450.00<\/span><\/div><img decoding=\"async\" width=\"300\" height=\"300\" data-src=\"https:\/\/centrereliance.fr\/sarl\/wp-content\/uploads\/sites\/3\/2025\/04\/regulation-emotionelle-reliance-1024x678-1-1-1-1-1-1-2-1-1-2-1-1-1-1-1-1-1-1-1-1-1-1-2-300x300.jpg\" class=\"attachment-woocommerce_thumbnail size-woocommerce_thumbnail lazyload\" alt=\"Formation \u00e0 la R\u00e9solution Emotionnelle - EmRes Pro - Niveau 1\" data-srcset=\"https:\/\/centrereliance.fr\/sarl\/wp-content\/uploads\/sites\/3\/2025\/04\/regulation-emotionelle-reliance-1024x678-1-1-1-1-1-1-2-1-1-2-1-1-1-1-1-1-1-1-1-1-1-1-2-300x300.jpg 300w, https:\/\/centrereliance.fr\/sarl\/wp-content\/uploads\/sites\/3\/2025\/04\/regulation-emotionelle-reliance-1024x678-1-1-1-1-1-1-2-1-1-2-1-1-1-1-1-1-1-1-1-1-1-1-2-150x150.jpg 150w, https:\/\/centrereliance.fr\/sarl\/wp-content\/uploads\/sites\/3\/2025\/04\/regulation-emotionelle-reliance-1024x678-1-1-1-1-1-1-2-1-1-2-1-1-1-1-1-1-1-1-1-1-1-1-2-270x270.jpg 270w, https:\/\/centrereliance.fr\/sarl\/wp-content\/uploads\/sites\/3\/2025\/04\/regulation-emotionelle-reliance-1024x678-1-1-1-1-1-1-2-1-1-2-1-1-1-1-1-1-1-1-1-1-1-1-2-230x230.jpg 230w, https:\/\/centrereliance.fr\/sarl\/wp-content\/uploads\/sites\/3\/2025\/04\/regulation-emotionelle-reliance-1024x678-1-1-1-1-1-1-2-1-1-2-1-1-1-1-1-1-1-1-1-1-1-1-2-100x100.jpg 100w\" data-sizes=\"(max-width: 300px) 100vw, 300px\" src=\"data:image\/svg+xml;base64,PHN2ZyB3aWR0aD0iMSIgaGVpZ2h0PSIxIiB4bWxucz0iaHR0cDovL3d3dy53My5vcmcvMjAwMC9zdmciPjwvc3ZnPg==\" style=\"--smush-placeholder-width: 300px; --smush-placeholder-aspect-ratio: 300\/300;\" \/><div class=\"div_date\"><span class=\"lib_date\">Date(s) : <\/span><span class=\"val_date\">13, 14, 15 novembre 2026 ; 14 d\u00e9cembre 2026<\/span><\/div><div class=\"div_time\"><span class=\"lib_time\">Horaires : <\/span><span class=\"val_time\">J1-J2-J3: 09h00-12h30  et 14h00-17h30 ; Supervision: 18h30-21h00<\/span><\/div><div class=\"div_lieu\"><span class=\"lib_lieu\">Lieu : <\/span><span class=\"val_lieu\">Reliance, Echirolles; Visioconf\u00e9rence, <\/span><\/div><div class=\"div_trainer\"><span class=\"lib_trainer\">Animateur(s) : <\/span><span class=\"val_trainer\">Sandrine CHAPON<\/span><\/div><h4>Finalit\u00e9s<\/h4>\n<p>Comprendre la communication dynamique entre le mental et le corps, comment ce dernier peut dissiper les \u00e9motions et maitriser cette technique dans plusieurs cas de figure :<\/p>\n<p>- pour soi au moment o\u00f9 l\u2019on ressent un blocage \u00e9motionnel<\/p>\n<p>- pour autrui soit au moment de la survenue d\u2019une \u00e9motion, soit \u00ab apr\u00e8s-coup \u00bb, \u00e0 distance de l\u2019\u00e9motion qu\u2019il faudra r\u00e9actualiser lors d\u2019une s\u00e9ance, ce qui correspond au protocole de r\u00e9gression en \u00e2ge en hypnoth\u00e9rapie.<\/p>\n<h4>Pr\u00e9requis<\/h4>\n<p>Avoir fait une s\u00e9ance de r\u00e9solution \u00e9motionnelle avec un\u00b7e praticien\u00b7ne r\u00e9pertori\u00e9e sur le site de l'<span style=\"color: #0554b5\"><a style=\"color: #0554b5\" href=\"https:\/\/apese.pro\/\">APESE<\/a> <\/span>ou de <span style=\"color: #0554b5\"><a style=\"color: #0554b5\" href=\"https:\/\/www.institut-sante-emotionnelle.fr\/annuaire\">l\u2019IISE <\/a><span style=\"color: #000000\">;<\/span> <span style=\"color: #808080\">u<\/span><\/span><span style=\"color: #808080\">ne<\/span> attestation sur l'honneur indiquant le nom du\u00b7de la praticien\u00b7ne et la date de la s\u00e9ance devra \u00eatre fournie lors de la demande d'inscription via le formulaire en ligne.<\/p>\n<h4>Programme<\/h4>\n<p>Pour conna\u00eetre les d\u00e9tails du programme consulter la <span style=\"color: #0554b5\"><a style=\"color: #0554b5\" href=\"https:\/\/centrereliance.fr\/sarl\/wp-content\/uploads\/sites\/3\/2025\/09\/PGM-EmRes-Niv1_250915.pdf\" target=\"_blank\" rel=\"noopener\">fiche programme<\/a> <\/span>de la formation<\/p>\n<a href=\"https:\/\/centrereliance.smart-soluce.com\/f\/emres\" class=\"button alt addtocartbutton product_type_simple add_to_cart_button ajax_add_to_cart\">Faire une demande d'inscription<\/a><\/li>\n<li class=\"product type-product post-5221 status-publish first instock product_cat-pro-se-former-a-emres has-post-thumbnail sold-individually purchasable product-type-simple\">\n\t<span class=\"et_shop_image\"><img decoding=\"async\" width=\"300\" height=\"300\" data-src=\"https:\/\/centrereliance.fr\/sarl\/wp-content\/uploads\/sites\/3\/2025\/06\/regulation-emotionelle-reliance-1024x678-1-1-1-1-2-1-300x300.jpg\" class=\"attachment-woocommerce_thumbnail size-woocommerce_thumbnail lazyload\" alt=\"EmRes 1 -Version courte 2 jours- Acc\u00e8s limit\u00e9\" data-srcset=\"https:\/\/centrereliance.fr\/sarl\/wp-content\/uploads\/sites\/3\/2025\/06\/regulation-emotionelle-reliance-1024x678-1-1-1-1-2-1-300x300.jpg 300w, https:\/\/centrereliance.fr\/sarl\/wp-content\/uploads\/sites\/3\/2025\/06\/regulation-emotionelle-reliance-1024x678-1-1-1-1-2-1-150x150.jpg 150w, https:\/\/centrereliance.fr\/sarl\/wp-content\/uploads\/sites\/3\/2025\/06\/regulation-emotionelle-reliance-1024x678-1-1-1-1-2-1-270x270.jpg 270w, https:\/\/centrereliance.fr\/sarl\/wp-content\/uploads\/sites\/3\/2025\/06\/regulation-emotionelle-reliance-1024x678-1-1-1-1-2-1-230x230.jpg 230w, https:\/\/centrereliance.fr\/sarl\/wp-content\/uploads\/sites\/3\/2025\/06\/regulation-emotionelle-reliance-1024x678-1-1-1-1-2-1-100x100.jpg 100w\" data-sizes=\"(max-width: 300px) 100vw, 300px\" src=\"data:image\/svg+xml;base64,PHN2ZyB3aWR0aD0iMSIgaGVpZ2h0PSIxIiB4bWxucz0iaHR0cDovL3d3dy53My5vcmcvMjAwMC9zdmciPjwvc3ZnPg==\" style=\"--smush-placeholder-width: 300px; --smush-placeholder-aspect-ratio: 300\/300;\" \/><span class=\"et_overlay\"><\/span><\/span><h2 class=\"woocommerce-loop-product__title\">EmRes 1 -Version courte 2 jours- Acc\u00e8s limit\u00e9<\/h2>\n\t<span class=\"price\"><span class=\"woocommerce-Price-amount amount\"><bdi>300,00<span class=\"woocommerce-Price-currencySymbol\" translate=\"no\">&euro;<\/span><\/bdi><\/span><\/span>\n<div class=\"div_prix\"><span class=\"lib_prix\">Prix : <\/span><span class=\"val_prix_normal\">300.00<\/span><\/div><img decoding=\"async\" width=\"300\" height=\"300\" data-src=\"https:\/\/centrereliance.fr\/sarl\/wp-content\/uploads\/sites\/3\/2025\/06\/regulation-emotionelle-reliance-1024x678-1-1-1-1-2-1-300x300.jpg\" class=\"attachment-woocommerce_thumbnail size-woocommerce_thumbnail lazyload\" alt=\"EmRes 1 -Version courte 2 jours- Acc\u00e8s limit\u00e9\" data-srcset=\"https:\/\/centrereliance.fr\/sarl\/wp-content\/uploads\/sites\/3\/2025\/06\/regulation-emotionelle-reliance-1024x678-1-1-1-1-2-1-300x300.jpg 300w, https:\/\/centrereliance.fr\/sarl\/wp-content\/uploads\/sites\/3\/2025\/06\/regulation-emotionelle-reliance-1024x678-1-1-1-1-2-1-150x150.jpg 150w, https:\/\/centrereliance.fr\/sarl\/wp-content\/uploads\/sites\/3\/2025\/06\/regulation-emotionelle-reliance-1024x678-1-1-1-1-2-1-270x270.jpg 270w, https:\/\/centrereliance.fr\/sarl\/wp-content\/uploads\/sites\/3\/2025\/06\/regulation-emotionelle-reliance-1024x678-1-1-1-1-2-1-230x230.jpg 230w, https:\/\/centrereliance.fr\/sarl\/wp-content\/uploads\/sites\/3\/2025\/06\/regulation-emotionelle-reliance-1024x678-1-1-1-1-2-1-100x100.jpg 100w\" data-sizes=\"(max-width: 300px) 100vw, 300px\" src=\"data:image\/svg+xml;base64,PHN2ZyB3aWR0aD0iMSIgaGVpZ2h0PSIxIiB4bWxucz0iaHR0cDovL3d3dy53My5vcmcvMjAwMC9zdmciPjwvc3ZnPg==\" style=\"--smush-placeholder-width: 300px; --smush-placeholder-aspect-ratio: 300\/300;\" \/><div class=\"div_date\"><span class=\"lib_date\">Date(s) : <\/span><span class=\"val_date\">14 et 15 novembre 2026  et supervision le 14 d\u00e9cembre 2026<\/span><\/div><div class=\"div_time\"><span class=\"lib_time\">Horaires : <\/span><span class=\"val_time\">J1 et J2: 09h00-12h30 ; 14h00-17h30 ; Supervision: 18h30-21h00<\/span><\/div><div class=\"div_lieu\"><span class=\"lib_lieu\">Lieu : <\/span><span class=\"val_lieu\">Reliance, Echirolles; Visioconf\u00e9rence, <\/span><\/div><div class=\"div_trainer\"><span class=\"lib_trainer\">Animateur(s) : <\/span><span class=\"val_trainer\">Sandrine CHAPON<\/span><\/div><h4>Attention :<\/h4>\n<p>Le programme de cette formation EmRes 1 a \u00e9t\u00e9 raccourci \u00e0 2 journ\u00e9es + 2,5 h de supervision pour des personnes ayant d\u00e9j\u00e0 suivi une initiation \u00e0 la pratique \"instantan\u00e9e\" d'Emres ou \u00e9quivalent. Si vous \u00eates int\u00e9ress\u00e9.e par cette formation et pensez pouvoir y acc\u00e9der, merci de nous indiquer quand et par qui vous avez \u00e9t\u00e9 form\u00e9.e \u00e0 ces notions de base dans votre demande d'inscription.<\/p>\n<h4>Finalit\u00e9s<\/h4>\n<p>EmRes est une m\u00e9thode qui permet l\u2019acc\u00e8s tr\u00e8s rapide \u00e0 un \u00e9tat de conscience focalis\u00e9 propice \u00e0 l\u2019\u00e9vacuation des perturbations \u00e9motionnelles actuelles ou anciennes qui s\u2019expriment de diverses fa\u00e7ons\u00a0: peur, col\u00e8re, d\u00e9go\u00fbt, tristesse.<\/p>\n<p>L\u2019objectif de la formation consiste \u00e0 compl\u00e9ter les acquis de la journ\u00e9e 1 (formation de base, EmRes pour soi ou autrui au moment o\u00f9 survient une \u00e9motion) \u00e0 savoir :<\/p>\n<p>- maitriser la technique de R\u00e9solution Emotionnelle pour accompagner autrui, \u00e0 distance de l\u2019\u00e9motion<\/p>\n<p>- am\u00e9liorer l\u2019efficacit\u00e9 des s\u00e9ances en apprenant \u00e0 rep\u00e9rer les blocages qui emp\u00eachent le processus de r\u00e9solution des \u00e9motions et \u00e0 d\u00e9velopper les techniques d\u2019accompagnement pour faciliter les s\u00e9ances<\/p>\n<h4>Pr\u00e9requis<\/h4>\n<p>Avoir acquis les comp\u00e9tences vis\u00e9es par la formation de base <span style=\"color: #0554b5\">(<a style=\"color: #0554b5\" href=\"https:\/\/www.institut-sante-emotionnelle.fr\/formation-de-base\">https:\/\/www.institut-sante-emotionnelle.fr\/formation-de-base<\/a>), <\/span>\u00e9quivalente au programme de la 1\u00e8re journ\u00e9e de la formation EmRes PRO Niveau 1.<\/p>\n<h4>Programme<\/h4>\n<p>Pour conna\u00eetre les d\u00e9tails du programme consulter la <span style=\"color: #0554b5\"><a style=\"color: #0554b5\" href=\"https:\/\/centrereliance.fr\/sarl\/wp-content\/uploads\/sites\/3\/2025\/07\/PGM-EmRes-Niv1-J2_J3_250625.pdf\" target=\"_blank\" rel=\"noopener\">fiche programme<\/a> <\/span>de la formation<\/p>\n<a href=\"https:\/\/centrereliance.smart-soluce.com\/f\/emres\" class=\"button alt addtocartbutton product_type_simple add_to_cart_button ajax_add_to_cart\">Faire une demande d'inscription<\/a><\/li>\n<\/ul>\n<\/div><\/div>\n<\/div>\n<\/div>\n\n<div class=\"et_pb_row_5 et_pb_row et_block_row\">\n<div class=\"et_pb_column_5 et_pb_column et_pb_column_4_4 et-last-child et_block_column et_pb_css_mix_blend_mode_passthrough\">\n<div class=\"et_pb_image_5 et_pb_image et_pb_module et_block_module\"><span class=\"et_pb_image_wrap\"><img decoding=\"async\" data-src=\"https:\/\/centrereliance.fr\/sarl\/wp-content\/uploads\/sites\/3\/2025\/08\/modalites-formation.jpg\" width=\"500\" height=\"500\" data-srcset=\"https:\/\/centrereliance.fr\/sarl\/wp-content\/uploads\/sites\/3\/2025\/08\/modalites-formation.jpg 500w, https:\/\/centrereliance.fr\/sarl\/wp-content\/uploads\/sites\/3\/2025\/08\/modalites-formation-480x480.jpg 480w\" data-sizes=\"(min-width: 0px) and (max-width: 480px) 480px, (min-width: 481px) 500px, 100vw\" class=\"wp-image-4965 lazyload\" title=\"modalites-formation\" src=\"data:image\/svg+xml;base64,PHN2ZyB3aWR0aD0iMSIgaGVpZ2h0PSIxIiB4bWxucz0iaHR0cDovL3d3dy53My5vcmcvMjAwMC9zdmciPjwvc3ZnPg==\" style=\"--smush-placeholder-width: 500px; --smush-placeholder-aspect-ratio: 500\/500;\" \/><\/span><\/div>\n\n<div class=\"et_pb_text_5 et_pb_text et_pb_bg_layout_light et_pb_module et_block_module tick-bullets\"><div class=\"et_pb_text_inner\"><h2>Quelles sont les modalit\u00e9s d'inscription\u202f?<\/h2>\n<p>Pour demander votre inscription \u00e0 une action de formation \u00e0 la r\u00e9solution des \u00e9motions avec la m\u00e9thode EmRes, il suffit de cliquer sur \u00ab\u202fFaire une demande d\u2019inscription\u202f\u00bb situ\u00e9 \u00e0 proximit\u00e9 de sa description. Puis laissez-vous guider par les questions du formulaire. Elles vous permettront de nous faire part de vos questions et besoins particuliers \u00e0 propos de cette action.<\/p>\n<p>La demande doit \u00eatre remplie au plus tard\u202f <strong>5 jours ouvr\u00e9s<\/strong>\u202f avant le d\u00e9but de la session. <strong>Les\u202fdocuments demand\u00e9s pour valider les pr\u00e9requis<\/strong>\u202f(voir programme d\u00e9taill\u00e9) peuvent \u00eatre joints au formulaire ou envoy\u00e9s par mail \u00e0 \u202f<a href=\"mailto:contact@centrereliance.fr\">contact@centrereliance.fr<\/a>.<\/p>\n<p>D\u00e8s que votre demande est accept\u00e9e,\u202fvous recevez un contrat de formation \u00e0\u202fsigner\u202fen ligne\u202fau plus tard dans les 72h (avec mise en place du r\u00e8glement par pr\u00e9l\u00e8vement). Au-del\u00e0 de ce d\u00e9lai votre demande est annul\u00e9e. <br \/>Votre inscription \u00e0 une session est effective \u00e0 r\u00e9ception du contrat sign\u00e9 sous r\u00e9serve de place encore disponible \u00e0 ce moment-l\u00e0.<\/p>\n<p><strong>Attention\u202f<\/strong>: la demande de prise en charge par <strong>un\u202fOPCO\u202f<\/strong> peut n\u00e9cessiter la constitution d\u2019un dossier plusieurs semaines avant le d\u00e9but de la session. Il convient donc d\u2019entamer les d\u00e9marches suffisamment t\u00f4t et\u202fde <strong>nous l\u2019indiquer au moment de votre demande d\u2019inscription<\/strong>.<\/p>\n<p><strong>L\u2019accord de prise en charge par un OPCO doit nous \u00eatre fourni au plus tard 5 jours ouvr\u00e9s avant le d\u00e9but de la session.\u00a0<\/strong>Si vous ne l\u2019avez pas re\u00e7u \u00e0 cette date, il vous sera bien s\u00fbr possible de vous inscrire \u00e0 titre personnel.<\/p>\n<p><a href=\"https:\/\/centrereliance.fr\/sarl\/conditions-generales-de-vente\/\">Voir les\u202fconditions g\u00e9n\u00e9rales de vente\u202fpour les d\u00e9tails.<\/a><\/p>\n<\/div><\/div>\n<\/div>\n<\/div>\n\n<div class=\"et_pb_row_6 et_pb_row et_block_row et_clickable\">\n<div class=\"et_pb_column_6 et_pb_column et_pb_column_4_4 et-last-child et_block_column et_pb_css_mix_blend_mode_passthrough\">\n<div class=\"et_pb_image_6 et_pb_image et_pb_module et_block_module\"><span class=\"et_pb_image_wrap\"><img decoding=\"async\" data-src=\"https:\/\/centrereliance.fr\/sarl\/wp-content\/uploads\/sites\/3\/2025\/08\/accessibilite-formation.jpg\" width=\"500\" height=\"500\" data-srcset=\"https:\/\/centrereliance.fr\/sarl\/wp-content\/uploads\/sites\/3\/2025\/08\/accessibilite-formation.jpg 500w, https:\/\/centrereliance.fr\/sarl\/wp-content\/uploads\/sites\/3\/2025\/08\/accessibilite-formation-480x480.jpg 480w\" data-sizes=\"(min-width: 0px) and (max-width: 480px) 480px, (min-width: 481px) 500px, 100vw\" class=\"wp-image-4966 lazyload\" title=\"accessibilite-formation\" src=\"data:image\/svg+xml;base64,PHN2ZyB3aWR0aD0iMSIgaGVpZ2h0PSIxIiB4bWxucz0iaHR0cDovL3d3dy53My5vcmcvMjAwMC9zdmciPjwvc3ZnPg==\" style=\"--smush-placeholder-width: 500px; --smush-placeholder-aspect-ratio: 500\/500;\" \/><\/span><\/div>\n\n<div class=\"et_pb_text_6 et_pb_text et_pb_bg_layout_light et_pb_module et_block_module tick-bullets\"><div class=\"et_pb_text_inner\"><h2>Accessibilit\u00e9<\/h2>\n<p>La soci\u00e9t\u00e9 Reliance se montre attentive aux sp\u00e9cificit\u00e9s des b\u00e9n\u00e9ficiaires afin d\u2019adapter supports, locaux et animation pour garantir l\u2019accessibilit\u00e9 des prestations en prenant en compte tout handicap. Si des b\u00e9n\u00e9ficiaires de cette action sont en situation de handicap, il y aura lieu de se rapprocher de l\u2019intervenant\u00b7e ou de la r\u00e9f\u00e9rente handicap pour conna\u00eetre les modes d\u2019accessibilit\u00e9 de l\u2019action. Dans le cas o\u00f9 une solution d\u2019adaptation ne pourrait pas \u00eatre possible au sein de Reliance, une r\u00e9orientation sera propos\u00e9e ou l\u2019intervention d\u2019un\u00b7e prestataire externe sera alors sollicit\u00e9e.<\/p>\n<\/div><\/div>\n<\/div>\n<\/div>\n\n<div class=\"et_pb_row_7 et_pb_row et_block_row\">\n<div class=\"et_pb_column_7 et_pb_column et_pb_column_4_4 et-last-child et_block_column et_pb_css_mix_blend_mode_passthrough\">\n<div class=\"et_pb_image_7 et_pb_image et_pb_module et_block_module\"><span class=\"et_pb_image_wrap\"><img decoding=\"async\" data-src=\"https:\/\/centrereliance.fr\/sarl\/wp-content\/uploads\/sites\/3\/2025\/08\/avis-formation.jpg\" width=\"500\" height=\"500\" data-srcset=\"https:\/\/centrereliance.fr\/sarl\/wp-content\/uploads\/sites\/3\/2025\/08\/avis-formation.jpg 500w, https:\/\/centrereliance.fr\/sarl\/wp-content\/uploads\/sites\/3\/2025\/08\/avis-formation-480x480.jpg 480w\" data-sizes=\"(min-width: 0px) and (max-width: 480px) 480px, (min-width: 481px) 500px, 100vw\" class=\"wp-image-4967 lazyload\" title=\"avis-formation\" src=\"data:image\/svg+xml;base64,PHN2ZyB3aWR0aD0iMSIgaGVpZ2h0PSIxIiB4bWxucz0iaHR0cDovL3d3dy53My5vcmcvMjAwMC9zdmciPjwvc3ZnPg==\" style=\"--smush-placeholder-width: 500px; --smush-placeholder-aspect-ratio: 500\/500;\" \/><\/span><\/div>\n\n<div class=\"et_pb_text_7 et_pb_text et_pb_bg_layout_light et_pb_module et_block_module tick-bullets\"><div class=\"et_pb_text_inner\"><h2>Qu\u2019en ont dit les participant\u00b7es, au cours des 12 derniers mois ?<\/h2>\n<ul style=\"line-height: 35px;\">\n<li>98 % des stagiaires qui se sont exprim\u00e9\u00b7es ont d\u00e9clar\u00e9 la formation \u00e0 la m\u00e9thode EmRes utile pour am\u00e9liorer leur pratique professionnelle<\/li>\n<li>100 % des stagiaires qui se sont exprim\u00e9\u00b7es ont \u00e9t\u00e9 satisfait\u00b7es de l\u2019animation<\/li>\n<li>100 % des stagiaires qui se sont exprim\u00e9\u00b7es se sont dits dispos\u00e9\u00b7es \u00e0 recommander la formation \u00e0 la m\u00e9thode EmRes<\/li>\n<\/ul>\n<\/div><\/div>\n\n<div class=\"et_pb_comments_0 et_pb_comments_module et_pb_bg_layout_light et_pb_text_align_justified et_pb_module et_block_module\" data-icon=\"\" data-icon-tablet=\"\" data-icon-phone=\"\"><\/div>\n<\/div>\n<\/div>\n<div class=\"et_pb_bottom_inside_divider et-no-transition\"><\/div><\/div>","protected":false},"excerpt":{"rendered":"","protected":false},"author":1,"featured_media":0,"parent":0,"menu_order":0,"comment_status":"open","ping_status":"closed","template":"","meta":{"footnotes":""},"class_list":["post-1448","page","type-page","status-publish","hentry"],"yoast_head":"<!-- This site is optimized with the Yoast SEO plugin v28.1 - https:\/\/yoast.com\/product\/yoast-seo-wordpress\/ -->\n<title>Se former comme praticien en r\u00e9solution \u00e9motionnelle (EmRes) - Placer l\u2019humain au c\u0153ur des organisations<\/title>\n<meta name=\"description\" content=\"Se former pour devenir praticien Emres c&#039;est apprendre \u00e0 r\u00e9guler ses \u00e9motions afin d&#039;aider des personnes cherchant une aide professionnelle.\" \/>\n<meta name=\"robots\" content=\"index, follow, max-snippet:-1, max-image-preview:large, max-video-preview:-1\" \/>\n<link rel=\"canonical\" href=\"https:\/\/centrereliance.fr\/sarl\/reguler-ses-emotions-formation-emres\/\" \/>\n<meta property=\"og:locale\" content=\"fr_FR\" \/>\n<meta property=\"og:type\" content=\"article\" \/>\n<meta property=\"og:title\" content=\"Se former comme praticien en r\u00e9solution \u00e9motionnelle (EmRes) - Placer l\u2019humain au c\u0153ur des organisations\" \/>\n<meta property=\"og:description\" content=\"Se former pour devenir praticien Emres c&#039;est apprendre \u00e0 r\u00e9guler ses \u00e9motions afin d&#039;aider des personnes cherchant une aide professionnelle.\" \/>\n<meta property=\"og:url\" content=\"https:\/\/centrereliance.fr\/sarl\/reguler-ses-emotions-formation-emres\/\" \/>\n<meta property=\"og:site_name\" content=\"Placer l\u2019humain au c\u0153ur des organisations\" \/>\n<meta property=\"article:publisher\" content=\"https:\/\/www.facebook.com\/Reliance-Association-318815031580269\/\" \/>\n<meta property=\"article:modified_time\" content=\"2026-07-27T18:27:37+00:00\" \/>\n<meta property=\"og:image\" content=\"https:\/\/centrereliance.fr\/sarl\/wp-content\/uploads\/sites\/3\/2025\/08\/LogoSARL-scaled.png\" \/>\n\t<meta property=\"og:image:width\" content=\"2524\" \/>\n\t<meta property=\"og:image:height\" content=\"2560\" \/>\n\t<meta property=\"og:image:type\" content=\"image\/png\" \/>\n<meta name=\"twitter:card\" content=\"summary_large_image\" \/>\n<meta name=\"twitter:label1\" content=\"Dur\u00e9e de lecture estim\u00e9e\" \/>\n\t<meta name=\"twitter:data1\" content=\"7 minutes\" \/>\n<script type=\"application\/ld+json\" class=\"yoast-schema-graph\">{\"@context\":\"https:\\\/\\\/schema.org\",\"@graph\":[{\"@type\":\"WebPage\",\"@id\":\"https:\\\/\\\/centrereliance.fr\\\/sarl\\\/reguler-ses-emotions-formation-emres\\\/\",\"url\":\"https:\\\/\\\/centrereliance.fr\\\/sarl\\\/reguler-ses-emotions-formation-emres\\\/\",\"name\":\"Se former comme praticien en r\u00e9solution \u00e9motionnelle (EmRes) - Placer l\u2019humain au c\u0153ur des organisations\",\"isPartOf\":{\"@id\":\"https:\\\/\\\/centrereliance.fr\\\/sarl\\\/#website\"},\"datePublished\":\"2017-09-13T23:29:39+00:00\",\"dateModified\":\"2026-07-27T18:27:37+00:00\",\"description\":\"Se former pour devenir praticien Emres c'est apprendre \u00e0 r\u00e9guler ses \u00e9motions afin d'aider des personnes cherchant une aide professionnelle.\",\"breadcrumb\":{\"@id\":\"https:\\\/\\\/centrereliance.fr\\\/sarl\\\/reguler-ses-emotions-formation-emres\\\/#breadcrumb\"},\"inLanguage\":\"fr-FR\",\"potentialAction\":[{\"@type\":\"ReadAction\",\"target\":[\"https:\\\/\\\/centrereliance.fr\\\/sarl\\\/reguler-ses-emotions-formation-emres\\\/\"]}]},{\"@type\":\"BreadcrumbList\",\"@id\":\"https:\\\/\\\/centrereliance.fr\\\/sarl\\\/reguler-ses-emotions-formation-emres\\\/#breadcrumb\",\"itemListElement\":[{\"@type\":\"ListItem\",\"position\":1,\"name\":\"Accueil\",\"item\":\"https:\\\/\\\/centrereliance.fr\\\/sarl\\\/\"},{\"@type\":\"ListItem\",\"position\":2,\"name\":\"Se former comme praticien en r\u00e9solution \u00e9motionnelle (EmRes)\"}]},{\"@type\":\"WebSite\",\"@id\":\"https:\\\/\\\/centrereliance.fr\\\/sarl\\\/#website\",\"url\":\"https:\\\/\\\/centrereliance.fr\\\/sarl\\\/\",\"name\":\"Placer l'humain au c\u0153ur des organisations\",\"description\":\"Actions de formation \u00e0 destination des professionnels\",\"publisher\":{\"@id\":\"https:\\\/\\\/centrereliance.fr\\\/sarl\\\/#organization\"},\"potentialAction\":[{\"@type\":\"SearchAction\",\"target\":{\"@type\":\"EntryPoint\",\"urlTemplate\":\"https:\\\/\\\/centrereliance.fr\\\/sarl\\\/?s={search_term_string}\"},\"query-input\":{\"@type\":\"PropertyValueSpecification\",\"valueRequired\":true,\"valueName\":\"search_term_string\"}}],\"inLanguage\":\"fr-FR\"},{\"@type\":\"Organization\",\"@id\":\"https:\\\/\\\/centrereliance.fr\\\/sarl\\\/#organization\",\"name\":\"Reliance SARL\",\"url\":\"https:\\\/\\\/centrereliance.fr\\\/sarl\\\/\",\"logo\":{\"@type\":\"ImageObject\",\"inLanguage\":\"fr-FR\",\"@id\":\"https:\\\/\\\/centrereliance.fr\\\/sarl\\\/#\\\/schema\\\/logo\\\/image\\\/\",\"url\":\"https:\\\/\\\/centrereliance.fr\\\/sarl\\\/wp-content\\\/uploads\\\/sites\\\/3\\\/2016\\\/10\\\/Logo-SARL-e1476290643249.jpg\",\"contentUrl\":\"https:\\\/\\\/centrereliance.fr\\\/sarl\\\/wp-content\\\/uploads\\\/sites\\\/3\\\/2016\\\/10\\\/Logo-SARL-e1476290643249.jpg\",\"width\":101,\"height\":110,\"caption\":\"Reliance SARL\"},\"image\":{\"@id\":\"https:\\\/\\\/centrereliance.fr\\\/sarl\\\/#\\\/schema\\\/logo\\\/image\\\/\"},\"sameAs\":[\"https:\\\/\\\/www.facebook.com\\\/Reliance-Association-318815031580269\\\/\",\"https:\\\/\\\/www.linkedin.com\\\/company-beta\\\/16261855\"]}]}<\/script>\n<!-- \/ Yoast SEO plugin. -->","yoast_head_json":{"title":"Se former comme praticien en r\u00e9solution \u00e9motionnelle (EmRes) - Placer l\u2019humain au c\u0153ur des organisations","description":"Se former pour devenir praticien Emres c'est apprendre \u00e0 r\u00e9guler ses \u00e9motions afin d'aider des personnes cherchant une aide professionnelle.","robots":{"index":"index","follow":"follow","max-snippet":"max-snippet:-1","max-image-preview":"max-image-preview:large","max-video-preview":"max-video-preview:-1"},"canonical":"https:\/\/centrereliance.fr\/sarl\/reguler-ses-emotions-formation-emres\/","og_locale":"fr_FR","og_type":"article","og_title":"Se former comme praticien en r\u00e9solution \u00e9motionnelle (EmRes) - Placer l\u2019humain au c\u0153ur des organisations","og_description":"Se former pour devenir praticien Emres c'est apprendre \u00e0 r\u00e9guler ses \u00e9motions afin d'aider des personnes cherchant une aide professionnelle.","og_url":"https:\/\/centrereliance.fr\/sarl\/reguler-ses-emotions-formation-emres\/","og_site_name":"Placer l\u2019humain au c\u0153ur des organisations","article_publisher":"https:\/\/www.facebook.com\/Reliance-Association-318815031580269\/","article_modified_time":"2026-07-27T18:27:37+00:00","og_image":[{"width":2524,"height":2560,"url":"https:\/\/centrereliance.fr\/sarl\/wp-content\/uploads\/sites\/3\/2025\/08\/LogoSARL-scaled.png","type":"image\/png"}],"twitter_card":"summary_large_image","twitter_misc":{"Dur\u00e9e de lecture estim\u00e9e":"7 minutes"},"schema":{"@context":"https:\/\/schema.org","@graph":[{"@type":"WebPage","@id":"https:\/\/centrereliance.fr\/sarl\/reguler-ses-emotions-formation-emres\/","url":"https:\/\/centrereliance.fr\/sarl\/reguler-ses-emotions-formation-emres\/","name":"Se former comme praticien en r\u00e9solution \u00e9motionnelle (EmRes) - Placer l\u2019humain au c\u0153ur des organisations","isPartOf":{"@id":"https:\/\/centrereliance.fr\/sarl\/#website"},"datePublished":"2017-09-13T23:29:39+00:00","dateModified":"2026-07-27T18:27:37+00:00","description":"Se former pour devenir praticien Emres c'est apprendre \u00e0 r\u00e9guler ses \u00e9motions afin d'aider des personnes cherchant une aide professionnelle.","breadcrumb":{"@id":"https:\/\/centrereliance.fr\/sarl\/reguler-ses-emotions-formation-emres\/#breadcrumb"},"inLanguage":"fr-FR","potentialAction":[{"@type":"ReadAction","target":["https:\/\/centrereliance.fr\/sarl\/reguler-ses-emotions-formation-emres\/"]}]},{"@type":"BreadcrumbList","@id":"https:\/\/centrereliance.fr\/sarl\/reguler-ses-emotions-formation-emres\/#breadcrumb","itemListElement":[{"@type":"ListItem","position":1,"name":"Accueil","item":"https:\/\/centrereliance.fr\/sarl\/"},{"@type":"ListItem","position":2,"name":"Se former comme praticien en r\u00e9solution \u00e9motionnelle (EmRes)"}]},{"@type":"WebSite","@id":"https:\/\/centrereliance.fr\/sarl\/#website","url":"https:\/\/centrereliance.fr\/sarl\/","name":"Placer l'humain au c\u0153ur des organisations","description":"Actions de formation \u00e0 destination des professionnels","publisher":{"@id":"https:\/\/centrereliance.fr\/sarl\/#organization"},"potentialAction":[{"@type":"SearchAction","target":{"@type":"EntryPoint","urlTemplate":"https:\/\/centrereliance.fr\/sarl\/?s={search_term_string}"},"query-input":{"@type":"PropertyValueSpecification","valueRequired":true,"valueName":"search_term_string"}}],"inLanguage":"fr-FR"},{"@type":"Organization","@id":"https:\/\/centrereliance.fr\/sarl\/#organization","name":"Reliance SARL","url":"https:\/\/centrereliance.fr\/sarl\/","logo":{"@type":"ImageObject","inLanguage":"fr-FR","@id":"https:\/\/centrereliance.fr\/sarl\/#\/schema\/logo\/image\/","url":"https:\/\/centrereliance.fr\/sarl\/wp-content\/uploads\/sites\/3\/2016\/10\/Logo-SARL-e1476290643249.jpg","contentUrl":"https:\/\/centrereliance.fr\/sarl\/wp-content\/uploads\/sites\/3\/2016\/10\/Logo-SARL-e1476290643249.jpg","width":101,"height":110,"caption":"Reliance SARL"},"image":{"@id":"https:\/\/centrereliance.fr\/sarl\/#\/schema\/logo\/image\/"},"sameAs":["https:\/\/www.facebook.com\/Reliance-Association-318815031580269\/","https:\/\/www.linkedin.com\/company-beta\/16261855"]}]}},"_links":{"self":[{"href":"https:\/\/centrereliance.fr\/sarl\/wp-json\/wp\/v2\/pages\/1448","targetHints":{"allow":["GET"]}}],"collection":[{"href":"https:\/\/centrereliance.fr\/sarl\/wp-json\/wp\/v2\/pages"}],"about":[{"href":"https:\/\/centrereliance.fr\/sarl\/wp-json\/wp\/v2\/types\/page"}],"author":[{"embeddable":true,"href":"https:\/\/centrereliance.fr\/sarl\/wp-json\/wp\/v2\/users\/1"}],"replies":[{"embeddable":true,"href":"https:\/\/centrereliance.fr\/sarl\/wp-json\/wp\/v2\/comments?post=1448"}],"version-history":[{"count":86,"href":"https:\/\/centrereliance.fr\/sarl\/wp-json\/wp\/v2\/pages\/1448\/revisions"}],"predecessor-version":[{"id":5305,"href":"https:\/\/centrereliance.fr\/sarl\/wp-json\/wp\/v2\/pages\/1448\/revisions\/5305"}],"wp:attachment":[{"href":"https:\/\/centrereliance.fr\/sarl\/wp-json\/wp\/v2\/media?parent=1448"}],"curies":[{"name":"wp","href":"https:\/\/api.w.org\/{rel}","templated":true}]}}