{"id":16,"date":"2025-08-28T18:51:25","date_gmt":"2025-08-28T16:51:25","guid":{"rendered":"https:\/\/centrereliance.fr\/sarl\/?page_id=16"},"modified":"2025-10-30T12:35:57","modified_gmt":"2025-10-30T11:35:57","slug":"la-qualite-de-la-vie-au-travail","status":"publish","type":"page","link":"https:\/\/centrereliance.fr\/sarl\/","title":{"rendered":"Notre offre"},"content":{"rendered":"<p>[et_pb_section fb_built=\u00a0\u00bb1&Prime; custom_padding_last_edited=\u00a0\u00bbon|desktop\u00a0\u00bb _builder_version=\u00a0\u00bb4.20.2&Prime; _module_preset=\u00a0\u00bbdefault\u00a0\u00bb custom_padding=\u00a0\u00bb50px||50px||false|false\u00a0\u00bb custom_padding_tablet=\u00a0\u00bb50px||50px||false|false\u00a0\u00bb custom_padding_phone=\u00a0\u00bb50px||50px||false|false\u00a0\u00bb global_colors_info=\u00a0\u00bb{}\u00a0\u00bb][et_pb_row column_structure=\u00a0\u00bb2_5,3_5&Prime; use_custom_gutter=\u00a0\u00bbon\u00a0\u00bb gutter_width=\u00a0\u00bb1&Prime; make_equal=\u00a0\u00bbon\u00a0\u00bb _builder_version=\u00a0\u00bb4.21.0&Prime; _module_preset=\u00a0\u00bbdefault\u00a0\u00bb background_enable_image=\u00a0\u00bboff\u00a0\u00bb width=\u00a0\u00bb90%\u00a0\u00bb custom_css_main_element=\u00a0\u00bbalign-items: center;\u00a0\u00bb global_colors_info=\u00a0\u00bb{}\u00a0\u00bb][et_pb_column type=\u00a0\u00bb2_5&Prime; _builder_version=\u00a0\u00bb4.20.0&Prime; _module_preset=\u00a0\u00bbdefault\u00a0\u00bb global_colors_info=\u00a0\u00bb{}\u00a0\u00bb][et_pb_image src=\u00a0\u00bbhttps:\/\/centrereliance.fr\/sarl\/wp-content\/uploads\/sites\/3\/2025\/08\/formation_pour_les_professionnels.png\u00a0\u00bb alt=\u00a0\u00bbRelations humaines\u00a0\u00bb title_text=\u00a0\u00bbRelations humaines\u00a0\u00bb align=\u00a0\u00bbcenter\u00a0\u00bb _builder_version=\u00a0\u00bb4.25.1&Prime; _module_preset=\u00a0\u00bbdefault\u00a0\u00bb max_height_tablet=\u00a0\u00bb400px\u00a0\u00bb max_height_phone=\u00a0\u00bb300px\u00a0\u00bb max_height_last_edited=\u00a0\u00bbon|phone\u00a0\u00bb global_colors_info=\u00a0\u00bb{}\u00a0\u00bb][\/et_pb_image][\/et_pb_column][et_pb_column type=\u00a0\u00bb3_5&Prime; _builder_version=\u00a0\u00bb4.20.0&Prime; _module_preset=\u00a0\u00bbdefault\u00a0\u00bb global_colors_info=\u00a0\u00bb{}\u00a0\u00bb][et_pb_text module_id=\u00a0\u00bbintro1&Prime; module_class=\u00a0\u00bbtick-bullets\u00a0\u00bb _builder_version=\u00a0\u00bb4.27.4&Prime; _module_preset=\u00a0\u00bbdefault\u00a0\u00bb text_text_color=\u00a0\u00bb#3f2c03&Prime; text_line_height=\u00a0\u00bb2.1em\u00a0\u00bb header_font=\u00a0\u00bb|||on|||||\u00a0\u00bb header_text_color=\u00a0\u00bb#82b000&Prime; custom_padding=\u00a0\u00bb|10px||10px|false|true\u00a0\u00bb custom_padding_tablet=\u00a0\u00bb30px|30px||30px|false|true\u00a0\u00bb custom_padding_phone=\u00a0\u00bb30px|30px||30px|false|true\u00a0\u00bb custom_padding_last_edited=\u00a0\u00bbon|desktop\u00a0\u00bb global_colors_info=\u00a0\u00bb{}\u00a0\u00bb]<\/p>\n<h1>Si pour vous, prendre soin des relations humaines au travail c\u2019est :<\/h1>\n<ul style=\"line-height: 2em;\">\n<li>Placer l\u2019humain au centre des organisations<\/li>\n<li>Adapter les services rendus aux besoins et aux projets des b\u00e9n\u00e9ficiaires<\/li>\n<li>Mieux collaborer entre coll\u00e8gues de travail<\/li>\n<li>Am\u00e9liorer la qualit\u00e9 de vie au travail<\/li>\n<li>Prendre soin de soi et de son \u00e9volution professionnelle<\/li>\n<\/ul>\n<p>[\/et_pb_text][\/et_pb_column][\/et_pb_row][et_pb_row column_structure=\u00a0\u00bb1_2,1_2&Prime; use_custom_gutter=\u00a0\u00bbon\u00a0\u00bb gutter_width=\u00a0\u00bb1&Prime; make_equal=\u00a0\u00bbon\u00a0\u00bb _builder_version=\u00a0\u00bb4.25.1&Prime; _module_preset=\u00a0\u00bbdefault\u00a0\u00bb background_enable_image=\u00a0\u00bboff\u00a0\u00bb width=\u00a0\u00bb90%\u00a0\u00bb custom_css_main_element=\u00a0\u00bbalign-items: center;\u00a0\u00bb global_colors_info=\u00a0\u00bb{}\u00a0\u00bb][et_pb_column type=\u00a0\u00bb1_2&Prime; _builder_version=\u00a0\u00bb4.20.0&Prime; _module_preset=\u00a0\u00bbdefault\u00a0\u00bb global_colors_info=\u00a0\u00bb{}\u00a0\u00bb][et_pb_text module_id=\u00a0\u00bbintro2&Prime; module_class=\u00a0\u00bbtick-bullets\u00a0\u00bb _builder_version=\u00a0\u00bb4.27.4&Prime; _module_preset=\u00a0\u00bbdefault\u00a0\u00bb text_text_color=\u00a0\u00bb#3f2c03&Prime; text_line_height=\u00a0\u00bb2.1em\u00a0\u00bb header_font=\u00a0\u00bb|||on|||||\u00a0\u00bb header_text_color=\u00a0\u00bb#82b000&Prime; text_orientation=\u00a0\u00bbjustified\u00a0\u00bb custom_padding=\u00a0\u00bb|10px||10px|false|true\u00a0\u00bb custom_padding_tablet=\u00a0\u00bb30px|30px||30px|false|true\u00a0\u00bb custom_padding_phone=\u00a0\u00bb30px|30px||30px|false|true\u00a0\u00bb custom_padding_last_edited=\u00a0\u00bbon|desktop\u00a0\u00bb global_colors_info=\u00a0\u00bb{}\u00a0\u00bb]<\/p>\n<h1>Si vous recherchez une formation ou un accompagnement,<\/h1>\n<p>Pour une \u00e9quipe ou un service de votre organisation afin de :<\/p>\n<ul style=\"line-height: 2em;\">\n<li>Am\u00e9liorer la qualit\u00e9 de vie au travail,<\/li>\n<li>Renforcer la collaboration, la coh\u00e9sion dans le groupe,<\/li>\n<li>Soutenir les professionnels dans une transition qui s\u2019annonce ou qui a \u00e9t\u00e9 difficile (absence prolong\u00e9e ou changement de responsable, nombreux d\u00e9parts ou changements de personnel, changements des conditions de travail&#8230;)<\/li>\n<li>Pr\u00e9venir ou g\u00e9rer des conflits au travail<\/li>\n<li>Mettre en place une Analyse de Pratiques Professionnelles<\/li>\n<\/ul>\n<p>Ou pour vous-m\u00eame afin de :<\/p>\n<ul>\n<li>D\u00e9velopper des comp\u00e9tences pour devenir formateur\u00b7trice ou praticien\u00b7ne en relations humaines ou praticien\u00b7ne en r\u00e9solution \u00e9motionnelle ou ajouter ces comp\u00e9tences \u00e0 votre activit\u00e9 professionnelle,<\/li>\n<li>R\u00e9soudre des difficult\u00e9s relationnelles ou de confiance en soi qui vous freinent dans votre acc\u00e8s \u00e0 l\u2019emploi ou votre \u00e9volution professionnelle<\/li>\n<\/ul>\n<p>[\/et_pb_text][\/et_pb_column][et_pb_column type=\u00a0\u00bb1_2&Prime; _builder_version=\u00a0\u00bb4.20.0&Prime; _module_preset=\u00a0\u00bbdefault\u00a0\u00bb global_colors_info=\u00a0\u00bb{}\u00a0\u00bb][et_pb_image src=\u00a0\u00bbhttps:\/\/centrereliance.fr\/sarl\/wp-content\/uploads\/sites\/3\/2025\/08\/relations-humaines.jpg\u00a0\u00bb alt=\u00a0\u00bbFormation relations humaines\u00a0\u00bb title_text=\u00a0\u00bbFormation relations humaines\u00a0\u00bb align=\u00a0\u00bbcenter\u00a0\u00bb _builder_version=\u00a0\u00bb4.25.1&Prime; _module_preset=\u00a0\u00bbdefault\u00a0\u00bb max_height_tablet=\u00a0\u00bb400px\u00a0\u00bb max_height_phone=\u00a0\u00bb300px\u00a0\u00bb max_height_last_edited=\u00a0\u00bbon|phone\u00a0\u00bb global_colors_info=\u00a0\u00bb{}\u00a0\u00bb][\/et_pb_image][\/et_pb_column][\/et_pb_row][et_pb_row _builder_version=\u00a0\u00bb4.25.1&Prime; _module_preset=\u00a0\u00bbdefault\u00a0\u00bb global_colors_info=\u00a0\u00bb{}\u00a0\u00bb][et_pb_column type=\u00a0\u00bb4_4&Prime; _builder_version=\u00a0\u00bb4.25.1&Prime; _module_preset=\u00a0\u00bbdefault\u00a0\u00bb global_colors_info=\u00a0\u00bb{}\u00a0\u00bb][et_pb_blurb title=\u00a0\u00bbCe qui suit peut vous int\u00e9resser\u00a0\u00bb use_icon=\u00a0\u00bbon\u00a0\u00bb font_icon=\u00a0\u00bb&#xf103;||fa||900&Prime; _builder_version=\u00a0\u00bb4.25.1&Prime; _module_preset=\u00a0\u00bbdefault\u00a0\u00bb header_level=\u00a0\u00bbh2&Prime; header_font=\u00a0\u00bb|||on|||||\u00a0\u00bb header_text_align=\u00a0\u00bbcenter\u00a0\u00bb global_colors_info=\u00a0\u00bb{}\u00a0\u00bb][\/et_pb_blurb][\/et_pb_column][\/et_pb_row][\/et_pb_section][et_pb_section fb_built=\u00a0\u00bb1&Prime; prev_background_color=\u00a0\u00bb#ffffff\u00a0\u00bb _builder_version=\u00a0\u00bb4.25.1&Prime; _module_preset=\u00a0\u00bbdefault\u00a0\u00bb background_color=\u00a0\u00bb#99cc00&Prime; custom_padding=\u00a0\u00bb148px||20px||false|false\u00a0\u00bb top_divider_style=\u00a0\u00bbwaves2&Prime; top_divider_height=\u00a0\u00bb46px\u00a0\u00bb top_divider_repeat=\u00a0\u00bb1x\u00a0\u00bb top_divider_repeat_tablet=\u00a0\u00bb1x\u00a0\u00bb top_divider_repeat_phone=\u00a0\u00bb1x\u00a0\u00bb top_divider_repeat_last_edited=\u00a0\u00bbon|desktop\u00a0\u00bb bottom_divider_style=\u00a0\u00bbwave2&Prime; bottom_divider_color=\u00a0\u00bbRGBA(255,255,255,0)\u00a0\u00bb bottom_divider_height=\u00a0\u00bb135px\u00a0\u00bb bottom_divider_repeat=\u00a0\u00bb1x\u00a0\u00bb bottom_divider_flip=\u00a0\u00bbvertical\u00a0\u00bb bottom_divider_arrangement=\u00a0\u00bbabove_content\u00a0\u00bb global_colors_info=\u00a0\u00bb{}\u00a0\u00bb][et_pb_row _builder_version=\u00a0\u00bb4.20.2&Prime; _module_preset=\u00a0\u00bbdefault\u00a0\u00bb width=\u00a0\u00bb90%\u00a0\u00bb global_colors_info=\u00a0\u00bb{}\u00a0\u00bb][et_pb_column type=\u00a0\u00bb4_4&Prime; _builder_version=\u00a0\u00bb4.20.0&Prime; _module_preset=\u00a0\u00bbdefault\u00a0\u00bb global_colors_info=\u00a0\u00bb{}\u00a0\u00bb][et_pb_text _builder_version=\u00a0\u00bb4.25.1&Prime; _module_preset=\u00a0\u00bbdefault\u00a0\u00bb text_text_color=\u00a0\u00bb#FFFFFF\u00a0\u00bb header_text_color=\u00a0\u00bb#FFFFFF\u00a0\u00bb header_2_font=\u00a0\u00bb|||on|||||\u00a0\u00bb header_2_text_color=\u00a0\u00bb#FFFFFF\u00a0\u00bb header_2_font_size=\u00a0\u00bb30px\u00a0\u00bb global_colors_info=\u00a0\u00bb{}\u00a0\u00bb]<\/p>\n<h2 style=\"text-align: center;\"><span>Notre offre<\/span><\/h2>\n<p>[\/et_pb_text][\/et_pb_column][\/et_pb_row][et_pb_row column_structure=\u00a0\u00bb1_2,1_2&Prime; _builder_version=\u00a0\u00bb4.22.1&Prime; _module_preset=\u00a0\u00bbdefault\u00a0\u00bb width=\u00a0\u00bb90%\u00a0\u00bb global_colors_info=\u00a0\u00bb{}\u00a0\u00bb][et_pb_column type=\u00a0\u00bb1_2&Prime; _builder_version=\u00a0\u00bb4.22.1&Prime; _module_preset=\u00a0\u00bbdefault\u00a0\u00bb custom_padding=\u00a0\u00bb|5%||11%|false|false\u00a0\u00bb custom_padding_tablet=\u00a0\u00bb|0%||0%|false|false\u00a0\u00bb custom_padding_phone=\u00a0\u00bb|0%||0%|false|false\u00a0\u00bb custom_padding_last_edited=\u00a0\u00bbon|tablet\u00a0\u00bb global_colors_info=\u00a0\u00bb{}\u00a0\u00bb][et_pb_blurb title=\u00a0\u00bbAnalyse des pratiques professionnelles (APP)\u00a0\u00bb image=\u00a0\u00bbhttps:\/\/centrereliance.fr\/sarl\/wp-content\/uploads\/sites\/3\/2025\/08\/Analyse_Pratique_professionnelle.jpeg\u00a0\u00bb _builder_version=\u00a0\u00bb4.22.1&Prime; _dynamic_attributes=\u00a0\u00bblink_option_url\u00a0\u00bb _module_preset=\u00a0\u00bbdefault\u00a0\u00bb header_text_align=\u00a0\u00bbcenter\u00a0\u00bb header_text_color=\u00a0\u00bb#82B000&Prime; header_font_size=\u00a0\u00bb25px\u00a0\u00bb background_color=\u00a0\u00bb#FFFFFF\u00a0\u00bb max_width_tablet=\u00a0\u00bb70%\u00a0\u00bb max_width_phone=\u00a0\u00bb90%\u00a0\u00bb max_width_last_edited=\u00a0\u00bbon|tablet\u00a0\u00bb module_alignment=\u00a0\u00bbcenter\u00a0\u00bb custom_padding=\u00a0\u00bb||15px||false|false\u00a0\u00bb animation_style=\u00a0\u00bbzoom\u00a0\u00bb link_option_url=\u00a0\u00bb@ET-DC@eyJkeW5hbWljIjp0cnVlLCJjb250ZW50IjoicG9zdF9saW5rX3VybF9wYWdlIiwic2V0dGluZ3MiOnsicG9zdF9pZCI6IjM3MDMifX0=@\u00a0\u00bb border_radii=\u00a0\u00bbon|25px|25px|25px|25px\u00a0\u00bb box_shadow_style=\u00a0\u00bbpreset1&Prime; global_colors_info=\u00a0\u00bb{}\u00a0\u00bb][\/et_pb_blurb][\/et_pb_column][et_pb_column type=\u00a0\u00bb1_2&Prime; _builder_version=\u00a0\u00bb4.22.1&Prime; _module_preset=\u00a0\u00bbdefault\u00a0\u00bb custom_padding=\u00a0\u00bb|11%||5%|false|false\u00a0\u00bb custom_padding_tablet=\u00a0\u00bb|0%||0%|false|false\u00a0\u00bb custom_padding_phone=\u00a0\u00bb|0%||0%|false|false\u00a0\u00bb custom_padding_last_edited=\u00a0\u00bbon|tablet\u00a0\u00bb global_colors_info=\u00a0\u00bb{}\u00a0\u00bb][et_pb_blurb title=\u00a0\u00bbCommunication interpersonnelle\u00a0\u00bb image=\u00a0\u00bbhttps:\/\/centrereliance.fr\/sarl\/wp-content\/uploads\/sites\/3\/2025\/08\/Communication-relationnelle.jpeg\u00a0\u00bb _builder_version=\u00a0\u00bb4.27.4&Prime; _dynamic_attributes=\u00a0\u00bblink_option_url\u00a0\u00bb _module_preset=\u00a0\u00bbdefault\u00a0\u00bb header_text_align=\u00a0\u00bbcenter\u00a0\u00bb header_text_color=\u00a0\u00bb#82B000&Prime; header_font_size=\u00a0\u00bb25px\u00a0\u00bb background_color=\u00a0\u00bb#FFFFFF\u00a0\u00bb max_width_tablet=\u00a0\u00bb70%\u00a0\u00bb max_width_phone=\u00a0\u00bb90%\u00a0\u00bb max_width_last_edited=\u00a0\u00bbon|tablet\u00a0\u00bb module_alignment=\u00a0\u00bbcenter\u00a0\u00bb custom_padding=\u00a0\u00bb||15px||false|false\u00a0\u00bb animation_style=\u00a0\u00bbzoom\u00a0\u00bb link_option_url=\u00a0\u00bb@ET-DC@eyJkeW5hbWljIjp0cnVlLCJjb250ZW50IjoicG9zdF9saW5rX3VybF9wYWdlIiwic2V0dGluZ3MiOnsicG9zdF9pZCI6IjM3MDEifX0=@\u00a0\u00bb border_radii=\u00a0\u00bbon|25px|25px|25px|25px\u00a0\u00bb box_shadow_style=\u00a0\u00bbpreset1&Prime; global_colors_info=\u00a0\u00bb{}\u00a0\u00bb][\/et_pb_blurb][\/et_pb_column][\/et_pb_row][et_pb_row column_structure=\u00a0\u00bb1_2,1_2&Prime; _builder_version=\u00a0\u00bb4.22.1&Prime; _module_preset=\u00a0\u00bbdefault\u00a0\u00bb width=\u00a0\u00bb90%\u00a0\u00bb global_colors_info=\u00a0\u00bb{}\u00a0\u00bb][et_pb_column type=\u00a0\u00bb1_2&Prime; _builder_version=\u00a0\u00bb4.22.1&Prime; _module_preset=\u00a0\u00bbdefault\u00a0\u00bb custom_padding=\u00a0\u00bb|5%||11%|false|false\u00a0\u00bb custom_padding_tablet=\u00a0\u00bb|0%||0%|false|false\u00a0\u00bb custom_padding_phone=\u00a0\u00bb|0%||0%|false|false\u00a0\u00bb custom_padding_last_edited=\u00a0\u00bbon|tablet\u00a0\u00bb global_colors_info=\u00a0\u00bb{}\u00a0\u00bb][et_pb_blurb title=\u00a0\u00bbLa relation d&rsquo;aide\u00a0\u00bb image=\u00a0\u00bbhttps:\/\/centrereliance.fr\/sarl\/wp-content\/uploads\/sites\/3\/2025\/08\/Relation-d-aide.jpg\u00a0\u00bb alt=\u00a0\u00bbRelation d&rsquo;aide\u00a0\u00bb _builder_version=\u00a0\u00bb4.27.4&Prime; _dynamic_attributes=\u00a0\u00bblink_option_url\u00a0\u00bb _module_preset=\u00a0\u00bbdefault\u00a0\u00bb header_text_align=\u00a0\u00bbcenter\u00a0\u00bb header_text_color=\u00a0\u00bb#82B000&Prime; header_font_size=\u00a0\u00bb25px\u00a0\u00bb background_color=\u00a0\u00bb#FFFFFF\u00a0\u00bb max_width_tablet=\u00a0\u00bb70%\u00a0\u00bb max_width_phone=\u00a0\u00bb90%\u00a0\u00bb max_width_last_edited=\u00a0\u00bbon|tablet\u00a0\u00bb module_alignment=\u00a0\u00bbcenter\u00a0\u00bb custom_padding=\u00a0\u00bb||15px||false|false\u00a0\u00bb animation_style=\u00a0\u00bbzoom\u00a0\u00bb link_option_url=\u00a0\u00bb@ET-DC@eyJkeW5hbWljIjp0cnVlLCJjb250ZW50IjoicG9zdF9saW5rX3VybF9wYWdlIiwic2V0dGluZ3MiOnsicG9zdF9pZCI6IjUwMjEifX0=@\u00a0\u00bb border_radii=\u00a0\u00bbon|25px|25px|25px|25px\u00a0\u00bb box_shadow_style=\u00a0\u00bbpreset1&Prime; global_colors_info=\u00a0\u00bb{}\u00a0\u00bb][\/et_pb_blurb][\/et_pb_column][et_pb_column type=\u00a0\u00bb1_2&Prime; _builder_version=\u00a0\u00bb4.22.1&Prime; _module_preset=\u00a0\u00bbdefault\u00a0\u00bb custom_padding=\u00a0\u00bb|11%||5%|false|false\u00a0\u00bb custom_padding_tablet=\u00a0\u00bb|0%||0%|false|false\u00a0\u00bb custom_padding_phone=\u00a0\u00bb|0%||0%|false|false\u00a0\u00bb custom_padding_last_edited=\u00a0\u00bbon|tablet\u00a0\u00bb global_colors_info=\u00a0\u00bb{}\u00a0\u00bb][et_pb_blurb title=\u00a0\u00bbLe management d&rsquo;\u00e9quipe\u00a0\u00bb image=\u00a0\u00bbhttps:\/\/centrereliance.fr\/sarl\/wp-content\/uploads\/sites\/3\/2025\/08\/Management-relatiionnel.jpeg\u00a0\u00bb _builder_version=\u00a0\u00bb4.25.1&Prime; _dynamic_attributes=\u00a0\u00bblink_option_url\u00a0\u00bb _module_preset=\u00a0\u00bbdefault\u00a0\u00bb header_text_align=\u00a0\u00bbcenter\u00a0\u00bb header_text_color=\u00a0\u00bb#82B000&Prime; header_font_size=\u00a0\u00bb25px\u00a0\u00bb background_color=\u00a0\u00bb#FFFFFF\u00a0\u00bb max_width_tablet=\u00a0\u00bb70%\u00a0\u00bb max_width_phone=\u00a0\u00bb90%\u00a0\u00bb max_width_last_edited=\u00a0\u00bbon|tablet\u00a0\u00bb module_alignment=\u00a0\u00bbcenter\u00a0\u00bb custom_padding=\u00a0\u00bb||15px||false|false\u00a0\u00bb animation_style=\u00a0\u00bbzoom\u00a0\u00bb link_option_url=\u00a0\u00bb@ET-DC@eyJkeW5hbWljIjp0cnVlLCJjb250ZW50IjoicG9zdF9saW5rX3VybF9wYWdlIiwic2V0dGluZ3MiOnsicG9zdF9pZCI6IjMzNSJ9fQ==@\u00a0\u00bb border_radii=\u00a0\u00bbon|25px|25px|25px|25px\u00a0\u00bb box_shadow_style=\u00a0\u00bbpreset1&Prime; global_colors_info=\u00a0\u00bb{}\u00a0\u00bb][\/et_pb_blurb][\/et_pb_column][\/et_pb_row][et_pb_row custom_padding_last_edited=\u00a0\u00bbon|phone\u00a0\u00bb _builder_version=\u00a0\u00bb4.25.1&Prime; _module_preset=\u00a0\u00bbdefault\u00a0\u00bb width=\u00a0\u00bb90%\u00a0\u00bb custom_padding=\u00a0\u00bb||||false|true\u00a0\u00bb custom_padding_tablet=\u00a0\u00bb|0%||0%|false|true\u00a0\u00bb custom_padding_phone=\u00a0\u00bb|0%||0%|false|true\u00a0\u00bb global_colors_info=\u00a0\u00bb{}\u00a0\u00bb][et_pb_column type=\u00a0\u00bb4_4&Prime; _builder_version=\u00a0\u00bb4.22.1&Prime; _module_preset=\u00a0\u00bbdefault\u00a0\u00bb custom_padding=\u00a0\u00bb|5%||11%|false|false\u00a0\u00bb custom_padding_tablet=\u00a0\u00bb|0%||0%|false|false\u00a0\u00bb custom_padding_phone=\u00a0\u00bb|0%||0%|false|false\u00a0\u00bb custom_padding_last_edited=\u00a0\u00bbon|tablet\u00a0\u00bb global_colors_info=\u00a0\u00bb{}\u00a0\u00bb][et_pb_blurb title=\u00a0\u00bbAccompagner le changement\u00a0\u00bb image=\u00a0\u00bbhttps:\/\/centrereliance.fr\/sarl\/wp-content\/uploads\/sites\/3\/2025\/08\/transformation-organisationnelle.jpg\u00a0\u00bb alt=\u00a0\u00bbM\u00e9thode ESPERE\u00ae\u00a0\u00bb _builder_version=\u00a0\u00bb4.25.1&Prime; _dynamic_attributes=\u00a0\u00bblink_option_url\u00a0\u00bb _module_preset=\u00a0\u00bbdefault\u00a0\u00bb header_text_align=\u00a0\u00bbcenter\u00a0\u00bb header_text_color=\u00a0\u00bb#82B000&Prime; header_font_size=\u00a0\u00bb25px\u00a0\u00bb background_color=\u00a0\u00bb#FFFFFF\u00a0\u00bb width=\u00a0\u00bb437px\u00a0\u00bb width_tablet=\u00a0\u00bb437px\u00a0\u00bb width_phone=\u00a0\u00bb437px\u00a0\u00bb width_last_edited=\u00a0\u00bbon|tablet\u00a0\u00bb max_width_tablet=\u00a0\u00bb70%\u00a0\u00bb max_width_phone=\u00a0\u00bb90%\u00a0\u00bb max_width_last_edited=\u00a0\u00bbon|phone\u00a0\u00bb module_alignment=\u00a0\u00bbcenter\u00a0\u00bb height=\u00a0\u00bb100%\u00a0\u00bb custom_padding=\u00a0\u00bb||15px||false|false\u00a0\u00bb animation_style=\u00a0\u00bbzoom\u00a0\u00bb link_option_url=\u00a0\u00bb@ET-DC@eyJkeW5hbWljIjp0cnVlLCJjb250ZW50IjoicG9zdF9saW5rX3VybF9wYWdlIiwic2V0dGluZ3MiOnsicG9zdF9pZCI6IjMxNCJ9fQ==@\u00a0\u00bb custom_css_blurb_title=\u00a0\u00bbmargin-left: 15px;||margin-right: 15px;\u00a0\u00bb border_radii=\u00a0\u00bbon|25px|25px|25px|25px\u00a0\u00bb box_shadow_style=\u00a0\u00bbpreset1&Prime; global_colors_info=\u00a0\u00bb{}\u00a0\u00bb][\/et_pb_blurb][\/et_pb_column][\/et_pb_row][et_pb_row column_structure=\u00a0\u00bb1_2,1_2&Prime; _builder_version=\u00a0\u00bb4.22.1&Prime; _module_preset=\u00a0\u00bbdefault\u00a0\u00bb width=\u00a0\u00bb90%\u00a0\u00bb global_colors_info=\u00a0\u00bb{}\u00a0\u00bb][et_pb_column type=\u00a0\u00bb1_2&Prime; _builder_version=\u00a0\u00bb4.22.1&Prime; _module_preset=\u00a0\u00bbdefault\u00a0\u00bb custom_padding=\u00a0\u00bb|5%||11%|false|false\u00a0\u00bb custom_padding_tablet=\u00a0\u00bb|0%||0%|false|false\u00a0\u00bb custom_padding_phone=\u00a0\u00bb|0%||0%|false|false\u00a0\u00bb custom_padding_last_edited=\u00a0\u00bbon|tablet\u00a0\u00bb global_colors_info=\u00a0\u00bb{}\u00a0\u00bb][et_pb_blurb title=\u00a0\u00bbSe former \u00e0 la M\u00e9thode ESPERE\u00ae \u00a0\u00bb image=\u00a0\u00bbhttps:\/\/centrereliance.fr\/sarl\/wp-content\/uploads\/sites\/3\/2025\/08\/Methode-Espere-rotated-1.jpg\u00a0\u00bb alt=\u00a0\u00bbM\u00e9thode ESPERE\u00ae\u00a0\u00bb _builder_version=\u00a0\u00bb4.25.1&Prime; _dynamic_attributes=\u00a0\u00bblink_option_url\u00a0\u00bb _module_preset=\u00a0\u00bbdefault\u00a0\u00bb header_text_align=\u00a0\u00bbcenter\u00a0\u00bb header_text_color=\u00a0\u00bb#82B000&Prime; header_font_size=\u00a0\u00bb25px\u00a0\u00bb background_color=\u00a0\u00bb#FFFFFF\u00a0\u00bb max_width_tablet=\u00a0\u00bb70%\u00a0\u00bb max_width_phone=\u00a0\u00bb90%\u00a0\u00bb max_width_last_edited=\u00a0\u00bbon|tablet\u00a0\u00bb module_alignment=\u00a0\u00bbcenter\u00a0\u00bb height=\u00a0\u00bb100%\u00a0\u00bb custom_padding=\u00a0\u00bb||15px||false|false\u00a0\u00bb animation_style=\u00a0\u00bbzoom\u00a0\u00bb link_option_url=\u00a0\u00bb@ET-DC@eyJkeW5hbWljIjp0cnVlLCJjb250ZW50IjoicG9zdF9saW5rX3VybF9wYWdlIiwic2V0dGluZ3MiOnsicG9zdF9pZCI6IjM3NSJ9fQ==@\u00a0\u00bb custom_css_blurb_title=\u00a0\u00bbmargin-left: 15px;||margin-right: 15px;\u00a0\u00bb border_radii=\u00a0\u00bbon|25px|25px|25px|25px\u00a0\u00bb box_shadow_style=\u00a0\u00bbpreset1&Prime; global_colors_info=\u00a0\u00bb{}\u00a0\u00bb][\/et_pb_blurb][\/et_pb_column][et_pb_column type=\u00a0\u00bb1_2&Prime; _builder_version=\u00a0\u00bb4.22.1&Prime; _module_preset=\u00a0\u00bbdefault\u00a0\u00bb custom_padding=\u00a0\u00bb|11%||5%|false|false\u00a0\u00bb custom_padding_tablet=\u00a0\u00bb|0%||0%|false|false\u00a0\u00bb custom_padding_phone=\u00a0\u00bb|0%||0%|false|false\u00a0\u00bb custom_padding_last_edited=\u00a0\u00bbon|tablet\u00a0\u00bb global_colors_info=\u00a0\u00bb{}\u00a0\u00bb][et_pb_blurb title=\u00a0\u00bbSe former \u00e0 EmRes\u00a0\u00bb image=\u00a0\u00bbhttps:\/\/centrereliance.fr\/sarl\/wp-content\/uploads\/sites\/3\/2025\/08\/methode_emres.jpg\u00a0\u00bb _builder_version=\u00a0\u00bb4.25.1&Prime; _dynamic_attributes=\u00a0\u00bblink_option_url\u00a0\u00bb _module_preset=\u00a0\u00bbdefault\u00a0\u00bb header_text_align=\u00a0\u00bbcenter\u00a0\u00bb header_text_color=\u00a0\u00bb#82B000&Prime; header_font_size=\u00a0\u00bb25px\u00a0\u00bb background_color=\u00a0\u00bb#FFFFFF\u00a0\u00bb max_width_tablet=\u00a0\u00bb70%\u00a0\u00bb max_width_phone=\u00a0\u00bb90%\u00a0\u00bb max_width_last_edited=\u00a0\u00bbon|tablet\u00a0\u00bb module_alignment=\u00a0\u00bbcenter\u00a0\u00bb height=\u00a0\u00bb100%\u00a0\u00bb custom_padding=\u00a0\u00bb||15px||false|false\u00a0\u00bb animation_style=\u00a0\u00bbzoom\u00a0\u00bb link_option_url=\u00a0\u00bb@ET-DC@eyJkeW5hbWljIjp0cnVlLCJjb250ZW50IjoicG9zdF9saW5rX3VybF9wYWdlIiwic2V0dGluZ3MiOnsicG9zdF9pZCI6IjE0NDgifX0=@\u00a0\u00bb custom_css_blurb_title=\u00a0\u00bbmargin-left: 15px;||margin-right: 15px;\u00a0\u00bb border_radii=\u00a0\u00bbon|25px|25px|25px|25px\u00a0\u00bb box_shadow_style=\u00a0\u00bbpreset1&Prime; global_colors_info=\u00a0\u00bb{}\u00a0\u00bb][\/et_pb_blurb][\/et_pb_column][\/et_pb_row][\/et_pb_section][et_pb_section fb_built=\u00a0\u00bb1&Prime; custom_padding_last_edited=\u00a0\u00bbon|phone\u00a0\u00bb _builder_version=\u00a0\u00bb4.25.1&Prime; _module_preset=\u00a0\u00bbdefault\u00a0\u00bb background_color=\u00a0\u00bbrgba(181,240,16,0.15)\u00a0\u00bb custom_margin=\u00a0\u00bb-2px||||false|false\u00a0\u00bb custom_padding=\u00a0\u00bb150px||70px||false|false\u00a0\u00bb custom_padding_tablet=\u00a0\u00bb100px||70px||false|false\u00a0\u00bb custom_padding_phone=\u00a0\u00bb||50px||false|false\u00a0\u00bb top_divider_style=\u00a0\u00bbcurve2&Prime; top_divider_color=\u00a0\u00bb#99cc00&Prime; bottom_divider_style=\u00a0\u00bbwave2&Prime; bottom_divider_color=\u00a0\u00bb#82B000&Prime; bottom_divider_flip=\u00a0\u00bbvertical|horizontal\u00a0\u00bb locked=\u00a0\u00bboff\u00a0\u00bb global_colors_info=\u00a0\u00bb{}\u00a0\u00bb][et_pb_row _builder_version=\u00a0\u00bb4.20.2&Prime; _module_preset=\u00a0\u00bbdefault\u00a0\u00bb custom_margin=\u00a0\u00bb|auto||auto|false|false\u00a0\u00bb custom_margin_tablet=\u00a0\u00bb|auto||auto|false|false\u00a0\u00bb custom_margin_phone=\u00a0\u00bb|auto||auto|false|false\u00a0\u00bb custom_margin_last_edited=\u00a0\u00bbon|desktop\u00a0\u00bb global_colors_info=\u00a0\u00bb{}\u00a0\u00bb][et_pb_column type=\u00a0\u00bb4_4&Prime; _builder_version=\u00a0\u00bb4.20.2&Prime; _module_preset=\u00a0\u00bbdefault\u00a0\u00bb global_colors_info=\u00a0\u00bb{}\u00a0\u00bb][et_pb_text _builder_version=\u00a0\u00bb4.25.1&Prime; _module_preset=\u00a0\u00bbdefault\u00a0\u00bb text_text_color=\u00a0\u00bb#82B000&Prime; header_text_color=\u00a0\u00bb#82B000&Prime; header_2_font=\u00a0\u00bb|||on|||||\u00a0\u00bb header_2_text_align=\u00a0\u00bbcenter\u00a0\u00bb header_2_font_size=\u00a0\u00bb30px\u00a0\u00bb global_colors_info=\u00a0\u00bb{}\u00a0\u00bb]<\/p>\n<h2>Nos secteurs d&rsquo;intervention<\/h2>\n<p>[\/et_pb_text][\/et_pb_column][\/et_pb_row][et_pb_row column_structure=\u00a0\u00bb1_2,1_2&Prime; _builder_version=\u00a0\u00bb4.22.1&Prime; _module_preset=\u00a0\u00bbdefault\u00a0\u00bb width=\u00a0\u00bb90%\u00a0\u00bb global_colors_info=\u00a0\u00bb{}\u00a0\u00bb][et_pb_column type=\u00a0\u00bb1_2&Prime; _builder_version=\u00a0\u00bb4.22.1&Prime; _module_preset=\u00a0\u00bbdefault\u00a0\u00bb custom_padding=\u00a0\u00bb|5%||11%|false|false\u00a0\u00bb custom_padding_tablet=\u00a0\u00bb|0%||0%|false|false\u00a0\u00bb custom_padding_phone=\u00a0\u00bb|0%||0%|false|false\u00a0\u00bb custom_padding_last_edited=\u00a0\u00bbon|tablet\u00a0\u00bb global_colors_info=\u00a0\u00bb{}\u00a0\u00bb][et_pb_blurb title=\u00a0\u00bbAide sociale\u00a0\u00bb image=\u00a0\u00bbhttps:\/\/centrereliance.fr\/sarl\/wp-content\/uploads\/sites\/3\/2025\/08\/services-sociaux.jpg\u00a0\u00bb _builder_version=\u00a0\u00bb4.25.1&Prime; _module_preset=\u00a0\u00bbdefault\u00a0\u00bb header_text_align=\u00a0\u00bbcenter\u00a0\u00bb header_text_color=\u00a0\u00bb#FFFFFF\u00a0\u00bb header_font_size=\u00a0\u00bb25px\u00a0\u00bb background_color=\u00a0\u00bb#82B000&Prime; width_tablet=\u00a0\u00bb70%\u00a0\u00bb width_phone=\u00a0\u00bb90%\u00a0\u00bb width_last_edited=\u00a0\u00bbon|phone\u00a0\u00bb module_alignment=\u00a0\u00bbcenter\u00a0\u00bb custom_padding=\u00a0\u00bb||15px||false|false\u00a0\u00bb animation_style=\u00a0\u00bbzoom\u00a0\u00bb border_radii=\u00a0\u00bbon|25px|25px|25px|25px\u00a0\u00bb box_shadow_style=\u00a0\u00bbpreset1&Prime; global_colors_info=\u00a0\u00bb{}\u00a0\u00bb][\/et_pb_blurb][\/et_pb_column][et_pb_column type=\u00a0\u00bb1_2&Prime; _builder_version=\u00a0\u00bb4.22.1&Prime; _module_preset=\u00a0\u00bbdefault\u00a0\u00bb custom_padding=\u00a0\u00bb|11%||5%|false|false\u00a0\u00bb custom_padding_tablet=\u00a0\u00bb|0%||0%|false|false\u00a0\u00bb custom_padding_phone=\u00a0\u00bb|0%||0%|false|false\u00a0\u00bb custom_padding_last_edited=\u00a0\u00bbon|tablet\u00a0\u00bb global_colors_info=\u00a0\u00bb{}\u00a0\u00bb][et_pb_blurb title=\u00a0\u00bbJustice et protection de l&rsquo;enfance\u00a0\u00bb image=\u00a0\u00bbhttps:\/\/centrereliance.fr\/sarl\/wp-content\/uploads\/sites\/3\/2025\/08\/justice-et-protection-de-l-enfance.jpg\u00a0\u00bb _builder_version=\u00a0\u00bb4.25.1&Prime; _module_preset=\u00a0\u00bbdefault\u00a0\u00bb header_text_align=\u00a0\u00bbcenter\u00a0\u00bb header_text_color=\u00a0\u00bb#FFFFFF\u00a0\u00bb header_font_size=\u00a0\u00bb25px\u00a0\u00bb background_color=\u00a0\u00bb#82B000&Prime; width_tablet=\u00a0\u00bb70%\u00a0\u00bb width_phone=\u00a0\u00bb90%\u00a0\u00bb width_last_edited=\u00a0\u00bbon|phone\u00a0\u00bb module_alignment=\u00a0\u00bbcenter\u00a0\u00bb custom_padding=\u00a0\u00bb||15px||false|false\u00a0\u00bb animation_style=\u00a0\u00bbzoom\u00a0\u00bb border_radii=\u00a0\u00bbon|25px|25px|25px|25px\u00a0\u00bb box_shadow_style=\u00a0\u00bbpreset1&Prime; global_colors_info=\u00a0\u00bb{}\u00a0\u00bb][\/et_pb_blurb][\/et_pb_column][\/et_pb_row][et_pb_row column_structure=\u00a0\u00bb1_3,1_3,1_3&Prime; _builder_version=\u00a0\u00bb4.22.1&Prime; _module_preset=\u00a0\u00bbdefault\u00a0\u00bb width=\u00a0\u00bb90%\u00a0\u00bb locked=\u00a0\u00bboff\u00a0\u00bb global_colors_info=\u00a0\u00bb{}\u00a0\u00bb][et_pb_column type=\u00a0\u00bb1_3&Prime; _builder_version=\u00a0\u00bb4.20.0&Prime; _module_preset=\u00a0\u00bbdefault\u00a0\u00bb global_colors_info=\u00a0\u00bb{}\u00a0\u00bb][et_pb_blurb title=\u00a0\u00bbSant\u00e9\u00a0\u00bb image=\u00a0\u00bbhttps:\/\/centrereliance.fr\/sarl\/wp-content\/uploads\/sites\/3\/2025\/08\/secteur-de-la-sante.jpeg\u00a0\u00bb alt=\u00a0\u00bbFormation et accompagnements dans le secteur de la sant\u00e9 pour une meileure qualit\u00e9 de vie au travail.\u00a0\u00bb _builder_version=\u00a0\u00bb4.25.1&Prime; _module_preset=\u00a0\u00bbdefault\u00a0\u00bb header_text_align=\u00a0\u00bbcenter\u00a0\u00bb header_text_color=\u00a0\u00bb#FFFFFF\u00a0\u00bb header_font_size=\u00a0\u00bb25px\u00a0\u00bb background_color=\u00a0\u00bb#82B000&Prime; width_tablet=\u00a0\u00bb70%\u00a0\u00bb width_phone=\u00a0\u00bb90%\u00a0\u00bb width_last_edited=\u00a0\u00bbon|phone\u00a0\u00bb module_alignment=\u00a0\u00bbcenter\u00a0\u00bb custom_padding=\u00a0\u00bb||15px||false|false\u00a0\u00bb animation_style=\u00a0\u00bbzoom\u00a0\u00bb border_radii=\u00a0\u00bbon|25px|25px|25px|25px\u00a0\u00bb box_shadow_style=\u00a0\u00bbpreset1&Prime; global_colors_info=\u00a0\u00bb{}\u00a0\u00bb][\/et_pb_blurb][\/et_pb_column][et_pb_column type=\u00a0\u00bb1_3&Prime; _builder_version=\u00a0\u00bb4.20.0&Prime; _module_preset=\u00a0\u00bbdefault\u00a0\u00bb global_colors_info=\u00a0\u00bb{}\u00a0\u00bb][et_pb_blurb title=\u00a0\u00bbEducation\u00a0\u00bb image=\u00a0\u00bbhttps:\/\/centrereliance.fr\/sarl\/wp-content\/uploads\/sites\/3\/2025\/08\/secteur-de-leducation.jpeg\u00a0\u00bb alt=\u00a0\u00bbFormations pour une meilleure qualit\u00e9 de la vie au travail dans le secteur de l&rsquo;\u00e9ducation.\u00a0\u00bb _builder_version=\u00a0\u00bb4.25.1&Prime; _module_preset=\u00a0\u00bbdefault\u00a0\u00bb header_text_align=\u00a0\u00bbcenter\u00a0\u00bb header_text_color=\u00a0\u00bb#FFFFFF\u00a0\u00bb header_font_size=\u00a0\u00bb25px\u00a0\u00bb background_color=\u00a0\u00bb#82B000&Prime; width_tablet=\u00a0\u00bb70%\u00a0\u00bb width_phone=\u00a0\u00bb90%\u00a0\u00bb width_last_edited=\u00a0\u00bbon|phone\u00a0\u00bb module_alignment=\u00a0\u00bbcenter\u00a0\u00bb custom_padding=\u00a0\u00bb||15px||false|false\u00a0\u00bb animation_style=\u00a0\u00bbzoom\u00a0\u00bb border_radii=\u00a0\u00bbon|25px|25px|25px|25px\u00a0\u00bb box_shadow_style=\u00a0\u00bbpreset1&Prime; global_colors_info=\u00a0\u00bb{}\u00a0\u00bb][\/et_pb_blurb][\/et_pb_column][et_pb_column type=\u00a0\u00bb1_3&Prime; _builder_version=\u00a0\u00bb4.20.0&Prime; _module_preset=\u00a0\u00bbdefault\u00a0\u00bb global_colors_info=\u00a0\u00bb{}\u00a0\u00bb][et_pb_blurb title=\u00a0\u00bbProduction de biens et de services \u00a0\u00bb image=\u00a0\u00bbhttps:\/\/centrereliance.fr\/sarl\/wp-content\/uploads\/sites\/3\/2025\/08\/secteur-de-lentreprise.jpeg\u00a0\u00bb alt=\u00a0\u00bbQualit\u00e9 de la vie au travail dans le secteur des entreprises\u00a0\u00bb _builder_version=\u00a0\u00bb4.25.1&Prime; _module_preset=\u00a0\u00bbdefault\u00a0\u00bb header_text_align=\u00a0\u00bbcenter\u00a0\u00bb header_text_color=\u00a0\u00bb#FFFFFF\u00a0\u00bb header_font_size=\u00a0\u00bb25px\u00a0\u00bb background_color=\u00a0\u00bb#82B000&Prime; width_tablet=\u00a0\u00bb70%\u00a0\u00bb width_phone=\u00a0\u00bb90%\u00a0\u00bb width_last_edited=\u00a0\u00bbon|phone\u00a0\u00bb module_alignment=\u00a0\u00bbcenter\u00a0\u00bb custom_padding=\u00a0\u00bb||15px||false|false\u00a0\u00bb animation_style=\u00a0\u00bbzoom\u00a0\u00bb border_radii=\u00a0\u00bbon|25px|25px|25px|25px\u00a0\u00bb box_shadow_style=\u00a0\u00bbpreset1&Prime; global_colors_info=\u00a0\u00bb{}\u00a0\u00bb][\/et_pb_blurb][\/et_pb_column][\/et_pb_row][\/et_pb_section][et_pb_section fb_built=\u00a0\u00bb1&Prime; next_background_color=\u00a0\u00bb#e6ffd8&Prime; _builder_version=\u00a0\u00bb4.27.4&Prime; _module_preset=\u00a0\u00bbdefault\u00a0\u00bb background_color=\u00a0\u00bb#82b000&Prime; bottom_divider_style=\u00a0\u00bbramp2&Prime; global_colors_info=\u00a0\u00bb{}\u00a0\u00bb][et_pb_row _builder_version=\u00a0\u00bb4.27.4&Prime; _module_preset=\u00a0\u00bbdefault\u00a0\u00bb global_colors_info=\u00a0\u00bb{}\u00a0\u00bb][et_pb_column type=\u00a0\u00bb4_4&Prime; _builder_version=\u00a0\u00bb4.27.4&Prime; _module_preset=\u00a0\u00bbdefault\u00a0\u00bb global_colors_info=\u00a0\u00bb{}\u00a0\u00bb][et_pb_icon font_icon=\u00a0\u00bb&#xf073;||fa||900&Prime; icon_color=\u00a0\u00bb#FFFFFF\u00a0\u00bb _builder_version=\u00a0\u00bb4.27.4&Prime; _module_preset=\u00a0\u00bbdefault\u00a0\u00bb global_colors_info=\u00a0\u00bb{}\u00a0\u00bb][\/et_pb_icon][et_pb_text _builder_version=\u00a0\u00bb4.27.4&Prime; _module_preset=\u00a0\u00bbdefault\u00a0\u00bb header_2_font=\u00a0\u00bb|||on|||||\u00a0\u00bb header_2_text_align=\u00a0\u00bbcenter\u00a0\u00bb header_2_text_color=\u00a0\u00bb#FFFFFF\u00a0\u00bb header_2_font_size=\u00a0\u00bb35px\u00a0\u00bb global_colors_info=\u00a0\u00bb{}\u00a0\u00bb]<\/p>\n<h2>\u00e0 venir<\/h2>\n<p>[\/et_pb_text][et_pb_code _builder_version=\u00a0\u00bb4.27.4&Prime; _module_preset=\u00a0\u00bbdefault\u00a0\u00bb global_colors_info=\u00a0\u00bb{}\u00a0\u00bb][\/et_pb_code][\/et_pb_column][\/et_pb_row][\/et_pb_section][et_pb_section fb_built=\u00a0\u00bb1&Prime; custom_padding_last_edited=\u00a0\u00bbon|desktop\u00a0\u00bb admin_label=\u00a0\u00bbsection\u00a0\u00bb _builder_version=\u00a0\u00bb4.25.1&Prime; background_color=\u00a0\u00bb#e6ffd8&Prime; custom_padding=\u00a0\u00bb120px||||false|false\u00a0\u00bb custom_padding_tablet=\u00a0\u00bb50px|0|50px|0&Prime; custom_padding_phone=\u00a0\u00bb\u00a0\u00bb bottom_divider_style=\u00a0\u00bbcurve\u00a0\u00bb bottom_divider_color=\u00a0\u00bb#668c00&Prime; bottom_divider_flip=\u00a0\u00bbvertical\u00a0\u00bb transparent_background=\u00a0\u00bboff\u00a0\u00bb make_fullwidth=\u00a0\u00bboff\u00a0\u00bb use_custom_width=\u00a0\u00bboff\u00a0\u00bb width_unit=\u00a0\u00bbon\u00a0\u00bb locked=\u00a0\u00bboff\u00a0\u00bb global_colors_info=\u00a0\u00bb{}\u00a0\u00bb][et_pb_row padding_mobile=\u00a0\u00bbon\u00a0\u00bb column_padding_mobile=\u00a0\u00bbon\u00a0\u00bb admin_label=\u00a0\u00bbrow\u00a0\u00bb _builder_version=\u00a0\u00bb4.16&Prime; background_size=\u00a0\u00bbinitial\u00a0\u00bb background_position=\u00a0\u00bbtop_left\u00a0\u00bb background_repeat=\u00a0\u00bbrepeat\u00a0\u00bb custom_padding=\u00a0\u00bb||0px|\u00a0\u00bb make_fullwidth=\u00a0\u00bboff\u00a0\u00bb use_custom_width=\u00a0\u00bboff\u00a0\u00bb width_unit=\u00a0\u00bbon\u00a0\u00bb global_colors_info=\u00a0\u00bb{}\u00a0\u00bb][et_pb_column type=\u00a0\u00bb4_4&Prime; _builder_version=\u00a0\u00bb4.16&Prime; custom_padding=\u00a0\u00bb|||\u00a0\u00bb global_colors_info=\u00a0\u00bb{}\u00a0\u00bb custom_padding__hover=\u00a0\u00bb|||\u00a0\u00bb][et_pb_icon font_icon=\u00a0\u00bb&#xf4ad;||fa||400&Prime; icon_color=\u00a0\u00bb#82B000&Prime; icon_width=\u00a0\u00bb66px\u00a0\u00bb _builder_version=\u00a0\u00bb4.25.1&Prime; _module_preset=\u00a0\u00bbdefault\u00a0\u00bb locked=\u00a0\u00bboff\u00a0\u00bb global_colors_info=\u00a0\u00bb{}\u00a0\u00bb][\/et_pb_icon][et_pb_text admin_label=\u00a0\u00bbText\u00a0\u00bb _builder_version=\u00a0\u00bb4.25.1&Prime; text_font=\u00a0\u00bbPatrick Hand SC||||||||\u00a0\u00bb text_text_color=\u00a0\u00bb#82B000&Prime; text_font_size=\u00a0\u00bb45px\u00a0\u00bb text_line_height=\u00a0\u00bb1.2em\u00a0\u00bb header_text_align=\u00a0\u00bbcenter\u00a0\u00bb header_text_color=\u00a0\u00bb#0E92B8&Prime; header_2_font=\u00a0\u00bb|||on|||||\u00a0\u00bb header_2_text_align=\u00a0\u00bbcenter\u00a0\u00bb header_2_text_color=\u00a0\u00bb#82B000&Prime; header_2_font_size=\u00a0\u00bb34px\u00a0\u00bb text_orientation=\u00a0\u00bbcenter\u00a0\u00bb custom_padding=\u00a0\u00bb25px||25px||false|false\u00a0\u00bb use_border_color=\u00a0\u00bboff\u00a0\u00bb border_color=\u00a0\u00bb#ffffff\u00a0\u00bb border_style=\u00a0\u00bbsolid\u00a0\u00bb global_colors_info=\u00a0\u00bb{}\u00a0\u00bb]<\/p>\n<h2>Ils t\u00e9moignent<\/h2>\n<p>&#8211;<\/p>\n<p>[\/et_pb_text][\/et_pb_column][\/et_pb_row][et_pb_row use_custom_gutter=\u00a0\u00bbon\u00a0\u00bb gutter_width=\u00a0\u00bb2&Prime; padding_mobile=\u00a0\u00bbon\u00a0\u00bb column_padding_mobile=\u00a0\u00bbon\u00a0\u00bb custom_padding_last_edited=\u00a0\u00bbon|tablet\u00a0\u00bb admin_label=\u00a0\u00bbRow\u00a0\u00bb module_class=\u00a0\u00bb et_pb_row_fullwidth\u00a0\u00bb _builder_version=\u00a0\u00bb4.27.4&Prime; background_size=\u00a0\u00bbinitial\u00a0\u00bb background_position=\u00a0\u00bbtop_left\u00a0\u00bb background_repeat=\u00a0\u00bbrepeat\u00a0\u00bb width=\u00a0\u00bb90%\u00a0\u00bb width_tablet=\u00a0\u00bb90%\u00a0\u00bb width_phone=\u00a0\u00bb100%\u00a0\u00bb width_last_edited=\u00a0\u00bbon|desktop\u00a0\u00bb max_width=\u00a0\u00bb90%\u00a0\u00bb max_width_tablet=\u00a0\u00bb90%\u00a0\u00bb max_width_phone=\u00a0\u00bb100%\u00a0\u00bb max_width_last_edited=\u00a0\u00bbon|desktop\u00a0\u00bb custom_padding=\u00a0\u00bb0px|||\u00a0\u00bb custom_padding_tablet=\u00a0\u00bb49px|||\u00a0\u00bb custom_padding_phone=\u00a0\u00bb29px|||\u00a0\u00bb make_fullwidth=\u00a0\u00bbon\u00a0\u00bb use_custom_width=\u00a0\u00bboff\u00a0\u00bb width_unit=\u00a0\u00bbon\u00a0\u00bb global_colors_info=\u00a0\u00bb{}\u00a0\u00bb][et_pb_column type=\u00a0\u00bb4_4&Prime; _builder_version=\u00a0\u00bb4.16&Prime; custom_padding=\u00a0\u00bb|||\u00a0\u00bb global_colors_info=\u00a0\u00bb{}\u00a0\u00bb custom_padding__hover=\u00a0\u00bb|||\u00a0\u00bb][et_pb_slider show_pagination=\u00a0\u00bboff\u00a0\u00bb show_arrows_tablet=\u00a0\u00bb\u00a0\u00bb show_arrows_phone=\u00a0\u00bboff\u00a0\u00bb show_arrows_last_edited=\u00a0\u00bbon|phone\u00a0\u00bb _builder_version=\u00a0\u00bb4.27.4&Prime; _module_preset=\u00a0\u00bbdefault\u00a0\u00bb header_level=\u00a0\u00bbh3&Prime; header_text_color=\u00a0\u00bb#F08A2E\u00a0\u00bb header_font_size=\u00a0\u00bb35px\u00a0\u00bb body_text_color=\u00a0\u00bb#634605&Prime; background_color=\u00a0\u00bbRGBA(255,255,255,0)\u00a0\u00bb width=\u00a0\u00bb100%\u00a0\u00bb custom_padding=\u00a0\u00bb20px|5px|90px|5px|false|false\u00a0\u00bb auto=\u00a0\u00bbon\u00a0\u00bb custom_css_free_form=\u00a0\u00bbselector h3 {text-transform: none !important}\u00a0\u00bb custom_css_slide_description=\u00a0\u00bbtext-shadow: none;\u00a0\u00bb custom_css_slide_title=\u00a0\u00bbtext-shadow: none;\u00a0\u00bb locked=\u00a0\u00bboff\u00a0\u00bb global_colors_info=\u00a0\u00bb{}\u00a0\u00bb][et_pb_slide heading=\u00a0\u00bbFormation \u00ab Bien communiquer pour mieux travailler ensemble \u00bb\u00a0\u00bb _builder_version=\u00a0\u00bb4.27.4&Prime; _module_preset=\u00a0\u00bbdefault\u00a0\u00bb header_text_color=\u00a0\u00bb#82B000&Prime; custom_css_slide_image=\u00a0\u00bbmax-width: 500px;||\u00a0\u00bb border_radii_image=\u00a0\u00bbon|50%|50%|50%|50%\u00a0\u00bb locked=\u00a0\u00bboff\u00a0\u00bb global_colors_info=\u00a0\u00bb{}\u00a0\u00bb sticky_transition=\u00a0\u00bbon\u00a0\u00bb]<\/p>\n<blockquote>\n<p>\u00ab\u00a0La formation \u00ab\u00a0Bien communiquer pour mieux travailler ensemble\u00a0\u00bb a \u00e9t\u00e9 tr\u00e8s<br \/>b\u00e9n\u00e9fique. Elle \u00e9tait \u00e0 la fois concr\u00e8te et dynamique. Je repars avec un plan d\u2019action<br \/>et plusieurs outils simples \u00e0 mettre rapidement en place dans mon quotidien<br \/>professionnel. Ce que j\u2019ai particuli\u00e8rement appr\u00e9ci\u00e9, c\u2019est qu\u2019elle m\u2019a permis de me<br \/>recentrer sur moi, d\u2019\u00e9couter mes \u00e9motions et surtout de me r\u00e9affirmer dans mes<br \/>relations aux autres, de mani\u00e8re plus sereine et constructive.\u00a0\u00bb<\/p>\n<\/blockquote>\n<p><em>Adriana \u2013 Juin 2025<\/em><\/p>\n<p>[\/et_pb_slide][et_pb_slide heading=\u00a0\u00bbFormation EmRes, R\u00e9solution \u00e9motionnelle\u00a0\u00bb _builder_version=\u00a0\u00bb4.27.4&Prime; _module_preset=\u00a0\u00bbdefault\u00a0\u00bb header_text_color=\u00a0\u00bb#82B000&Prime; custom_css_slide_image=\u00a0\u00bbmax-width: 500px;||\u00a0\u00bb border_radii_image=\u00a0\u00bbon|50%|50%|50%|50%\u00a0\u00bb locked=\u00a0\u00bboff\u00a0\u00bb global_colors_info=\u00a0\u00bb{}\u00a0\u00bb sticky_transition=\u00a0\u00bbon\u00a0\u00bb]<\/p>\n<blockquote><p>\u00ab\u00a0La formation Emres m&#39;a beaucoup apport\u00e9, en premier sur le plan humain pour<br \/>\nmieux m&#39;appr\u00e9hender au niveau \u00e9motionnelle. J&#39;ai fait beaucoup de formation avant<br \/>\ncelle-la et c&#39;est le premi\u00e8re fois que je rencontre un outil si simple, rapide et efficace.<br \/>\nJ&#39;accompagne maintenant certains amis et certains \u00e9tudiants au travail. Je peux<br \/>\nnotamment vivre plus sereinement les moments ou des personnes sont en crises<br \/>\npuisque j&#39;ai des outils pour les accompagner.\u00a0\u00bb<\/p><\/blockquote>\n<p><em>Bastien \u2013 Septembre 2024<\/em>[\/et_pb_slide][et_pb_slide heading=\u00a0\u00bbAnalyse des Pratiques Professionnelles\u00a0\u00bb _builder_version=\u00a0\u00bb4.27.4&Prime; _module_preset=\u00a0\u00bbdefault\u00a0\u00bb header_text_color=\u00a0\u00bb#82B000&Prime; custom_css_slide_image=\u00a0\u00bbmax-width: 500px;||\u00a0\u00bb border_radii_image=\u00a0\u00bbon|50%|50%|50%|50%\u00a0\u00bb locked=\u00a0\u00bboff\u00a0\u00bb global_colors_info=\u00a0\u00bb{}\u00a0\u00bb sticky_transition=\u00a0\u00bbon\u00a0\u00bb]<\/p>\n<blockquote>\n<p>\u00ab\u00a0Je mettrais en avant les qualit\u00e9s de l\u2019animateur : sa disponibilit\u00e9, son \u00e9coute, sa<br \/>bonne humeur, les enrichissements th\u00e9oriques qu\u2019il offre. Ces qualit\u00e9s permettent de<br \/>faire de chaque s\u00e9ance d\u2019APP un temps de r\u00e9flexion, d\u2019interrogation et<br \/>d\u2019introspection d\u2019une grande richesse. La participation \u00e0 ce groupe contribue \u00e0 mon<br \/>\u00e9quilibre professionnel.\u00a0\u00bb<\/p>\n<\/blockquote>\n<p><em>Magali \u2013 Janvier 2025<\/em><\/p>\n<p>[\/et_pb_slide][\/et_pb_slider][\/et_pb_column][\/et_pb_row][\/et_pb_section]<\/p>\n","protected":false},"excerpt":{"rendered":"<p>Formation, accompagnements personnalis\u00e9s ou en \u00e9quipe sur les les th\u00e9matiques de management, coh\u00e9sion d&rsquo;\u00e9quipe, qualit\u00e9 de vie au travail, communication relationnelle.<\/p>\n","protected":false},"author":1,"featured_media":0,"parent":0,"menu_order":0,"comment_status":"closed","ping_status":"closed","template":"","meta":{"_et_pb_use_builder":"on","_et_pb_old_content":"<h3><span style=\"color: #ff6600;\">Si pour vous, prendre soin des relations humaines au travail c\u2019est :<\/span><\/h3>\n<ul>\n<li>Placer l\u2019humain au centre des organisations<\/li>\n<li>Offrir un service adapt\u00e9 aux besoins et aux projets des b\u00e9n\u00e9ficiaires<\/li>\n<li>Mieux collaborer entre coll\u00e8gues de travail<\/li>\n<li>Am\u00e9liorer la qualit\u00e9 de vie au travail<\/li>\n<li>Prendre soin de soi et de son \u00e9volution professionnelle<\/li>\n<\/ul>\n<h3><span style=\"color: #ff6600;\">Si vous recherchez une formation ou un accompagnement,<\/span><\/h3>\n<p>Pour une \u00e9quipe ou un service de votre organisation&nbsp;afin de :<\/p>\n<ul>\n<li>Am\u00e9liorer la qualit\u00e9 de vie au travail,<\/li>\n<li>Renforcer la collaboration, la coh\u00e9sion dans le groupe,<\/li>\n<li>Le soutenir dans une transition qui s\u2019annonce ou qui a \u00e9t\u00e9 difficile (absence prolong\u00e9e ou changement de responsable, nombreux d\u00e9parts ou changements de personnel, changements des conditions de travail...)<\/li>\n<li>Pr\u00e9venir ou g\u00e9rer des conflits au travail<\/li>\n<li>Mettre en place une Analyse de la Pratique Professionnelle<\/li>\n<\/ul>\n<p>Ou pour&nbsp;vous-m\u00eame afin de :<\/p>\n<ul>\n<li>D\u00e9velopper des comp\u00e9tences pour devenir formateur\u00b7trice en relations humaines ou praticien\u00b7ne en r\u00e9solution \u00e9motionnelle ou ajouter ces comp\u00e9tences \u00e0 votre activit\u00e9 professionnelle,<\/li>\n<li>R\u00e9soudre des difficult\u00e9s relationnelles ou de confiance en soi qui vous freinent dans votre acc\u00e8s \u00e0 l\u2019emploi ou votre \u00e9volution professionnelle<\/li>\n<\/ul>\n<p><strong>Ce qui suit peut vous int\u00e9resser ...<\/strong><\/p>\n<h3><span style=\"color: #ff6600;\">Nos actions de formation adapt\u00e9es \u00e0 vos besoins (sur-mesure)<\/span><\/h3>\n<p style=\"text-align: center;\">[su_custom_gallery source=\"media: 1211,2742,\" link=\"custom\" width=\"250\" height=\"190\" title=\"always\"]<\/p>\n<p><\/p>\n<h3><span style=\"color: #ff6600;\">Nos actions de formation catalogue<\/span><\/h3>\n<p style=\"text-align: center;\">[su_custom_gallery source=\"media: 772,2948\" link=\"custom\" width=\"250\" height=\"190\" title=\"always\"]<\/p>\n<p><\/p>\n<h3><span style=\"color: #ff6600;\">Nos accompagnements personnalis\u00e9s<\/span><\/h3>\n<ul>\n<li><a style=\"text-align: center; font-size: 18px;\" href=\"https:\/\/centrereliance.fr\/sarl\/accompagnements-personnalises-coaching\/\" target=\"_blank\" rel=\"noopener\">Accompagnement individuel personnalis\u00e9<\/a><span style=\"text-align: center; color: #666666; font-size: 18px;\"> (coaching individuel)<\/span><\/li>\n<\/ul>\n<p style=\"text-align: center;\"><span style=\"color: #0554b5;\"><a style=\"color: #0554b5;\" href=\"https:\/\/centrereliance.fr\/sarl\/accessibilite-pour-les-personnes-en-situation-de-handicap\/\" target=\"_blank\" rel=\"noopener\">Accessibilit\u00e9 pour les personnes en situation de handicap<\/a><\/span><\/p>\n\n<!-- wp:paragraph -->\n<p><\/p>\n<!-- \/wp:paragraph -->","_et_gb_content_width":"","footnotes":""},"class_list":["post-16","page","type-page","status-publish","hentry"],"yoast_head":"<!-- This site is optimized with the Yoast SEO plugin v25.8 - https:\/\/yoast.com\/wordpress\/plugins\/seo\/ -->\n<title>Notre offre - Placer l\u2019humain au c\u0153ur des organisations<\/title>\n<meta name=\"description\" content=\"Reliance propose diverses formations et accompagnements \u00e0 destination des entreprises relatives \u00e0 la qualit\u00e9 de vie au travail.\" \/>\n<meta name=\"robots\" content=\"index, follow, max-snippet:-1, max-image-preview:large, max-video-preview:-1\" \/>\n<link rel=\"canonical\" href=\"https:\/\/centrereliance.fr\/sarl\/\" \/>\n<meta property=\"og:locale\" content=\"fr_FR\" \/>\n<meta property=\"og:type\" content=\"article\" \/>\n<meta property=\"og:title\" content=\"Notre offre - Placer l\u2019humain au c\u0153ur des organisations\" \/>\n<meta property=\"og:description\" content=\"Reliance propose diverses formations et accompagnements \u00e0 destination des entreprises relatives \u00e0 la qualit\u00e9 de vie au travail.\" \/>\n<meta property=\"og:url\" content=\"https:\/\/centrereliance.fr\/sarl\/\" \/>\n<meta property=\"og:site_name\" content=\"Placer l\u2019humain au c\u0153ur des organisations\" \/>\n<meta property=\"article:publisher\" content=\"https:\/\/www.facebook.com\/Reliance-Association-318815031580269\/\" \/>\n<meta property=\"article:modified_time\" content=\"2025-10-30T11:35:57+00:00\" \/>\n<meta property=\"og:image\" content=\"https:\/\/centrereliance.fr\/sarl\/wp-content\/uploads\/sites\/3\/2025\/08\/LogoSARL-scaled.png\" \/>\n\t<meta property=\"og:image:width\" content=\"2524\" \/>\n\t<meta property=\"og:image:height\" content=\"2560\" \/>\n\t<meta property=\"og:image:type\" content=\"image\/png\" \/>\n<meta name=\"twitter:card\" content=\"summary_large_image\" \/>\n<meta name=\"twitter:label1\" content=\"Dur\u00e9e de lecture estim\u00e9e\" \/>\n\t<meta name=\"twitter:data1\" content=\"2 minutes\" \/>\n<script type=\"application\/ld+json\" class=\"yoast-schema-graph\">{\"@context\":\"https:\/\/schema.org\",\"@graph\":[{\"@type\":\"WebPage\",\"@id\":\"https:\/\/centrereliance.fr\/sarl\/\",\"url\":\"https:\/\/centrereliance.fr\/sarl\/\",\"name\":\"Notre offre - Placer l\u2019humain au c\u0153ur des organisations\",\"isPartOf\":{\"@id\":\"https:\/\/centrereliance.fr\/sarl\/#website\"},\"datePublished\":\"2025-08-28T16:51:25+00:00\",\"dateModified\":\"2025-10-30T11:35:57+00:00\",\"description\":\"Reliance propose diverses formations et accompagnements \u00e0 destination des entreprises relatives \u00e0 la qualit\u00e9 de vie au travail.\",\"breadcrumb\":{\"@id\":\"https:\/\/centrereliance.fr\/sarl\/#breadcrumb\"},\"inLanguage\":\"fr-FR\",\"potentialAction\":[{\"@type\":\"ReadAction\",\"target\":[\"https:\/\/centrereliance.fr\/sarl\/\"]}]},{\"@type\":\"BreadcrumbList\",\"@id\":\"https:\/\/centrereliance.fr\/sarl\/#breadcrumb\",\"itemListElement\":[{\"@type\":\"ListItem\",\"position\":1,\"name\":\"Accueil\",\"item\":\"https:\/\/centrereliance.fr\/sarl\/\"},{\"@type\":\"ListItem\",\"position\":2,\"name\":\"Notre offre\"}]},{\"@type\":\"WebSite\",\"@id\":\"https:\/\/centrereliance.fr\/sarl\/#website\",\"url\":\"https:\/\/centrereliance.fr\/sarl\/\",\"name\":\"Placer l'humain au c\u0153ur des organisations\",\"description\":\"Actions de formation \u00e0 destination des professionnels\",\"publisher\":{\"@id\":\"https:\/\/centrereliance.fr\/sarl\/#organization\"},\"potentialAction\":[{\"@type\":\"SearchAction\",\"target\":{\"@type\":\"EntryPoint\",\"urlTemplate\":\"https:\/\/centrereliance.fr\/sarl\/?s={search_term_string}\"},\"query-input\":{\"@type\":\"PropertyValueSpecification\",\"valueRequired\":true,\"valueName\":\"search_term_string\"}}],\"inLanguage\":\"fr-FR\"},{\"@type\":\"Organization\",\"@id\":\"https:\/\/centrereliance.fr\/sarl\/#organization\",\"name\":\"Reliance SARL\",\"url\":\"https:\/\/centrereliance.fr\/sarl\/\",\"logo\":{\"@type\":\"ImageObject\",\"inLanguage\":\"fr-FR\",\"@id\":\"https:\/\/centrereliance.fr\/sarl\/#\/schema\/logo\/image\/\",\"url\":\"https:\/\/centrereliance.fr\/sarl\/wp-content\/uploads\/sites\/3\/2016\/10\/Logo-SARL-e1476290643249.jpg\",\"contentUrl\":\"https:\/\/centrereliance.fr\/sarl\/wp-content\/uploads\/sites\/3\/2016\/10\/Logo-SARL-e1476290643249.jpg\",\"width\":101,\"height\":110,\"caption\":\"Reliance SARL\"},\"image\":{\"@id\":\"https:\/\/centrereliance.fr\/sarl\/#\/schema\/logo\/image\/\"},\"sameAs\":[\"https:\/\/www.facebook.com\/Reliance-Association-318815031580269\/\",\"https:\/\/www.linkedin.com\/company-beta\/16261855\"]}]}<\/script>\n<!-- \/ Yoast SEO plugin. -->","yoast_head_json":{"title":"Notre offre - Placer l\u2019humain au c\u0153ur des organisations","description":"Reliance propose diverses formations et accompagnements \u00e0 destination des entreprises relatives \u00e0 la qualit\u00e9 de vie au travail.","robots":{"index":"index","follow":"follow","max-snippet":"max-snippet:-1","max-image-preview":"max-image-preview:large","max-video-preview":"max-video-preview:-1"},"canonical":"https:\/\/centrereliance.fr\/sarl\/","og_locale":"fr_FR","og_type":"article","og_title":"Notre offre - Placer l\u2019humain au c\u0153ur des organisations","og_description":"Reliance propose diverses formations et accompagnements \u00e0 destination des entreprises relatives \u00e0 la qualit\u00e9 de vie au travail.","og_url":"https:\/\/centrereliance.fr\/sarl\/","og_site_name":"Placer l\u2019humain au c\u0153ur des organisations","article_publisher":"https:\/\/www.facebook.com\/Reliance-Association-318815031580269\/","article_modified_time":"2025-10-30T11:35:57+00:00","og_image":[{"width":2524,"height":2560,"url":"https:\/\/centrereliance.fr\/sarl\/wp-content\/uploads\/sites\/3\/2025\/08\/LogoSARL-scaled.png","type":"image\/png"}],"twitter_card":"summary_large_image","twitter_misc":{"Dur\u00e9e de lecture estim\u00e9e":"2 minutes"},"schema":{"@context":"https:\/\/schema.org","@graph":[{"@type":"WebPage","@id":"https:\/\/centrereliance.fr\/sarl\/","url":"https:\/\/centrereliance.fr\/sarl\/","name":"Notre offre - Placer l\u2019humain au c\u0153ur des organisations","isPartOf":{"@id":"https:\/\/centrereliance.fr\/sarl\/#website"},"datePublished":"2025-08-28T16:51:25+00:00","dateModified":"2025-10-30T11:35:57+00:00","description":"Reliance propose diverses formations et accompagnements \u00e0 destination des entreprises relatives \u00e0 la qualit\u00e9 de vie au travail.","breadcrumb":{"@id":"https:\/\/centrereliance.fr\/sarl\/#breadcrumb"},"inLanguage":"fr-FR","potentialAction":[{"@type":"ReadAction","target":["https:\/\/centrereliance.fr\/sarl\/"]}]},{"@type":"BreadcrumbList","@id":"https:\/\/centrereliance.fr\/sarl\/#breadcrumb","itemListElement":[{"@type":"ListItem","position":1,"name":"Accueil","item":"https:\/\/centrereliance.fr\/sarl\/"},{"@type":"ListItem","position":2,"name":"Notre offre"}]},{"@type":"WebSite","@id":"https:\/\/centrereliance.fr\/sarl\/#website","url":"https:\/\/centrereliance.fr\/sarl\/","name":"Placer l'humain au c\u0153ur des organisations","description":"Actions de formation \u00e0 destination des professionnels","publisher":{"@id":"https:\/\/centrereliance.fr\/sarl\/#organization"},"potentialAction":[{"@type":"SearchAction","target":{"@type":"EntryPoint","urlTemplate":"https:\/\/centrereliance.fr\/sarl\/?s={search_term_string}"},"query-input":{"@type":"PropertyValueSpecification","valueRequired":true,"valueName":"search_term_string"}}],"inLanguage":"fr-FR"},{"@type":"Organization","@id":"https:\/\/centrereliance.fr\/sarl\/#organization","name":"Reliance SARL","url":"https:\/\/centrereliance.fr\/sarl\/","logo":{"@type":"ImageObject","inLanguage":"fr-FR","@id":"https:\/\/centrereliance.fr\/sarl\/#\/schema\/logo\/image\/","url":"https:\/\/centrereliance.fr\/sarl\/wp-content\/uploads\/sites\/3\/2016\/10\/Logo-SARL-e1476290643249.jpg","contentUrl":"https:\/\/centrereliance.fr\/sarl\/wp-content\/uploads\/sites\/3\/2016\/10\/Logo-SARL-e1476290643249.jpg","width":101,"height":110,"caption":"Reliance SARL"},"image":{"@id":"https:\/\/centrereliance.fr\/sarl\/#\/schema\/logo\/image\/"},"sameAs":["https:\/\/www.facebook.com\/Reliance-Association-318815031580269\/","https:\/\/www.linkedin.com\/company-beta\/16261855"]}]}},"_links":{"self":[{"href":"https:\/\/centrereliance.fr\/sarl\/wp-json\/wp\/v2\/pages\/16","targetHints":{"allow":["GET"]}}],"collection":[{"href":"https:\/\/centrereliance.fr\/sarl\/wp-json\/wp\/v2\/pages"}],"about":[{"href":"https:\/\/centrereliance.fr\/sarl\/wp-json\/wp\/v2\/types\/page"}],"author":[{"embeddable":true,"href":"https:\/\/centrereliance.fr\/sarl\/wp-json\/wp\/v2\/users\/1"}],"replies":[{"embeddable":true,"href":"https:\/\/centrereliance.fr\/sarl\/wp-json\/wp\/v2\/comments?post=16"}],"version-history":[{"count":125,"href":"https:\/\/centrereliance.fr\/sarl\/wp-json\/wp\/v2\/pages\/16\/revisions"}],"predecessor-version":[{"id":5196,"href":"https:\/\/centrereliance.fr\/sarl\/wp-json\/wp\/v2\/pages\/16\/revisions\/5196"}],"wp:attachment":[{"href":"https:\/\/centrereliance.fr\/sarl\/wp-json\/wp\/v2\/media?parent=16"}],"curies":[{"name":"wp","href":"https:\/\/api.w.org\/{rel}","templated":true}]}}