{"id":335,"date":"2025-08-28T01:21:03","date_gmt":"2025-08-27T23:21:03","guid":{"rendered":"https:\/\/centrereliance.fr\/sarl\/?page_id=335"},"modified":"2025-09-17T08:39:38","modified_gmt":"2025-09-17T06:39:38","slug":"management-d-equipe","status":"publish","type":"page","link":"https:\/\/centrereliance.fr\/sarl\/management-d-equipe\/","title":{"rendered":"Management d&rsquo;\u00e9quipe"},"content":{"rendered":"<p>[et_pb_section fb_built=\u00a0\u00bb1&Prime; admin_label=\u00a0\u00bbsection\u00a0\u00bb _builder_version=\u00a0\u00bb4.16&Prime; global_colors_info=\u00a0\u00bb{}\u00a0\u00bb][et_pb_row _builder_version=\u00a0\u00bb4.22.1&Prime; _module_preset=\u00a0\u00bbdefault\u00a0\u00bb width=\u00a0\u00bb90%\u00a0\u00bb locked=\u00a0\u00bboff\u00a0\u00bb global_colors_info=\u00a0\u00bb{}\u00a0\u00bb][et_pb_column type=\u00a0\u00bb4_4&Prime; _builder_version=\u00a0\u00bb4.22.1&Prime; _module_preset=\u00a0\u00bbdefault\u00a0\u00bb global_colors_info=\u00a0\u00bb{}\u00a0\u00bb][et_pb_image src=\u00a0\u00bbhttps:\/\/centrereliance.fr\/sarl\/wp-content\/uploads\/sites\/3\/2025\/08\/Management-relatiionnel.jpeg\u00a0\u00bb alt=\u00a0\u00bbManagement d&rsquo;\u00e9quipe\u00a0\u00bb align=\u00a0\u00bbcenter\u00a0\u00bb _builder_version=\u00a0\u00bb4.25.1&Prime; _module_preset=\u00a0\u00bbdefault\u00a0\u00bb max_height=\u00a0\u00bb70vh\u00a0\u00bb border_radii=\u00a0\u00bbon|25px|25px|25px|25px\u00a0\u00bb locked=\u00a0\u00bboff\u00a0\u00bb global_colors_info=\u00a0\u00bb{}\u00a0\u00bb][\/et_pb_image][et_pb_post_title meta=\u00a0\u00bboff\u00a0\u00bb _builder_version=\u00a0\u00bb4.22.1&Prime; _module_preset=\u00a0\u00bbdefault\u00a0\u00bb title_text_align=\u00a0\u00bbcenter\u00a0\u00bb title_text_color=\u00a0\u00bb#82B000&Prime; locked=\u00a0\u00bboff\u00a0\u00bb global_colors_info=\u00a0\u00bb{}\u00a0\u00bb][\/et_pb_post_title][\/et_pb_column][\/et_pb_row][et_pb_row admin_label=\u00a0\u00bbrow\u00a0\u00bb _builder_version=\u00a0\u00bb4.25.1&Prime; background_size=\u00a0\u00bbinitial\u00a0\u00bb background_position=\u00a0\u00bbtop_left\u00a0\u00bb background_repeat=\u00a0\u00bbrepeat\u00a0\u00bb width=\u00a0\u00bb90%\u00a0\u00bb custom_margin=\u00a0\u00bb||30px||false|false\u00a0\u00bb custom_padding=\u00a0\u00bb10px|10px|10px|10px|true|true\u00a0\u00bb border_radii=\u00a0\u00bbon|15px|15px|15px|15px\u00a0\u00bb border_width_all=\u00a0\u00bb1px\u00a0\u00bb border_color_all=\u00a0\u00bb#82B000&Prime; locked=\u00a0\u00bboff\u00a0\u00bb global_colors_info=\u00a0\u00bb{}\u00a0\u00bb][et_pb_column type=\u00a0\u00bb4_4&Prime; _builder_version=\u00a0\u00bb4.16&Prime; custom_padding=\u00a0\u00bb|||\u00a0\u00bb global_colors_info=\u00a0\u00bb{}\u00a0\u00bb custom_padding__hover=\u00a0\u00bb|||\u00a0\u00bb][et_pb_image src=\u00a0\u00bbhttps:\/\/centrereliance.fr\/sarl\/wp-content\/uploads\/sites\/3\/2025\/08\/description-formation.jpg\u00a0\u00bb title_text=\u00a0\u00bbdescription-formation\u00a0\u00bb _builder_version=\u00a0\u00bb4.25.1&Prime; _module_preset=\u00a0\u00bbdefault\u00a0\u00bb max_width=\u00a0\u00bb80px\u00a0\u00bb module_alignment=\u00a0\u00bbcenter\u00a0\u00bb custom_margin=\u00a0\u00bb|556px|20px||false|false\u00a0\u00bb global_colors_info=\u00a0\u00bb{}\u00a0\u00bb][\/et_pb_image][et_pb_text admin_label=\u00a0\u00bbText\u00a0\u00bb module_class=\u00a0\u00bbtick-bullets\u00a0\u00bb _builder_version=\u00a0\u00bb4.25.1&Prime; header_text_align=\u00a0\u00bbcenter\u00a0\u00bb header_2_text_align=\u00a0\u00bbcenter\u00a0\u00bb background_size=\u00a0\u00bbinitial\u00a0\u00bb background_position=\u00a0\u00bbtop_left\u00a0\u00bb background_repeat=\u00a0\u00bbrepeat\u00a0\u00bb text_orientation=\u00a0\u00bbjustified\u00a0\u00bb global_colors_info=\u00a0\u00bb{}\u00a0\u00bb]<\/p>\n<h2>Pourquoi se former au management d\u2019\u00e9quipe ?<\/h2>\n<p>Il arrive souvent qu\u2019une personne tr\u00e8s comp\u00e9tente dans son m\u00e9tier, devienne responsable d\u2019une \u00e9quipe compos\u00e9e de personnes qui exercent ce m\u00e9tier. Cette personne <span data-contrast=\"auto\" xml:lang=\"FR-FR\" lang=\"FR-FR\" class=\"TextRun Highlight SCXW243279728 BCX0\"><span class=\"NormalTextRun SCXW243279728 BCX0\">semble avoir <\/span><span class=\"NormalTextRun SCXW243279728 BCX0\">tous<\/span><span class=\"NormalTextRun SCXW243279728 BCX0\"> les atout<\/span><span class=\"NormalTextRun SCXW243279728 BCX0\">s<\/span><span class=\"NormalTextRun SCXW243279728 BCX0\"> pour <\/span><span class=\"NormalTextRun SCXW243279728 BCX0\">exercer le r\u00f4le de responsable<\/span><span class=\"NormalTextRun SCXW243279728 BCX0\">\u202f:<\/span><\/span><span data-contrast=\"auto\" xml:lang=\"FR-FR\" lang=\"FR-FR\" class=\"TextRun SCXW243279728 BCX0\"><span class=\"NormalTextRun SCXW243279728 BCX0\"> elle <\/span><\/span>sait quoi faire et comment faire pour r\u00e9soudre les probl\u00e9matiques que rencontre chacune des personnes de son \u00e9quipe. Et pourtant elle peut rapidement se retrouver en difficult\u00e9.\u00a0<\/p>\n<p>Une personne peut \u00e9galement se retrouver propuls\u00e9e \u00e0 la place de responsable d\u2019une \u00e9quipe dans laquelle se trouvent des personnes plus qualifi\u00e9es sur les aspects techniques du m\u00e9tier ou de la fonction. Pourquoi et comment encadrer des personnes qui en savent plus que soi sur ce qu\u2019il y a \u00e0 faire ?<\/p>\n<p>Il est aussi possible d\u2019avoir de l\u2019exp\u00e9rience en tant que responsable d\u2019\u00e9quipe avec ou sans responsabilit\u00e9 hi\u00e9rarchique directe (manager, chef de projet, coordinateur), et d\u2019avoir envie de d\u00e9velopper son aisance dans l\u2019exercice de cette fonction. Possible \u00e9galement de rechercher un espace s\u00e9curis\u00e9 pour partager avec des pairs des situations qui interrogent sur la posture du management d\u2019\u00e9quipe et de r\u00e9fl\u00e9chir ensemble \u00e0 des pistes d\u2019\u00e9volution.\u00a0<\/p>\n<p>Nous proposons ici des formations centr\u00e9es sur le d\u00e9veloppement des comp\u00e9tences relationnelles n\u00e9cessaires \u00e0 l\u2019animation d\u2019\u00e9quipe et \u00e0 l\u2019accompagnement de chaque membre de l\u2019\u00e9quipe.<\/p>\n<p>&nbsp;<\/p>\n<p>[\/et_pb_text][\/et_pb_column][\/et_pb_row][et_pb_row admin_label=\u00a0\u00bbrow\u00a0\u00bb _builder_version=\u00a0\u00bb4.25.1&Prime; background_size=\u00a0\u00bbinitial\u00a0\u00bb background_position=\u00a0\u00bbtop_left\u00a0\u00bb background_repeat=\u00a0\u00bbrepeat\u00a0\u00bb width=\u00a0\u00bb90%\u00a0\u00bb custom_margin=\u00a0\u00bb||30px||false|false\u00a0\u00bb custom_padding=\u00a0\u00bb10px|10px|10px|10px|true|true\u00a0\u00bb border_radii=\u00a0\u00bbon|15px|15px|15px|15px\u00a0\u00bb border_width_all=\u00a0\u00bb1px\u00a0\u00bb border_color_all=\u00a0\u00bb#82B000&Prime; locked=\u00a0\u00bboff\u00a0\u00bb global_colors_info=\u00a0\u00bb{}\u00a0\u00bb][et_pb_column type=\u00a0\u00bb4_4&Prime; _builder_version=\u00a0\u00bb4.16&Prime; custom_padding=\u00a0\u00bb|||\u00a0\u00bb global_colors_info=\u00a0\u00bb{}\u00a0\u00bb custom_padding__hover=\u00a0\u00bb|||\u00a0\u00bb][et_pb_image src=\u00a0\u00bbhttps:\/\/centrereliance.fr\/sarl\/wp-content\/uploads\/sites\/3\/2025\/08\/public-formation.jpg\u00a0\u00bb title_text=\u00a0\u00bbpublic-formation\u00a0\u00bb _builder_version=\u00a0\u00bb4.25.1&Prime; _module_preset=\u00a0\u00bbdefault\u00a0\u00bb max_width=\u00a0\u00bb80px\u00a0\u00bb module_alignment=\u00a0\u00bbcenter\u00a0\u00bb custom_margin=\u00a0\u00bb||20px||false|false\u00a0\u00bb global_colors_info=\u00a0\u00bb{}\u00a0\u00bb][\/et_pb_image][et_pb_text admin_label=\u00a0\u00bbText\u00a0\u00bb module_class=\u00a0\u00bbtick-bullets\u00a0\u00bb _builder_version=\u00a0\u00bb4.25.1&Prime; header_2_text_align=\u00a0\u00bbcenter\u00a0\u00bb background_size=\u00a0\u00bbinitial\u00a0\u00bb background_position=\u00a0\u00bbtop_left\u00a0\u00bb background_repeat=\u00a0\u00bbrepeat\u00a0\u00bb text_orientation=\u00a0\u00bbjustified\u00a0\u00bb custom_padding=\u00a0\u00bb||18px|||\u00a0\u00bb global_colors_info=\u00a0\u00bb{}\u00a0\u00bb]<\/p>\n<h2>Pour qui\u202f?<\/h2>\n<p><span data-contrast=\"auto\"><\/span><\/p>\n<p><span data-contrast=\"auto\">Vous \u00eates responsable Ressources Humaines ou responsable fonctionnel, et vous souhaitez proposer aux agents ou aux salari\u00e9s de votre organisation une formation sur mesure pour d\u00e9velopper leurs comp\u00e9tences en mati\u00e8re de management d\u2019\u00e9quipe.\u00a0<\/span><\/p>\n<p><span data-contrast=\"auto\"><\/span>Ou bien vous occupez une fonction telle que responsable d\u2019\u00e9quipe, manager, chef de projet, coordinateur technique ou fonctionnel et vous souhaitez acqu\u00e9rir plus d\u2019aisance dans l\u2019exercice du management d\u2019\u00e9quipe.<span style=\"font-size: 16px;\">\u00a0<\/span><\/p>\n<p>[\/et_pb_text][et_pb_blurb url=\u00a0\u00bbhttp:\/\/Formulaire\u00a0\u00bb use_icon=\u00a0\u00bbon\u00a0\u00bb font_icon=\u00a0\u00bb&#x6c;||divi||400&Prime; icon_color=\u00a0\u00bb#FFFFFF\u00a0\u00bb icon_placement=\u00a0\u00bbleft\u00a0\u00bb image_icon_width=\u00a0\u00bb80px\u00a0\u00bb content_max_width=\u00a0\u00bb100%\u00a0\u00bb icon_placement_tablet=\u00a0\u00bbleft\u00a0\u00bb icon_placement_phone=\u00a0\u00bbtop\u00a0\u00bb icon_placement_last_edited=\u00a0\u00bbon|phone\u00a0\u00bb image_icon_width_tablet=\u00a0\u00bb80px\u00a0\u00bb image_icon_width_phone=\u00a0\u00bb80px\u00a0\u00bb image_icon_width_last_edited=\u00a0\u00bbon|phone\u00a0\u00bb content_max_width_tablet=\u00a0\u00bb100%\u00a0\u00bb content_max_width_phone=\u00a0\u00bb90%\u00a0\u00bb content_max_width_last_edited=\u00a0\u00bbon|phone\u00a0\u00bb _builder_version=\u00a0\u00bb4.27.4&Prime; _module_preset=\u00a0\u00bbdefault\u00a0\u00bb body_text_color=\u00a0\u00bb#FFFFFF\u00a0\u00bb background_color=\u00a0\u00bb#82B000&Prime; text_orientation=\u00a0\u00bbjustified\u00a0\u00bb custom_margin=\u00a0\u00bb|5px||5px|false|true\u00a0\u00bb custom_padding=\u00a0\u00bb20px|20px|20px|20px|true|true\u00a0\u00bb link_option_url=\u00a0\u00bbhttps:\/\/centrereliance.fr\/sarl\/formulaire-stages-intra-entreprises\/?activity=Analyse%20des%20pratiques%20professionnelles\u00a0\u00bb hover_enabled=\u00a0\u00bb0&Prime; border_radii=\u00a0\u00bbon|20px|20px|20px|20px\u00a0\u00bb global_colors_info=\u00a0\u00bb{}\u00a0\u00bb custom_css_blurb_content_last_edited=\u00a0\u00bbon|phone\u00a0\u00bb custom_css_blurb_content_phone=\u00a0\u00bbmax-width: 100% !important;\u00a0\u00bb sticky_enabled=\u00a0\u00bb0&Prime;]<\/p>\n<p>Si une action sur ce th\u00e8me du management d&rsquo;\u00e9quipe vous int\u00e9resse, nous vous invitons \u00e0 effectuer une demande en utilisant ce <span style=\"color: #ffffff;\"><a href=\"https:\/\/centrereliance.fr\/sarl\/formulaire-theme\/?activity=Management d'\u00e9quipe\" style=\"color: #ffffff;\"><u>formulaire<\/u> <\/a><\/span>ou en nous contactant directement par mail <span style=\"color: #ffffff;\"><strong><a href=\"mailto:contact@centrereliance.fr\" style=\"color: #ffffff;\">contact@centrereliance.fr<\/a><\/strong><\/span>. Apr\u00e8s \u00e9changes sur vos besoins et les conditions de financement, nous vous enverrons un programme d\u00e9taill\u00e9 et une proposition financi\u00e8re<strong>.<\/strong><\/p>\n<p>[\/et_pb_blurb][\/et_pb_column][\/et_pb_row][et_pb_row admin_label=\u00a0\u00bbrow\u00a0\u00bb _builder_version=\u00a0\u00bb4.25.1&Prime; background_size=\u00a0\u00bbinitial\u00a0\u00bb background_position=\u00a0\u00bbtop_left\u00a0\u00bb background_repeat=\u00a0\u00bbrepeat\u00a0\u00bb width=\u00a0\u00bb90%\u00a0\u00bb custom_margin=\u00a0\u00bb||30px||false|false\u00a0\u00bb custom_padding=\u00a0\u00bb10px|10px|10px|10px|true|true\u00a0\u00bb border_radii=\u00a0\u00bbon|15px|15px|15px|15px\u00a0\u00bb border_width_all=\u00a0\u00bb1px\u00a0\u00bb border_color_all=\u00a0\u00bb#82B000&Prime; locked=\u00a0\u00bboff\u00a0\u00bb global_colors_info=\u00a0\u00bb{}\u00a0\u00bb][et_pb_column type=\u00a0\u00bb4_4&Prime; _builder_version=\u00a0\u00bb4.16&Prime; custom_padding=\u00a0\u00bb|||\u00a0\u00bb global_colors_info=\u00a0\u00bb{}\u00a0\u00bb custom_padding__hover=\u00a0\u00bb|||\u00a0\u00bb][et_pb_image src=\u00a0\u00bbhttps:\/\/centrereliance.fr\/sarl\/wp-content\/uploads\/sites\/3\/2025\/08\/objectifs-formation.jpg\u00a0\u00bb title_text=\u00a0\u00bbobjectifs-formation\u00a0\u00bb _builder_version=\u00a0\u00bb4.25.1&Prime; _module_preset=\u00a0\u00bbdefault\u00a0\u00bb max_width=\u00a0\u00bb80px\u00a0\u00bb module_alignment=\u00a0\u00bbcenter\u00a0\u00bb custom_margin=\u00a0\u00bb||20px||false|false\u00a0\u00bb global_colors_info=\u00a0\u00bb{}\u00a0\u00bb][\/et_pb_image][et_pb_text admin_label=\u00a0\u00bbText\u00a0\u00bb module_class=\u00a0\u00bbtick-bullets\u00a0\u00bb _builder_version=\u00a0\u00bb4.25.1&Prime; header_2_text_align=\u00a0\u00bbcenter\u00a0\u00bb background_size=\u00a0\u00bbinitial\u00a0\u00bb background_position=\u00a0\u00bbtop_left\u00a0\u00bb background_repeat=\u00a0\u00bbrepeat\u00a0\u00bb text_orientation=\u00a0\u00bbjustified\u00a0\u00bb custom_padding=\u00a0\u00bb||18px|||\u00a0\u00bb global_colors_info=\u00a0\u00bb{}\u00a0\u00bb]<\/p>\n<h2>Quelles sont les formations propos\u00e9es ?<\/h2>\n<p>[\/et_pb_text][et_pb_text module_class=\u00a0\u00bbtick-bullets\u00a0\u00bb _builder_version=\u00a0\u00bb4.27.4&Prime; _module_preset=\u00a0\u00bbdefault\u00a0\u00bb header_3_font_size=\u00a0\u00bb28px\u00a0\u00bb background_color=\u00a0\u00bb#faffe8&Prime; custom_padding=\u00a0\u00bb30px|10px|10px|10px|false|true\u00a0\u00bb hover_enabled=\u00a0\u00bb0&Prime; custom_css_free_form=\u00a0\u00bbselector li {line-height: 35px}\u00a0\u00bb border_radii=\u00a0\u00bbon|10px|10px|10px|10px\u00a0\u00bb border_width_all=\u00a0\u00bb1px\u00a0\u00bb border_color_all=\u00a0\u00bbrgba(130,176,0,0.57)\u00a0\u00bb global_colors_info=\u00a0\u00bb{}\u00a0\u00bb sticky_enabled=\u00a0\u00bb0&Prime;]<\/p>\n<h3 class=\"mybutt\">Formation \u00ab\u202fintra\u202f\u00bb au management d\u2019\u00e9quipe<\/h3>\n<p><span style=\"text-decoration: underline;\"><span style=\"color: #82b000;\"><strong>La proposition\u202f:<\/strong><\/span><\/span><\/p>\n<p>Selon vos besoins, 2 \u00e0 4 jours de formation pour \u00e9changer et travailler sur la posture de responsable d\u2019\u00e9quipe, avec ou sans responsabilit\u00e9 hi\u00e9rarchique, et d\u00e9velopper les comp\u00e9tences relationnelles n\u00e9cessaire \u00e0 la fonction.<\/p>\n<p>Selon la dur\u00e9e de la formation, nous explorerons plus ou moins profond\u00e9ment les sujets suivants\u202f:<\/p>\n<ul>\n<li>Qu\u2019est-ce qu\u2019une \u00e9quipe\u202f?<\/li>\n<li>Les stades de d\u00e9veloppement d\u2019une \u00e9quipe et le type de management associ\u00e9<\/li>\n<li>L\u2019animation et la r\u00e9gulation d\u2019\u00e9quipe<\/li>\n<li>Accompagner un membre de l\u2019\u00e9quipe en difficult\u00e9 et\/ou sur son projet professionnel<\/li>\n<li>\u00c9quilibre entre performance et qualit\u00e9 de vie au travail<\/li>\n<\/ul>\n<p><span style=\"text-decoration: underline; color: #82b000;\"><strong>Nombre de participants<\/strong>\u202f :<\/span> 4 \u00e0 8 personnes<\/p>\n<p>Pour recevoir une proposition adapt\u00e9e \u00e0 vos besoins, nous vous invitons \u00e0 effectuer une demande via ce <a href=\"https:\/\/centrereliance.fr\/sarl\/formulaire-stages-intra-entreprises\/?activity=Management d'\u00e9quipe&amp;action=Formation intra au management d'\u00e9quipe\">formulaire\u202f<\/a> ou en nous contactant directement par mail\u202f<a href=\"mailto:contact@centrereliance.fr\">contact@centrereliance.fr<\/a><\/p>\n<p>Nous proposons ces actions dans le cadre de la formation professionnelle et nous ajustons le programme \u00e0 vos besoins. Reliance est un organisme certifi\u00e9 Qualiopi au titre de la cat\u00e9gorie ACTIONS DE FORMATION <a href=\"https:\/\/centrereliance.fr\/sarl\/wp-content\/uploads\/sites\/3\/2023\/06\/Certificat-QUALIOPI-Reliance-SARL.pdf\">(Voir le certificat)<\/a>. S\u2019il en accepte la prise en charge, cette action pourrait \u00eatre financ\u00e9e par votre Op\u00e9rateur de Comp\u00e9tence <a href=\"https:\/\/travail-emploi.gouv.fr\/les-operateurs-de-competences-opco#anchor-navigation-776\">(Voir le r\u00f4le et la liste des OPCO)<\/a>.<\/p>\n<p>[\/et_pb_text][\/et_pb_column][\/et_pb_row][et_pb_row admin_label=\u00a0\u00bbrow\u00a0\u00bb _builder_version=\u00a0\u00bb4.27.4&Prime; _dynamic_attributes=\u00a0\u00bblink_option_url\u00a0\u00bb background_size=\u00a0\u00bbinitial\u00a0\u00bb background_position=\u00a0\u00bbtop_left\u00a0\u00bb background_repeat=\u00a0\u00bbrepeat\u00a0\u00bb width=\u00a0\u00bb90%\u00a0\u00bb custom_margin=\u00a0\u00bb||30px||false|false\u00a0\u00bb custom_padding=\u00a0\u00bb10px|10px|10px|10px|true|true\u00a0\u00bb link_option_url=\u00a0\u00bb@ET-DC@eyJkeW5hbWljIjp0cnVlLCJjb250ZW50IjoicG9zdF9saW5rX3VybF9wYWdlIiwic2V0dGluZ3MiOnsicG9zdF9pZCI6IjM3MTMifX0=@\u00a0\u00bb border_radii=\u00a0\u00bbon|15px|15px|15px|15px\u00a0\u00bb border_width_all=\u00a0\u00bb1px\u00a0\u00bb border_color_all=\u00a0\u00bb#82B000&Prime; locked=\u00a0\u00bboff\u00a0\u00bb global_colors_info=\u00a0\u00bb{}\u00a0\u00bb][et_pb_column type=\u00a0\u00bb4_4&Prime; _builder_version=\u00a0\u00bb4.16&Prime; custom_padding=\u00a0\u00bb|||\u00a0\u00bb global_colors_info=\u00a0\u00bb{}\u00a0\u00bb custom_padding__hover=\u00a0\u00bb|||\u00a0\u00bb][et_pb_image src=\u00a0\u00bbhttps:\/\/centrereliance.fr\/sarl\/wp-content\/uploads\/sites\/3\/2025\/08\/accessibilite-formation.jpg\u00a0\u00bb title_text=\u00a0\u00bbaccessibilite-formation\u00a0\u00bb _builder_version=\u00a0\u00bb4.25.1&Prime; _module_preset=\u00a0\u00bbdefault\u00a0\u00bb max_width=\u00a0\u00bb80px\u00a0\u00bb module_alignment=\u00a0\u00bbcenter\u00a0\u00bb custom_margin=\u00a0\u00bb||20px||false|false\u00a0\u00bb global_colors_info=\u00a0\u00bb{}\u00a0\u00bb][\/et_pb_image][et_pb_text admin_label=\u00a0\u00bbText\u00a0\u00bb module_class=\u00a0\u00bbtick-bullets\u00a0\u00bb _builder_version=\u00a0\u00bb4.25.1&Prime; header_2_text_align=\u00a0\u00bbcenter\u00a0\u00bb background_size=\u00a0\u00bbinitial\u00a0\u00bb background_position=\u00a0\u00bbtop_left\u00a0\u00bb background_repeat=\u00a0\u00bbrepeat\u00a0\u00bb text_orientation=\u00a0\u00bbjustified\u00a0\u00bb custom_padding=\u00a0\u00bb||18px|||\u00a0\u00bb global_colors_info=\u00a0\u00bb{}\u00a0\u00bb]<\/p>\n<h2>Accessibilit\u00e9<\/h2>\n<p>La soci\u00e9t\u00e9 Reliance se montre attentive aux sp\u00e9cificit\u00e9s des b\u00e9n\u00e9ficiaires afin d\u2019adapter supports, locaux et animation pour garantir l\u2019accessibilit\u00e9 des prestations en prenant en compte tout handicap. Si des b\u00e9n\u00e9ficiaires de cette action sont en situation de handicap, il y aura lieu de se rapprocher de l\u2019intervenant\u00b7e ou de la r\u00e9f\u00e9rente handicap pour conna\u00eetre les modes d\u2019accessibilit\u00e9 de l\u2019action. Dans le cas o\u00f9 une solution d\u2019adaptation ne pourrait pas \u00eatre possible au sein de Reliance, une r\u00e9orientation sera propos\u00e9e ou l\u2019intervention d\u2019un\u00b7e prestataire externe sera alors sollicit\u00e9e.<\/p>\n<p>[\/et_pb_text][\/et_pb_column][\/et_pb_row][et_pb_row admin_label=\u00a0\u00bbrow\u00a0\u00bb _builder_version=\u00a0\u00bb4.25.1&Prime; background_size=\u00a0\u00bbinitial\u00a0\u00bb background_position=\u00a0\u00bbtop_left\u00a0\u00bb background_repeat=\u00a0\u00bbrepeat\u00a0\u00bb width=\u00a0\u00bb90%\u00a0\u00bb custom_margin=\u00a0\u00bb||30px||false|false\u00a0\u00bb custom_padding=\u00a0\u00bb10px|10px|10px|10px|true|true\u00a0\u00bb border_radii=\u00a0\u00bbon|15px|15px|15px|15px\u00a0\u00bb border_width_all=\u00a0\u00bb1px\u00a0\u00bb border_color_all=\u00a0\u00bb#82B000&Prime; locked=\u00a0\u00bboff\u00a0\u00bb global_colors_info=\u00a0\u00bb{}\u00a0\u00bb][et_pb_column type=\u00a0\u00bb4_4&Prime; _builder_version=\u00a0\u00bb4.16&Prime; custom_padding=\u00a0\u00bb|||\u00a0\u00bb global_colors_info=\u00a0\u00bb{}\u00a0\u00bb custom_padding__hover=\u00a0\u00bb|||\u00a0\u00bb][et_pb_image src=\u00a0\u00bbhttps:\/\/centrereliance.fr\/sarl\/wp-content\/uploads\/sites\/3\/2025\/08\/avis-formation.jpg\u00a0\u00bb title_text=\u00a0\u00bbavis-formation\u00a0\u00bb _builder_version=\u00a0\u00bb4.25.1&Prime; _module_preset=\u00a0\u00bbdefault\u00a0\u00bb max_width=\u00a0\u00bb80px\u00a0\u00bb module_alignment=\u00a0\u00bbcenter\u00a0\u00bb custom_margin=\u00a0\u00bb||20px||false|false\u00a0\u00bb global_colors_info=\u00a0\u00bb{}\u00a0\u00bb][\/et_pb_image][et_pb_text admin_label=\u00a0\u00bbText\u00a0\u00bb module_class=\u00a0\u00bbtick-bullets\u00a0\u00bb _builder_version=\u00a0\u00bb4.25.1&Prime; header_2_text_align=\u00a0\u00bbcenter\u00a0\u00bb background_size=\u00a0\u00bbinitial\u00a0\u00bb background_position=\u00a0\u00bbtop_left\u00a0\u00bb background_repeat=\u00a0\u00bbrepeat\u00a0\u00bb text_orientation=\u00a0\u00bbjustified\u00a0\u00bb custom_padding=\u00a0\u00bb||18px|||\u00a0\u00bb global_colors_info=\u00a0\u00bb{}\u00a0\u00bb]<\/p>\n<h2>Qu\u2019ont dit les participant\u00b7es, LORS DES DERNI\u00e8res formations r\u00e9alis\u00e9es sur le management d&rsquo;\u00e9quipe ?<\/h2>\n<ul style=\"line-height: 35px;\">\n<li>100 % des stagiaires qui se sont exprim\u00e9\u00b7es ont d\u00e9clar\u00e9 la formation au management d\u2019\u00e9quipe utile pour am\u00e9liorer leur pratique professionnelle<\/li>\n<li>100 % des stagiaires qui se sont exprim\u00e9\u00b7es ont \u00e9t\u00e9 satisfait\u00b7es de l\u2019animation<\/li>\n<li>88 % des stagiaires qui se sont exprim\u00e9\u00b7es se sont dits dispos\u00e9\u00b7es \u00e0 recommander la formation au management d\u2019\u00e9quipe<\/li>\n<\/ul>\n<p>[\/et_pb_text][et_pb_comments _builder_version=\u00a0\u00bb4.27.4&Prime; _module_preset=\u00a0\u00bbdefault\u00a0\u00bb text_orientation=\u00a0\u00bbjustified\u00a0\u00bb custom_padding=\u00a0\u00bb||0px|||\u00a0\u00bb global_colors_info=\u00a0\u00bb{}\u00a0\u00bb][\/et_pb_comments][\/et_pb_column][\/et_pb_row][\/et_pb_section]<\/p>\n","protected":false},"excerpt":{"rendered":"<p>Pourquoi se former au management d\u2019\u00e9quipe ? Il arrive souvent qu\u2019une personne tr\u00e8s comp\u00e9tente dans son m\u00e9tier, devienne responsable d\u2019une \u00e9quipe compos\u00e9e de personnes qui exercent ce m\u00e9tier. Cette personne semble avoir tous les atouts pour exercer le r\u00f4le de responsable\u202f: elle sait quoi faire et comment faire pour r\u00e9soudre les probl\u00e9matiques que rencontre chacune [&hellip;]<\/p>\n","protected":false},"author":1,"featured_media":0,"parent":0,"menu_order":0,"comment_status":"open","ping_status":"closed","template":"","meta":{"_et_pb_use_builder":"on","_et_pb_old_content":"<div class=\"encart-comment\">\n<div class=\"title\">Commentaires des participants<\/div>\n<div class=\"encart-comment-btn\"><a class=\"btn btn-success btn-comment\" href=\"#c1\">\u00e0 lire<\/a><a class=\"btn btn-primary  btn-comment\" href=\"#commentform\">\u00e0 \u00e9crire<\/a><\/div>\n<\/div>\n<p id=\"_top\" class=\"anchor\">Actions propos\u00e9es pour le management :<\/p>\n\n<ol>\n \t<li><a href=\"#p1\">Les petits d\u00e9jeuners du \u00ab management relationnel \u00bb <\/a><\/li>\n \t<li><a href=\"#p2\">Formation au management, \"sur mesure\" intra-\u00e9tablissement<\/a><\/li>\n \t<li><a href=\"#p3\">Sensibilisation des managers aux comp\u00e9tences relationnelles<\/a><\/li>\n \t<li><a href=\"#p4\">Formation au management d'\u00e9quipe en tr\u00e8s petit groupe<\/a><\/li>\n<\/ol>\n<h2 id=\"p1\" class=\"anchor\">Les petits d\u00e9jeuners du \u00ab management relationnel \u00bb<\/h2>\n<h4><span style=\"color: #ff6600\">Pour qui ?<\/span><\/h4>\nToute personne en situation d'encadrement dans tous secteurs d'activit\u00e9\n<h4><span style=\"color: #ff6600\">Objectifs<\/span><\/h4>\n<ul>\n \t<li>Echanges entre pairs<\/li>\n \t<li>Partage d'exp\u00e9riences<\/li>\n \t<li>Trouver ensemble des solutions<\/li>\n<\/ul>\n<h4><span style=\"color: #ff6600\">Mode d'action<\/span><\/h4>\nUne rencontre gratuite de 2 heures tous les 2 mois.\n\nLes prochaines dates seront bient\u00f4t communiqu\u00e9es.\n\nInscriptions en ligne ci-dessous !\n\n<a href=\"https:\/\/centrereliance.fr\/sarl\/wp-content\/uploads\/sites\/3\/2018\/09\/PetitsDejMgtRelationnel-PDF.pdf\" target=\"_blank\" rel=\"noopener noreferrer\">[icon name=\"download\" class=\"\" unprefixed_class=\"\"] Invitation<\/a>\n\n[product_category category=\"management\" columns=\"1\"]\n\n<a href=\"#_top\">[Retour \u00e0 la liste des actions pour le management]<\/a>\n<h2 id=\"p2\" class=\"anchor\">Formation au management, \"sur mesure\" intra-\u00e9tablissement<\/h2>\n<h4><span style=\"color: #ff6600\">Pour qui ?<\/span><\/h4>\nTrois types de groupes diff\u00e9rents, aux programmes adapt\u00e9s\u00a0:\n\n- Dirigeants et membres du CODIR\n- Chefs de service\n- Management de proximit\u00e9\n<h4><span style=\"color: #ff6600\">Objectifs<\/span><\/h4>\nD\u00e9velopper un savoir-faire (organiser son temps et celui des collaborateurs, \u00e9tablir les priorit\u00e9s, d\u00e9cider) et un savoir-\u00eatre (adopter un positionnement relationnel juste) en tant que dirigeant ou manager\n<h4><span style=\"color: #ff6600\">Mode d'action<\/span><\/h4>\n<div>\n\nLe contenu de la formation est \u00e9labor\u00e9 ensemble \u00e0 partir des besoins pr\u00e9cis des participants, de m\u00eame que son d\u00e9roulement. Afin de permettre aux participants d\u2019int\u00e9grer r\u00e9ellement une nouvelle fa\u00e7on d\u2019\u00eatre, la formation est \u00e9chelonn\u00e9e dans le temps\u00a0: par exemple 2 modules de 2 ou 3 jours espac\u00e9s d\u2019environ 1 mois avec une \u00ab\u00a0piq\u00fbre de rappel\u00a0\u00bb 9 \u00e0 12 mois plus tard [showhide type=\"two\" more_text=\"...plus\" less_text=\"R\u00e9duire\"]\n<ul>\n \t<li>Int\u00e9gration de la formation par les exercices pratiques et l\u2019analyse des situations concr\u00e8tes v\u00e9cues<\/li>\n \t<li>P\u00e9dagogie innovante, visuelle et dynamique, qui conduit \u00e0 un ancrage tr\u00e8s p\u00e9renne des apports et stimule la mise en pratique op\u00e9rationnelle imm\u00e9diate sur le terrain<\/li>\n<\/ul>\n[\/showhide]\n\n<b><a href=\"https:\/\/centrereliance.fr\/sarl\/formulaire-stages-intra-entreprises\/?activity=Management\">[icon name=\"wpforms\" class=\"\" unprefixed_class=\"\"] Formulaire de contact pour action intra-\u00e9tablissement<\/a><\/b>\n\n<a href=\"https:\/\/centrereliance.fr\/sarl\/wp-content\/uploads\/sites\/3\/2021\/01\/Prog_Management_Intra.pdf\" target=\"_blank\" rel=\"noopener noreferrer\">[icon name=\"download\" class=\"\" unprefixed_class=\"\"] Programme d\u00e9taill\u00e9 de l\u2019action<\/a>\n\n<a href=\"#_top\">[Retour \u00e0 la liste des actions pour le management]<\/a>\n<h2 id=\"p3\" class=\"anchor\">Sensibilisation des managers aux comp\u00e9tences relationnelles<\/h2>\n<a href=\"https:\/\/centrereliance.fr\/sarl\/wp-content\/uploads\/sites\/3\/2017\/10\/Sensib_Comm_Dirigeants.pdf\" target=\"_blank\" rel=\"noopener noreferrer\">[icon name=\"download\" class=\"\" unprefixed_class=\"\"] Format 1h30 \u00e0 demi-journ\u00e9e <\/a>\n\n<a href=\"https:\/\/centrereliance.fr\/sarl\/wp-content\/uploads\/sites\/3\/2017\/10\/Form_Comm_Manager.pdf\" target=\"_blank\" rel=\"noopener noreferrer\">[icon name=\"download\" class=\"\" unprefixed_class=\"\"] Format 1 journ\u00e9e<\/a>\n\n<a href=\"#_top\">[Retour \u00e0 la liste des actions pour le management]<\/a>\n<h2 class=\"anchor\"><\/h2>\n<h2 id=\"p4\" class=\"anchor\">Formation Management d'\u00e9quipe en tr\u00e8s petit groupe<\/h2>\n<h4 class=\"p1\"><span style=\"color: #ff6600\">Points forts<\/span><\/h4>\n<ul>\n \t<li>Pour toute personne en situation d\u2019encadrement<\/li>\n \t<li>Organisation facile \u00e0 int\u00e9grer dans votre emploi du temps\u00a0: 4 demi-journ\u00e9es r\u00e9parties sur 2 mois<\/li>\n \t<li>Formation personnalis\u00e9e adapt\u00e9e \u00e0 vos besoins sp\u00e9cifiques, du fait d\u2019un tr\u00e8s petit groupe de 4 personnes<\/li>\n \t<li>Formation pratique et concr\u00e8te, imm\u00e9diatement op\u00e9rationnelle<\/li>\n<\/ul>\n<table class=\"shop_attributes_reliance\">\n<tbody>\n<tr class=\"large-screen\">\n<td><img src=\"https:\/\/centrereliance.fr\/sarl\/wp-content\/uploads\/sites\/3\/2019\/02\/Fotolia_104491332_XS-1-300x200.jpg\" \/><\/td>\n<td>\n<table class=\"shop_attributes_reliance\">\n<tbody>\n<tr>\n<th>Prix<\/th>\n<td>990 \u20ac HT, non soumis \u00e0 TVA si formation professionnelle continue\n\nSecteur social, associatif, personnes en activit\u00e9 lib\u00e9rale : 690 \u20ac HT<\/td>\n<\/tr>\n<tr>\n<th>Dates<\/th>\n<td>4 demi-journ\u00e9es \u00e0 d\u00e9terminer<\/td>\n<\/tr>\n<tr>\n<th>Horaires<\/th>\n<td>9h00\/12h30 ou 13h30\/17h<\/td>\n<\/tr>\n<tr>\n<th>Lieu<\/th>\n<td>Reliance -\u00a0 Echirolles<\/td>\n<\/tr>\n<tr>\n<th>Animateur<\/th>\n<td>Philippe SOUAL<\/td>\n<\/tr>\n<tr>\n<td><\/td>\n<td><\/td>\n<\/tr>\n<\/tbody>\n<\/table>\n<\/td>\n<\/tr>\n<\/tbody>\n<\/table>\n<h4>\u00a0<span style=\"color: #ff6600\">Mode d'action<\/span><\/h4>\n<div>\n<div id=\"one-content-\" class=\"sh-content one-content sh-hide\">\n<ul>\n \t<li>P\u00e9dagogie innovante, visuelle et dynamique, qui conduit \u00e0 un ancrage tr\u00e8s p\u00e9renne des apports et stimule la mise en pratique op\u00e9rationnelle imm\u00e9diate sur le terrain<\/li>\n \t<li><span class=\"s1\">Int\u00e9gration de la formation par les exercices pratiques et l\u2019analyse des situations v\u00e9cues<\/span><\/li>\n<\/ul>\n<a href=\"https:\/\/centrereliance.fr\/sarl\/wp-content\/uploads\/sites\/3\/2021\/01\/TPG-Management_\u00e9quipe.pdf\" target=\"_blank\" rel=\"noopener noreferrer\">[icon name=\"download\" class=\"\" unprefixed_class=\"\"] Programme d\u00e9taill\u00e9 de l\u2019action<\/a>\n<h4><span style=\"color: #ff6600\">Inscription<\/span><\/h4>\nNous contacter pour demander un devis ou une convention de formation\n\n<b><a href=\"https:\/\/centrereliance.fr\/sarl\/formulaire-stages-intra-entreprises\/?activity=Management\">[icon name=\"wpforms\" class=\"\" unprefixed_class=\"\"] Formulaire de contact<\/a><\/b>\n<h4>[product_category category=\"management_inter\" columns=\"1\"]<\/h4>\n<\/div>\n<\/div>\n<a href=\"#_top\">[Retour \u00e0 la liste des actions pour le management]<\/a>\n<h5 id=\"c1\" class=\"anchor\"><span style=\"color: #ff6600\">Un formulaire est disponible en bas de page pour ajouter votre commentaire<\/span><\/h5>\n<\/div>","_et_gb_content_width":"","footnotes":""},"class_list":["post-335","page","type-page","status-publish","hentry"],"yoast_head":"<!-- This site is optimized with the Yoast SEO plugin v25.8 - https:\/\/yoast.com\/wordpress\/plugins\/seo\/ -->\n<title>Management d&#039;\u00e9quipe - Placer l\u2019humain au c\u0153ur des organisations<\/title>\n<meta name=\"description\" content=\"En formation inter-entreprise ou sur mesure, Reliance SARL propose des actions de formation sur le management d\u2019\u00e9quipe.\" \/>\n<meta name=\"robots\" content=\"index, follow, max-snippet:-1, max-image-preview:large, max-video-preview:-1\" \/>\n<link rel=\"canonical\" href=\"https:\/\/centrereliance.fr\/sarl\/management-d-equipe\/\" \/>\n<meta property=\"og:locale\" content=\"fr_FR\" \/>\n<meta property=\"og:type\" content=\"article\" \/>\n<meta property=\"og:title\" content=\"Management d&#039;\u00e9quipe - Placer l\u2019humain au c\u0153ur des organisations\" \/>\n<meta property=\"og:description\" content=\"En formation inter-entreprise ou sur mesure, Reliance SARL propose des actions de formation sur le management d\u2019\u00e9quipe.\" \/>\n<meta property=\"og:url\" content=\"https:\/\/centrereliance.fr\/sarl\/management-d-equipe\/\" \/>\n<meta property=\"og:site_name\" content=\"Placer l\u2019humain au c\u0153ur des organisations\" \/>\n<meta property=\"article:publisher\" content=\"https:\/\/www.facebook.com\/Reliance-Association-318815031580269\/\" \/>\n<meta property=\"article:modified_time\" content=\"2025-09-17T06:39:38+00:00\" \/>\n<meta property=\"og:image\" content=\"https:\/\/centrereliance.fr\/sarl\/wp-content\/uploads\/sites\/3\/2025\/08\/LogoSARL-scaled.png\" \/>\n\t<meta property=\"og:image:width\" content=\"2524\" \/>\n\t<meta property=\"og:image:height\" content=\"2560\" \/>\n\t<meta property=\"og:image:type\" content=\"image\/png\" \/>\n<meta name=\"twitter:card\" content=\"summary_large_image\" \/>\n<meta name=\"twitter:label1\" content=\"Dur\u00e9e de lecture estim\u00e9e\" \/>\n\t<meta name=\"twitter:data1\" content=\"5 minutes\" \/>\n<script type=\"application\/ld+json\" class=\"yoast-schema-graph\">{\"@context\":\"https:\/\/schema.org\",\"@graph\":[{\"@type\":\"WebPage\",\"@id\":\"https:\/\/centrereliance.fr\/sarl\/management-d-equipe\/\",\"url\":\"https:\/\/centrereliance.fr\/sarl\/management-d-equipe\/\",\"name\":\"Management d'\u00e9quipe - Placer l\u2019humain au c\u0153ur des organisations\",\"isPartOf\":{\"@id\":\"https:\/\/centrereliance.fr\/sarl\/#website\"},\"datePublished\":\"2025-08-27T23:21:03+00:00\",\"dateModified\":\"2025-09-17T06:39:38+00:00\",\"description\":\"En formation inter-entreprise ou sur mesure, Reliance SARL propose des actions de formation sur le management d\u2019\u00e9quipe.\",\"breadcrumb\":{\"@id\":\"https:\/\/centrereliance.fr\/sarl\/management-d-equipe\/#breadcrumb\"},\"inLanguage\":\"fr-FR\",\"potentialAction\":[{\"@type\":\"ReadAction\",\"target\":[\"https:\/\/centrereliance.fr\/sarl\/management-d-equipe\/\"]}]},{\"@type\":\"BreadcrumbList\",\"@id\":\"https:\/\/centrereliance.fr\/sarl\/management-d-equipe\/#breadcrumb\",\"itemListElement\":[{\"@type\":\"ListItem\",\"position\":1,\"name\":\"Accueil\",\"item\":\"https:\/\/centrereliance.fr\/sarl\/\"},{\"@type\":\"ListItem\",\"position\":2,\"name\":\"Management d&rsquo;\u00e9quipe\"}]},{\"@type\":\"WebSite\",\"@id\":\"https:\/\/centrereliance.fr\/sarl\/#website\",\"url\":\"https:\/\/centrereliance.fr\/sarl\/\",\"name\":\"Placer l'humain au c\u0153ur des organisations\",\"description\":\"Actions de formation \u00e0 destination des professionnels\",\"publisher\":{\"@id\":\"https:\/\/centrereliance.fr\/sarl\/#organization\"},\"potentialAction\":[{\"@type\":\"SearchAction\",\"target\":{\"@type\":\"EntryPoint\",\"urlTemplate\":\"https:\/\/centrereliance.fr\/sarl\/?s={search_term_string}\"},\"query-input\":{\"@type\":\"PropertyValueSpecification\",\"valueRequired\":true,\"valueName\":\"search_term_string\"}}],\"inLanguage\":\"fr-FR\"},{\"@type\":\"Organization\",\"@id\":\"https:\/\/centrereliance.fr\/sarl\/#organization\",\"name\":\"Reliance SARL\",\"url\":\"https:\/\/centrereliance.fr\/sarl\/\",\"logo\":{\"@type\":\"ImageObject\",\"inLanguage\":\"fr-FR\",\"@id\":\"https:\/\/centrereliance.fr\/sarl\/#\/schema\/logo\/image\/\",\"url\":\"https:\/\/centrereliance.fr\/sarl\/wp-content\/uploads\/sites\/3\/2016\/10\/Logo-SARL-e1476290643249.jpg\",\"contentUrl\":\"https:\/\/centrereliance.fr\/sarl\/wp-content\/uploads\/sites\/3\/2016\/10\/Logo-SARL-e1476290643249.jpg\",\"width\":101,\"height\":110,\"caption\":\"Reliance SARL\"},\"image\":{\"@id\":\"https:\/\/centrereliance.fr\/sarl\/#\/schema\/logo\/image\/\"},\"sameAs\":[\"https:\/\/www.facebook.com\/Reliance-Association-318815031580269\/\",\"https:\/\/www.linkedin.com\/company-beta\/16261855\"]}]}<\/script>\n<!-- \/ Yoast SEO plugin. -->","yoast_head_json":{"title":"Management d'\u00e9quipe - Placer l\u2019humain au c\u0153ur des organisations","description":"En formation inter-entreprise ou sur mesure, Reliance SARL propose des actions de formation sur le management d\u2019\u00e9quipe.","robots":{"index":"index","follow":"follow","max-snippet":"max-snippet:-1","max-image-preview":"max-image-preview:large","max-video-preview":"max-video-preview:-1"},"canonical":"https:\/\/centrereliance.fr\/sarl\/management-d-equipe\/","og_locale":"fr_FR","og_type":"article","og_title":"Management d'\u00e9quipe - Placer l\u2019humain au c\u0153ur des organisations","og_description":"En formation inter-entreprise ou sur mesure, Reliance SARL propose des actions de formation sur le management d\u2019\u00e9quipe.","og_url":"https:\/\/centrereliance.fr\/sarl\/management-d-equipe\/","og_site_name":"Placer l\u2019humain au c\u0153ur des organisations","article_publisher":"https:\/\/www.facebook.com\/Reliance-Association-318815031580269\/","article_modified_time":"2025-09-17T06:39:38+00:00","og_image":[{"width":2524,"height":2560,"url":"https:\/\/centrereliance.fr\/sarl\/wp-content\/uploads\/sites\/3\/2025\/08\/LogoSARL-scaled.png","type":"image\/png"}],"twitter_card":"summary_large_image","twitter_misc":{"Dur\u00e9e de lecture estim\u00e9e":"5 minutes"},"schema":{"@context":"https:\/\/schema.org","@graph":[{"@type":"WebPage","@id":"https:\/\/centrereliance.fr\/sarl\/management-d-equipe\/","url":"https:\/\/centrereliance.fr\/sarl\/management-d-equipe\/","name":"Management d'\u00e9quipe - Placer l\u2019humain au c\u0153ur des organisations","isPartOf":{"@id":"https:\/\/centrereliance.fr\/sarl\/#website"},"datePublished":"2025-08-27T23:21:03+00:00","dateModified":"2025-09-17T06:39:38+00:00","description":"En formation inter-entreprise ou sur mesure, Reliance SARL propose des actions de formation sur le management d\u2019\u00e9quipe.","breadcrumb":{"@id":"https:\/\/centrereliance.fr\/sarl\/management-d-equipe\/#breadcrumb"},"inLanguage":"fr-FR","potentialAction":[{"@type":"ReadAction","target":["https:\/\/centrereliance.fr\/sarl\/management-d-equipe\/"]}]},{"@type":"BreadcrumbList","@id":"https:\/\/centrereliance.fr\/sarl\/management-d-equipe\/#breadcrumb","itemListElement":[{"@type":"ListItem","position":1,"name":"Accueil","item":"https:\/\/centrereliance.fr\/sarl\/"},{"@type":"ListItem","position":2,"name":"Management d&rsquo;\u00e9quipe"}]},{"@type":"WebSite","@id":"https:\/\/centrereliance.fr\/sarl\/#website","url":"https:\/\/centrereliance.fr\/sarl\/","name":"Placer l'humain au c\u0153ur des organisations","description":"Actions de formation \u00e0 destination des professionnels","publisher":{"@id":"https:\/\/centrereliance.fr\/sarl\/#organization"},"potentialAction":[{"@type":"SearchAction","target":{"@type":"EntryPoint","urlTemplate":"https:\/\/centrereliance.fr\/sarl\/?s={search_term_string}"},"query-input":{"@type":"PropertyValueSpecification","valueRequired":true,"valueName":"search_term_string"}}],"inLanguage":"fr-FR"},{"@type":"Organization","@id":"https:\/\/centrereliance.fr\/sarl\/#organization","name":"Reliance SARL","url":"https:\/\/centrereliance.fr\/sarl\/","logo":{"@type":"ImageObject","inLanguage":"fr-FR","@id":"https:\/\/centrereliance.fr\/sarl\/#\/schema\/logo\/image\/","url":"https:\/\/centrereliance.fr\/sarl\/wp-content\/uploads\/sites\/3\/2016\/10\/Logo-SARL-e1476290643249.jpg","contentUrl":"https:\/\/centrereliance.fr\/sarl\/wp-content\/uploads\/sites\/3\/2016\/10\/Logo-SARL-e1476290643249.jpg","width":101,"height":110,"caption":"Reliance SARL"},"image":{"@id":"https:\/\/centrereliance.fr\/sarl\/#\/schema\/logo\/image\/"},"sameAs":["https:\/\/www.facebook.com\/Reliance-Association-318815031580269\/","https:\/\/www.linkedin.com\/company-beta\/16261855"]}]}},"_links":{"self":[{"href":"https:\/\/centrereliance.fr\/sarl\/wp-json\/wp\/v2\/pages\/335","targetHints":{"allow":["GET"]}}],"collection":[{"href":"https:\/\/centrereliance.fr\/sarl\/wp-json\/wp\/v2\/pages"}],"about":[{"href":"https:\/\/centrereliance.fr\/sarl\/wp-json\/wp\/v2\/types\/page"}],"author":[{"embeddable":true,"href":"https:\/\/centrereliance.fr\/sarl\/wp-json\/wp\/v2\/users\/1"}],"replies":[{"embeddable":true,"href":"https:\/\/centrereliance.fr\/sarl\/wp-json\/wp\/v2\/comments?post=335"}],"version-history":[{"count":133,"href":"https:\/\/centrereliance.fr\/sarl\/wp-json\/wp\/v2\/pages\/335\/revisions"}],"predecessor-version":[{"id":5138,"href":"https:\/\/centrereliance.fr\/sarl\/wp-json\/wp\/v2\/pages\/335\/revisions\/5138"}],"wp:attachment":[{"href":"https:\/\/centrereliance.fr\/sarl\/wp-json\/wp\/v2\/media?parent=335"}],"curies":[{"name":"wp","href":"https:\/\/api.w.org\/{rel}","templated":true}]}}