{"id":3726,"date":"2025-08-28T11:52:32","date_gmt":"2025-08-28T09:52:32","guid":{"rendered":"https:\/\/centrereliance.fr\/sarl\/?page_id=3726"},"modified":"2025-10-10T15:28:20","modified_gmt":"2025-10-10T13:28:20","slug":"lentreprise-reliance-sarl","status":"publish","type":"page","link":"https:\/\/centrereliance.fr\/sarl\/lentreprise-reliance-sarl\/","title":{"rendered":"L&rsquo;entreprise Reliance SARL"},"content":{"rendered":"\n[et_pb_section fb_built=\u00a0\u00bb1&Prime; _builder_version=\u00a0\u00bb4.22.1&Prime; _module_preset=\u00a0\u00bbdefault\u00a0\u00bb custom_padding=\u00a0\u00bb||0px||false|false\u00a0\u00bb global_colors_info=\u00a0\u00bb{}\u00a0\u00bb theme_builder_area=\u00a0\u00bbpost_content\u00a0\u00bb][et_pb_row _builder_version=\u00a0\u00bb4.20.0&Prime; _module_preset=\u00a0\u00bbdefault\u00a0\u00bb global_colors_info=\u00a0\u00bb{}\u00a0\u00bb theme_builder_area=\u00a0\u00bbpost_content\u00a0\u00bb][et_pb_column type=\u00a0\u00bb4_4&Prime; _builder_version=\u00a0\u00bb4.20.0&Prime; _module_preset=\u00a0\u00bbdefault\u00a0\u00bb global_colors_info=\u00a0\u00bb{}\u00a0\u00bb theme_builder_area=\u00a0\u00bbpost_content\u00a0\u00bb][et_pb_text _builder_version=\u00a0\u00bb4.25.1&Prime; _module_preset=\u00a0\u00bbdefault\u00a0\u00bb header_font=\u00a0\u00bb|||on|||||\u00a0\u00bb header_text_align=\u00a0\u00bbcenter\u00a0\u00bb global_colors_info=\u00a0\u00bb{}\u00a0\u00bb theme_builder_area=\u00a0\u00bbpost_content\u00a0\u00bb]<h1>L&rsquo;entreprise<\/h1>[\/et_pb_text][\/et_pb_column][\/et_pb_row][et_pb_row _builder_version=\u00a0\u00bb4.25.1&Prime; _module_preset=\u00a0\u00bbdefault\u00a0\u00bb width=\u00a0\u00bb90%\u00a0\u00bb custom_margin=\u00a0\u00bb||30px||false|false\u00a0\u00bb custom_padding=\u00a0\u00bb20px|20px|20px|20px|true|true\u00a0\u00bb border_radii=\u00a0\u00bbon|25px|25px|25px|25px\u00a0\u00bb border_width_all=\u00a0\u00bb1px\u00a0\u00bb border_color_all=\u00a0\u00bb#82B000&Prime; global_colors_info=\u00a0\u00bb{}\u00a0\u00bb theme_builder_area=\u00a0\u00bbpost_content\u00a0\u00bb][et_pb_column type=\u00a0\u00bb4_4&Prime; _builder_version=\u00a0\u00bb4.20.0&Prime; _module_preset=\u00a0\u00bbdefault\u00a0\u00bb global_colors_info=\u00a0\u00bb{}\u00a0\u00bb theme_builder_area=\u00a0\u00bbpost_content\u00a0\u00bb][et_pb_text admin_label=\u00a0\u00bbText\u00a0\u00bb _builder_version=\u00a0\u00bb4.16&Prime; background_size=\u00a0\u00bbinitial\u00a0\u00bb background_position=\u00a0\u00bbtop_left\u00a0\u00bb background_repeat=\u00a0\u00bbrepeat\u00a0\u00bb custom_padding=\u00a0\u00bb||0px|||\u00a0\u00bb global_colors_info=\u00a0\u00bb{}\u00a0\u00bb theme_builder_area=\u00a0\u00bbpost_content\u00a0\u00bb]<p>Fond\u00e9e en 1997 par Jean-Luc Mermet, form\u00e9 par Jacques Salom\u00e9 auteur de la <strong>M\u00e9thode ESPERE\u00ae<\/strong>, Reliance est aujourd\u2019hui un centre de formation et d\u2019accompagnement sp\u00e9cialis\u00e9 dans les relations humaines.<\/p>[\/et_pb_text][\/et_pb_column][\/et_pb_row][et_pb_row module_class=\u00a0\u00bbtick-bullets\u00a0\u00bb _builder_version=\u00a0\u00bb4.25.1&Prime; _module_preset=\u00a0\u00bbdefault\u00a0\u00bb width=\u00a0\u00bb90%\u00a0\u00bb custom_margin=\u00a0\u00bb||30px||false|false\u00a0\u00bb custom_padding=\u00a0\u00bb20px|20px|20px|20px|true|true\u00a0\u00bb border_radii=\u00a0\u00bbon|25px|25px|25px|25px\u00a0\u00bb border_width_all=\u00a0\u00bb1px\u00a0\u00bb border_color_all=\u00a0\u00bb#82B000&Prime; global_colors_info=\u00a0\u00bb{}\u00a0\u00bb theme_builder_area=\u00a0\u00bbpost_content\u00a0\u00bb][et_pb_column type=\u00a0\u00bb4_4&Prime; _builder_version=\u00a0\u00bb4.20.0&Prime; _module_preset=\u00a0\u00bbdefault\u00a0\u00bb global_colors_info=\u00a0\u00bb{}\u00a0\u00bb theme_builder_area=\u00a0\u00bbpost_content\u00a0\u00bb][et_pb_text admin_label=\u00a0\u00bbText\u00a0\u00bb _builder_version=\u00a0\u00bb4.27.4&Prime; header_2_font=\u00a0\u00bb||||||||\u00a0\u00bb background_size=\u00a0\u00bbinitial\u00a0\u00bb background_position=\u00a0\u00bbtop_left\u00a0\u00bb background_repeat=\u00a0\u00bbrepeat\u00a0\u00bb custom_padding=\u00a0\u00bb0px||0px|||\u00a0\u00bb hover_enabled=\u00a0\u00bb0&Prime; global_colors_info=\u00a0\u00bb{}\u00a0\u00bb theme_builder_area=\u00a0\u00bbpost_content\u00a0\u00bb sticky_enabled=\u00a0\u00bb0&Prime;]<h2><span style=\"color: #82b000;\">Choisir Reliance c\u2019est b\u00e9n\u00e9ficier \u2026<\/span><\/h2>\n<ul style=\"line-height: 1.8em !important;\">\n<li>De <strong>plus de 25 ans d\u2019exp\u00e9rience<\/strong>\u202fau c\u0153ur des structures et des relations humaines<\/li>\n<li>D\u2019une d\u00e9marche qualit\u00e9\u202f<strong>certifi\u00e9e Qualiopi<\/strong><br \/><img decoding=\"async\" data-src=\"https:\/\/centrereliance.fr\/sarl\/wp-content\/uploads\/sites\/3\/2023\/06\/LogoQualiopi-Marianne-150dpi-31.jpg\" alt=\"Certification Qauliopi\" src=\"data:image\/svg+xml;base64,PHN2ZyB3aWR0aD0iMSIgaGVpZ2h0PSIxIiB4bWxucz0iaHR0cDovL3d3dy53My5vcmcvMjAwMC9zdmciPjwvc3ZnPg==\" class=\"lazyload\" style=\"--smush-placeholder-width: 317px; --smush-placeholder-aspect-ratio: 317\/170;\" \/><br \/>Reliance est certifi\u00e9 Qualiopi au titre de la cat\u00e9gorie <strong>ACTIONS DE FORMATION<\/strong><br \/><a href=\"https:\/\/centrereliance.fr\/sarl\/wp-content\/uploads\/sites\/3\/2024\/06\/Certificat-QUALIOPI-Reliance-SIREN-B05049.pdf\">Voir le certificat<\/a><\/li>\n<li>Des services d\u2019une\u202f<strong>\u00e9quipe exp\u00e9riment\u00e9e<\/strong>, issue d\u2019environnements professionnels compl\u00e9mentaires : entreprise, association, social, m\u00e9dical, \u00e9ducation<\/li>\n<li>De propositions d\u2019<strong>outils concrets<\/strong> utilisables au quotidien<\/li>\n<li>D\u2019une\u202f<strong>p\u00e9dagogie sp\u00e9cifique<\/strong>, qui facilite l\u2019implication des participant.es, l\u2019analyse des situations abord\u00e9es et l\u2019int\u00e9gration des apports<\/li>\n<\/ul>[\/et_pb_text][\/et_pb_column][\/et_pb_row][\/et_pb_section][et_pb_section fb_built=\u00a0\u00bb1&Prime; _builder_version=\u00a0\u00bb4.25.1&Prime; _module_preset=\u00a0\u00bbdefault\u00a0\u00bb background_color=\u00a0\u00bbRGBA(255,255,255,0)\u00a0\u00bb custom_margin=\u00a0\u00bb||||false|false\u00a0\u00bb custom_padding=\u00a0\u00bb0px||||false|false\u00a0\u00bb top_divider_color=\u00a0\u00bbRGBA(255,255,255,0)\u00a0\u00bb top_divider_height=\u00a0\u00bb50px\u00a0\u00bb top_divider_flip=\u00a0\u00bbhorizontal|vertical\u00a0\u00bb bottom_divider_style=\u00a0\u00bbwave2&Prime; bottom_divider_color=\u00a0\u00bbRGBA(255,255,255,0)\u00a0\u00bb bottom_divider_height=\u00a0\u00bb63px\u00a0\u00bb locked=\u00a0\u00bboff\u00a0\u00bb collapsed=\u00a0\u00bboff\u00a0\u00bb global_colors_info=\u00a0\u00bb{}\u00a0\u00bb theme_builder_area=\u00a0\u00bbpost_content\u00a0\u00bb][et_pb_row column_structure=\u00a0\u00bb1_2,1_2&Prime; make_equal=\u00a0\u00bbon\u00a0\u00bb _builder_version=\u00a0\u00bb4.25.1&Prime; _module_preset=\u00a0\u00bbdefault\u00a0\u00bb background_color=\u00a0\u00bbRGBA(255,255,255,0)\u00a0\u00bb width=\u00a0\u00bb90%\u00a0\u00bb custom_padding=\u00a0\u00bb0px||||false|false\u00a0\u00bb global_colors_info=\u00a0\u00bb{}\u00a0\u00bb theme_builder_area=\u00a0\u00bbpost_content\u00a0\u00bb][et_pb_column type=\u00a0\u00bb1_2&Prime; _builder_version=\u00a0\u00bb4.20.2&Prime; _module_preset=\u00a0\u00bbdefault\u00a0\u00bb global_colors_info=\u00a0\u00bb{}\u00a0\u00bb theme_builder_area=\u00a0\u00bbpost_content\u00a0\u00bb][et_pb_blurb title=\u00a0\u00bbNotre vision\u00a0\u00bb image=\u00a0\u00bbhttps:\/\/centrereliance.fr\/sarl\/wp-content\/uploads\/sites\/3\/2025\/08\/notre-vision-.png\u00a0\u00bb image_icon_width=\u00a0\u00bb50%\u00a0\u00bb _builder_version=\u00a0\u00bb4.25.1&Prime; _module_preset=\u00a0\u00bbdefault\u00a0\u00bb header_font=\u00a0\u00bb|||on|||||\u00a0\u00bb header_text_align=\u00a0\u00bbcenter\u00a0\u00bb header_text_color=\u00a0\u00bb#FFFFFF\u00a0\u00bb header_font_size=\u00a0\u00bb28px\u00a0\u00bb body_text_color=\u00a0\u00bb#FFFFFF\u00a0\u00bb body_line_height=\u00a0\u00bb1.8em\u00a0\u00bb background_color=\u00a0\u00bb#82B000&Prime; custom_padding=\u00a0\u00bb||30px||false|false\u00a0\u00bb border_radii=\u00a0\u00bbon|25px|25px|25px|25px\u00a0\u00bb global_colors_info=\u00a0\u00bb{}\u00a0\u00bb custom_css_blurb_content_last_edited=\u00a0\u00bbon|phone\u00a0\u00bb custom_css_blurb_content_phone=\u00a0\u00bbwidth: 90%;\u00a0\u00bb theme_builder_area=\u00a0\u00bbpost_content\u00a0\u00bb]<p style=\"text-align: justify;\">La qualit\u00e9 des relations humaines est essentielle pour mieux vivre et agir ensemble, pour pr\u00e9server la vie, et pour concevoir un avenir meilleur.<\/p>[\/et_pb_blurb][et_pb_blurb title=\u00a0\u00bbNotre public\u00a0\u00bb image=\u00a0\u00bbhttps:\/\/centrereliance.fr\/sarl\/wp-content\/uploads\/sites\/3\/2025\/08\/public_.png\u00a0\u00bb image_icon_width=\u00a0\u00bb50%\u00a0\u00bb module_class=\u00a0\u00bbtick-bulletsw\u00a0\u00bb _builder_version=\u00a0\u00bb4.25.1&Prime; _module_preset=\u00a0\u00bbdefault\u00a0\u00bb header_font=\u00a0\u00bb|||on|||||\u00a0\u00bb header_text_align=\u00a0\u00bbcenter\u00a0\u00bb header_text_color=\u00a0\u00bb#FFFFFF\u00a0\u00bb header_font_size=\u00a0\u00bb28px\u00a0\u00bb body_text_align=\u00a0\u00bbjustify\u00a0\u00bb body_text_color=\u00a0\u00bb#FFFFFF\u00a0\u00bb body_line_height=\u00a0\u00bb1.8em\u00a0\u00bb background_color=\u00a0\u00bb#82B000&Prime; custom_padding=\u00a0\u00bb30px||30px||false|false\u00a0\u00bb custom_css_blurb_content=\u00a0\u00bbwidth: 90%;\u00a0\u00bb border_radii=\u00a0\u00bbon|25px|25px|25px|25px\u00a0\u00bb global_colors_info=\u00a0\u00bb{}\u00a0\u00bb theme_builder_area=\u00a0\u00bbpost_content\u00a0\u00bb]<p>Nous intervenons dans tous les secteurs d\u2019activit\u00e9 professionnelle o\u00f9 des personnes sont au service d\u2019autres personnes, o\u00f9 la production des biens et de services n\u00e9cessite que des personnes collaborent entre elles. Nous sommes r\u00e9guli\u00e8rement sollicit\u00e9s par des organisations publiques ou priv\u00e9es dans les domaines des services \u00e0 la personne, des services sociaux, de l\u2019\u00e9ducation ou de la sant\u00e9. Nous sommes aussi appel\u00e9s \u00e0 intervenir dans des entreprises de production de biens et de services.<br \/>Nos clients sont aussi des particuliers qui souhaitent acqu\u00e9rir ou d\u00e9velopper des comp\u00e9tences dans l\u2019accompagnement de la personne ou dans la formation aux relations humaines et \u00e0 la communication interpersonnelle.<\/p>[\/et_pb_blurb][\/et_pb_column][et_pb_column type=\u00a0\u00bb1_2&Prime; _builder_version=\u00a0\u00bb4.20.2&Prime; _module_preset=\u00a0\u00bbdefault\u00a0\u00bb global_colors_info=\u00a0\u00bb{}\u00a0\u00bb theme_builder_area=\u00a0\u00bbpost_content\u00a0\u00bb][et_pb_blurb title=\u00a0\u00bbNotre mission\u00a0\u00bb image=\u00a0\u00bbhttps:\/\/centrereliance.fr\/sarl\/wp-content\/uploads\/sites\/3\/2025\/08\/notre-mission-.png\u00a0\u00bb image_icon_width=\u00a0\u00bb50%\u00a0\u00bb module_class=\u00a0\u00bbtick-bulletsw\u00a0\u00bb _builder_version=\u00a0\u00bb4.25.1&Prime; _module_preset=\u00a0\u00bbdefault\u00a0\u00bb header_font=\u00a0\u00bb|||on|||||\u00a0\u00bb header_text_align=\u00a0\u00bbcenter\u00a0\u00bb header_text_color=\u00a0\u00bb#FFFFFF\u00a0\u00bb header_font_size=\u00a0\u00bb28px\u00a0\u00bb body_text_align=\u00a0\u00bbjustify\u00a0\u00bb body_text_color=\u00a0\u00bb#FFFFFF\u00a0\u00bb body_line_height=\u00a0\u00bb1.8em\u00a0\u00bb background_color=\u00a0\u00bb#82B000&Prime; custom_padding=\u00a0\u00bb||30px||false|false\u00a0\u00bb custom_css_blurb_content=\u00a0\u00bbwidth: 90%;\u00a0\u00bb border_radii=\u00a0\u00bbon|25px|25px|25px|25px\u00a0\u00bb global_colors_info=\u00a0\u00bb{}\u00a0\u00bb theme_builder_area=\u00a0\u00bbpost_content\u00a0\u00bb]<p>Nous formons et accompagnons toutes les personnes, les \u00e9quipes et les organisations sur leurs enjeux relationnels essentiels \u00e0 la bonne r\u00e9alisation de leur mission professionnelle.<\/p>[\/et_pb_blurb][et_pb_blurb title=\u00a0\u00bbnOS  sp\u00e9cificIt\u00e9s p\u00e9dagogiques\u00a0\u00bb image=\u00a0\u00bbhttps:\/\/centrereliance.fr\/sarl\/wp-content\/uploads\/sites\/3\/2025\/08\/nos-prestations-.png\u00a0\u00bb image_icon_width=\u00a0\u00bb50%\u00a0\u00bb _builder_version=\u00a0\u00bb4.25.1&Prime; _module_preset=\u00a0\u00bbdefault\u00a0\u00bb header_font=\u00a0\u00bb|||on|||||\u00a0\u00bb header_text_align=\u00a0\u00bbcenter\u00a0\u00bb header_text_color=\u00a0\u00bb#FFFFFF\u00a0\u00bb header_font_size=\u00a0\u00bb28px\u00a0\u00bb body_text_align=\u00a0\u00bbjustify\u00a0\u00bb body_text_color=\u00a0\u00bb#FFFFFF\u00a0\u00bb body_line_height=\u00a0\u00bb1.8em\u00a0\u00bb background_color=\u00a0\u00bb#82B000&Prime; custom_padding=\u00a0\u00bb30px||30px||false|false\u00a0\u00bb custom_css_blurb_content=\u00a0\u00bbwidth: 90%;\u00a0\u00bb border_radii=\u00a0\u00bbon|25px|25px|25px|25px\u00a0\u00bb global_colors_info=\u00a0\u00bb{}\u00a0\u00bb theme_builder_area=\u00a0\u00bbpost_content\u00a0\u00bb]<p>Nous utilisons la <strong><span style=\"text-decoration: underline;\"><span style=\"color: #ffffff; text-decoration: underline;\"><a href=\"https:\/\/centrereliance.fr\/methode-espere\/\" style=\"color: #ffffff; text-decoration: underline;\">M\u00e9thode ESPERE\u00ae<\/a><\/span><\/span><\/strong> pour nos accompagnements et nos formations sur les Relations Humaines et la m\u00e9thode <strong><span style=\"text-decoration: underline;\"><a href=\"https:\/\/centrereliance.fr\/resolution-emotionnelle\/\"><span style=\"color: #ffffff; text-decoration: underline;\">EmRes<\/span><\/a><\/span> <\/strong>pour la r\u00e9solution d\u2019\u00e9motions envahissantes ou de comportements non appropri\u00e9s \u00e0 une situation.<\/p>[\/et_pb_blurb][\/et_pb_column][\/et_pb_row][\/et_pb_section]\n","protected":false},"excerpt":{"rendered":"<p>L&rsquo;entrepriseFond\u00e9e en 1997 par Jean-Luc Mermet, form\u00e9 par Jacques Salom\u00e9 auteur de la M\u00e9thode ESPERE\u00ae, Reliance est aujourd\u2019hui un centre de formation et d\u2019accompagnement sp\u00e9cialis\u00e9 dans les relations humaines.Choisir Reliance c\u2019est b\u00e9n\u00e9ficier \u2026 De plus de 25 ans d\u2019exp\u00e9rience\u202fau c\u0153ur des structures et des relations humaines D\u2019une d\u00e9marche qualit\u00e9\u202fcertifi\u00e9e QualiopiReliance est certifi\u00e9 Qualiopi au titre [&hellip;]<\/p>\n","protected":false},"author":1,"featured_media":0,"parent":0,"menu_order":0,"comment_status":"closed","ping_status":"closed","template":"","meta":{"_et_pb_use_builder":"on","_et_pb_old_content":"<p>Fond\u00e9e en 1997 par Jean-Luc Mermet, form\u00e9 par Jacques Salom\u00e9 auteur de la <a href=\"https:\/\/centrereliance.fr\/methode-espere\/\" target=\"_blank\" rel=\"noopener\"><strong>M\u00e9thode ESPERE\u00ae<\/strong><\/a>, <br \/><strong>Reliance<\/strong> est aujourd\u2019hui un centre de formation sp\u00e9cialis\u00e9 dans les relations humaines.<\/p>\n<h3><span style=\"color: #ff6600;\">Choisir <strong>Reliance<\/strong> c\u2019est b\u00e9n\u00e9ficier ...<\/span><\/h3>\n<ul>\n<li><strong>De plus de 25 ans d\u2019exp\u00e9rience\u00a0<\/strong>au c\u0153ur des structures et des relations humaines<\/li>\n<li>D\u2019une d\u00e9marche qualit\u00e9\u00a0<strong>certifi\u00e9e Qualiopi<\/strong> <br \/><img class=\"alignnone size-medium wp-image-4164\" src=\"https:\/\/centrereliance.fr\/sarl\/wp-content\/uploads\/sites\/3\/2022\/10\/LogoQualiopi-Marianne-150dpi-31-300x161.jpg\" alt=\"\" width=\"300\" height=\"161\" \/><br \/><span style=\"color: #0554b5;\"><span style=\"color: #0554b5;\"><span style=\"color: #000000;\">Reliance est certifi\u00e9 Qualiopi au titre de la cat\u00e9gorie <strong>ACTIONS DE FORMATION<br \/><\/strong><\/span><\/span><\/span><span style=\"color: #0554b5;\"><span style=\"color: #ff6600;\"><a style=\"color: #ff6600;\" href=\"https:\/\/centrereliance.fr\/sarl\/wp-content\/uploads\/sites\/3\/2024\/06\/Certificat-QUALIOPI-Reliance-SIREN-B05049.pdf\" target=\"_blank\" rel=\"noopener\">\u00a0<\/a><\/span><\/span><span style=\"color: #0554b5;\"><span style=\"color: #ff6600;\"><a style=\"color: #ff6600;\" href=\"https:\/\/centrereliance.fr\/sarl\/wp-content\/uploads\/sites\/3\/2024\/06\/Certificat-QUALIOPI-Reliance-SIREN-B05049.pdf\" target=\"_blank\" rel=\"noopener\">Voir le certificat<\/a><br \/><br \/><\/span><\/span><\/li>\n<li><span style=\"font-size: 18px;\">Des services d\u2019une <\/span><strong style=\"font-size: 18px;\">\u00e9quipe exp\u00e9riment\u00e9e<\/strong><span style=\"font-size: 18px;\">, issue d\u2019environnements professionnels compl\u00e9mentaires : entreprise, association, social, m\u00e9dical, \u00e9ducation<\/span><\/li>\n<li>De propositions d\u2019<strong>outils concrets<\/strong> utilisables au quotidien<\/li>\n<li>D\u2019une\u00a0<strong>p\u00e9dagogie sp\u00e9cifique<\/strong>, qui facilite l\u2019implication des participant.es, l\u2019analyse des situations abord\u00e9es et l\u2019int\u00e9gration des apports<\/li>\n<\/ul>\n<h3><span style=\"color: #ff6600;\">Notre vision<\/span><\/h3>\n<p>La qualit\u00e9 des relations humaines est essentielle pour mieux vivre et agir ensemble, pour pr\u00e9server la vie et concevoir un avenir meilleur.<\/p>\n<h3><span style=\"color: #ff6600;\">Notre mission<\/span><\/h3>\n<p>Nous formons et accompagnons toutes les personnes, les \u00e9quipes et les organisations sur leurs enjeux relationnels essentiels \u00e0 la bonne r\u00e9alisation de leur mission professionnelle.<\/p>\n<h3><span style=\"color: #ff6600;\">Notre public<\/span><\/h3>\n<p>Nous intervenons dans tous les secteurs d\u2019activit\u00e9 professionnelle o\u00f9 des personnes sont au service d\u2019autres personnes, o\u00f9 la production des biens et de services n\u00e9cessite que des personnes collaborent entre elles. Nous sommes r\u00e9guli\u00e8rement sollicit\u00e9s par des organisations publiques ou priv\u00e9es dans les domaines des services \u00e0 la personne, des services sociaux, de l\u2019\u00e9ducation ou de la sant\u00e9.<\/p>\n<p>Nos clients sont aussi des particuliers qui souhaitent acqu\u00e9rir ou d\u00e9velopper des comp\u00e9tences dans l\u2019accompagnement de la personne ou dans la formation aux relations humaines et \u00e0 la communication interpersonnelle.<\/p>\n<h3><a href=\"https:\/\/centrereliance.fr\/sarl\/\" target=\"_blank\" rel=\"noopener\"><span style=\"color: #ff9900;\">Notre offre<\/span><\/a><\/h3>\n<h3><span style=\"color: #ff6600;\">Nos sp\u00e9cificit\u00e9s p\u00e9dagogiques<\/span><\/h3>\n<p>Nous utilisons la <a href=\"https:\/\/centrereliance.fr\/methode-espere\/\" target=\"_blank\" rel=\"noopener\"><strong>M\u00e9thode ESPERE<\/strong><strong><sup>\u00ae<\/sup><\/strong><\/a>\u00a0 pour nos accompagnements et nos formations sur les Relations Humaines et la m\u00e9thode <a href=\"https:\/\/centrereliance.fr\/resolution-emotionnelle\/\" target=\"_blank\" rel=\"noopener\"><strong>EmRes<\/strong> <\/a>pour la r\u00e9solution d\u2019\u00e9motions envahissantes ou de comportements non appropri\u00e9s \u00e0 une situation.<\/p>\n<div id=\"jean-luc\">\u00a0<\/div>\n\n<!-- wp:paragraph -->\n<p><\/p>\n<!-- \/wp:paragraph -->","_et_gb_content_width":"","footnotes":""},"class_list":["post-3726","page","type-page","status-publish","hentry"],"yoast_head":"<!-- This site is optimized with the Yoast SEO plugin v25.8 - https:\/\/yoast.com\/wordpress\/plugins\/seo\/ -->\n<title>L&#039;entreprise Reliance SARL - Placer l\u2019humain au c\u0153ur des organisations<\/title>\n<meta name=\"description\" content=\"Reliance SARL, bas\u00e9e \u00e0 Echirolles, est un centre de formation et d&#039;accompagnement sp\u00e9cialis\u00e9 dans les relations humaines.\" \/>\n<meta name=\"robots\" content=\"index, follow, max-snippet:-1, max-image-preview:large, max-video-preview:-1\" \/>\n<link rel=\"canonical\" href=\"https:\/\/centrereliance.fr\/sarl\/lentreprise-reliance-sarl\/\" \/>\n<meta property=\"og:locale\" content=\"fr_FR\" \/>\n<meta property=\"og:type\" content=\"article\" \/>\n<meta property=\"og:title\" content=\"L&#039;entreprise Reliance SARL - Placer l\u2019humain au c\u0153ur des organisations\" \/>\n<meta property=\"og:description\" content=\"Reliance SARL, bas\u00e9e \u00e0 Echirolles, est un centre de formation et d&#039;accompagnement sp\u00e9cialis\u00e9 dans les relations humaines.\" \/>\n<meta property=\"og:url\" content=\"https:\/\/centrereliance.fr\/sarl\/lentreprise-reliance-sarl\/\" \/>\n<meta property=\"og:site_name\" content=\"Placer l\u2019humain au c\u0153ur des organisations\" \/>\n<meta property=\"article:publisher\" content=\"https:\/\/www.facebook.com\/Reliance-Association-318815031580269\/\" \/>\n<meta property=\"article:modified_time\" content=\"2025-10-10T13:28:20+00:00\" \/>\n<meta property=\"og:image\" content=\"https:\/\/centrereliance.fr\/sarl\/wp-content\/uploads\/sites\/3\/2023\/06\/LogoQualiopi-Marianne-150dpi-31.jpg\" \/>\n<meta name=\"twitter:card\" content=\"summary_large_image\" \/>\n<meta name=\"twitter:label1\" content=\"Dur\u00e9e de lecture estim\u00e9e\" \/>\n\t<meta name=\"twitter:data1\" content=\"3 minutes\" \/>\n<script type=\"application\/ld+json\" class=\"yoast-schema-graph\">{\"@context\":\"https:\/\/schema.org\",\"@graph\":[{\"@type\":[\"WebPage\",\"AboutPage\"],\"@id\":\"https:\/\/centrereliance.fr\/sarl\/lentreprise-reliance-sarl\/\",\"url\":\"https:\/\/centrereliance.fr\/sarl\/lentreprise-reliance-sarl\/\",\"name\":\"L'entreprise Reliance SARL - Placer l\u2019humain au c\u0153ur des organisations\",\"isPartOf\":{\"@id\":\"https:\/\/centrereliance.fr\/sarl\/#website\"},\"primaryImageOfPage\":{\"@id\":\"https:\/\/centrereliance.fr\/sarl\/lentreprise-reliance-sarl\/#primaryimage\"},\"image\":{\"@id\":\"https:\/\/centrereliance.fr\/sarl\/lentreprise-reliance-sarl\/#primaryimage\"},\"thumbnailUrl\":\"https:\/\/centrereliance.fr\/sarl\/wp-content\/uploads\/sites\/3\/2023\/06\/LogoQualiopi-Marianne-150dpi-31.jpg\",\"datePublished\":\"2025-08-28T09:52:32+00:00\",\"dateModified\":\"2025-10-10T13:28:20+00:00\",\"description\":\"Reliance SARL, bas\u00e9e \u00e0 Echirolles, est un centre de formation et d'accompagnement sp\u00e9cialis\u00e9 dans les relations humaines.\",\"breadcrumb\":{\"@id\":\"https:\/\/centrereliance.fr\/sarl\/lentreprise-reliance-sarl\/#breadcrumb\"},\"inLanguage\":\"fr-FR\",\"potentialAction\":[{\"@type\":\"ReadAction\",\"target\":[\"https:\/\/centrereliance.fr\/sarl\/lentreprise-reliance-sarl\/\"]}]},{\"@type\":\"ImageObject\",\"inLanguage\":\"fr-FR\",\"@id\":\"https:\/\/centrereliance.fr\/sarl\/lentreprise-reliance-sarl\/#primaryimage\",\"url\":\"https:\/\/centrereliance.fr\/sarl\/wp-content\/uploads\/sites\/3\/2023\/06\/LogoQualiopi-Marianne-150dpi-31.jpg\",\"contentUrl\":\"https:\/\/centrereliance.fr\/sarl\/wp-content\/uploads\/sites\/3\/2023\/06\/LogoQualiopi-Marianne-150dpi-31.jpg\",\"width\":317,\"height\":170,\"caption\":\"Certification Qualiopi\"},{\"@type\":\"BreadcrumbList\",\"@id\":\"https:\/\/centrereliance.fr\/sarl\/lentreprise-reliance-sarl\/#breadcrumb\",\"itemListElement\":[{\"@type\":\"ListItem\",\"position\":1,\"name\":\"Accueil\",\"item\":\"https:\/\/centrereliance.fr\/sarl\/\"},{\"@type\":\"ListItem\",\"position\":2,\"name\":\"L&rsquo;entreprise Reliance SARL\"}]},{\"@type\":\"WebSite\",\"@id\":\"https:\/\/centrereliance.fr\/sarl\/#website\",\"url\":\"https:\/\/centrereliance.fr\/sarl\/\",\"name\":\"Placer l'humain au c\u0153ur des organisations\",\"description\":\"Actions de formation \u00e0 destination des professionnels\",\"publisher\":{\"@id\":\"https:\/\/centrereliance.fr\/sarl\/#organization\"},\"potentialAction\":[{\"@type\":\"SearchAction\",\"target\":{\"@type\":\"EntryPoint\",\"urlTemplate\":\"https:\/\/centrereliance.fr\/sarl\/?s={search_term_string}\"},\"query-input\":{\"@type\":\"PropertyValueSpecification\",\"valueRequired\":true,\"valueName\":\"search_term_string\"}}],\"inLanguage\":\"fr-FR\"},{\"@type\":\"Organization\",\"@id\":\"https:\/\/centrereliance.fr\/sarl\/#organization\",\"name\":\"Reliance SARL\",\"url\":\"https:\/\/centrereliance.fr\/sarl\/\",\"logo\":{\"@type\":\"ImageObject\",\"inLanguage\":\"fr-FR\",\"@id\":\"https:\/\/centrereliance.fr\/sarl\/#\/schema\/logo\/image\/\",\"url\":\"https:\/\/centrereliance.fr\/sarl\/wp-content\/uploads\/sites\/3\/2016\/10\/Logo-SARL-e1476290643249.jpg\",\"contentUrl\":\"https:\/\/centrereliance.fr\/sarl\/wp-content\/uploads\/sites\/3\/2016\/10\/Logo-SARL-e1476290643249.jpg\",\"width\":101,\"height\":110,\"caption\":\"Reliance SARL\"},\"image\":{\"@id\":\"https:\/\/centrereliance.fr\/sarl\/#\/schema\/logo\/image\/\"},\"sameAs\":[\"https:\/\/www.facebook.com\/Reliance-Association-318815031580269\/\",\"https:\/\/www.linkedin.com\/company-beta\/16261855\"]}]}<\/script>\n<!-- \/ Yoast SEO plugin. -->","yoast_head_json":{"title":"L'entreprise Reliance SARL - Placer l\u2019humain au c\u0153ur des organisations","description":"Reliance SARL, bas\u00e9e \u00e0 Echirolles, est un centre de formation et d'accompagnement sp\u00e9cialis\u00e9 dans les relations humaines.","robots":{"index":"index","follow":"follow","max-snippet":"max-snippet:-1","max-image-preview":"max-image-preview:large","max-video-preview":"max-video-preview:-1"},"canonical":"https:\/\/centrereliance.fr\/sarl\/lentreprise-reliance-sarl\/","og_locale":"fr_FR","og_type":"article","og_title":"L'entreprise Reliance SARL - Placer l\u2019humain au c\u0153ur des organisations","og_description":"Reliance SARL, bas\u00e9e \u00e0 Echirolles, est un centre de formation et d'accompagnement sp\u00e9cialis\u00e9 dans les relations humaines.","og_url":"https:\/\/centrereliance.fr\/sarl\/lentreprise-reliance-sarl\/","og_site_name":"Placer l\u2019humain au c\u0153ur des organisations","article_publisher":"https:\/\/www.facebook.com\/Reliance-Association-318815031580269\/","article_modified_time":"2025-10-10T13:28:20+00:00","og_image":[{"url":"https:\/\/centrereliance.fr\/sarl\/wp-content\/uploads\/sites\/3\/2023\/06\/LogoQualiopi-Marianne-150dpi-31.jpg","type":"","width":"","height":""}],"twitter_card":"summary_large_image","twitter_misc":{"Dur\u00e9e de lecture estim\u00e9e":"3 minutes"},"schema":{"@context":"https:\/\/schema.org","@graph":[{"@type":["WebPage","AboutPage"],"@id":"https:\/\/centrereliance.fr\/sarl\/lentreprise-reliance-sarl\/","url":"https:\/\/centrereliance.fr\/sarl\/lentreprise-reliance-sarl\/","name":"L'entreprise Reliance SARL - Placer l\u2019humain au c\u0153ur des organisations","isPartOf":{"@id":"https:\/\/centrereliance.fr\/sarl\/#website"},"primaryImageOfPage":{"@id":"https:\/\/centrereliance.fr\/sarl\/lentreprise-reliance-sarl\/#primaryimage"},"image":{"@id":"https:\/\/centrereliance.fr\/sarl\/lentreprise-reliance-sarl\/#primaryimage"},"thumbnailUrl":"https:\/\/centrereliance.fr\/sarl\/wp-content\/uploads\/sites\/3\/2023\/06\/LogoQualiopi-Marianne-150dpi-31.jpg","datePublished":"2025-08-28T09:52:32+00:00","dateModified":"2025-10-10T13:28:20+00:00","description":"Reliance SARL, bas\u00e9e \u00e0 Echirolles, est un centre de formation et d'accompagnement sp\u00e9cialis\u00e9 dans les relations humaines.","breadcrumb":{"@id":"https:\/\/centrereliance.fr\/sarl\/lentreprise-reliance-sarl\/#breadcrumb"},"inLanguage":"fr-FR","potentialAction":[{"@type":"ReadAction","target":["https:\/\/centrereliance.fr\/sarl\/lentreprise-reliance-sarl\/"]}]},{"@type":"ImageObject","inLanguage":"fr-FR","@id":"https:\/\/centrereliance.fr\/sarl\/lentreprise-reliance-sarl\/#primaryimage","url":"https:\/\/centrereliance.fr\/sarl\/wp-content\/uploads\/sites\/3\/2023\/06\/LogoQualiopi-Marianne-150dpi-31.jpg","contentUrl":"https:\/\/centrereliance.fr\/sarl\/wp-content\/uploads\/sites\/3\/2023\/06\/LogoQualiopi-Marianne-150dpi-31.jpg","width":317,"height":170,"caption":"Certification Qualiopi"},{"@type":"BreadcrumbList","@id":"https:\/\/centrereliance.fr\/sarl\/lentreprise-reliance-sarl\/#breadcrumb","itemListElement":[{"@type":"ListItem","position":1,"name":"Accueil","item":"https:\/\/centrereliance.fr\/sarl\/"},{"@type":"ListItem","position":2,"name":"L&rsquo;entreprise Reliance SARL"}]},{"@type":"WebSite","@id":"https:\/\/centrereliance.fr\/sarl\/#website","url":"https:\/\/centrereliance.fr\/sarl\/","name":"Placer l'humain au c\u0153ur des organisations","description":"Actions de formation \u00e0 destination des professionnels","publisher":{"@id":"https:\/\/centrereliance.fr\/sarl\/#organization"},"potentialAction":[{"@type":"SearchAction","target":{"@type":"EntryPoint","urlTemplate":"https:\/\/centrereliance.fr\/sarl\/?s={search_term_string}"},"query-input":{"@type":"PropertyValueSpecification","valueRequired":true,"valueName":"search_term_string"}}],"inLanguage":"fr-FR"},{"@type":"Organization","@id":"https:\/\/centrereliance.fr\/sarl\/#organization","name":"Reliance SARL","url":"https:\/\/centrereliance.fr\/sarl\/","logo":{"@type":"ImageObject","inLanguage":"fr-FR","@id":"https:\/\/centrereliance.fr\/sarl\/#\/schema\/logo\/image\/","url":"https:\/\/centrereliance.fr\/sarl\/wp-content\/uploads\/sites\/3\/2016\/10\/Logo-SARL-e1476290643249.jpg","contentUrl":"https:\/\/centrereliance.fr\/sarl\/wp-content\/uploads\/sites\/3\/2016\/10\/Logo-SARL-e1476290643249.jpg","width":101,"height":110,"caption":"Reliance SARL"},"image":{"@id":"https:\/\/centrereliance.fr\/sarl\/#\/schema\/logo\/image\/"},"sameAs":["https:\/\/www.facebook.com\/Reliance-Association-318815031580269\/","https:\/\/www.linkedin.com\/company-beta\/16261855"]}]}},"_links":{"self":[{"href":"https:\/\/centrereliance.fr\/sarl\/wp-json\/wp\/v2\/pages\/3726","targetHints":{"allow":["GET"]}}],"collection":[{"href":"https:\/\/centrereliance.fr\/sarl\/wp-json\/wp\/v2\/pages"}],"about":[{"href":"https:\/\/centrereliance.fr\/sarl\/wp-json\/wp\/v2\/types\/page"}],"author":[{"embeddable":true,"href":"https:\/\/centrereliance.fr\/sarl\/wp-json\/wp\/v2\/users\/1"}],"replies":[{"embeddable":true,"href":"https:\/\/centrereliance.fr\/sarl\/wp-json\/wp\/v2\/comments?post=3726"}],"version-history":[{"count":32,"href":"https:\/\/centrereliance.fr\/sarl\/wp-json\/wp\/v2\/pages\/3726\/revisions"}],"predecessor-version":[{"id":5181,"href":"https:\/\/centrereliance.fr\/sarl\/wp-json\/wp\/v2\/pages\/3726\/revisions\/5181"}],"wp:attachment":[{"href":"https:\/\/centrereliance.fr\/sarl\/wp-json\/wp\/v2\/media?parent=3726"}],"curies":[{"name":"wp","href":"https:\/\/api.w.org\/{rel}","templated":true}]}}