{"id":5021,"date":"2025-08-30T11:32:25","date_gmt":"2025-08-30T09:32:25","guid":{"rendered":"https:\/\/centrereliance.fr\/sarl\/?page_id=5021"},"modified":"2025-12-15T12:44:39","modified_gmt":"2025-12-15T11:44:39","slug":"la-relation-d-aide","status":"publish","type":"page","link":"https:\/\/centrereliance.fr\/sarl\/la-relation-d-aide\/","title":{"rendered":"La relation d&rsquo;aide"},"content":{"rendered":"<p>[et_pb_section fb_built=\u00a0\u00bb1&Prime; next_background_color=\u00a0\u00bb#638600&Prime; _builder_version=\u00a0\u00bb4.22.1&Prime; custom_padding=\u00a0\u00bb||100px||false|false\u00a0\u00bb bottom_divider_style=\u00a0\u00bbwave2&Prime; global_colors_info=\u00a0\u00bb{}\u00a0\u00bb][et_pb_row _builder_version=\u00a0\u00bb4.22.1&Prime; _module_preset=\u00a0\u00bbdefault\u00a0\u00bb width=\u00a0\u00bb90%\u00a0\u00bb global_colors_info=\u00a0\u00bb{}\u00a0\u00bb][et_pb_column type=\u00a0\u00bb4_4&Prime; _builder_version=\u00a0\u00bb4.22.1&Prime; _module_preset=\u00a0\u00bbdefault\u00a0\u00bb global_colors_info=\u00a0\u00bb{}\u00a0\u00bb][et_pb_image src=\u00a0\u00bbhttps:\/\/centrereliance.fr\/sarl\/wp-content\/uploads\/sites\/3\/2025\/08\/Relation-d-aide.jpg\u00a0\u00bb alt=\u00a0\u00bbRelation d&rsquo;aide\u00a0\u00bb title_text=\u00a0\u00bbRelation-d-aide\u00a0\u00bb align=\u00a0\u00bbcenter\u00a0\u00bb _builder_version=\u00a0\u00bb4.25.1&Prime; _module_preset=\u00a0\u00bbdefault\u00a0\u00bb max_height=\u00a0\u00bb70vh\u00a0\u00bb border_radii=\u00a0\u00bbon|25px|25px|25px|25px\u00a0\u00bb global_colors_info=\u00a0\u00bb{}\u00a0\u00bb][\/et_pb_image][et_pb_post_title meta=\u00a0\u00bboff\u00a0\u00bb _builder_version=\u00a0\u00bb4.25.1&Prime; _module_preset=\u00a0\u00bbdefault\u00a0\u00bb title_font=\u00a0\u00bb|||on|||||\u00a0\u00bb title_text_align=\u00a0\u00bbcenter\u00a0\u00bb title_text_color=\u00a0\u00bb#82B000&Prime; global_colors_info=\u00a0\u00bb{}\u00a0\u00bb][\/et_pb_post_title][\/et_pb_column][\/et_pb_row][et_pb_row admin_label=\u00a0\u00bbrow\u00a0\u00bb _builder_version=\u00a0\u00bb4.25.1&Prime; background_size=\u00a0\u00bbinitial\u00a0\u00bb background_position=\u00a0\u00bbtop_left\u00a0\u00bb background_repeat=\u00a0\u00bbrepeat\u00a0\u00bb width=\u00a0\u00bb90%\u00a0\u00bb custom_margin=\u00a0\u00bb||30px||false|false\u00a0\u00bb custom_padding=\u00a0\u00bb10px|10px|10px|10px|true|true\u00a0\u00bb border_radii=\u00a0\u00bbon|15px|15px|15px|15px\u00a0\u00bb border_width_all=\u00a0\u00bb1px\u00a0\u00bb border_color_all=\u00a0\u00bb#82B000&Prime; locked=\u00a0\u00bboff\u00a0\u00bb global_colors_info=\u00a0\u00bb{}\u00a0\u00bb][et_pb_column type=\u00a0\u00bb4_4&Prime; _builder_version=\u00a0\u00bb4.16&Prime; custom_padding=\u00a0\u00bb|||\u00a0\u00bb global_colors_info=\u00a0\u00bb{}\u00a0\u00bb custom_padding__hover=\u00a0\u00bb|||\u00a0\u00bb][et_pb_text _builder_version=\u00a0\u00bb4.25.1&Prime; _module_preset=\u00a0\u00bbdefault\u00a0\u00bb text_orientation=\u00a0\u00bbcenter\u00a0\u00bb global_colors_info=\u00a0\u00bb{}\u00a0\u00bb]<\/p>\n<p>Et si vous suiviez une formation \u00e0 la relation d\u2019aide propos\u00e9e par Reliance SARL ?<\/p>\n<p>[\/et_pb_text][et_pb_image src=\u00a0\u00bbhttps:\/\/centrereliance.fr\/sarl\/wp-content\/uploads\/sites\/3\/2025\/08\/description-formation.jpg\u00a0\u00bb title_text=\u00a0\u00bbdescription-formation\u00a0\u00bb _builder_version=\u00a0\u00bb4.25.1&Prime; _module_preset=\u00a0\u00bbdefault\u00a0\u00bb max_width=\u00a0\u00bb80px\u00a0\u00bb module_alignment=\u00a0\u00bbcenter\u00a0\u00bb custom_margin=\u00a0\u00bb||20px||false|false\u00a0\u00bb global_colors_info=\u00a0\u00bb{}\u00a0\u00bb][\/et_pb_image][et_pb_text admin_label=\u00a0\u00bbText\u00a0\u00bb module_class=\u00a0\u00bbtick-bullets\u00a0\u00bb _builder_version=\u00a0\u00bb4.25.1&Prime; header_text_align=\u00a0\u00bbcenter\u00a0\u00bb header_2_text_align=\u00a0\u00bbcenter\u00a0\u00bb background_size=\u00a0\u00bbinitial\u00a0\u00bb background_position=\u00a0\u00bbtop_left\u00a0\u00bb background_repeat=\u00a0\u00bbrepeat\u00a0\u00bb text_orientation=\u00a0\u00bbjustified\u00a0\u00bb global_colors_info=\u00a0\u00bb{}\u00a0\u00bb]<\/p>\n<h2><span data-contrast=\"none\" xml:lang=\"FR-FR\" lang=\"FR-FR\" class=\"TextRun SCXW175499943 BCX0\"><span class=\"NormalTextRun SCXW175499943 BCX0\"><span data-contrast=\"none\" xml:lang=\"FR-FR\" lang=\"FR-FR\" class=\"TextRun SCXW201824956 BCX0\"><span class=\"NormalTextRun SCXW201824956 BCX0\">Pourquoi se former \u00e0 la relation d\u2019aide <\/span><\/span>\u202f<\/span><\/span>?<\/h2>\n<p>Le service \u00e0 la personne, qu\u2019il soit pratiqu\u00e9 \u00e0 titre b\u00e9n\u00e9vole ou professionnel, n\u00e9cessite de pouvoir s\u2019appuyer sur de solides comp\u00e9tences relationnelles. Celles-ci viennent compl\u00e9ter les comp\u00e9tences techniques propres \u00e0 chaque type d\u2019aide apport\u00e9e\u202f: accueil dans un \u00e9tablissement de service \u00e0 la personne public ou priv\u00e9, aide sociale, soin m\u00e9dical, aidant familial, soutien \u00e9ducatif, &#8230;<\/p>\n<p>Nous proposons ici des formations pour renforcer les comp\u00e9tences relationnelles de la relation d\u2019aide en abordant les th\u00e8mes suivants\u202f:<\/p>\n<ul>\n<li>La posture de l\u2019aidant et sa d\u00e9ontologie;<\/li>\n<li>Rester \u00e0 l\u2019\u00e9coute des besoins et des projets de la personne aid\u00e9e;<\/li>\n<li>D\u00e9velopper ou maintenir l\u2019autonomie;<\/li>\n<li>Garder la bonne distance malgr\u00e9 les affects qui peuvent se manifester.<\/li>\n<\/ul>\n<p>Les actions pr\u00e9sent\u00e9es dans cette page visent notamment \u00e0 l\u2019exploration de ces sujets.<\/p>\n<p><span data-ccp-props=\"{&quot;134233117&quot;:false,&quot;134233118&quot;:false,&quot;201341983&quot;:0,&quot;335551550&quot;:6,&quot;335551620&quot;:6,&quot;335559685&quot;:0,&quot;335559737&quot;:0,&quot;335559738&quot;:0,&quot;335559739&quot;:160,&quot;335559740&quot;:278}\"><\/span><\/p>\n<p><span data-ccp-props=\"{&quot;134233117&quot;:false,&quot;134233118&quot;:false,&quot;201341983&quot;:0,&quot;335551550&quot;:6,&quot;335551620&quot;:6,&quot;335559685&quot;:0,&quot;335559737&quot;:0,&quot;335559738&quot;:0,&quot;335559739&quot;:160,&quot;335559740&quot;:278}\"><\/span><\/p>\n<p>[\/et_pb_text][\/et_pb_column][\/et_pb_row][et_pb_row admin_label=\u00a0\u00bbrow\u00a0\u00bb _builder_version=\u00a0\u00bb4.25.1&Prime; background_size=\u00a0\u00bbinitial\u00a0\u00bb background_position=\u00a0\u00bbtop_left\u00a0\u00bb background_repeat=\u00a0\u00bbrepeat\u00a0\u00bb width=\u00a0\u00bb90%\u00a0\u00bb custom_margin=\u00a0\u00bb||30px||false|false\u00a0\u00bb custom_padding=\u00a0\u00bb10px|10px|10px|10px|true|true\u00a0\u00bb border_radii=\u00a0\u00bbon|15px|15px|15px|15px\u00a0\u00bb border_width_all=\u00a0\u00bb1px\u00a0\u00bb border_color_all=\u00a0\u00bb#82B000&Prime; locked=\u00a0\u00bboff\u00a0\u00bb global_colors_info=\u00a0\u00bb{}\u00a0\u00bb][et_pb_column type=\u00a0\u00bb4_4&Prime; _builder_version=\u00a0\u00bb4.16&Prime; custom_padding=\u00a0\u00bb|||\u00a0\u00bb global_colors_info=\u00a0\u00bb{}\u00a0\u00bb custom_padding__hover=\u00a0\u00bb|||\u00a0\u00bb][et_pb_image src=\u00a0\u00bbhttps:\/\/centrereliance.fr\/sarl\/wp-content\/uploads\/sites\/3\/2025\/08\/public-formation.jpg\u00a0\u00bb title_text=\u00a0\u00bbpublic-formation\u00a0\u00bb _builder_version=\u00a0\u00bb4.25.1&Prime; _module_preset=\u00a0\u00bbdefault\u00a0\u00bb max_width=\u00a0\u00bb80px\u00a0\u00bb module_alignment=\u00a0\u00bbcenter\u00a0\u00bb custom_margin=\u00a0\u00bb||20px||false|false\u00a0\u00bb global_colors_info=\u00a0\u00bb{}\u00a0\u00bb][\/et_pb_image][et_pb_text admin_label=\u00a0\u00bbText\u00a0\u00bb module_class=\u00a0\u00bbtick-bullets\u00a0\u00bb _builder_version=\u00a0\u00bb4.25.1&Prime; header_2_text_align=\u00a0\u00bbcenter\u00a0\u00bb background_size=\u00a0\u00bbinitial\u00a0\u00bb background_position=\u00a0\u00bbtop_left\u00a0\u00bb background_repeat=\u00a0\u00bbrepeat\u00a0\u00bb text_orientation=\u00a0\u00bbjustified\u00a0\u00bb custom_padding=\u00a0\u00bb||18px|||\u00a0\u00bb global_colors_info=\u00a0\u00bb{}\u00a0\u00bb]<\/p>\n<h2>Pour qui\u202f?<\/h2>\n<p>Vous \u00eates responsable Ressources Humaines ou responsable fonctionnel, et vous souhaitez proposer aux salari\u00e9s ou aux agents de votre organisation une formation sur mesure pour d\u00e9velopper leurs comp\u00e9tences relationnelles dans leur fonction d\u2019aidant.\u00a0<\/p>\n<p>Ou bien, vous exercez une fonction d\u2019aide \u00e0 la personne, b\u00e9n\u00e9vole ou professionnelle. Vous souhaitez acqu\u00e9rir plus d\u2019aisance dans l\u2019exercice des comp\u00e9tences relationnelles n\u00e9cessaires \u00e0 la pratique de votre fonction.\u00a0\u00a0<\/p>\n<p>[\/et_pb_text][et_pb_blurb url=\u00a0\u00bbhttp:\/\/Formulaire\u00a0\u00bb use_icon=\u00a0\u00bbon\u00a0\u00bb font_icon=\u00a0\u00bb&#x6c;||divi||400&Prime; icon_color=\u00a0\u00bb#FFFFFF\u00a0\u00bb icon_placement=\u00a0\u00bbleft\u00a0\u00bb image_icon_width=\u00a0\u00bb80px\u00a0\u00bb content_max_width=\u00a0\u00bb100%\u00a0\u00bb icon_placement_tablet=\u00a0\u00bbleft\u00a0\u00bb icon_placement_phone=\u00a0\u00bbtop\u00a0\u00bb icon_placement_last_edited=\u00a0\u00bbon|phone\u00a0\u00bb image_icon_width_tablet=\u00a0\u00bb80px\u00a0\u00bb image_icon_width_phone=\u00a0\u00bb80px\u00a0\u00bb image_icon_width_last_edited=\u00a0\u00bbon|phone\u00a0\u00bb content_max_width_tablet=\u00a0\u00bb100%\u00a0\u00bb content_max_width_phone=\u00a0\u00bb90%\u00a0\u00bb content_max_width_last_edited=\u00a0\u00bbon|phone\u00a0\u00bb _builder_version=\u00a0\u00bb4.27.4&Prime; _module_preset=\u00a0\u00bbdefault\u00a0\u00bb body_text_color=\u00a0\u00bb#FFFFFF\u00a0\u00bb background_color=\u00a0\u00bb#82B000&Prime; text_orientation=\u00a0\u00bbjustified\u00a0\u00bb custom_margin=\u00a0\u00bb|5px||5px|false|true\u00a0\u00bb custom_padding=\u00a0\u00bb20px|20px|20px|20px|true|true\u00a0\u00bb link_option_url=\u00a0\u00bbhttps:\/\/centrereliance.fr\/sarl\/formulaire-stages-intra-entreprises\/?activity=Analyse%20des%20pratiques%20professionnelles\u00a0\u00bb border_radii=\u00a0\u00bbon|20px|20px|20px|20px\u00a0\u00bb global_colors_info=\u00a0\u00bb{}\u00a0\u00bb custom_css_blurb_content_last_edited=\u00a0\u00bbon|phone\u00a0\u00bb custom_css_blurb_content_phone=\u00a0\u00bbmax-width: 100% !important;\u00a0\u00bb]<\/p>\n<p>Si une action sur le th\u00e8me de la relation d&rsquo;aide vous int\u00e9resse, nous vous invitons \u00e0 effectuer une demande en utilisant ce <span style=\"color: #ffffff\"><a href=\"https:\/\/centrereliance.fr\/sarl\/formulaire-theme\/?activity=Relation d'aide\" style=\"color: #ffffff\"><u>formulaire<\/u> <\/a><\/span>ou en nous contactant directement par mail <span style=\"color: #ffffff\"><strong><a href=\"mailto:contact@centrereliance.fr\" style=\"color: #ffffff\">contact@centrereliance.fr<\/a><\/strong><\/span>. Apr\u00e8s \u00e9changes sur vos besoins et les conditions de financement, nous vous enverrons un programme d\u00e9taill\u00e9 et une proposition financi\u00e8re<strong>.<\/strong><\/p>\n<p>[\/et_pb_blurb][\/et_pb_column][\/et_pb_row][et_pb_row admin_label=\u00a0\u00bbrow\u00a0\u00bb _builder_version=\u00a0\u00bb4.25.1&Prime; background_size=\u00a0\u00bbinitial\u00a0\u00bb background_position=\u00a0\u00bbtop_left\u00a0\u00bb background_repeat=\u00a0\u00bbrepeat\u00a0\u00bb width=\u00a0\u00bb90%\u00a0\u00bb custom_margin=\u00a0\u00bb||30px||false|false\u00a0\u00bb custom_padding=\u00a0\u00bb10px|10px|10px|10px|true|true\u00a0\u00bb border_radii=\u00a0\u00bbon|15px|15px|15px|15px\u00a0\u00bb border_width_all=\u00a0\u00bb1px\u00a0\u00bb border_color_all=\u00a0\u00bb#82B000&Prime; locked=\u00a0\u00bboff\u00a0\u00bb global_colors_info=\u00a0\u00bb{}\u00a0\u00bb][et_pb_column type=\u00a0\u00bb4_4&Prime; _builder_version=\u00a0\u00bb4.16&Prime; custom_padding=\u00a0\u00bb|||\u00a0\u00bb global_colors_info=\u00a0\u00bb{}\u00a0\u00bb custom_padding__hover=\u00a0\u00bb|||\u00a0\u00bb][et_pb_image src=\u00a0\u00bbhttps:\/\/centrereliance.fr\/sarl\/wp-content\/uploads\/sites\/3\/2025\/08\/formation-interentreprise.jpg\u00a0\u00bb title_text=\u00a0\u00bbformation-interentreprise\u00a0\u00bb _builder_version=\u00a0\u00bb4.25.1&Prime; _module_preset=\u00a0\u00bbdefault\u00a0\u00bb max_width=\u00a0\u00bb80px\u00a0\u00bb module_alignment=\u00a0\u00bbcenter\u00a0\u00bb custom_margin=\u00a0\u00bb||20px||false|false\u00a0\u00bb global_colors_info=\u00a0\u00bb{}\u00a0\u00bb][\/et_pb_image][et_pb_text admin_label=\u00a0\u00bbText\u00a0\u00bb module_class=\u00a0\u00bbtick-bullets\u00a0\u00bb _builder_version=\u00a0\u00bb4.25.1&Prime; header_2_text_align=\u00a0\u00bbcenter\u00a0\u00bb background_size=\u00a0\u00bbinitial\u00a0\u00bb background_position=\u00a0\u00bbtop_left\u00a0\u00bb background_repeat=\u00a0\u00bbrepeat\u00a0\u00bb text_orientation=\u00a0\u00bbjustified\u00a0\u00bb custom_padding=\u00a0\u00bb||18px|||\u00a0\u00bb global_colors_info=\u00a0\u00bb{}\u00a0\u00bb]<\/p>\n<h2><span data-contrast=\"none\" xml:lang=\"FR-FR\" lang=\"FR-FR\" class=\"TextRun SCXW153733931 BCX0\"><span class=\"NormalTextRun SCXW153733931 BCX0\">Quelles sont les actions propos\u00e9es ?<\/span><\/span><span class=\"EOP SCXW153733931 BCX0\" data-ccp-props=\"{&quot;335551550&quot;:2,&quot;335551620&quot;:2}\">\u00a0<\/span><\/h2>\n<p>[\/et_pb_text][et_pb_text module_class=\u00a0\u00bbtick-bullets\u00a0\u00bb _builder_version=\u00a0\u00bb4.27.4&Prime; _module_preset=\u00a0\u00bbdefault\u00a0\u00bb header_3_font_size=\u00a0\u00bb28px\u00a0\u00bb background_color=\u00a0\u00bb#faffe8&Prime; custom_padding=\u00a0\u00bb30px|10px|10px|10px|false|true\u00a0\u00bb custom_css_free_form=\u00a0\u00bbselector li {line-height: 35px}\u00a0\u00bb border_radii=\u00a0\u00bbon|10px|10px|10px|10px\u00a0\u00bb border_width_all=\u00a0\u00bb1px\u00a0\u00bb border_color_all=\u00a0\u00bbrgba(130,176,0,0.57)\u00a0\u00bb locked=\u00a0\u00bboff\u00a0\u00bb global_colors_info=\u00a0\u00bb{}\u00a0\u00bb]<\/p>\n<h3>L&rsquo;\u00e9coute dans la relation d&rsquo;aide<\/h3>\n<p><span style=\"text-decoration: underline\"><span style=\"color: #82b000\"><strong>La proposition\u202f:<\/strong><\/span><\/span><\/p>\n<p>Une formation \u00ab\u202finter\u202f\u00bb de 3 jours, soit 21 heures de formation en pr\u00e9sentiel pour :<\/p>\n<ul>\n<li>acqu\u00e9rir de l\u2019aisance dans l\u2019accueil de personnes en difficult\u00e9,<\/li>\n<li>faciliter l\u2019expression du v\u00e9cu de la personne \u00e9cout\u00e9e et l\u2019aider \u00e0 clarifier sa demande,<\/li>\n<li>garder la bonne distance afin de conserver une posture aidante quelques soient les circonstances.<\/li>\n<\/ul>\n<p><span style=\"text-decoration: underline;color: #82b000\"><strong>Nombre de participants<\/strong>\u202f :<\/span> 4 \u00e0 8 personnes<\/p>\n<p>Pour recevoir une proposition adapt\u00e9e \u00e0 vos besoins, nous vous invitons \u00e0 effectuer une demande via ce <a href=\"https:\/\/centrereliance.fr\/sarl\/formulaire-stages-intra-entreprises\/?activity=Relation d'aide&amp;action=L'\u00e9coute dans la relation d'aide\">formulaire\u202f<\/a> ou en nous contactant directement par mail\u202f<a href=\"mailto:contact@centrereliance.fr\">contact@centrereliance.fr<\/a><\/p>\n<p>Nous proposons ces formations dans le cadre de la formation professionnelle et nous ajustons le programme \u00e0 vos besoins. Reliance est un organisme certifi\u00e9 Qualiopi au titre de la cat\u00e9gorie ACTIONS DE FORMATION <a href=\"https:\/\/centrereliance.fr\/sarl\/wp-content\/uploads\/sites\/3\/2023\/06\/Certificat-QUALIOPI-Reliance-SARL.pdf\">(Voir le certificat)<\/a>. S\u2019il en accepte la prise en charge, cette action pourrait \u00eatre financ\u00e9e par votre Op\u00e9rateur de Comp\u00e9tence <a href=\"https:\/\/travail-emploi.gouv.fr\/les-operateurs-de-competences-opco#anchor-navigation-776\">(Voir le r\u00f4le et la liste des OPCO)<\/a>.<\/p>\n<p>[\/et_pb_text][\/et_pb_column][\/et_pb_row][et_pb_row admin_label=\u00a0\u00bbrow\u00a0\u00bb _builder_version=\u00a0\u00bb4.25.1&Prime; background_size=\u00a0\u00bbinitial\u00a0\u00bb background_position=\u00a0\u00bbtop_left\u00a0\u00bb background_repeat=\u00a0\u00bbrepeat\u00a0\u00bb width=\u00a0\u00bb90%\u00a0\u00bb custom_margin=\u00a0\u00bb||30px||false|false\u00a0\u00bb custom_padding=\u00a0\u00bb10px|10px|10px|10px|true|true\u00a0\u00bb border_radii=\u00a0\u00bbon|15px|15px|15px|15px\u00a0\u00bb border_width_all=\u00a0\u00bb1px\u00a0\u00bb border_color_all=\u00a0\u00bb#82B000&Prime; locked=\u00a0\u00bboff\u00a0\u00bb global_colors_info=\u00a0\u00bb{}\u00a0\u00bb][et_pb_column type=\u00a0\u00bb4_4&Prime; _builder_version=\u00a0\u00bb4.16&Prime; custom_padding=\u00a0\u00bb|||\u00a0\u00bb global_colors_info=\u00a0\u00bb{}\u00a0\u00bb custom_padding__hover=\u00a0\u00bb|||\u00a0\u00bb][et_pb_image src=\u00a0\u00bbhttps:\/\/centrereliance.fr\/sarl\/wp-content\/uploads\/sites\/3\/2025\/08\/actions-programmees.jpg\u00a0\u00bb title_text=\u00a0\u00bbactions-programmees\u00a0\u00bb _builder_version=\u00a0\u00bb4.27.4&Prime; _module_preset=\u00a0\u00bbdefault\u00a0\u00bb max_width=\u00a0\u00bb80px\u00a0\u00bb module_alignment=\u00a0\u00bbcenter\u00a0\u00bb custom_margin=\u00a0\u00bb||20px||false|false\u00a0\u00bb hover_enabled=\u00a0\u00bb0&Prime; global_colors_info=\u00a0\u00bb{}\u00a0\u00bb module_id=\u00a0\u00bbactions-programmees\u00a0\u00bb sticky_enabled=\u00a0\u00bb0&Prime;][\/et_pb_image][et_pb_text admin_label=\u00a0\u00bbText\u00a0\u00bb module_id=\u00a0\u00bbactions-programmees\u00a0\u00bb module_class=\u00a0\u00bbtick-bullets\u00a0\u00bb _builder_version=\u00a0\u00bb4.27.4&Prime; header_2_text_align=\u00a0\u00bbcenter\u00a0\u00bb background_size=\u00a0\u00bbinitial\u00a0\u00bb background_position=\u00a0\u00bbtop_left\u00a0\u00bb background_repeat=\u00a0\u00bbrepeat\u00a0\u00bb text_orientation=\u00a0\u00bbjustified\u00a0\u00bb custom_padding=\u00a0\u00bb||18px|||\u00a0\u00bb hover_enabled=\u00a0\u00bb0&Prime; global_colors_info=\u00a0\u00bb{}\u00a0\u00bb sticky_enabled=\u00a0\u00bb0&Prime;]<\/p>\n<h2>Quelles sont les actions inter programm\u00e9es ?<\/h2>\n<p>[\/et_pb_text][et_pb_text _builder_version=\u00a0\u00bb4.25.1&Prime; _module_preset=\u00a0\u00bbdefault\u00a0\u00bb text_orientation=\u00a0\u00bbcenter\u00a0\u00bb global_colors_info=\u00a0\u00bb{}\u00a0\u00bb]<\/p>\n<p>Nous publierons les actions programm\u00e9es d\u00e8s que possible<\/p>\n<p>[\/et_pb_text][et_pb_shop type=\u00a0\u00bbproduct_category\u00a0\u00bb include_categories=\u00a0\u00bb139&Prime; columns_number=\u00a0\u00bb1&Prime; orderby=\u00a0\u00bbmenu_order\u00a0\u00bb _builder_version=\u00a0\u00bb4.27.4&Prime; _module_preset=\u00a0\u00bbdefault\u00a0\u00bb locked=\u00a0\u00bboff\u00a0\u00bb global_colors_info=\u00a0\u00bb{}\u00a0\u00bb][\/et_pb_shop][\/et_pb_column][\/et_pb_row][et_pb_row admin_label=\u00a0\u00bbrow\u00a0\u00bb _builder_version=\u00a0\u00bb4.25.1&Prime; background_size=\u00a0\u00bbinitial\u00a0\u00bb background_position=\u00a0\u00bbtop_left\u00a0\u00bb background_repeat=\u00a0\u00bbrepeat\u00a0\u00bb width=\u00a0\u00bb90%\u00a0\u00bb custom_margin=\u00a0\u00bb||30px||false|false\u00a0\u00bb custom_padding=\u00a0\u00bb10px|10px|10px|10px|true|true\u00a0\u00bb border_radii=\u00a0\u00bbon|15px|15px|15px|15px\u00a0\u00bb border_width_all=\u00a0\u00bb1px\u00a0\u00bb border_color_all=\u00a0\u00bb#82B000&Prime; locked=\u00a0\u00bboff\u00a0\u00bb global_colors_info=\u00a0\u00bb{}\u00a0\u00bb][et_pb_column type=\u00a0\u00bb4_4&Prime; _builder_version=\u00a0\u00bb4.16&Prime; custom_padding=\u00a0\u00bb|||\u00a0\u00bb global_colors_info=\u00a0\u00bb{}\u00a0\u00bb custom_padding__hover=\u00a0\u00bb|||\u00a0\u00bb][et_pb_image src=\u00a0\u00bbhttps:\/\/centrereliance.fr\/sarl\/wp-content\/uploads\/sites\/3\/2025\/08\/modalites-formation.jpg\u00a0\u00bb title_text=\u00a0\u00bbmodalites-formation\u00a0\u00bb _builder_version=\u00a0\u00bb4.25.1&Prime; _module_preset=\u00a0\u00bbdefault\u00a0\u00bb max_width=\u00a0\u00bb80px\u00a0\u00bb module_alignment=\u00a0\u00bbcenter\u00a0\u00bb custom_margin=\u00a0\u00bb||20px||false|false\u00a0\u00bb global_colors_info=\u00a0\u00bb{}\u00a0\u00bb][\/et_pb_image][et_pb_text admin_label=\u00a0\u00bbText\u00a0\u00bb module_class=\u00a0\u00bbtick-bullets\u00a0\u00bb _builder_version=\u00a0\u00bb4.25.1&Prime; header_2_text_align=\u00a0\u00bbcenter\u00a0\u00bb background_size=\u00a0\u00bbinitial\u00a0\u00bb background_position=\u00a0\u00bbtop_left\u00a0\u00bb background_repeat=\u00a0\u00bbrepeat\u00a0\u00bb text_orientation=\u00a0\u00bbjustified\u00a0\u00bb custom_margin=\u00a0\u00bb||0px||false|false\u00a0\u00bb custom_padding=\u00a0\u00bb||18px|||\u00a0\u00bb global_colors_info=\u00a0\u00bb{}\u00a0\u00bb]<\/p>\n<h2>Quelles sont les modalit\u00e9s d&rsquo;inscription aux formations programm\u00e9es\u202f?<\/h2>\n<p>[\/et_pb_text][et_pb_text admin_label=\u00a0\u00bbText\u00a0\u00bb module_class=\u00a0\u00bbtick-bullets\u00a0\u00bb _builder_version=\u00a0\u00bb4.25.1&Prime; header_2_text_align=\u00a0\u00bbcenter\u00a0\u00bb header_3_font_size=\u00a0\u00bb30px\u00a0\u00bb background_size=\u00a0\u00bbinitial\u00a0\u00bb background_position=\u00a0\u00bbtop_left\u00a0\u00bb background_repeat=\u00a0\u00bbrepeat\u00a0\u00bb text_orientation=\u00a0\u00bbjustified\u00a0\u00bb custom_padding=\u00a0\u00bb||18px|||\u00a0\u00bb locked=\u00a0\u00bboff\u00a0\u00bb global_colors_info=\u00a0\u00bb{}\u00a0\u00bb]<\/p>\n<h3 style=\"text-align: center\">\u00a0\u00a0<\/h3>\n<ul><\/ul>\n<p>Pour demander votre inscription \u00e0 titre individuel \u00e0 une action de formation <strong>programm\u00e9e<\/strong> sur la relation d&rsquo;aide, il suffit de cliquer sur \u00ab\u202fFaire une demande d\u2019inscription\u202f\u00bb situ\u00e9 \u00e0 proximit\u00e9 de sa description. Puis laissez-vous guider par les questions du formulaire. Elles vous permettront de nous faire part de vos questions et besoins particuliers \u00e0 propos de cette action.<\/p>\n<p>La demande doit \u00eatre remplie au plus tard \u202f<strong>5 jours ouvr\u00e9s<\/strong> \u202favant le d\u00e9but de la session. <strong>Les\u202fdocuments demand\u00e9s pour valider les pr\u00e9requis\u202f<\/strong>(voir programme d\u00e9taill\u00e9) peuvent \u00eatre joints au formulaire ou envoy\u00e9s par mail \u00e0 \u202f<a href=\"mailto:contact@centrereliance.fr\">contact@centrereliance.fr<\/a>.<\/p>\n<p>D\u00e8s que votre demande est accept\u00e9e,\u202fvous recevez un contrat de formation \u00e0\u202fsigner\u202fen ligne\u202fau plus tard dans les 72h (avec mise en place du r\u00e8glement par pr\u00e9l\u00e8vement). Au-del\u00e0 de ce d\u00e9lai votre demande est annul\u00e9e.<br \/>Votre inscription \u00e0 une session est effective \u00e0 r\u00e9ception du contrat sign\u00e9 sous r\u00e9serve de place encore disponible \u00e0 ce moment-l\u00e0.<\/p>\n<p><strong>Attention\u202f<\/strong>: la demande de prise en charge par <strong>un\u202fOPCO\u202f<\/strong> peut n\u00e9cessiter la constitution d\u2019un dossier plusieurs semaines avant le d\u00e9but de la session. Il convient donc d\u2019entamer les d\u00e9marches suffisamment t\u00f4t et\u202fde <strong>nous l\u2019indiquer au moment de votre demande d\u2019inscription<\/strong>.<\/p>\n<p><strong>L\u2019accord de prise en charge par un OPCO doit nous \u00eatre fourni au plus tard 5 jours ouvr\u00e9s avant le d\u00e9but de la session.\u00a0<\/strong>Si vous ne l\u2019avez pas re\u00e7u \u00e0 cette date, il vous sera bien s\u00fbr possible de vous inscrire \u00e0 titre personnel.<\/p>\n<p><a href=\"https:\/\/centrereliance.fr\/sarl\/conditions-generales-de-vente\/\">Voir les\u202fconditions g\u00e9n\u00e9rales de vente\u202fpour les d\u00e9tails.<\/a><\/p>\n<p>[\/et_pb_text][\/et_pb_column][\/et_pb_row][et_pb_row admin_label=\u00a0\u00bbrow\u00a0\u00bb _builder_version=\u00a0\u00bb4.27.4&Prime; _dynamic_attributes=\u00a0\u00bblink_option_url\u00a0\u00bb background_size=\u00a0\u00bbinitial\u00a0\u00bb background_position=\u00a0\u00bbtop_left\u00a0\u00bb background_repeat=\u00a0\u00bbrepeat\u00a0\u00bb width=\u00a0\u00bb90%\u00a0\u00bb custom_margin=\u00a0\u00bb||30px||false|false\u00a0\u00bb custom_padding=\u00a0\u00bb10px|10px|10px|10px|true|true\u00a0\u00bb link_option_url=\u00a0\u00bb@ET-DC@eyJkeW5hbWljIjp0cnVlLCJjb250ZW50IjoicG9zdF9saW5rX3VybF9wYWdlIiwic2V0dGluZ3MiOnsicG9zdF9pZCI6IjM3MTMiLCJlbmFibGVfaHRtbCI6Im9mZiJ9fQ==@\u00a0\u00bb border_radii=\u00a0\u00bbon|15px|15px|15px|15px\u00a0\u00bb border_width_all=\u00a0\u00bb1px\u00a0\u00bb border_color_all=\u00a0\u00bb#82B000&Prime; locked=\u00a0\u00bboff\u00a0\u00bb global_colors_info=\u00a0\u00bb{}\u00a0\u00bb][et_pb_column type=\u00a0\u00bb4_4&Prime; _builder_version=\u00a0\u00bb4.16&Prime; custom_padding=\u00a0\u00bb|||\u00a0\u00bb global_colors_info=\u00a0\u00bb{}\u00a0\u00bb custom_padding__hover=\u00a0\u00bb|||\u00a0\u00bb][et_pb_image src=\u00a0\u00bbhttps:\/\/centrereliance.fr\/sarl\/wp-content\/uploads\/sites\/3\/2025\/08\/accessibilite-formation.jpg\u00a0\u00bb title_text=\u00a0\u00bbaccessibilite-formation\u00a0\u00bb _builder_version=\u00a0\u00bb4.25.1&Prime; _module_preset=\u00a0\u00bbdefault\u00a0\u00bb max_width=\u00a0\u00bb80px\u00a0\u00bb module_alignment=\u00a0\u00bbcenter\u00a0\u00bb custom_margin=\u00a0\u00bb||20px||false|false\u00a0\u00bb global_colors_info=\u00a0\u00bb{}\u00a0\u00bb][\/et_pb_image][et_pb_text admin_label=\u00a0\u00bbText\u00a0\u00bb module_class=\u00a0\u00bbtick-bullets\u00a0\u00bb _builder_version=\u00a0\u00bb4.25.1&Prime; header_2_text_align=\u00a0\u00bbcenter\u00a0\u00bb background_size=\u00a0\u00bbinitial\u00a0\u00bb background_position=\u00a0\u00bbtop_left\u00a0\u00bb background_repeat=\u00a0\u00bbrepeat\u00a0\u00bb text_orientation=\u00a0\u00bbjustified\u00a0\u00bb custom_padding=\u00a0\u00bb||18px|||\u00a0\u00bb global_colors_info=\u00a0\u00bb{}\u00a0\u00bb]<\/p>\n<h2>Accessibilit\u00e9<\/h2>\n<p>La soci\u00e9t\u00e9 Reliance se montre attentive aux sp\u00e9cificit\u00e9s des b\u00e9n\u00e9ficiaires afin d\u2019adapter supports, locaux et animation pour garantir l\u2019accessibilit\u00e9 des prestations en prenant en compte tout handicap. Si des b\u00e9n\u00e9ficiaires de cette action sont en situation de handicap, il y aura lieu de se rapprocher de l\u2019intervenant\u00b7e ou de la r\u00e9f\u00e9rente handicap pour conna\u00eetre les modes d\u2019accessibilit\u00e9 de l\u2019action. Dans le cas o\u00f9 une solution d\u2019adaptation ne pourrait pas \u00eatre possible au sein de Reliance, une r\u00e9orientation sera propos\u00e9e ou l\u2019intervention d\u2019un\u00b7e prestataire externe sera alors sollicit\u00e9e.<\/p>\n<p>[\/et_pb_text][\/et_pb_column][\/et_pb_row][et_pb_row admin_label=\u00a0\u00bbrow\u00a0\u00bb _builder_version=\u00a0\u00bb4.25.1&Prime; background_size=\u00a0\u00bbinitial\u00a0\u00bb background_position=\u00a0\u00bbtop_left\u00a0\u00bb background_repeat=\u00a0\u00bbrepeat\u00a0\u00bb width=\u00a0\u00bb90%\u00a0\u00bb custom_margin=\u00a0\u00bb||30px||false|false\u00a0\u00bb custom_padding=\u00a0\u00bb10px|10px|10px|10px|true|true\u00a0\u00bb border_radii=\u00a0\u00bbon|15px|15px|15px|15px\u00a0\u00bb border_width_all=\u00a0\u00bb1px\u00a0\u00bb border_color_all=\u00a0\u00bb#82B000&Prime; locked=\u00a0\u00bboff\u00a0\u00bb global_colors_info=\u00a0\u00bb{}\u00a0\u00bb][et_pb_column type=\u00a0\u00bb4_4&Prime; _builder_version=\u00a0\u00bb4.16&Prime; custom_padding=\u00a0\u00bb|||\u00a0\u00bb global_colors_info=\u00a0\u00bb{}\u00a0\u00bb custom_padding__hover=\u00a0\u00bb|||\u00a0\u00bb][et_pb_image src=\u00a0\u00bbhttps:\/\/centrereliance.fr\/sarl\/wp-content\/uploads\/sites\/3\/2025\/08\/avis-formation.jpg\u00a0\u00bb title_text=\u00a0\u00bbavis-formation\u00a0\u00bb _builder_version=\u00a0\u00bb4.25.1&Prime; _module_preset=\u00a0\u00bbdefault\u00a0\u00bb max_width=\u00a0\u00bb80px\u00a0\u00bb module_alignment=\u00a0\u00bbcenter\u00a0\u00bb custom_margin=\u00a0\u00bb||20px||false|false\u00a0\u00bb global_colors_info=\u00a0\u00bb{}\u00a0\u00bb][\/et_pb_image][et_pb_text admin_label=\u00a0\u00bbText\u00a0\u00bb module_class=\u00a0\u00bbtick-bullets\u00a0\u00bb _builder_version=\u00a0\u00bb4.25.1&Prime; header_2_text_align=\u00a0\u00bbcenter\u00a0\u00bb background_size=\u00a0\u00bbinitial\u00a0\u00bb background_position=\u00a0\u00bbtop_left\u00a0\u00bb background_repeat=\u00a0\u00bbrepeat\u00a0\u00bb text_orientation=\u00a0\u00bbcenter\u00a0\u00bb custom_padding=\u00a0\u00bb||18px|||\u00a0\u00bb global_colors_info=\u00a0\u00bb{}\u00a0\u00bb]<\/p>\n<h2>Qu\u2019ont dit les participant\u00b7es, lors des derni\u00e8res formations r\u00e9alis\u00e9es sur la relation d&rsquo;aide ?<\/h2>\n<p>Nous publierons des donn\u00e9es d\u00e8s que possible<\/p>\n<p>[\/et_pb_text][et_pb_comments _builder_version=\u00a0\u00bb4.25.1&Prime; _module_preset=\u00a0\u00bbdefault\u00a0\u00bb custom_padding=\u00a0\u00bb||0px|||\u00a0\u00bb global_colors_info=\u00a0\u00bb{}\u00a0\u00bb][\/et_pb_comments][\/et_pb_column][\/et_pb_row][\/et_pb_section]<\/p>\n","protected":false},"excerpt":{"rendered":"<p>Et si vous suiviez une formation \u00e0 la relation d\u2019aide propos\u00e9e par Reliance SARL ?Pourquoi se former \u00e0 la relation d\u2019aide \u202f? Le service \u00e0 la personne, qu\u2019il soit pratiqu\u00e9 \u00e0 titre b\u00e9n\u00e9vole ou professionnel, n\u00e9cessite de pouvoir s\u2019appuyer sur de solides comp\u00e9tences relationnelles. Celles-ci viennent compl\u00e9ter les comp\u00e9tences techniques propres \u00e0 chaque type d\u2019aide [&hellip;]<\/p>\n","protected":false},"author":1,"featured_media":0,"parent":0,"menu_order":0,"comment_status":"open","ping_status":"closed","template":"","meta":{"_et_pb_use_builder":"on","_et_pb_old_content":"","_et_gb_content_width":"","footnotes":""},"class_list":["post-5021","page","type-page","status-publish","hentry"],"yoast_head":"<!-- This site is optimized with the Yoast SEO plugin v25.8 - https:\/\/yoast.com\/wordpress\/plugins\/seo\/ -->\n<title>La relation d&#039;aide - Placer l\u2019humain au c\u0153ur des organisations<\/title>\n<meta name=\"description\" content=\"Le centre Reliance \u00e0 Echirolles propose des formations qui renforcent les comp\u00e9tences relationnelles de la relation d\u2019aide.\" \/>\n<meta name=\"robots\" content=\"index, follow, max-snippet:-1, max-image-preview:large, max-video-preview:-1\" \/>\n<link rel=\"canonical\" href=\"https:\/\/centrereliance.fr\/sarl\/la-relation-d-aide\/\" \/>\n<meta property=\"og:locale\" content=\"fr_FR\" \/>\n<meta property=\"og:type\" content=\"article\" \/>\n<meta property=\"og:title\" content=\"La relation d&#039;aide - Placer l\u2019humain au c\u0153ur des organisations\" \/>\n<meta property=\"og:description\" content=\"Le centre Reliance \u00e0 Echirolles propose des formations qui renforcent les comp\u00e9tences relationnelles de la relation d\u2019aide.\" \/>\n<meta property=\"og:url\" content=\"https:\/\/centrereliance.fr\/sarl\/la-relation-d-aide\/\" \/>\n<meta property=\"og:site_name\" content=\"Placer l\u2019humain au c\u0153ur des organisations\" \/>\n<meta property=\"article:publisher\" content=\"https:\/\/www.facebook.com\/Reliance-Association-318815031580269\/\" \/>\n<meta property=\"article:modified_time\" content=\"2025-12-15T11:44:39+00:00\" \/>\n<meta property=\"og:image\" content=\"https:\/\/centrereliance.fr\/sarl\/wp-content\/uploads\/sites\/3\/2025\/08\/LogoSARL-scaled.png\" \/>\n\t<meta property=\"og:image:width\" content=\"2524\" \/>\n\t<meta property=\"og:image:height\" content=\"2560\" \/>\n\t<meta property=\"og:image:type\" content=\"image\/png\" \/>\n<meta name=\"twitter:card\" content=\"summary_large_image\" \/>\n<script type=\"application\/ld+json\" class=\"yoast-schema-graph\">{\"@context\":\"https:\/\/schema.org\",\"@graph\":[{\"@type\":\"WebPage\",\"@id\":\"https:\/\/centrereliance.fr\/sarl\/la-relation-d-aide\/\",\"url\":\"https:\/\/centrereliance.fr\/sarl\/la-relation-d-aide\/\",\"name\":\"La relation d'aide - Placer l\u2019humain au c\u0153ur des organisations\",\"isPartOf\":{\"@id\":\"https:\/\/centrereliance.fr\/sarl\/#website\"},\"datePublished\":\"2025-08-30T09:32:25+00:00\",\"dateModified\":\"2025-12-15T11:44:39+00:00\",\"description\":\"Le centre Reliance \u00e0 Echirolles propose des formations qui renforcent les comp\u00e9tences relationnelles de la relation d\u2019aide.\",\"breadcrumb\":{\"@id\":\"https:\/\/centrereliance.fr\/sarl\/la-relation-d-aide\/#breadcrumb\"},\"inLanguage\":\"fr-FR\",\"potentialAction\":[{\"@type\":\"ReadAction\",\"target\":[\"https:\/\/centrereliance.fr\/sarl\/la-relation-d-aide\/\"]}]},{\"@type\":\"BreadcrumbList\",\"@id\":\"https:\/\/centrereliance.fr\/sarl\/la-relation-d-aide\/#breadcrumb\",\"itemListElement\":[{\"@type\":\"ListItem\",\"position\":1,\"name\":\"Accueil\",\"item\":\"https:\/\/centrereliance.fr\/sarl\/\"},{\"@type\":\"ListItem\",\"position\":2,\"name\":\"La relation d&rsquo;aide\"}]},{\"@type\":\"WebSite\",\"@id\":\"https:\/\/centrereliance.fr\/sarl\/#website\",\"url\":\"https:\/\/centrereliance.fr\/sarl\/\",\"name\":\"Placer l'humain au c\u0153ur des organisations\",\"description\":\"Actions de formation \u00e0 destination des professionnels\",\"publisher\":{\"@id\":\"https:\/\/centrereliance.fr\/sarl\/#organization\"},\"potentialAction\":[{\"@type\":\"SearchAction\",\"target\":{\"@type\":\"EntryPoint\",\"urlTemplate\":\"https:\/\/centrereliance.fr\/sarl\/?s={search_term_string}\"},\"query-input\":{\"@type\":\"PropertyValueSpecification\",\"valueRequired\":true,\"valueName\":\"search_term_string\"}}],\"inLanguage\":\"fr-FR\"},{\"@type\":\"Organization\",\"@id\":\"https:\/\/centrereliance.fr\/sarl\/#organization\",\"name\":\"Reliance SARL\",\"url\":\"https:\/\/centrereliance.fr\/sarl\/\",\"logo\":{\"@type\":\"ImageObject\",\"inLanguage\":\"fr-FR\",\"@id\":\"https:\/\/centrereliance.fr\/sarl\/#\/schema\/logo\/image\/\",\"url\":\"https:\/\/centrereliance.fr\/sarl\/wp-content\/uploads\/sites\/3\/2016\/10\/Logo-SARL-e1476290643249.jpg\",\"contentUrl\":\"https:\/\/centrereliance.fr\/sarl\/wp-content\/uploads\/sites\/3\/2016\/10\/Logo-SARL-e1476290643249.jpg\",\"width\":101,\"height\":110,\"caption\":\"Reliance SARL\"},\"image\":{\"@id\":\"https:\/\/centrereliance.fr\/sarl\/#\/schema\/logo\/image\/\"},\"sameAs\":[\"https:\/\/www.facebook.com\/Reliance-Association-318815031580269\/\",\"https:\/\/www.linkedin.com\/company-beta\/16261855\"]}]}<\/script>\n<!-- \/ Yoast SEO plugin. -->","yoast_head_json":{"title":"La relation d'aide - Placer l\u2019humain au c\u0153ur des organisations","description":"Le centre Reliance \u00e0 Echirolles propose des formations qui renforcent les comp\u00e9tences relationnelles de la relation d\u2019aide.","robots":{"index":"index","follow":"follow","max-snippet":"max-snippet:-1","max-image-preview":"max-image-preview:large","max-video-preview":"max-video-preview:-1"},"canonical":"https:\/\/centrereliance.fr\/sarl\/la-relation-d-aide\/","og_locale":"fr_FR","og_type":"article","og_title":"La relation d'aide - Placer l\u2019humain au c\u0153ur des organisations","og_description":"Le centre Reliance \u00e0 Echirolles propose des formations qui renforcent les comp\u00e9tences relationnelles de la relation d\u2019aide.","og_url":"https:\/\/centrereliance.fr\/sarl\/la-relation-d-aide\/","og_site_name":"Placer l\u2019humain au c\u0153ur des organisations","article_publisher":"https:\/\/www.facebook.com\/Reliance-Association-318815031580269\/","article_modified_time":"2025-12-15T11:44:39+00:00","og_image":[{"width":2524,"height":2560,"url":"https:\/\/centrereliance.fr\/sarl\/wp-content\/uploads\/sites\/3\/2025\/08\/LogoSARL-scaled.png","type":"image\/png"}],"twitter_card":"summary_large_image","schema":{"@context":"https:\/\/schema.org","@graph":[{"@type":"WebPage","@id":"https:\/\/centrereliance.fr\/sarl\/la-relation-d-aide\/","url":"https:\/\/centrereliance.fr\/sarl\/la-relation-d-aide\/","name":"La relation d'aide - Placer l\u2019humain au c\u0153ur des organisations","isPartOf":{"@id":"https:\/\/centrereliance.fr\/sarl\/#website"},"datePublished":"2025-08-30T09:32:25+00:00","dateModified":"2025-12-15T11:44:39+00:00","description":"Le centre Reliance \u00e0 Echirolles propose des formations qui renforcent les comp\u00e9tences relationnelles de la relation d\u2019aide.","breadcrumb":{"@id":"https:\/\/centrereliance.fr\/sarl\/la-relation-d-aide\/#breadcrumb"},"inLanguage":"fr-FR","potentialAction":[{"@type":"ReadAction","target":["https:\/\/centrereliance.fr\/sarl\/la-relation-d-aide\/"]}]},{"@type":"BreadcrumbList","@id":"https:\/\/centrereliance.fr\/sarl\/la-relation-d-aide\/#breadcrumb","itemListElement":[{"@type":"ListItem","position":1,"name":"Accueil","item":"https:\/\/centrereliance.fr\/sarl\/"},{"@type":"ListItem","position":2,"name":"La relation d&rsquo;aide"}]},{"@type":"WebSite","@id":"https:\/\/centrereliance.fr\/sarl\/#website","url":"https:\/\/centrereliance.fr\/sarl\/","name":"Placer l'humain au c\u0153ur des organisations","description":"Actions de formation \u00e0 destination des professionnels","publisher":{"@id":"https:\/\/centrereliance.fr\/sarl\/#organization"},"potentialAction":[{"@type":"SearchAction","target":{"@type":"EntryPoint","urlTemplate":"https:\/\/centrereliance.fr\/sarl\/?s={search_term_string}"},"query-input":{"@type":"PropertyValueSpecification","valueRequired":true,"valueName":"search_term_string"}}],"inLanguage":"fr-FR"},{"@type":"Organization","@id":"https:\/\/centrereliance.fr\/sarl\/#organization","name":"Reliance SARL","url":"https:\/\/centrereliance.fr\/sarl\/","logo":{"@type":"ImageObject","inLanguage":"fr-FR","@id":"https:\/\/centrereliance.fr\/sarl\/#\/schema\/logo\/image\/","url":"https:\/\/centrereliance.fr\/sarl\/wp-content\/uploads\/sites\/3\/2016\/10\/Logo-SARL-e1476290643249.jpg","contentUrl":"https:\/\/centrereliance.fr\/sarl\/wp-content\/uploads\/sites\/3\/2016\/10\/Logo-SARL-e1476290643249.jpg","width":101,"height":110,"caption":"Reliance SARL"},"image":{"@id":"https:\/\/centrereliance.fr\/sarl\/#\/schema\/logo\/image\/"},"sameAs":["https:\/\/www.facebook.com\/Reliance-Association-318815031580269\/","https:\/\/www.linkedin.com\/company-beta\/16261855"]}]}},"_links":{"self":[{"href":"https:\/\/centrereliance.fr\/sarl\/wp-json\/wp\/v2\/pages\/5021","targetHints":{"allow":["GET"]}}],"collection":[{"href":"https:\/\/centrereliance.fr\/sarl\/wp-json\/wp\/v2\/pages"}],"about":[{"href":"https:\/\/centrereliance.fr\/sarl\/wp-json\/wp\/v2\/types\/page"}],"author":[{"embeddable":true,"href":"https:\/\/centrereliance.fr\/sarl\/wp-json\/wp\/v2\/users\/1"}],"replies":[{"embeddable":true,"href":"https:\/\/centrereliance.fr\/sarl\/wp-json\/wp\/v2\/comments?post=5021"}],"version-history":[{"count":14,"href":"https:\/\/centrereliance.fr\/sarl\/wp-json\/wp\/v2\/pages\/5021\/revisions"}],"predecessor-version":[{"id":5203,"href":"https:\/\/centrereliance.fr\/sarl\/wp-json\/wp\/v2\/pages\/5021\/revisions\/5203"}],"wp:attachment":[{"href":"https:\/\/centrereliance.fr\/sarl\/wp-json\/wp\/v2\/media?parent=5021"}],"curies":[{"name":"wp","href":"https:\/\/api.w.org\/{rel}","templated":true}]}}